{"id":10303,"date":"2023-05-13T17:01:58","date_gmt":"2023-05-13T16:01:58","guid":{"rendered":"http:\/\/wisla.skoczow.pl\/?page_id=10303"},"modified":"2025-01-19T14:05:56","modified_gmt":"2025-01-19T13:05:56","slug":"strona-2","status":"publish","type":"page","link":"http:\/\/wisla.skoczow.pl\/?page_id=10303","title":{"rendered":"Sekcja pi\u0142ki no\u017cnej dziewcz\u0105t"},"content":{"rendered":"<div class=\"\" style=\"\" >\n    \n    <section class=\"u-align-center u-clearfix u-container-align-center u-section-2\" id=\"sec-2f9c\">\n      <div class=\"u-clearfix u-sheet u-sheet-1\">\n        <div class=\"u-carousel u-gallery u-gallery-slider u-layout-carousel u-lightbox u-no-transition u-show-text-none u-gallery-1\" id=\"carousel-c2d2\" data-interval=\"2000\" data-u-ride=\"carousel\">\n          <ol class=\"u-absolute-hcenter u-carousel-indicators u-hidden u-carousel-indicators-1\">\n            <li data-u-target=\"#carousel-c2d2\" data-u-slide-to=\"0\" class=\"u-active u-grey-70 u-shape-circle\" style=\"width: 10px; height: 10px;\"><\/li>\n            <li data-u-target=\"#carousel-c2d2\" data-u-slide-to=\"1\" class=\"u-grey-70 u-shape-circle\" style=\"width: 10px; height: 10px;\"><\/li>\n            <li data-u-target=\"#carousel-c2d2\" data-u-slide-to=\"2\" class=\"u-grey-70 u-shape-circle\" style=\"width: 10px; height: 10px;\"><\/li>\n            <li data-u-target=\"#carousel-c2d2\" data-u-slide-to=\"3\" class=\"u-grey-70 u-shape-circle\" style=\"width: 10px; height: 10px;\"><\/li>\n            <li data-u-target=\"#carousel-c2d2\" data-u-slide-to=\"4\" class=\"u-grey-70 u-shape-circle\" style=\"width: 10px; height: 10px;\"><\/li>\n            <li data-u-target=\"#carousel-c2d2\" data-u-slide-to=\"5\" class=\"u-grey-70 u-shape-circle\" style=\"width: 10px; height: 10px;\"><\/li>\n          <\/ol>\n          <div class=\"u-carousel-inner u-gallery-inner\" role=\"listbox\">\n            <div class=\"u-active u-carousel-item u-gallery-item u-carousel-item-1\">\n              <div class=\"u-back-slide\" data-image-width=\"2000\" data-image-height=\"666\">\n                <img decoding=\"async\" class=\"u-back-image u-expanded\" src=\"http:\/\/wisla.skoczow.pl\/wp-content\/uploads\/2023\/05\/GMINAWSPIERASZKOLENIE-5.jpg\">\n              <\/div>\n              <div class=\"u-align-center u-over-slide u-shading u-valign-bottom u-over-slide-1\">\n                <h3 class=\"u-gallery-heading\">Sample Title<\/h3>\n                <p class=\"u-gallery-text\">Sample Text<\/p>\n              <\/div>\n            <\/div>\n            <div class=\"u-carousel-item u-gallery-item u-carousel-item-2\">\n              <div class=\"u-back-slide\" data-image-width=\"741\" data-image-height=\"116\">\n                <img decoding=\"async\" class=\"u-back-image u-expanded u-image-contain\" src=\"http:\/\/wisla.skoczow.pl\/wp-content\/uploads\/2023\/05\/MISTRZYNIETOP-5.png\">\n              <\/div>\n              <div class=\"u-align-center u-over-slide u-shading u-valign-bottom u-over-slide-2\">\n                <h3 class=\"u-gallery-heading\">Sample Title<\/h3>\n                <p class=\"u-gallery-text\">Sample Text<\/p>\n              <\/div>\n            <\/div>\n            <div class=\"u-carousel-item u-gallery-item u-carousel-item-3\" data-image-width=\"3600\" data-image-height=\"2395\">\n              <div class=\"u-back-slide\" data-image-width=\"680\" data-image-height=\"116\">\n                <img decoding=\"async\" class=\"u-back-image u-expanded u-image-contain\" src=\"http:\/\/wisla.skoczow.pl\/wp-content\/uploads\/2023\/05\/WICEMISTRZYNIETOP-5.png\">\n              <\/div>\n              <div class=\"u-align-center u-over-slide u-shading u-valign-bottom u-over-slide-3\"><\/div>\n              <style data-mode=\"XL\" data-visited=\"true\"><\/style>\n              <style data-mode=\"LG\" data-visited=\"true\"><\/style>\n              <style data-mode=\"MD\" data-visited=\"true\"><\/style>\n              <style data-mode=\"SM\" data-visited=\"true\"><\/style>\n              <style data-mode=\"XS\" data-visited=\"true\"><\/style>\n            <\/div>\n            <div class=\"u-carousel-item u-gallery-item u-carousel-item-4\" data-image-width=\"3600\" data-image-height=\"2395\">\n              <div class=\"u-back-slide\" data-image-width=\"680\" data-image-height=\"116\">\n                <img decoding=\"async\" class=\"u-back-image u-expanded u-image-contain\" src=\"http:\/\/wisla.skoczow.pl\/wp-content\/uploads\/2023\/05\/PUCHARFUTSALTOP-5.png\">\n              <\/div>\n              <div class=\"u-align-center u-over-slide u-shading u-valign-bottom u-over-slide-4\"><\/div>\n              <style data-mode=\"XL\"><\/style>\n              <style data-mode=\"LG\" data-visited=\"true\"><\/style>\n              <style data-mode=\"MD\" data-visited=\"true\"><\/style>\n              <style data-mode=\"SM\" data-visited=\"true\"><\/style>\n              <style data-mode=\"XS\" data-visited=\"true\"><\/style>\n            <\/div>\n            <div class=\"u-carousel-item u-gallery-item u-carousel-item-5\" data-image-width=\"680\" data-image-height=\"116\">\n              <div class=\"u-back-slide\">\n                <img decoding=\"async\" class=\"u-back-image u-expanded u-image-contain\" src=\"http:\/\/wisla.skoczow.pl\/wp-content\/uploads\/2023\/05\/FUTSALVICETOP-5.png\">\n              <\/div>\n              <div class=\"u-align-center u-over-slide u-shading u-valign-bottom u-over-slide-5\"><\/div>\n              <style data-mode=\"XL\"><\/style>\n              <style data-mode=\"LG\" data-visited=\"true\"><\/style>\n              <style data-mode=\"MD\" data-visited=\"true\"><\/style>\n              <style data-mode=\"SM\" data-visited=\"true\"><\/style>\n              <style data-mode=\"XS\" data-visited=\"true\"><\/style>\n            <\/div>\n            <div class=\"u-carousel-item u-gallery-item u-carousel-item-6\" data-image-width=\"3600\" data-image-height=\"2395\">\n              <div class=\"u-back-slide\" data-image-width=\"728\" data-image-height=\"134\">\n                <img decoding=\"async\" class=\"u-back-image u-expanded\" src=\"http:\/\/wisla.skoczow.pl\/wp-content\/uploads\/2023\/05\/KLUBPARTNERSKI-5.jpg\">\n              <\/div>\n              <div class=\"u-align-center u-over-slide u-shading u-valign-bottom u-over-slide-6\"><\/div>\n              <style data-mode=\"XL\"><\/style>\n              <style data-mode=\"LG\" data-visited=\"true\"><\/style>\n              <style data-mode=\"MD\" data-visited=\"true\"><\/style>\n              <style data-mode=\"SM\" data-visited=\"true\"><\/style>\n              <style data-mode=\"XS\" data-visited=\"true\"><\/style>\n            <\/div>\n          <\/div>\n          <a class=\"u-absolute-vcenter u-carousel-control u-carousel-control-prev u-hidden u-opacity u-opacity-70 u-spacing-10 u-text-white u-carousel-control-1\" href=\"#carousel-c2d2\" role=\"button\" data-u-slide=\"prev\">\n            <span aria-hidden=\"true\">\n              <svg viewBox=\"0 0 451.847 451.847\"><path d=\"M97.141,225.92c0-8.095,3.091-16.192,9.259-22.366L300.689,9.27c12.359-12.359,32.397-12.359,44.751,0\nc12.354,12.354,12.354,32.388,0,44.748L173.525,225.92l171.903,171.909c12.354,12.354,12.354,32.391,0,44.744\nc-12.354,12.365-32.386,12.365-44.745,0l-194.29-194.281C100.226,242.115,97.141,234.018,97.141,225.92z\"><\/path><\/svg>\n            <\/span>\n            <span class=\"sr-only\">\n              <svg viewBox=\"0 0 451.847 451.847\"><path d=\"M97.141,225.92c0-8.095,3.091-16.192,9.259-22.366L300.689,9.27c12.359-12.359,32.397-12.359,44.751,0\nc12.354,12.354,12.354,32.388,0,44.748L173.525,225.92l171.903,171.909c12.354,12.354,12.354,32.391,0,44.744\nc-12.354,12.365-32.386,12.365-44.745,0l-194.29-194.281C100.226,242.115,97.141,234.018,97.141,225.92z\"><\/path><\/svg>\n            <\/span>\n          <\/a>\n          <a class=\"u-absolute-vcenter u-carousel-control u-carousel-control-next u-hidden u-opacity u-opacity-70 u-spacing-10 u-text-white u-carousel-control-2\" href=\"#carousel-c2d2\" role=\"button\" data-u-slide=\"next\">\n            <span aria-hidden=\"true\">\n              <svg viewBox=\"0 0 451.846 451.847\"><path d=\"M345.441,248.292L151.154,442.573c-12.359,12.365-32.397,12.365-44.75,0c-12.354-12.354-12.354-32.391,0-44.744\nL278.318,225.92L106.409,54.017c-12.354-12.359-12.354-32.394,0-44.748c12.354-12.359,32.391-12.359,44.75,0l194.287,194.284\nc6.177,6.18,9.262,14.271,9.262,22.366C354.708,234.018,351.617,242.115,345.441,248.292z\"><\/path><\/svg>\n            <\/span>\n            <span class=\"sr-only\">\n              <svg viewBox=\"0 0 451.846 451.847\"><path d=\"M345.441,248.292L151.154,442.573c-12.359,12.365-32.397,12.365-44.75,0c-12.354-12.354-12.354-32.391,0-44.744\nL278.318,225.92L106.409,54.017c-12.354-12.359-12.354-32.394,0-44.748c12.354-12.359,32.391-12.359,44.75,0l194.287,194.284\nc6.177,6.18,9.262,14.271,9.262,22.366C354.708,234.018,351.617,242.115,345.441,248.292z\"><\/path><\/svg>\n            <\/span>\n          <\/a>\n        <\/div>\n        <div class=\"u-blog u-container-style u-expanded-width u-layout-horizontal u-blog-1 u-hidden-visibility\" >\n          <div class=\"u-list-control\"><\/div>\n          <div class=\"u-repeater u-repeater-1\">\n            <div class=\"u-blog-post u-invisible u-container-style u-repeater-item\">\n              <div class=\"u-container-layout u-similar-container u-container-layout-1\"><a class=\"u-align-center u-blog-control u-image u-image-round u-radius-20 u-image-1\" href=\"http:\/\/wisla.skoczow.pl\/?p=63728\">\n                <img decoding=\"async\" class=\"u-align-center u-blog-control u-image u-image-round u-radius-20 u-image-1\" src=\"http:\/\/wisla.skoczow.pl\/wp-content\/uploads\/2026\/04\/683631862_1585458170251377_4218533333444587628_n.jpg\"><\/a>\n                <h2 class=\"u-align-center u-blog-control u-text u-text-1\">\n                  <a class=\"u-post-header-link\" href=\"http:\/\/wisla.skoczow.pl\/?p=63728\">Juniorki M\u0142odsze U16 - Przewaga by\u0142a, zwyci\u0119stwa zabrak\u0142o<\/a>\n                <\/h2>\n                <div class=\"u-blog-control u-post-content u-text u-text-2\"><p>\nKolejne spotkanie za nami W niedzielne popo\u0142udnie  zmierzyli\u015bmy si\u0119 na wyje\u017adzie z MLKS Wo\u017aniki. Od pierwszego gwizdka narzucili\u015bmy swoje tempo gry&hellip;<\/p>\n                <\/div>\n              <\/div>\n            <\/div>\n            <div class=\"u-blog-post u-invisible u-container-style u-repeater-item\">\n              <div class=\"u-container-layout u-similar-container u-container-layout-2\"><a class=\"u-align-center u-blog-control u-image u-image-round u-radius-20 u-image-2\" href=\"http:\/\/wisla.skoczow.pl\/?p=63706\">\n                <img decoding=\"async\" class=\"u-align-center u-blog-control u-image u-image-round u-radius-20 u-image-2\" src=\"http:\/\/wisla.skoczow.pl\/wp-content\/uploads\/2026\/04\/682685882_1583783993752128_5162594835508490983_n.jpg\"><\/a>\n                <h2 class=\"u-align-center u-blog-control u-text u-text-3\">\n                  <a class=\"u-post-header-link\" href=\"http:\/\/wisla.skoczow.pl\/?p=63706\">Orliczki U11 - Pierwszy domowy mecz tej wiosny na plus!<\/a>\n                <\/h2>\n                <div class=\"u-blog-control u-post-content u-text u-text-4\"><p>\nPierwsze domowe spotkanie tej wiosnyW sobot\u0119 na boisku w Wi\u015blicy Orliczki rozegra\u0142y mecz przeciwko GKS Piast Gliwice. Dziewczynki stawi\u0142y si\u0119 w &hellip;<\/p>\n                <\/div>\n              <\/div>\n            <\/div>\n            <div class=\"u-blog-post u-invisible u-container-style u-repeater-item\">\n              <div class=\"u-container-layout u-similar-container u-container-layout-1\"><a class=\"u-align-center u-blog-control u-image u-image-round u-radius-20 u-image-1\" href=\"http:\/\/wisla.skoczow.pl\/?p=63674\">\n                <img decoding=\"async\" class=\"u-align-center u-blog-control u-image u-image-round u-radius-20 u-image-1\" src=\"http:\/\/wisla.skoczow.pl\/wp-content\/uploads\/2026\/03\/SLASKA-LIGA-scaled.png\"><\/a>\n                <h2 class=\"u-align-center u-blog-control u-text u-text-1\">\n                  <a class=\"u-post-header-link\" href=\"http:\/\/wisla.skoczow.pl\/?p=63674\">25-26.04.2026<\/a>\n                <\/h2>\n                <div class=\"u-blog-control u-post-content u-text u-text-2\"><p>\nM\u0142odziczki pauzuj\u0105 przed rund\u0105 fina\u0142ow\u0105, swoje najbli\u017csze spotkanie rozegraj\u0105 w weekend 9\/10 maja. Orliczki w swoim pierwszym wiosennym domowym &hellip;<\/p>\n                <\/div>\n              <\/div>\n            <\/div>\n            <div class=\"u-blog-post u-invisible u-container-style u-repeater-item\">\n              <div class=\"u-container-layout u-similar-container u-container-layout-2\"><a class=\"u-align-center u-blog-control u-image u-image-round u-radius-20 u-image-2\" href=\"http:\/\/wisla.skoczow.pl\/?p=63666\">\n                <img decoding=\"async\" class=\"u-align-center u-blog-control u-image u-image-round u-radius-20 u-image-2\" src=\"http:\/\/wisla.skoczow.pl\/wp-content\/uploads\/2026\/04\/675551816_1579192397544621_2329405930921315045_n-1.jpg\"><\/a>\n                <h2 class=\"u-align-center u-blog-control u-text u-text-3\">\n                  <a class=\"u-post-header-link\" href=\"http:\/\/wisla.skoczow.pl\/?p=63666\">Orliczki U11 - Mocny wyst\u0119p i \u015bwietna gra<\/a>\n                <\/h2>\n                <div class=\"u-blog-control u-post-content u-text u-text-4\"><p>\nW ubieg\u0142\u0105 niedziel\u0119 nasze Orliczki mia\u0142y przyjemno\u015b\u0107 rozegra\u0107 spotkanie przeciwko GTW Piastunki Gliwice. Dziewczyny stawi\u0142y si\u0119 na meczu z pe\u0142nym &hellip;<\/p>\n                <\/div>\n              <\/div>\n            <\/div>\n            <div class=\"u-blog-post u-invisible u-container-style u-repeater-item\">\n              <div class=\"u-container-layout u-similar-container u-container-layout-1\"><a class=\"u-align-center u-blog-control u-image u-image-round u-radius-20 u-image-1\" href=\"http:\/\/wisla.skoczow.pl\/?p=63650\">\n                <img decoding=\"async\" class=\"u-align-center u-blog-control u-image u-image-round u-radius-20 u-image-1\" src=\"http:\/\/wisla.skoczow.pl\/wp-content\/uploads\/2026\/04\/675274897_1577267281070466_8471822667390325752_n-1.jpg\"><\/a>\n                <h2 class=\"u-align-center u-blog-control u-text u-text-1\">\n                  <a class=\"u-post-header-link\" href=\"http:\/\/wisla.skoczow.pl\/?p=63650\">Juniorki M\u0142odsze U16 - Serce na boisku, niedosyt w wyniku<\/a>\n                <\/h2>\n                <div class=\"u-blog-control u-post-content u-text u-text-2\"><p>\nWczoraj rozegrali\u015bmy pierwsze domowe  spotkanie w tej rundzie, podejmuj\u0105c Piast Gliwice. Od pocz\u0105tku by\u0142o wida\u0107, \u017ce mecz b\u0119dzie wyr\u00f3wnany i walka &hellip;<\/p>\n                <\/div>\n              <\/div>\n            <\/div>\n            <div class=\"u-blog-post u-invisible u-container-style u-repeater-item\">\n              <div class=\"u-container-layout u-similar-container u-container-layout-2\"><a class=\"u-align-center u-blog-control u-image u-image-round u-radius-20 u-image-2\" href=\"http:\/\/wisla.skoczow.pl\/?p=63610\">\n                <img decoding=\"async\" class=\"u-align-center u-blog-control u-image u-image-round u-radius-20 u-image-2\" src=\"http:\/\/wisla.skoczow.pl\/wp-content\/uploads\/2026\/04\/WhatsApp-Image-2026-04-19-at-17.56.29-13.jpeg\"><\/a>\n                <h2 class=\"u-align-center u-blog-control u-text u-text-3\">\n                  <a class=\"u-post-header-link\" href=\"http:\/\/wisla.skoczow.pl\/?p=63610\">M\u0142odziczki U13 - Wracamy z L\u0119dzin pokonani<\/a>\n                <\/h2>\n                <div class=\"u-blog-control u-post-content u-text u-text-4\"><p>\n\"Wise\u0142ki\" musia\u0142y uzna\u0107 wy\u017cszo\u015b\u0107 zespo\u0142u KSB II L\u0119dziny, przegrywaj\u0105c spotkanie. Ju\u017c do przerwy rywalki prowadzi\u0142y 2:0, co ustawi\u0142o dalszy przebieg&hellip;<\/p>\n                <\/div>\n              <\/div>\n            <\/div>\n            <div class=\"u-blog-post u-invisible u-container-style u-repeater-item\">\n              <div class=\"u-container-layout u-similar-container u-container-layout-1\"><a class=\"u-align-center u-blog-control u-image u-image-round u-radius-20 u-image-1\" href=\"http:\/\/wisla.skoczow.pl\/?p=63575\">\n                <img decoding=\"async\" class=\"u-align-center u-blog-control u-image u-image-round u-radius-20 u-image-1\" src=\"http:\/\/wisla.skoczow.pl\/wp-content\/uploads\/2026\/04\/669976426_1572422494888278_8521121162354533475_n.jpg\"><\/a>\n                <h2 class=\"u-align-center u-blog-control u-text u-text-1\">\n                  <a class=\"u-post-header-link\" href=\"http:\/\/wisla.skoczow.pl\/?p=63575\">Orliczki U11 - Walecznie i z kolejnym do\u015bwiadczeniem<\/a>\n                <\/h2>\n                <div class=\"u-blog-control u-post-content u-text u-text-2\"><p>\nW sobotnie przedpo\u0142udnie Orliczki rozpocz\u0119\u0142y\u015bmy zmagania rundy wiosennej. Na meczu wyjazdowym z KKS G\u00f3rnik Zabrze stawi\u0142y\u015bmy si\u0119 w lekkim &hellip;<\/p>\n                <\/div>\n              <\/div>\n            <\/div>\n            <div class=\"u-blog-post u-invisible u-container-style u-repeater-item\">\n              <div class=\"u-container-layout u-similar-container u-container-layout-2\"><a class=\"u-align-center u-blog-control u-image u-image-round u-radius-20 u-image-2\" href=\"http:\/\/wisla.skoczow.pl\/?p=63552\">\n                <img decoding=\"async\" class=\"u-align-center u-blog-control u-image u-image-round u-radius-20 u-image-2\" src=\"http:\/\/wisla.skoczow.pl\/wp-content\/uploads\/2026\/04\/WhatsApp-Image-2026-04-14-at-21.32.17-9.jpeg\"><\/a>\n                <h2 class=\"u-align-center u-blog-control u-text u-text-3\">\n                  <a class=\"u-post-header-link\" href=\"http:\/\/wisla.skoczow.pl\/?p=63552\">M\u0142odziczki U13 - Waleczna postawa mimo pora\u017cki z UKS Kozy<\/a>\n                <\/h2>\n                <div class=\"u-blog-control u-post-content u-text u-text-4\"><p>\nW kolejnym spotkaniu ligowym zmierzyli\u015bmy si\u0119 z zespo\u0142em UKS \u201eDw\u00f3jka\u201d Kozy. Cho\u0107 ostatecznie mecz zako\u0144czy\u0142 si\u0119 pora\u017ck\u0105 4:1, nasze zawodniczki &hellip;<\/p>\n                <\/div>\n              <\/div>\n            <\/div>\n            <div class=\"u-blog-post u-invisible u-container-style u-repeater-item\">\n              <div class=\"u-container-layout u-similar-container u-container-layout-1\"><a class=\"u-align-center u-blog-control u-image u-image-round u-radius-20 u-image-1\" href=\"http:\/\/wisla.skoczow.pl\/?p=63563\">\n                <img decoding=\"async\" class=\"u-align-center u-blog-control u-image u-image-round u-radius-20 u-image-1\" src=\"http:\/\/wisla.skoczow.pl\/wp-content\/uploads\/2026\/04\/672672594_1571809878282873_5989642636982184672_n.jpg\"><\/a>\n                <h2 class=\"u-align-center u-blog-control u-text u-text-1\">\n                  <a class=\"u-post-header-link\" href=\"http:\/\/wisla.skoczow.pl\/?p=63563\">Juniorki M\u0142odsze U16 - Przegrana po prowadzeniu w Cz\u0119stochowie<\/a>\n                <\/h2>\n                <div class=\"u-blog-control u-post-content u-text u-text-2\"><p>\nW sobot\u0119 rozegrali\u015bmy mecz wyjazdowy  w Cz\u0119stochowie, gdzie zmierzyli\u015bmy si\u0119 z zespo\u0142em P\u0142omie\u0144 Cz\u0119stochowa. Spotkanie poprzedzi\u0142a minuta ciszy ku &hellip;<\/p>\n                <\/div>\n              <\/div>\n            <\/div>\n            <div class=\"u-blog-post u-invisible u-container-style u-repeater-item\">\n              <div class=\"u-container-layout u-similar-container u-container-layout-2\"><a class=\"u-align-center u-blog-control u-image u-image-round u-radius-20 u-image-2\" href=\"http:\/\/wisla.skoczow.pl\/?p=63446\">\n                <img decoding=\"async\" class=\"u-align-center u-blog-control u-image u-image-round u-radius-20 u-image-2\" src=\"http:\/\/wisla.skoczow.pl\/wp-content\/uploads\/2026\/03\/SLASKA-LIGA-scaled.png\"><\/a>\n                <h2 class=\"u-align-center u-blog-control u-text u-text-3\">\n                  <a class=\"u-post-header-link\" href=\"http:\/\/wisla.skoczow.pl\/?p=63446\">11 - 12.04.2026<\/a>\n                <\/h2>\n                <div class=\"u-blog-control u-post-content u-text u-text-4\"><p>\nOrliczki wracaj\u0105 na boisko - pierwszy mecz w rundzie wiosennej rozegraj\u0105 na wyje\u017adzie w Zabrzu. Juniorki U16 tego samego dnia w spotkaniu &hellip;<\/p>\n                <\/div>\n              <\/div>\n            <\/div>\n            <div class=\"u-blog-post u-invisible u-container-style u-repeater-item\">\n              <div class=\"u-container-layout u-similar-container u-container-layout-1\"><a class=\"u-align-center u-blog-control u-image u-image-round u-radius-20 u-image-1\" href=\"http:\/\/wisla.skoczow.pl\/?p=63358\">\n                <img decoding=\"async\" class=\"u-align-center u-blog-control u-image u-image-round u-radius-20 u-image-1\" src=\"http:\/\/wisla.skoczow.pl\/wp-content\/uploads\/2026\/04\/wesolych-swiat.png\"><\/a>\n                <h2 class=\"u-align-center u-blog-control u-text u-text-1\">\n                  <a class=\"u-post-header-link\" href=\"http:\/\/wisla.skoczow.pl\/?p=63358\">Weso\u0142ych \u015awi\u0105t!<\/a>\n                <\/h2>\n                <div class=\"u-blog-control u-post-content u-text u-text-2\"><p>\nZ okazji zbli\u017caj\u0105cych si\u0119 \u015awi\u0105t Wielkanocnych Zarz\u0105d i Sztab szkoleniowy KKS \u201cWis\u0142a\u201d \u017cycz\u0105 wszystkim zawodniczkom, kibicom, sponsorom i sympatykom,&hellip;<\/p>\n                <\/div>\n              <\/div>\n            <\/div>\n            <div class=\"u-blog-post u-invisible u-container-style u-repeater-item\">\n              <div class=\"u-container-layout u-similar-container u-container-layout-2\"><a class=\"u-align-center u-blog-control u-image u-image-round u-radius-20 u-image-2\" href=\"http:\/\/wisla.skoczow.pl\/?p=63361\">\n                <img decoding=\"async\" class=\"u-align-center u-blog-control u-image u-image-round u-radius-20 u-image-2\" src=\"http:\/\/wisla.skoczow.pl\/wp-content\/uploads\/2026\/04\/ChatGPT-Image-31-mar-2026-21_29_403.png\"><\/a>\n                <h2 class=\"u-align-center u-blog-control u-text u-text-3\">\n                  <a class=\"u-post-header-link\" href=\"http:\/\/wisla.skoczow.pl\/?p=63361\">Nab\u00f3r do zespo\u0142u futsalowego<\/a>\n                <\/h2>\n                <div class=\"u-blog-control u-post-content u-text u-text-4\"><p>\nZapraszamy wszystkie zainteresowane zawodniczki, kt\u00f3re uko\u0144czy\u0142y 15 lat!\n\n\n\nKa\u017cda z Was jest mile widziana, niezale\u017cnie od do\u015bwiadczenia czy wieku &hellip;<\/p>\n                <\/div>\n              <\/div>\n            <\/div>\n            <div class=\"u-blog-post u-invisible u-container-style u-repeater-item\">\n              <div class=\"u-container-layout u-similar-container u-container-layout-1\"><a class=\"u-align-center u-blog-control u-image u-image-round u-radius-20 u-image-1\" href=\"http:\/\/wisla.skoczow.pl\/?p=63341\">\n                <img decoding=\"async\" class=\"u-align-center u-blog-control u-image u-image-round u-radius-20 u-image-1\" src=\"http:\/\/wisla.skoczow.pl\/wp-content\/uploads\/2026\/03\/WhatsApp-Image-2026-03-29-at-17.37.17-1.jpeg\"><\/a>\n                <h2 class=\"u-align-center u-blog-control u-text u-text-1\">\n                  <a class=\"u-post-header-link\" href=\"http:\/\/wisla.skoczow.pl\/?p=63341\">M\u0142odziczki U13 - Wysokie zwyci\u0119stwo w Wodzis\u0142awiu \u015al\u0105skim!<\/a>\n                <\/h2>\n                <div class=\"u-blog-control u-post-content u-text u-text-2\"><p>\n\"Wise\u0142ki\" odnios\u0142y efektowne zwyci\u0119stwo w meczu wyjazdowym, pokonuj\u0105c SWD Wodzis\u0142aw \u015al\u0105ski a\u017c 7:1. Cho\u0107 ko\u0144cowy wynik robi ogromne wra\u017cenie, &hellip;<\/p>\n                <\/div>\n              <\/div>\n            <\/div>\n            <div class=\"u-blog-post u-invisible u-container-style u-repeater-item\">\n              <div class=\"u-container-layout u-similar-container u-container-layout-2\"><a class=\"u-align-center u-blog-control u-image u-image-round u-radius-20 u-image-2\" href=\"http:\/\/wisla.skoczow.pl\/?p=63338\">\n                <img decoding=\"async\" class=\"u-align-center u-blog-control u-image u-image-round u-radius-20 u-image-2\" src=\"http:\/\/wisla.skoczow.pl\/wp-content\/uploads\/2026\/03\/SLASKA-LIGA-scaled.png\"><\/a>\n                <h2 class=\"u-align-center u-blog-control u-text u-text-3\">\n                  <a class=\"u-post-header-link\" href=\"http:\/\/wisla.skoczow.pl\/?p=63338\">29.03.2026<\/a>\n                <\/h2>\n                <div class=\"u-blog-control u-post-content u-text u-text-4\"><p>\n          \n\n\n\nW najbli\u017cszy weekend zobaczymy na boisku wy\u0142\u0105cznie m\u0142odziczki U13, kt\u00f3re zagraj\u0105 wyjazdowe spotkanie w Wodzis\u0142awiu \u015al\u0105skim. Zesp\u00f3\u0142 &hellip;<\/p>\n                <\/div>\n              <\/div>\n            <\/div>\n            <div class=\"u-blog-post u-invisible u-container-style u-repeater-item\">\n              <div class=\"u-container-layout u-similar-container u-container-layout-1\"><a class=\"u-align-center u-blog-control u-image u-image-round u-radius-20 u-image-1\" href=\"http:\/\/wisla.skoczow.pl\/?p=63325\">\n                <img decoding=\"async\" class=\"u-align-center u-blog-control u-image u-image-round u-radius-20 u-image-1\" src=\"http:\/\/wisla.skoczow.pl\/wp-content\/uploads\/2026\/03\/656754472_1556417773155417_187413896848014168_n.jpg\"><\/a>\n                <h2 class=\"u-align-center u-blog-control u-text u-text-1\">\n                  <a class=\"u-post-header-link\" href=\"http:\/\/wisla.skoczow.pl\/?p=63325\">Juniorki m\u0142odsze U16 - Zwyci\u0119stwo po walkowerze.<\/a>\n                <\/h2>\n                <div class=\"u-blog-control u-post-content u-text u-text-2\"><p>\nW \u015brod\u0119 rozpocz\u0119li\u015bmy rund\u0119 wiosenn\u0105 od meczu wyjazdowego  w kt\u00f3rym mierzyli\u015bmy si\u0119 z Ruchem Chorz\u00f3w. Na samym pocz\u0105tku mecz bardzo wyr\u00f3wnany i &hellip;<\/p>\n                <\/div>\n              <\/div>\n            <\/div>\n            <div class=\"u-blog-post u-invisible u-container-style u-repeater-item\">\n              <div class=\"u-container-layout u-similar-container u-container-layout-2\"><a class=\"u-align-center u-blog-control u-image u-image-round u-radius-20 u-image-2\" href=\"http:\/\/wisla.skoczow.pl\/?p=63303\">\n                <img decoding=\"async\" class=\"u-align-center u-blog-control u-image u-image-round u-radius-20 u-image-2\" src=\"http:\/\/wisla.skoczow.pl\/wp-content\/uploads\/2026\/03\/WhatsApp-Image-2026-03-22-at-18.25.20-6.jpeg\"><\/a>\n                <h2 class=\"u-align-center u-blog-control u-text u-text-3\">\n                  <a class=\"u-post-header-link\" href=\"http:\/\/wisla.skoczow.pl\/?p=63303\">M\u0142odziczki U13 - Zwyci\u0119ski rewan\u017c m\u0142odziczek!<\/a>\n                <\/h2>\n                <div class=\"u-blog-control u-post-content u-text u-text-4\"><p>\nEmocje do samego ko\u0144ca\ud83d\udc99\u2764\ud83d\udc9b\ud83d\udd25\n\n\n\n\"Wise\u0142ki\" odnios\u0142y efektowne zwyci\u0119stwo w \u015al\u0105skiej II Lidze, pokonuj\u0105c zesp\u00f3\u0142 Naprz\u00f3d 23 Rydu\u0142towy. Spotkanie &hellip;<\/p>\n                <\/div>\n              <\/div>\n            <\/div>\n            <div class=\"u-blog-post u-invisible u-container-style u-repeater-item\">\n              <div class=\"u-container-layout u-similar-container u-container-layout-1\"><a class=\"u-align-center u-blog-control u-image u-image-round u-radius-20 u-image-1\" href=\"http:\/\/wisla.skoczow.pl\/?p=63320\">\n                <img decoding=\"async\" class=\"u-align-center u-blog-control u-image u-image-round u-radius-20 u-image-1\" src=\"http:\/\/wisla.skoczow.pl\/wp-content\/uploads\/2026\/03\/SLASKA-LIGA-scaled.png\"><\/a>\n                <h2 class=\"u-align-center u-blog-control u-text u-text-1\">\n                  <a class=\"u-post-header-link\" href=\"http:\/\/wisla.skoczow.pl\/?p=63320\">22-25.03.2026<\/a>\n                <\/h2>\n                <div class=\"u-blog-control u-post-content u-text u-text-2\"><p>\nKolejne spotkanie domowe m\u0142odziczek, na kt\u00f3re zapraszamy serdecznie. W \u015brod\u0119 spotkanie pierwsze w tym roku rozegra zesp\u00f3\u0142 juniorek U16 na wyje\u017adzie&hellip;<\/p>\n                <\/div>\n              <\/div>\n            <\/div>\n            <div class=\"u-blog-post u-invisible u-container-style u-repeater-item\">\n              <div class=\"u-container-layout u-similar-container u-container-layout-2\"><a class=\"u-align-center u-blog-control u-image u-image-round u-radius-20 u-image-2\" href=\"http:\/\/wisla.skoczow.pl\/?p=63250\">\n                <img decoding=\"async\" class=\"u-align-center u-blog-control u-image u-image-round u-radius-20 u-image-2\" src=\"http:\/\/wisla.skoczow.pl\/wp-content\/uploads\/2026\/03\/img-6732-scaled.jpg\"><\/a>\n                <h2 class=\"u-align-center u-blog-control u-text u-text-3\">\n                  <a class=\"u-post-header-link\" href=\"http:\/\/wisla.skoczow.pl\/?p=63250\">1 LIGA FUTSALU KOBIET \u2013 \u201eSporo jest do dopracowania, ale jeste\u015bmy na dobrej drodze\"<\/a>\n                <\/h2>\n                <div class=\"u-blog-control u-post-content u-text u-text-4\"><p>\n\"Zawodniczki Wis\u0142y Skocz\u00f3w zako\u0144czy\u0142y sezon w I lidze futsalu (makroregion III), goszcz\u0105c w niedzielny wiecz\u00f3r MTS Knur\u00f3w. Przyjezdne wywioz\u0142y &hellip;<\/p>\n                <\/div>\n              <\/div>\n            <\/div>\n            <div class=\"u-blog-post u-invisible u-container-style u-repeater-item\">\n              <div class=\"u-container-layout u-similar-container u-container-layout-1\"><a class=\"u-align-center u-blog-control u-image u-image-round u-radius-20 u-image-1\" href=\"http:\/\/wisla.skoczow.pl\/?p=63236\">\n                <img decoding=\"async\" class=\"u-align-center u-blog-control u-image u-image-round u-radius-20 u-image-1\" src=\"http:\/\/wisla.skoczow.pl\/wp-content\/uploads\/2026\/03\/TERMINARZ-scaled.png\"><\/a>\n                <h2 class=\"u-align-center u-blog-control u-text u-text-1\">\n                  <a class=\"u-post-header-link\" href=\"http:\/\/wisla.skoczow.pl\/?p=63236\">14 kolejka<\/a>\n                <\/h2>\n                <div class=\"u-blog-control u-post-content u-text u-text-2\"><p>\nZapraszamy na ostatni mecz w tym sezonie. W 14 kolejce podejmujemy zesp\u00f3\u0142 z Knurowa. B\u0119dzie walka i dobry futsal.\n\n\n\n\n<\/p>\n                <\/div>\n              <\/div>\n            <\/div>\n            <div class=\"u-blog-post u-invisible u-container-style u-repeater-item\">\n              <div class=\"u-container-layout u-similar-container u-container-layout-2\"><a class=\"u-align-center u-blog-control u-image u-image-round u-radius-20 u-image-2\" href=\"http:\/\/wisla.skoczow.pl\/?p=63247\">\n                <img decoding=\"async\" class=\"u-align-center u-blog-control u-image u-image-round u-radius-20 u-image-2\" src=\"http:\/\/wisla.skoczow.pl\/wp-content\/uploads\/2026\/03\/45tg5h6.jpg\"><\/a>\n                <h2 class=\"u-align-center u-blog-control u-text u-text-3\">\n                  <a class=\"u-post-header-link\" href=\"http:\/\/wisla.skoczow.pl\/?p=63247\">M\u0142odziczki U13 - Zwyci\u0119stwo w Dzie\u0144 Kobiet!<\/a>\n                <\/h2>\n                <div class=\"u-blog-control u-post-content u-text u-text-4\"><p>\nW ubieg\u0142\u0105 niedziel\u0119 zmierzyli\u015bmy si\u0119 w rewan\u017cowym spotkaniu z LKS Sok\u00f3\u0142 Zabrzeg. Dziewcz\u0119ta od pocz\u0105tku do ko\u0144ca mia\u0142y pod kontrol\u0105 przebieg &hellip;<\/p>\n                <\/div>\n              <\/div>\n            <\/div>\n            <div class=\"u-blog-post u-invisible u-container-style u-repeater-item\">\n              <div class=\"u-container-layout u-similar-container u-container-layout-1\"><a class=\"u-align-center u-blog-control u-image u-image-round u-radius-20 u-image-1\" href=\"http:\/\/wisla.skoczow.pl\/?p=63242\">\n                <img decoding=\"async\" class=\"u-align-center u-blog-control u-image u-image-round u-radius-20 u-image-1\" src=\"http:\/\/wisla.skoczow.pl\/wp-content\/uploads\/2026\/03\/18-lat-KKS-Wisla-Skoczow.png\"><\/a>\n                <h2 class=\"u-align-center u-blog-control u-text u-text-1\">\n                  <a class=\"u-post-header-link\" href=\"http:\/\/wisla.skoczow.pl\/?p=63242\">18 lat KKS Wis\u0142a Skocz\u00f3w!<\/a>\n                <\/h2>\n                <div class=\"u-blog-control u-post-content u-text u-text-2\"><p>\nTak to ten dzie\u0144.... osi\u0105gn\u0119li\u015bmy pe\u0142noletno\u015b\u0107 \n\n\n\nWszystkim dziewcz\u0119tom, paniom - KOBIETOM \u017cyczymy wszystkiego najlepszego!\n\n\n\nTo w\u0142a\u015bnie na Dzie\u0144&hellip;<\/p>\n                <\/div>\n              <\/div>\n            <\/div>\n            <div class=\"u-blog-post u-invisible u-container-style u-repeater-item\">\n              <div class=\"u-container-layout u-similar-container u-container-layout-2\"><a class=\"u-align-center u-blog-control u-image u-image-round u-radius-20 u-image-2\" href=\"http:\/\/wisla.skoczow.pl\/?p=63245\">\n                <img decoding=\"async\" class=\"u-align-center u-blog-control u-image u-image-round u-radius-20 u-image-2\" src=\"http:\/\/wisla.skoczow.pl\/wp-content\/uploads\/2026\/03\/WhatsApp-Image-2026-03-07-at-21.10.08.jpeg\"><\/a>\n                <h2 class=\"u-align-center u-blog-control u-text u-text-3\">\n                  <a class=\"u-post-header-link\" href=\"http:\/\/wisla.skoczow.pl\/?p=63245\">1 LIGA FUTSALU KOBIET \u2013Okaza\u0142e zwyci\u0119stwo futsalistek!<\/a>\n                <\/h2>\n                <div class=\"u-blog-control u-post-content u-text u-text-4\"><p>\nZawodniczki KKS Wis\u0142a Skocz\u00f3w odnios\u0142y efektowne zwyci\u0119stwo w kolejnym spotkaniu ligowym, pokonuj\u0105c zesp\u00f3\u0142 UKKS Katowice 7:4. Kibice mogli zobaczy\u0107&hellip;<\/p>\n                <\/div>\n              <\/div>\n            <\/div>\n            <div class=\"u-blog-post u-invisible u-container-style u-repeater-item\">\n              <div class=\"u-container-layout u-similar-container u-container-layout-1\"><a class=\"u-align-center u-blog-control u-image u-image-round u-radius-20 u-image-1\" href=\"http:\/\/wisla.skoczow.pl\/?p=63316\">\n                <img decoding=\"async\" class=\"u-align-center u-blog-control u-image u-image-round u-radius-20 u-image-1\" src=\"http:\/\/wisla.skoczow.pl\/wp-content\/uploads\/2024\/11\/terminasz-slzpn.jpg\"><\/a>\n                <h2 class=\"u-align-center u-blog-control u-text u-text-1\">\n                  <a class=\"u-post-header-link\" href=\"http:\/\/wisla.skoczow.pl\/?p=63316\">Terminarz 08.03.2026<\/a>\n                <\/h2>\n                <div class=\"u-blog-control u-post-content u-text u-text-2\"><p>\nRozpoczynamy pi\u0142karsk\u0105 trawiast\u0105 wiosn\u0119, a jako pierwsze na boisku o punkty zawalcz\u0105 m\u0142odziczki U13 w spotkaniu domowym.\n\n\n\n\n<\/p>\n                <\/div>\n              <\/div>\n            <\/div>\n            <div class=\"u-blog-post u-invisible u-container-style u-repeater-item\">\n              <div class=\"u-container-layout u-similar-container u-container-layout-2\"><a class=\"u-align-center u-blog-control u-image u-image-round u-radius-20 u-image-2\" href=\"http:\/\/wisla.skoczow.pl\/?p=63234\">\n                <img decoding=\"async\" class=\"u-align-center u-blog-control u-image u-image-round u-radius-20 u-image-2\" src=\"http:\/\/wisla.skoczow.pl\/wp-content\/uploads\/2025\/02\/futsal-topka-terminarz.jpg\"><\/a>\n                <h2 class=\"u-align-center u-blog-control u-text u-text-3\">\n                  <a class=\"u-post-header-link\" href=\"http:\/\/wisla.skoczow.pl\/?p=63234\">1 LIGA FUTSALU KOBIET \u2013 13 kolejka!<\/a>\n                <\/h2>\n                <div class=\"u-blog-control u-post-content u-text u-text-4\"><p>\nW Cieszynie podejmujemy zesp\u00f3\u0142 z Katowic. \"Wise\u0142ki\" chc\u0105 zrewan\u017cowa\u0107 si\u0119 za pora\u017ck\u0119 w rundzie jesiennej.\n\n\n\n\n<\/p>\n                <\/div>\n              <\/div>\n            <\/div>\n            <div class=\"u-blog-post u-invisible u-container-style u-repeater-item\">\n              <div class=\"u-container-layout u-similar-container u-container-layout-1\"><a class=\"u-align-center u-blog-control u-image u-image-round u-radius-20 u-image-1\" href=\"http:\/\/wisla.skoczow.pl\/?p=63232\">\n                <img decoding=\"async\" class=\"u-align-center u-blog-control u-image u-image-round u-radius-20 u-image-1\" src=\"http:\/\/wisla.skoczow.pl\/wp-content\/uploads\/2026\/03\/WhatsApp-Image-2026-03-17-at-18.33.32.jpeg\"><\/a>\n                <h2 class=\"u-align-center u-blog-control u-text u-text-1\">\n                  <a class=\"u-post-header-link\" href=\"http:\/\/wisla.skoczow.pl\/?p=63232\">1 LIGA FUTSALU KOBIET \u2013 Wroc\u0142aw<\/a>\n                <\/h2>\n                <div class=\"u-blog-control u-post-content u-text u-text-2\"><p>\nWysoka pora\u017cka w Wroc\u0142awiu, ale dobra druga po\u0142owa naszych zawodniczek\n\n\n\n1 marca 2026 roku dru\u017cyna futsalowa kobiet KKS Wis\u0142a Skocz\u00f3w rozegra\u0142a &hellip;<\/p>\n                <\/div>\n              <\/div>\n            <\/div>\n            <div class=\"u-blog-post u-invisible u-container-style u-repeater-item\">\n              <div class=\"u-container-layout u-similar-container u-container-layout-2\"><a class=\"u-align-center u-blog-control u-image u-image-round u-radius-20 u-image-2\" href=\"http:\/\/wisla.skoczow.pl\/?p=63224\">\n                <img decoding=\"async\" class=\"u-align-center u-blog-control u-image u-image-round u-radius-20 u-image-2\" src=\"http:\/\/wisla.skoczow.pl\/wp-content\/uploads\/2026\/03\/WhatsApp-Image-2026-02-28-at-21.32.27.jpeg\"><\/a>\n                <h2 class=\"u-align-center u-blog-control u-text u-text-3\">\n                  <a class=\"u-post-header-link\" href=\"http:\/\/wisla.skoczow.pl\/?p=63224\">III miejsce m\u0142odziczek w OLZA CUP!<\/a>\n                <\/h2>\n                <div class=\"u-blog-control u-post-content u-text u-text-4\"><p>\n28 lutego 2026 roku zesp\u00f3\u0142 dziewcz\u0105t U13 klubu wzi\u0119\u0142y udzia\u0142 w turnieju pi\u0142ki no\u017cnej \"OLZA CUP\" rozegranym w Pogwizdowie na hali. Nasze zawodniczki&hellip;<\/p>\n                <\/div>\n              <\/div>\n            <\/div>\n            <div class=\"u-blog-post u-invisible u-container-style u-repeater-item\">\n              <div class=\"u-container-layout u-similar-container u-container-layout-1\"><a class=\"u-align-center u-blog-control u-image u-image-round u-radius-20 u-image-1\" href=\"http:\/\/wisla.skoczow.pl\/?p=63219\">\n                <img decoding=\"async\" class=\"u-align-center u-blog-control u-image u-image-round u-radius-20 u-image-1\" src=\"http:\/\/wisla.skoczow.pl\/wp-content\/uploads\/2025\/02\/futsal-topka-terminarz.jpg\"><\/a>\n                <h2 class=\"u-align-center u-blog-control u-text u-text-1\">\n                  <a class=\"u-post-header-link\" href=\"http:\/\/wisla.skoczow.pl\/?p=63219\">1 LIGA FUTSALU KOBIET \u2013 12 kolejka!<\/a>\n                <\/h2>\n                <div class=\"u-blog-control u-post-content u-text u-text-2\"><p>\nRuszamy do Wroc\u0142awia - przed nami bardzo trudne spotkanie. Chaos to obecny lider 1 Ligi PLF, przeciwniczki b\u0119d\u0105 chcia\u0142y przypiecz\u0119towa\u0107 sw\u00f3j awans &hellip;<\/p>\n                <\/div>\n              <\/div>\n            <\/div>\n            <div class=\"u-blog-post u-invisible u-container-style u-repeater-item\">\n              <div class=\"u-container-layout u-similar-container u-container-layout-2\"><a class=\"u-align-center u-blog-control u-image u-image-round u-radius-20 u-image-2\" href=\"http:\/\/wisla.skoczow.pl\/?p=63198\">\n                <img decoding=\"async\" class=\"u-align-center u-blog-control u-image u-image-round u-radius-20 u-image-2\" src=\"http:\/\/wisla.skoczow.pl\/wp-content\/uploads\/2026\/03\/img-9654-scaled.jpg\"><\/a>\n                <h2 class=\"u-align-center u-blog-control u-text u-text-3\">\n                  <a class=\"u-post-header-link\" href=\"http:\/\/wisla.skoczow.pl\/?p=63198\">1 LIGA FUTSALU KOBIET - G\u0142og\u00f3wek<\/a>\n                <\/h2>\n                <div class=\"u-blog-control u-post-content u-text u-text-4\"><p>\n \"Sobotnie spotkanie nie rozpocz\u0119\u0142o si\u0119 po my\u015bli zawodniczek ze Skoczowa, bo przyjezdne otworzy\u0142y wynik jeszcze przed up\u0142ywem pierwszej minuty. &hellip;<\/p>\n                <\/div>\n              <\/div>\n            <\/div>\n            <div class=\"u-blog-post u-invisible u-container-style u-repeater-item\">\n              <div class=\"u-container-layout u-similar-container u-container-layout-1\"><a class=\"u-align-center u-blog-control u-image u-image-round u-radius-20 u-image-1\" href=\"http:\/\/wisla.skoczow.pl\/?p=63216\">\n                <img decoding=\"async\" class=\"u-align-center u-blog-control u-image u-image-round u-radius-20 u-image-1\" src=\"http:\/\/wisla.skoczow.pl\/wp-content\/uploads\/2025\/02\/futsal-topka-terminarz.jpg\"><\/a>\n                <h2 class=\"u-align-center u-blog-control u-text u-text-1\">\n                  <a class=\"u-post-header-link\" href=\"http:\/\/wisla.skoczow.pl\/?p=63216\">1 LIGA FUTSALU KOBIET \u2013 11 kolejka!<\/a>\n                <\/h2>\n                <div class=\"u-blog-control u-post-content u-text u-text-2\"><p>\nW sobot\u0119 podejmiemy rywalki z G\u0142og\u00f3wka, tym razem mierzy\u0107 si\u0119 b\u0119dziemy z drug\u0105 dru\u017cyn\u0105... szanse b\u0119d\u0105 wyr\u00f3wnane. W pierwszym spotkaniu ulegli\u015bmy &hellip;<\/p>\n                <\/div>\n              <\/div>\n            <\/div>\n            <div class=\"u-blog-post u-invisible u-container-style u-repeater-item\">\n              <div class=\"u-container-layout u-similar-container u-container-layout-2\"><a class=\"u-align-center u-blog-control u-image u-image-round u-radius-20 u-image-2\" href=\"http:\/\/wisla.skoczow.pl\/?p=63229\">\n                <img decoding=\"async\" class=\"u-align-center u-blog-control u-image u-image-round u-radius-20 u-image-2\" src=\"http:\/\/wisla.skoczow.pl\/wp-content\/uploads\/2026\/02\/Bez-tytulu.png\"><\/a>\n                <h2 class=\"u-align-center u-blog-control u-text u-text-3\">\n                  <a class=\"u-post-header-link\" href=\"http:\/\/wisla.skoczow.pl\/?p=63229\">1 LIGA FUTSALU KOBIET \u2013 Opole<\/a>\n                <\/h2>\n                <div class=\"u-blog-control u-post-content u-text u-text-4\"><p>\nDobry pocz\u0105tek i niewykorzystana szansa na punkty\n\n\n\nPrzegrane spotkanie ligowe z zespo\u0142em Unia Opole 3:9. Wynik ko\u0144cowy nie oddaje jednak w pe\u0142ni &hellip;<\/p>\n                <\/div>\n              <\/div>\n            <\/div>\n            <div class=\"u-blog-post u-invisible u-container-style u-repeater-item\">\n              <div class=\"u-container-layout u-similar-container u-container-layout-1\"><a class=\"u-align-center u-blog-control u-image u-image-round u-radius-20 u-image-1\" href=\"http:\/\/wisla.skoczow.pl\/?p=63208\">\n                <img decoding=\"async\" class=\"u-align-center u-blog-control u-image u-image-round u-radius-20 u-image-1\" src=\"http:\/\/wisla.skoczow.pl\/wp-content\/uploads\/2025\/02\/futsal-topka-terminarz.jpg\"><\/a>\n                <h2 class=\"u-align-center u-blog-control u-text u-text-1\">\n                  <a class=\"u-post-header-link\" href=\"http:\/\/wisla.skoczow.pl\/?p=63208\">1 LIGA FUTSALU KOBIET \u2013 10 kolejka!<\/a>\n                <\/h2>\n                <div class=\"u-blog-control u-post-content u-text u-text-2\"><p>\nW rundzie rewan\u017cowej podejmujemy zesp\u00f3\u0142 z Opola. W poprzednim spotkaniu zmagania zako\u0144czy\u0142y si\u0119 zwyci\u0119stwem przeciwniczek 10:8!\n\n\n\n\n<\/p>\n                <\/div>\n              <\/div>\n            <\/div>\n            <div class=\"u-blog-post u-invisible u-container-style u-repeater-item\">\n              <div class=\"u-container-layout u-similar-container u-container-layout-2\"><a class=\"u-align-center u-blog-control u-image u-image-round u-radius-20 u-image-2\" href=\"http:\/\/wisla.skoczow.pl\/?p=63227\">\n                <img decoding=\"async\" class=\"u-align-center u-blog-control u-image u-image-round u-radius-20 u-image-2\" src=\"http:\/\/wisla.skoczow.pl\/wp-content\/uploads\/2026\/01\/624295542_1392509049558960_5753787457995474875_n.jpg\"><\/a>\n                <h2 class=\"u-align-center u-blog-control u-text u-text-3\">\n                  <a class=\"u-post-header-link\" href=\"http:\/\/wisla.skoczow.pl\/?p=63227\">1 LIGA FUTSALU KOBIET \u2013 \u017bory<\/a>\n                <\/h2>\n                <div class=\"u-blog-control u-post-content u-text u-text-4\"><p>\nLepszy wynik w rewan\u017cu z wiceliderem\n\n\n\nNasza dru\u017cyna futsalowa kobiet rozegra\u0142a kolejne spotkanie ligowe, w kt\u00f3rym zmierzy\u0142a si\u0119 z zespo\u0142em AP &hellip;<\/p>\n                <\/div>\n              <\/div>\n            <\/div>\n            <div class=\"u-blog-post u-invisible u-container-style u-repeater-item\">\n              <div class=\"u-container-layout u-similar-container u-container-layout-1\"><a class=\"u-align-center u-blog-control u-image u-image-round u-radius-20 u-image-1\" href=\"http:\/\/wisla.skoczow.pl\/?p=63212\">\n                <img decoding=\"async\" class=\"u-align-center u-blog-control u-image u-image-round u-radius-20 u-image-1\" src=\"http:\/\/wisla.skoczow.pl\/wp-content\/uploads\/2025\/02\/futsal-topka-terminarz.jpg\"><\/a>\n                <h2 class=\"u-align-center u-blog-control u-text u-text-1\">\n                  <a class=\"u-post-header-link\" href=\"http:\/\/wisla.skoczow.pl\/?p=63212\">1 LIGA FUTSALU KOBIET \u2013 9 kolejka!<\/a>\n                <\/h2>\n                <div class=\"u-blog-control u-post-content u-text u-text-2\"><p>\nCzas na spotkanie rewan\u017cowe, kt\u00f3re rozegramy na wyje\u017adzie. Czeka nas trudne zadanie.\n\n\n\n\n<\/p>\n                <\/div>\n              <\/div>\n            <\/div>\n            <div class=\"u-blog-post u-invisible u-container-style u-repeater-item\">\n              <div class=\"u-container-layout u-similar-container u-container-layout-2\"><a class=\"u-align-center u-blog-control u-image u-image-round u-radius-20 u-image-2\" href=\"http:\/\/wisla.skoczow.pl\/?p=63205\">\n                <img decoding=\"async\" class=\"u-align-center u-blog-control u-image u-image-round u-radius-20 u-image-2\" src=\"http:\/\/wisla.skoczow.pl\/wp-content\/uploads\/2026\/03\/WhatsApp-Image-2026-01-17-at-19.30.37.jpeg\"><\/a>\n                <h2 class=\"u-align-center u-blog-control u-text u-text-3\">\n                  <a class=\"u-post-header-link\" href=\"http:\/\/wisla.skoczow.pl\/?p=63205\">1 LIGA FUTSALU KOBIET \u2013 Zielona G\u00f3ra<\/a>\n                <\/h2>\n                <div class=\"u-blog-control u-post-content u-text u-text-4\"><p>\nPierwsze zwyci\u0119stwo w sezonie - \"Wise\u0142ki\" lepsze o jedn\u0105 bramk\u0119!\n\n\n\nDru\u017cyna futsalowa kobiet KKS Wis\u0142a Skocz\u00f3w odnios\u0142a swoje pierwsze zwyci\u0119stwo w&hellip;<\/p>\n                <\/div>\n              <\/div>\n            <\/div>\n            <div class=\"u-blog-post u-invisible u-container-style u-repeater-item\">\n              <div class=\"u-container-layout u-similar-container u-container-layout-1\"><a class=\"u-align-center u-blog-control u-image u-image-round u-radius-20 u-image-1\" href=\"http:\/\/wisla.skoczow.pl\/?p=63202\">\n                <img decoding=\"async\" class=\"u-align-center u-blog-control u-image u-image-round u-radius-20 u-image-1\" src=\"http:\/\/wisla.skoczow.pl\/wp-content\/uploads\/2025\/02\/futsal-topka-terminarz.jpg\"><\/a>\n                <h2 class=\"u-align-center u-blog-control u-text u-text-1\">\n                  <a class=\"u-post-header-link\" href=\"http:\/\/wisla.skoczow.pl\/?p=63202\">1 LIGA FUTSALU KOBIET \u2013 8 kolejka!<\/a>\n                <\/h2>\n                <div class=\"u-blog-control u-post-content u-text u-text-2\"><p>\nRozpoczynamy rund\u0119 rewan\u017cow\u0105! Przed nami spotkanie z Zielon\u0105 G\u00f3r\u0105 - zapraszamy wszystkich kibic\u00f3w - to b\u0119dzie mecz pe\u0142en emocji!\n\n\n\n\n<\/p>\n                <\/div>\n              <\/div>\n            <\/div>\n            <div class=\"u-blog-post u-invisible u-container-style u-repeater-item\">\n              <div class=\"u-container-layout u-similar-container u-container-layout-2\"><a class=\"u-align-center u-blog-control u-image u-image-round u-radius-20 u-image-2\" href=\"http:\/\/wisla.skoczow.pl\/?p=63184\">\n                <img decoding=\"async\" class=\"u-align-center u-blog-control u-image u-image-round u-radius-20 u-image-2\" src=\"http:\/\/wisla.skoczow.pl\/wp-content\/uploads\/2026\/03\/614223173_1460572589403506_7957448892516965303_n.jpg\"><\/a>\n                <h2 class=\"u-align-center u-blog-control u-text u-text-3\">\n                  <a class=\"u-post-header-link\" href=\"http:\/\/wisla.skoczow.pl\/?p=63184\">1\/16 Pucharu Polski w futsalu nie dla nas.<\/a>\n                <\/h2>\n                <div class=\"u-blog-control u-post-content u-text u-text-4\"><p>\nZako\u0144czyli\u015bmy swoj\u0105 przygod\u0119 z tegoroczn\u0105 edycj\u0105 Puchar Polski w futsalu kobiet na etapie 1\/32 fina\u0142u. W rozegranym spotkaniu nasz zesp\u00f3\u0142 musia\u0142 &hellip;<\/p>\n                <\/div>\n              <\/div>\n            <\/div>\n            <div class=\"u-blog-post u-invisible u-container-style u-repeater-item\">\n              <div class=\"u-container-layout u-similar-container u-container-layout-1\"><a class=\"u-align-center u-blog-control u-image u-image-round u-radius-20 u-image-1\" href=\"http:\/\/wisla.skoczow.pl\/?p=63174\">\n                <img decoding=\"async\" class=\"u-align-center u-blog-control u-image u-image-round u-radius-20 u-image-1\" src=\"http:\/\/wisla.skoczow.pl\/wp-content\/uploads\/2020\/12\/futsal-puchar.jpg\"><\/a>\n                <h2 class=\"u-align-center u-blog-control u-text u-text-1\">\n                  <a class=\"u-post-header-link\" href=\"http:\/\/wisla.skoczow.pl\/?p=63174\">Puchar Polski w Futsalu Kobiet - I runda!<\/a>\n                <\/h2>\n                <div class=\"u-blog-control u-post-content u-text u-text-2\"><p>\nSerdecznie zapraszamy do kibicowania! \"Wise\u0142ki\" w pierszej rundzie zmierz\u0105 si\u0119 z Knurowem, kt\u00f3ry b\u0119dzie gospodarzem spotkania.\n\n\n\n\n\n\n\n\n<\/p>\n                <\/div>\n              <\/div>\n            <\/div>\n            <div class=\"u-blog-post u-invisible u-container-style u-repeater-item\">\n              <div class=\"u-container-layout u-similar-container u-container-layout-2\"><a class=\"u-align-center u-blog-control u-image u-image-round u-radius-20 u-image-2\" href=\"http:\/\/wisla.skoczow.pl\/?p=62990\">\n                <img decoding=\"async\" class=\"u-align-center u-blog-control u-image u-image-round u-radius-20 u-image-2\" src=\"http:\/\/wisla.skoczow.pl\/wp-content\/uploads\/2026\/01\/Czarny-i-Zloty-Elegancki-Sylwester-Post-Instagram.png\"><\/a>\n                <h2 class=\"u-align-center u-blog-control u-text u-text-3\">\n                  <a class=\"u-post-header-link\" href=\"http:\/\/wisla.skoczow.pl\/?p=62990\">Szcz\u0119\u015bliwego Nowego Roku!<\/a>\n                <\/h2>\n                <div class=\"u-blog-control u-post-content u-text u-text-4\"><p>\n\n\n\n\n\n<\/p>\n                <\/div>\n              <\/div>\n            <\/div>\n            <div class=\"u-blog-post u-invisible u-container-style u-repeater-item\">\n              <div class=\"u-container-layout u-similar-container u-container-layout-1\"><a class=\"u-align-center u-blog-control u-image u-image-round u-radius-20 u-image-1\" href=\"http:\/\/wisla.skoczow.pl\/?p=63099\">\n                <img decoding=\"async\" class=\"u-align-center u-blog-control u-image u-image-round u-radius-20 u-image-1\" src=\"http:\/\/wisla.skoczow.pl\/wp-content\/uploads\/2026\/01\/wywiadprezes.jpg\"><\/a>\n                <h2 class=\"u-align-center u-blog-control u-text u-text-1\">\n                  <a class=\"u-post-header-link\" href=\"http:\/\/wisla.skoczow.pl\/?p=63099\">Wywiad z Prezesem KKS \u201eWis\u0142a\" Skocz\u00f3w<\/a>\n                <\/h2>\n                <div class=\"u-blog-control u-post-content u-text u-text-2\"><p>\nZapraszamy na rozmow\u0119 z prezesem KKS \u201eWis\u0142a\" Skocz\u00f3w - Andrzejem Fajerem.\n\n\n\nW wywiadzie poruszamy tematy zwi\u0105zane z funkcjonowaniem klubu, jego &hellip;<\/p>\n                <\/div>\n              <\/div>\n            <\/div>\n            <div class=\"u-blog-post u-invisible u-container-style u-repeater-item\">\n              <div class=\"u-container-layout u-similar-container u-container-layout-2\"><a class=\"u-align-center u-blog-control u-image u-image-round u-radius-20 u-image-2\" href=\"http:\/\/wisla.skoczow.pl\/?p=62987\">\n                <img decoding=\"async\" class=\"u-align-center u-blog-control u-image u-image-round u-radius-20 u-image-2\" src=\"http:\/\/wisla.skoczow.pl\/wp-content\/uploads\/2025\/02\/Czerwony-i-Zloty-Boze-Narodzenie-Zyczenia-Spolecznosciowe-Media-Grafika.png\"><\/a>\n                <h2 class=\"u-align-center u-blog-control u-text u-text-3\">\n                  <a class=\"u-post-header-link\" href=\"http:\/\/wisla.skoczow.pl\/?p=62987\">Weso\u0142ych \u015awi\u0105t!<\/a>\n                <\/h2>\n                <div class=\"u-blog-control u-post-content u-text u-text-4\"><p>\n\n<\/p>\n                <\/div>\n              <\/div>\n            <\/div>\n            <div class=\"u-blog-post u-invisible u-container-style u-repeater-item\">\n              <div class=\"u-container-layout u-similar-container u-container-layout-1\"><a class=\"u-align-center u-blog-control u-image u-image-round u-radius-20 u-image-1\" href=\"http:\/\/wisla.skoczow.pl\/?p=63111\">\n                <img decoding=\"async\" class=\"u-align-center u-blog-control u-image u-image-round u-radius-20 u-image-1\" src=\"http:\/\/wisla.skoczow.pl\/wp-content\/uploads\/2026\/01\/602946693_1444516824342416_4182816484962654865_n.jpg\"><\/a>\n                <h2 class=\"u-align-center u-blog-control u-text u-text-1\">\n                  <a class=\"u-post-header-link\" href=\"http:\/\/wisla.skoczow.pl\/?p=63111\">1 LIGA FUTSALU KOBIET \u2013 MTS Knur\u00f3w<\/a>\n                <\/h2>\n                <div class=\"u-blog-control u-post-content u-text u-text-2\"><p>\nSpotkanie bardzo zaci\u0119te, od pierwszych minut \u017cadna ze stron nie odpuszcza\u0142a. Postawili\u015bmy w pierwszej po\u0142owie tawrde warunki. Zaowocowa\u0142o to &hellip;<\/p>\n                <\/div>\n              <\/div>\n            <\/div>\n            <div class=\"u-blog-post u-invisible u-container-style u-repeater-item\">\n              <div class=\"u-container-layout u-similar-container u-container-layout-2\"><a class=\"u-align-center u-blog-control u-image u-image-round u-radius-20 u-image-2\" href=\"http:\/\/wisla.skoczow.pl\/?p=63076\">\n                <img decoding=\"async\" class=\"u-align-center u-blog-control u-image u-image-round u-radius-20 u-image-2\" src=\"http:\/\/wisla.skoczow.pl\/wp-content\/uploads\/2025\/12\/600277119_1463234405807088_8588819803262068186_n.jpg\"><\/a>\n                <h2 class=\"u-align-center u-blog-control u-text u-text-3\">\n                  <a class=\"u-post-header-link\" href=\"http:\/\/wisla.skoczow.pl\/?p=63076\">Kobieca Pi\u0142ka No\u017cna w Waszej Szkole! - Turniej<\/a>\n                <\/h2>\n                <div class=\"u-blog-control u-post-content u-text u-text-4\"><p>\n16 grudnia odby\u0142 si\u0119 turniej pi\u0142ki no\u017cnej dziewcz\u0105t szk\u00f3\u0142 podstawowych powiatu cieszy\u0144skiego. w ramach projektu \"Kobieca Pi\u0142ka No\u017cna w Waszej &hellip;<\/p>\n                <\/div>\n              <\/div>\n            <\/div>\n            <div class=\"u-blog-post u-invisible u-container-style u-repeater-item\">\n              <div class=\"u-container-layout u-similar-container u-container-layout-1\"><a class=\"u-align-center u-blog-control u-image u-image-round u-radius-20 u-image-1\" href=\"http:\/\/wisla.skoczow.pl\/?p=63108\">\n                <img decoding=\"async\" class=\"u-align-center u-blog-control u-image u-image-round u-radius-20 u-image-1\" src=\"http:\/\/wisla.skoczow.pl\/wp-content\/uploads\/2025\/02\/futsal-topka-terminarz.jpg\"><\/a>\n                <h2 class=\"u-align-center u-blog-control u-text u-text-1\">\n                  <a class=\"u-post-header-link\" href=\"http:\/\/wisla.skoczow.pl\/?p=63108\">1 LIGA FUTSALU KOBIET \u2013 7 kolejka!<\/a>\n                <\/h2>\n                <div class=\"u-blog-control u-post-content u-text u-text-2\"><p>\nPrzed nami ostatnie w tym roku spotkanie wyjazdowe. Zmierzymy si\u0119 z dobrze nam znanym Knurowem. Os\u0142abieni kontuzjami i pauzami za kartki, nie &hellip;<\/p>\n                <\/div>\n              <\/div>\n            <\/div>\n            <div class=\"u-blog-post u-invisible u-container-style u-repeater-item\">\n              <div class=\"u-container-layout u-similar-container u-container-layout-2\"><a class=\"u-align-center u-blog-control u-image u-image-round u-radius-20 u-image-2\" href=\"http:\/\/wisla.skoczow.pl\/?p=63058\">\n                <img decoding=\"async\" class=\"u-align-center u-blog-control u-image u-image-round u-radius-20 u-image-2\" src=\"http:\/\/wisla.skoczow.pl\/wp-content\/uploads\/2026\/01\/600228074_1462314962565699_4401254155184501914_n.jpg\"><\/a>\n                <h2 class=\"u-align-center u-blog-control u-text u-text-3\">\n                  <a class=\"u-post-header-link\" href=\"http:\/\/wisla.skoczow.pl\/?p=63058\">Kobieca Pi\u0142ka No\u017cna w Waszej Szkole! \u2013 cz. 3<\/a>\n                <\/h2>\n                <div class=\"u-blog-control u-post-content u-text u-text-4\"><p>\nPODSUMOWANIE ZAJ\u0118\u0106 POKAZOWYCH! \n\n\n\nOto  cz\u0119\u015b\u0107 i ostatnia podsumowuj\u0105ca nasze zaj\u0119cia w szko\u0142ach podstawowych\n\n\n\nOdwiedzanie szk\u00f3\u0142 by\u0142o impulsem do &hellip;<\/p>\n                <\/div>\n              <\/div>\n            <\/div>\n            <div class=\"u-blog-post u-invisible u-container-style u-repeater-item\">\n              <div class=\"u-container-layout u-similar-container u-container-layout-1\"><a class=\"u-align-center u-blog-control u-image u-image-round u-radius-20 u-image-1\" href=\"http:\/\/wisla.skoczow.pl\/?p=63036\">\n                <img decoding=\"async\" class=\"u-align-center u-blog-control u-image u-image-round u-radius-20 u-image-1\" src=\"http:\/\/wisla.skoczow.pl\/wp-content\/uploads\/2026\/01\/597764060_1458989886231540_5623122017597579532_n.jpg\"><\/a>\n                <h2 class=\"u-align-center u-blog-control u-text u-text-1\">\n                  <a class=\"u-post-header-link\" href=\"http:\/\/wisla.skoczow.pl\/?p=63036\">Kobieca Pi\u0142ka No\u017cna w Waszej Szkole! - cz. 2<\/a>\n                <\/h2>\n                <div class=\"u-blog-control u-post-content u-text u-text-2\"><p>\nPODSUMOWANIE ZAJ\u0118\u0106 POKAZOWYCH! \n\n\n\nOto  cz\u0119\u015b\u0107 podsumowuj\u0105ca nasze zaj\u0119cia w szko\u0142ach podstawowych\n\n\n\nPi\u0142ka no\u017cna to sport r\u00f3wnie\u017c dla dziewcz\u0105t. &hellip;<\/p>\n                <\/div>\n              <\/div>\n            <\/div>\n            <div class=\"u-blog-post u-invisible u-container-style u-repeater-item\">\n              <div class=\"u-container-layout u-similar-container u-container-layout-2\"><a class=\"u-align-center u-blog-control u-image u-image-round u-radius-20 u-image-2\" href=\"http:\/\/wisla.skoczow.pl\/?p=63014\">\n                <img decoding=\"async\" class=\"u-align-center u-blog-control u-image u-image-round u-radius-20 u-image-2\" src=\"http:\/\/wisla.skoczow.pl\/wp-content\/uploads\/2026\/01\/596245545_1457203203076875_2992002168164123630_n.jpg\"><\/a>\n                <h2 class=\"u-align-center u-blog-control u-text u-text-3\">\n                  <a class=\"u-post-header-link\" href=\"http:\/\/wisla.skoczow.pl\/?p=63014\">Kobieca Pi\u0142ka No\u017cna w Waszej Szkole! - cz. 1<\/a>\n                <\/h2>\n                <div class=\"u-blog-control u-post-content u-text u-text-4\"><p>\nPODSUMOWANIE ZAJ\u0118\u0106 POKAZOWYCH! \n\n\n\nOto  cz\u0119\u015b\u0107 podsumowuj\u0105ca nasze zaj\u0119cia w szko\u0142ach podstawowych\n\n\n\nOdwiedzili\u015bmy \u0142\u0105cznie 21 szk\u00f3\u0142 podstawowych w &hellip;<\/p>\n                <\/div>\n              <\/div>\n            <\/div>\n            <div class=\"u-blog-post u-invisible u-container-style u-repeater-item\">\n              <div class=\"u-container-layout u-similar-container u-container-layout-1\"><a class=\"u-align-center u-blog-control u-image u-image-round u-radius-20 u-image-1\" href=\"http:\/\/wisla.skoczow.pl\/?p=63168\">\n                <img decoding=\"async\" class=\"u-align-center u-blog-control u-image u-image-round u-radius-20 u-image-1\" src=\"http:\/\/wisla.skoczow.pl\/wp-content\/uploads\/2026\/01\/WhatsApp-Image-2026-01-01-at-16.52.0311.jpeg\"><\/a>\n                <h2 class=\"u-align-center u-blog-control u-text u-text-1\">\n                  <a class=\"u-post-header-link\" href=\"http:\/\/wisla.skoczow.pl\/?p=63168\">1 LIGA FUTSALU KOBIET \u2013 Katowice<\/a>\n                <\/h2>\n                <div class=\"u-blog-control u-post-content u-text u-text-2\"><p>\nWyr\u00f3wnana walka od pierwszych minut, ale zabrak\u0142o do\u015bwiadczenia.Wydawa\u0142o si\u0119, \u017ce w tym spotkaniu zdob\u0119dziemy swoje pierwsze punkty. Niestety, ale &hellip;<\/p>\n                <\/div>\n              <\/div>\n            <\/div>\n            <div class=\"u-blog-post u-invisible u-container-style u-repeater-item\">\n              <div class=\"u-container-layout u-similar-container u-container-layout-2\"><a class=\"u-align-center u-blog-control u-image u-image-round u-radius-20 u-image-2\" href=\"http:\/\/wisla.skoczow.pl\/?p=63105\">\n                <img decoding=\"async\" class=\"u-align-center u-blog-control u-image u-image-round u-radius-20 u-image-2\" src=\"http:\/\/wisla.skoczow.pl\/wp-content\/uploads\/2025\/02\/futsal-topka-terminarz.jpg\"><\/a>\n                <h2 class=\"u-align-center u-blog-control u-text u-text-3\">\n                  <a class=\"u-post-header-link\" href=\"http:\/\/wisla.skoczow.pl\/?p=63105\">1 LIGA FUTSALU KOBIET \u2013 6 kolejka!<\/a>\n                <\/h2>\n                <div class=\"u-blog-control u-post-content u-text u-text-4\"><p>\nNa wyje\u017adzie zmierzymy si\u0119 z beniaminkiem - Katowicami. Spodziewa\u0107 si\u0119 mo\u017cemy w szeregach nowej dru\u017cyny by\u0142ych zawodniczek AZS-u Katowice. Wi\u0119c do &hellip;<\/p>\n                <\/div>\n              <\/div>\n            <\/div>\n            <div class=\"u-blog-post u-invisible u-container-style u-repeater-item\">\n              <div class=\"u-container-layout u-similar-container u-container-layout-1\"><a class=\"u-align-center u-blog-control u-image u-image-round u-radius-20 u-image-1\" href=\"http:\/\/wisla.skoczow.pl\/?p=63155\">\n                <img decoding=\"async\" class=\"u-align-center u-blog-control u-image u-image-round u-radius-20 u-image-1\" src=\"http:\/\/wisla.skoczow.pl\/wp-content\/uploads\/2025\/12\/WhatsApp-Image-2026-01-01-at-16.48.51.jpeg\"><\/a>\n                <h2 class=\"u-align-center u-blog-control u-text u-text-1\">\n                  <a class=\"u-post-header-link\" href=\"http:\/\/wisla.skoczow.pl\/?p=63155\">1 LIGA FUTSALU KOBIET \u2013 Wroc\u0142aw<\/a>\n                <\/h2>\n                <div class=\"u-blog-control u-post-content u-text u-text-2\"><p>\nTak jak zapowiadali\u015bmy, spotkanie trudne. Nasze zawodniczki od pierwszych minut walczy\u0142y jak z r\u00f3wnym, ale niestety uleg\u0142y przeciwniczkom w drugiej&hellip;<\/p>\n                <\/div>\n              <\/div>\n            <\/div>\n            <div class=\"u-blog-post u-invisible u-container-style u-repeater-item\">\n              <div class=\"u-container-layout u-similar-container u-container-layout-2\"><a class=\"u-align-center u-blog-control u-image u-image-round u-radius-20 u-image-2\" href=\"http:\/\/wisla.skoczow.pl\/?p=63102\">\n                <img decoding=\"async\" class=\"u-align-center u-blog-control u-image u-image-round u-radius-20 u-image-2\" src=\"http:\/\/wisla.skoczow.pl\/wp-content\/uploads\/2025\/02\/futsal-topka-terminarz.jpg\"><\/a>\n                <h2 class=\"u-align-center u-blog-control u-text u-text-3\">\n                  <a class=\"u-post-header-link\" href=\"http:\/\/wisla.skoczow.pl\/?p=63102\">1 LIGA FUTSALU KOBIET \u2013 5 kolejka!<\/a>\n                <\/h2>\n                <div class=\"u-blog-control u-post-content u-text u-text-4\"><p>\nPodejmujemy w Cieszynie rywalki z Wroc\u0142awia! Przeciwniczki aspiruj\u0105 w tym sezonie do awansu. Zapowiada si\u0119 ciekawa walka.\n\n\n\n\n<\/p>\n                <\/div>\n              <\/div>\n            <\/div>\n            <div class=\"u-blog-post u-invisible u-container-style u-repeater-item\">\n              <div class=\"u-container-layout u-similar-container u-container-layout-1\"><a class=\"u-align-center u-blog-control u-image u-image-round u-radius-20 u-image-1\" href=\"http:\/\/wisla.skoczow.pl\/?p=63132\">\n                <img decoding=\"async\" class=\"u-align-center u-blog-control u-image u-image-round u-radius-20 u-image-1\" src=\"http:\/\/wisla.skoczow.pl\/wp-content\/uploads\/2026\/01\/WhatsApp-Image-2026-01-01-at-16.19.51.jpeg\"><\/a>\n                <h2 class=\"u-align-center u-blog-control u-text u-text-1\">\n                  <a class=\"u-post-header-link\" href=\"http:\/\/wisla.skoczow.pl\/?p=63132\">1 LIGA FUTSALU KOBIET \u2013 LUKS Biedrzychowice-G\u0142og\u00f3wek<\/a>\n                <\/h2>\n                <div class=\"u-blog-control u-post-content u-text u-text-2\"><p>\nMecz jakiego si\u0119 spodziewali\u015bmy, ale nie tak jak chcieli\u015bmy zagra\u0107 od pierwszych minut. \n\n\n\nZgodnie z przewidywaniami, przeciwniczki skorzysta\u0142y z &hellip;<\/p>\n                <\/div>\n              <\/div>\n            <\/div>\n            <div class=\"u-blog-post u-invisible u-container-style u-repeater-item\">\n              <div class=\"u-container-layout u-similar-container u-container-layout-2\"><a class=\"u-align-center u-blog-control u-image u-image-round u-radius-20 u-image-2\" href=\"http:\/\/wisla.skoczow.pl\/?p=62557\">\n                <img decoding=\"async\" class=\"u-align-center u-blog-control u-image u-image-round u-radius-20 u-image-2\" src=\"http:\/\/wisla.skoczow.pl\/wp-content\/uploads\/2025\/02\/futsal-topka-terminarz.jpg\"><\/a>\n                <h2 class=\"u-align-center u-blog-control u-text u-text-3\">\n                  <a class=\"u-post-header-link\" href=\"http:\/\/wisla.skoczow.pl\/?p=62557\">1 LIGA FUTSALU KOBIET \u2013 4 kolejka!<\/a>\n                <\/h2>\n                <div class=\"u-blog-control u-post-content u-text u-text-4\"><p>\nW sobot\u0119 zmierzymy si\u0119 z LUKS II Rolnik Biedrzychowice-G\u0142og\u00f3wek w Hali Sportowej w Korfantowie. Trzymamy kciuki za \u201eWise\u0142ki\u201d, nasz zesp\u00f3\u0142 jest &hellip;<\/p>\n                <\/div>\n              <\/div>\n            <\/div>\n            <div class=\"u-blog-post u-invisible u-container-style u-repeater-item\">\n              <div class=\"u-container-layout u-similar-container u-container-layout-1\"><a class=\"u-align-center u-blog-control u-image u-image-round u-radius-20 u-image-1\" href=\"http:\/\/wisla.skoczow.pl\/?p=62534\">\n                <img decoding=\"async\" class=\"u-align-center u-blog-control u-image u-image-round u-radius-20 u-image-1\" src=\"http:\/\/wisla.skoczow.pl\/wp-content\/uploads\/2025\/11\/IMG-20251117-WA0013.jpg\"><\/a>\n                <h2 class=\"u-align-center u-blog-control u-text u-text-1\">\n                  <a class=\"u-post-header-link\" href=\"http:\/\/wisla.skoczow.pl\/?p=62534\">1 LIGA FUTSALU KOBIET \u2013 Opole<\/a>\n                <\/h2>\n                <div class=\"u-blog-control u-post-content u-text u-text-2\"><p>\nAch co to by\u0142 za mecz... zabrak\u0142o 4 minut do zwyci\u0119stwa\u203c\n\n\n\nW trzeciej kolejce zmierzyli\u015bmy si\u0119 na wyje\u017adzie z Uni\u0105 Opole. \"Wise\u0142ki\" od pocz\u0105tku &hellip;<\/p>\n                <\/div>\n              <\/div>\n            <\/div>\n            <div class=\"u-blog-post u-invisible u-container-style u-repeater-item\">\n              <div class=\"u-container-layout u-similar-container u-container-layout-2\"><a class=\"u-align-center u-blog-control u-image u-image-round u-radius-20 u-image-2\" href=\"http:\/\/wisla.skoczow.pl\/?p=62487\">\n                <img decoding=\"async\" class=\"u-align-center u-blog-control u-image u-image-round u-radius-20 u-image-2\" src=\"http:\/\/wisla.skoczow.pl\/wp-content\/uploads\/2025\/11\/IMG-20251115-WA0078.jpg\"><\/a>\n                <h2 class=\"u-align-center u-blog-control u-text u-text-3\">\n                  <a class=\"u-post-header-link\" href=\"http:\/\/wisla.skoczow.pl\/?p=62487\">M\u0142odziczki U13 - Jastrz\u0119bie-Zdr\u00f3j<\/a>\n                <\/h2>\n                <div class=\"u-blog-control u-post-content u-text u-text-4\"><p>\nOstatni mecz tego roku ze zwyci\u0119stwem \n\n\n\nWyjazdowe spotkanie zako\u0144czy\u0142o si\u0119 zdobyciem 3 punkt\u00f3w. Wise\u0142ki pierwsz\u0105 po\u0142ow\u0119 rozpocz\u0119\u0142y od atak\u00f3w i &hellip;<\/p>\n                <\/div>\n              <\/div>\n            <\/div>\n            <div class=\"u-blog-post u-invisible u-container-style u-repeater-item\">\n              <div class=\"u-container-layout u-similar-container u-container-layout-1\"><a class=\"u-align-center u-blog-control u-image u-image-round u-radius-20 u-image-1\" href=\"http:\/\/wisla.skoczow.pl\/?p=62496\">\n                <img decoding=\"async\" class=\"u-align-center u-blog-control u-image u-image-round u-radius-20 u-image-1\" src=\"http:\/\/wisla.skoczow.pl\/wp-content\/uploads\/2025\/11\/582684492_1436696648460864_114341514363266066_n.jpg\"><\/a>\n                <h2 class=\"u-align-center u-blog-control u-text u-text-1\">\n                  <a class=\"u-post-header-link\" href=\"http:\/\/wisla.skoczow.pl\/?p=62496\">Mi\u0119dzynarodowy Dzie\u0144 Trenera Pi\u0142karskiego!<\/a>\n                <\/h2>\n                <div class=\"u-blog-control u-post-content u-text u-text-2\"><p>\n\u017byczymy wszystkim naszym szkoleniowcom wielu sukces\u00f3w w pracy z podopiecznymi, rado\u015bci i pociechy z wychowank\u00f3w, a ka\u017cdego dnia nowej energii i &hellip;<\/p>\n                <\/div>\n              <\/div>\n            <\/div>\n            <div class=\"u-blog-post u-invisible u-container-style u-repeater-item\">\n              <div class=\"u-container-layout u-similar-container u-container-layout-2\"><a class=\"u-align-center u-blog-control u-image u-image-round u-radius-20 u-image-2\" href=\"http:\/\/wisla.skoczow.pl\/?p=62499\">\n                <img decoding=\"async\" class=\"u-align-center u-blog-control u-image u-image-round u-radius-20 u-image-2\" src=\"http:\/\/wisla.skoczow.pl\/wp-content\/uploads\/2025\/02\/futsal-topka-terminarz.jpg\"><\/a>\n                <h2 class=\"u-align-center u-blog-control u-text u-text-3\">\n                  <a class=\"u-post-header-link\" href=\"http:\/\/wisla.skoczow.pl\/?p=62499\">1 LIGA FUTSALU KOBIET \u2013 3 kolejka!<\/a>\n                <\/h2>\n                <div class=\"u-blog-control u-post-content u-text u-text-4\"><p>\nW niedziel\u0119 zmierzymy si\u0119 z Uni\u0105 Opole w Hali Sportowej w Turawie. Spotanie odb\u0119dzie si\u0119 p\u00f3\u017anym wieczorem. Trzymamy kciuki za \"Wise\u0142ki\", kt\u00f3re chc\u0105&hellip;<\/p>\n                <\/div>\n              <\/div>\n            <\/div>\n            <div class=\"u-blog-post u-invisible u-container-style u-repeater-item\">\n              <div class=\"u-container-layout u-similar-container u-container-layout-1\"><a class=\"u-align-center u-blog-control u-image u-image-round u-radius-20 u-image-1\" href=\"http:\/\/wisla.skoczow.pl\/?p=62523\">\n                <img decoding=\"async\" class=\"u-align-center u-blog-control u-image u-image-round u-radius-20 u-image-1\" src=\"http:\/\/wisla.skoczow.pl\/wp-content\/uploads\/2025\/11\/582590701_1435721955225000_3443544045847613527_n.jpg\"><\/a>\n                <h2 class=\"u-align-center u-blog-control u-text u-text-1\">\n                  <a class=\"u-post-header-link\" href=\"http:\/\/wisla.skoczow.pl\/?p=62523\">Juniorki M\u0142odsze U16 - \u017bywiec<\/a>\n                <\/h2>\n                <div class=\"u-blog-control u-post-content u-text u-text-2\"><p>\nOstatnie spotkanie za nami Ze wzgl\u0119du na nak\u0142adaj\u0105ce si\u0119 rozgrywki z eliminacjami do M\u0142odzie\u017cowych Mistrzostw Polski w futsalu za zgod\u0105 rywali &hellip;<\/p>\n                <\/div>\n              <\/div>\n            <\/div>\n            <div class=\"u-blog-post u-invisible u-container-style u-repeater-item\">\n              <div class=\"u-container-layout u-similar-container u-container-layout-2\"><a class=\"u-align-center u-blog-control u-image u-image-round u-radius-20 u-image-2\" href=\"http:\/\/wisla.skoczow.pl\/?p=62507\">\n                <img decoding=\"async\" class=\"u-align-center u-blog-control u-image u-image-round u-radius-20 u-image-2\" src=\"http:\/\/wisla.skoczow.pl\/wp-content\/uploads\/2024\/11\/terminasz-slzpn.jpg\"><\/a>\n                <h2 class=\"u-align-center u-blog-control u-text u-text-3\">\n                  <a class=\"u-post-header-link\" href=\"http:\/\/wisla.skoczow.pl\/?p=62507\">Terminarz 11-15.11.2025<\/a>\n                <\/h2>\n                <div class=\"u-blog-control u-post-content u-text u-text-4\"><p>\nOstatnie spotkania w tym roku naszych zespo\u0142\u00f3w m\u0142odzie\u017cowych. Dziewcz\u0119ta rozegraj\u0105 wyjazdowe mecze. Trzymamy kciuki!\n\n\n\n\n\n\n\n\n\n\n<\/p>\n                <\/div>\n              <\/div>\n            <\/div>\n            <div class=\"u-blog-post u-invisible u-container-style u-repeater-item\">\n              <div class=\"u-container-layout u-similar-container u-container-layout-1\"><a class=\"u-align-center u-blog-control u-image u-image-round u-radius-20 u-image-1\" href=\"http:\/\/wisla.skoczow.pl\/?p=62511\">\n                <img decoding=\"async\" class=\"u-align-center u-blog-control u-image u-image-round u-radius-20 u-image-1\" src=\"http:\/\/wisla.skoczow.pl\/wp-content\/uploads\/2025\/11\/581522198_1435614498569079_1909123484619569803_n.jpg\"><\/a>\n                <h2 class=\"u-align-center u-blog-control u-text u-text-1\">\n                  <a class=\"u-post-header-link\" href=\"http:\/\/wisla.skoczow.pl\/?p=62511\">Juniorki M\u0142odsze U16 - \u015awi\u0119toch\u0142owice<\/a>\n                <\/h2>\n                <div class=\"u-blog-control u-post-content u-text u-text-2\"><p>\nW niedziel\u0119 podejmowali\u015bmy  UKS Tygryski \u015awi\u0119toch\u0142owice, a mecz od pocz\u0105tku zapowiada\u0142 si\u0119 ciekawie. Zesp\u00f3\u0142 go\u015bci szybko rozpoczyna od zdobycia &hellip;<\/p>\n                <\/div>\n              <\/div>\n            <\/div>\n            <div class=\"u-blog-post u-invisible u-container-style u-repeater-item\">\n              <div class=\"u-container-layout u-similar-container u-container-layout-2\"><a class=\"u-align-center u-blog-control u-image u-image-round u-radius-20 u-image-2\" href=\"http:\/\/wisla.skoczow.pl\/?p=62503\">\n                <img decoding=\"async\" class=\"u-align-center u-blog-control u-image u-image-round u-radius-20 u-image-2\" src=\"http:\/\/wisla.skoczow.pl\/wp-content\/uploads\/2025\/11\/Zdjecie-WhatsApp-2025-11-15-o-22.28.52_aab8f1b9.jpg\"><\/a>\n                <h2 class=\"u-align-center u-blog-control u-text u-text-3\">\n                  <a class=\"u-post-header-link\" href=\"http:\/\/wisla.skoczow.pl\/?p=62503\">1 LIGA FUTSALU KOBIET \u2013 \u017bory<\/a>\n                <\/h2>\n                <div class=\"u-blog-control u-post-content u-text u-text-4\"><p>\nPrzysz\u0142o si\u0119 nam zmierzy\u0107 z beniaminkiem... kt\u00f3ry w zasadzie beniaminkiem nie by\u0142. W sk\u0142adzie przyjezdnych znalaz\u0142y si\u0119 zawodniczki, kt\u00f3re &hellip;<\/p>\n                <\/div>\n              <\/div>\n            <\/div>\n            <div class=\"u-blog-post u-invisible u-container-style u-repeater-item\">\n              <div class=\"u-container-layout u-similar-container u-container-layout-1\"><a class=\"u-align-center u-blog-control u-image u-image-round u-radius-20 u-image-1\" href=\"http:\/\/wisla.skoczow.pl\/?p=62461\">\n                <img decoding=\"async\" class=\"u-align-center u-blog-control u-image u-image-round u-radius-20 u-image-1\" src=\"http:\/\/wisla.skoczow.pl\/wp-content\/uploads\/2025\/02\/futsal-topka-terminarz.jpg\"><\/a>\n                <h2 class=\"u-align-center u-blog-control u-text u-text-1\">\n                  <a class=\"u-post-header-link\" href=\"http:\/\/wisla.skoczow.pl\/?p=62461\">1 LIGA FUTSALU KOBIET - 2 kolejka!<\/a>\n                <\/h2>\n                <div class=\"u-blog-control u-post-content u-text u-text-2\"><p>\nZmagania w lidze ruszy\u0142y pe\u0142n\u0105 par\u0105. Drugie spotkanie rozegramy \"na w\u0142asnym\" parkiecie. Naszym domem na najbli\u017csze 2-3 lata sta\u0142a si\u0119 Hala Sportowa&hellip;<\/p>\n                <\/div>\n              <\/div>\n            <\/div>\n            <div class=\"u-blog-post u-invisible u-container-style u-repeater-item\">\n              <div class=\"u-container-layout u-similar-container u-container-layout-2\"><a class=\"u-align-center u-blog-control u-image u-image-round u-radius-20 u-image-2\" href=\"http:\/\/wisla.skoczow.pl\/?p=62457\">\n                <img decoding=\"async\" class=\"u-align-center u-blog-control u-image u-image-round u-radius-20 u-image-2\" src=\"http:\/\/wisla.skoczow.pl\/wp-content\/uploads\/2024\/11\/terminasz-slzpn.jpg\"><\/a>\n                <h2 class=\"u-align-center u-blog-control u-text u-text-3\">\n                  <a class=\"u-post-header-link\" href=\"http:\/\/wisla.skoczow.pl\/?p=62457\">Terminarz 09.11.2025<\/a>\n                <\/h2>\n                <div class=\"u-blog-control u-post-content u-text u-text-4\"><p>\nPrzedostatnie spotkanie w tym roku rozegra na wyje\u017adzie zesp\u00f3\u0142 m\u0142odziczek U13 w Bielsku-Bia\u0142ej. Jest to spotkanie rewan\u017cowe rundy wiosennej. W &hellip;<\/p>\n                <\/div>\n              <\/div>\n            <\/div>\n            <div class=\"u-blog-post u-invisible u-container-style u-repeater-item\">\n              <div class=\"u-container-layout u-similar-container u-container-layout-1\"><a class=\"u-align-center u-blog-control u-image u-image-round u-radius-20 u-image-1\" href=\"http:\/\/wisla.skoczow.pl\/?p=62425\">\n                <img decoding=\"async\" class=\"u-align-center u-blog-control u-image u-image-round u-radius-20 u-image-1\" src=\"http:\/\/wisla.skoczow.pl\/wp-content\/uploads\/2025\/11\/574571345_1414425714025618_2468983775900022377_n.jpg\"><\/a>\n                <h2 class=\"u-align-center u-blog-control u-text u-text-1\">\n                  <a class=\"u-post-header-link\" href=\"http:\/\/wisla.skoczow.pl\/?p=62425\">1 LIGA FUTSALU KOBIET - Zielona G\u00f3ra<\/a>\n                <\/h2>\n                <div class=\"u-blog-control u-post-content u-text u-text-2\"><p>\nPrzegrywamy z Zielon\u0105 G\u00f3r\u0105. W wyjazdowym spotkaniu nie uda\u0142o si\u0119 zdoby\u0107 punkt\u00f3w, a byli\u015bmy blisko.\n\n\n\n\u0179le rozpocz\u0119li\u015bmy ten sezon. Jeszcze ponad &hellip;<\/p>\n                <\/div>\n              <\/div>\n            <\/div>\n            <div class=\"u-blog-post u-invisible u-container-style u-repeater-item\">\n              <div class=\"u-container-layout u-similar-container u-container-layout-2\"><a class=\"u-align-center u-blog-control u-image u-image-round u-radius-20 u-image-2\" href=\"http:\/\/wisla.skoczow.pl\/?p=62393\">\n                <img decoding=\"async\" class=\"u-align-center u-blog-control u-image u-image-round u-radius-20 u-image-2\" src=\"http:\/\/wisla.skoczow.pl\/wp-content\/uploads\/2025\/02\/futsal-topka-terminarz.jpg\"><\/a>\n                <h2 class=\"u-align-center u-blog-control u-text u-text-3\">\n                  <a class=\"u-post-header-link\" href=\"http:\/\/wisla.skoczow.pl\/?p=62393\">1 LIGA FUTSALU KOBIET - 1 kolejka!<\/a>\n                <\/h2>\n                <div class=\"u-blog-control u-post-content u-text u-text-4\"><p>\nJu\u017c w najbli\u017csza niedziel\u0119 rozpoczynamy zmagania na poziomie centralnym. W pierwszym spotkaniu zmierzymy si\u0119 z Zielon\u0105 G\u00f3r\u0105. Do tej pory nie uda\u0142o &hellip;<\/p>\n                <\/div>\n              <\/div>\n            <\/div>\n            <div class=\"u-blog-post u-invisible u-container-style u-repeater-item\">\n              <div class=\"u-container-layout u-similar-container u-container-layout-1\"><a class=\"u-align-center u-blog-control u-image u-image-round u-radius-20 u-image-1\" href=\"http:\/\/wisla.skoczow.pl\/?p=62375\">\n                <img decoding=\"async\" class=\"u-align-center u-blog-control u-image u-image-round u-radius-20 u-image-1\" src=\"http:\/\/wisla.skoczow.pl\/wp-content\/uploads\/2025\/11\/574318093_1420395866757609_6141879729237602343_n.jpg\"><\/a>\n                <h2 class=\"u-align-center u-blog-control u-text u-text-1\">\n                  <a class=\"u-post-header-link\" href=\"http:\/\/wisla.skoczow.pl\/?p=62375\">Juniorki M\u0142odsze U16 - Zabrze<\/a>\n                <\/h2>\n                <div class=\"u-blog-control u-post-content u-text u-text-2\"><p>\nW niedzielne popo\u0142udnie podejmowali\u015bmy KKS G\u00f3rnik Zabrze. Pocz\u0105tek meczu nie nale\u017ca\u0142 do najlepszych w naszym wykonaniu, rozkojarzenie na samym &hellip;<\/p>\n                <\/div>\n              <\/div>\n            <\/div>\n            <div class=\"u-blog-post u-invisible u-container-style u-repeater-item\">\n              <div class=\"u-container-layout u-similar-container u-container-layout-2\"><a class=\"u-align-center u-blog-control u-image u-image-round u-radius-20 u-image-2\" href=\"http:\/\/wisla.skoczow.pl\/?p=62418\">\n                <img decoding=\"async\" class=\"u-align-center u-blog-control u-image u-image-round u-radius-20 u-image-2\" src=\"http:\/\/wisla.skoczow.pl\/wp-content\/uploads\/2025\/11\/IMG-20251101-WA0002.jpg\"><\/a>\n                <h2 class=\"u-align-center u-blog-control u-text u-text-3\">\n                  <a class=\"u-post-header-link\" href=\"http:\/\/wisla.skoczow.pl\/?p=62418\">M\u0142odziczki U13 - Kozy<\/a>\n                <\/h2>\n                <div class=\"u-blog-control u-post-content u-text u-text-4\"><p>\nZesp\u00f3\u0142 U13 w minion\u0105 niedziel\u0119 rywalizowa\u0142y w meczu domowym z UKS Dw\u00f3jk\u0105 Kozy, kt\u00f3ra obecnie nale\u017cy do czo\u0142owych zespo\u0142\u00f3w w lidze. Przeciwniczki &hellip;<\/p>\n                <\/div>\n              <\/div>\n            <\/div>\n            <div class=\"u-blog-post u-invisible u-container-style u-repeater-item\">\n              <div class=\"u-container-layout u-similar-container u-container-layout-1\"><a class=\"u-align-center u-blog-control u-image u-image-round u-radius-20 u-image-1\" href=\"http:\/\/wisla.skoczow.pl\/?p=62363\">\n                <img decoding=\"async\" class=\"u-align-center u-blog-control u-image u-image-round u-radius-20 u-image-1\" src=\"http:\/\/wisla.skoczow.pl\/wp-content\/uploads\/2025\/11\/571233982_1413434154120447_7891901535562339152_n.jpg\"><\/a>\n                <h2 class=\"u-align-center u-blog-control u-text u-text-1\">\n                  <a class=\"u-post-header-link\" href=\"http:\/\/wisla.skoczow.pl\/?p=62363\">Juniorki M\u0142odsze U16 - Cz\u0119stochowa<\/a>\n                <\/h2>\n                <div class=\"u-blog-control u-post-content u-text u-text-2\"><p>\nW niedzielny wiecz\u00f3r na wyje\u017adzie  mierzyli\u015bmy si\u0119 z RKS Rak\u00f3w Cz\u0119stochowa. Od samego pocz\u0105tku nasze rywalki napiera\u0142y na naszej po\u0142owie stwarzaj\u0105c&hellip;<\/p>\n                <\/div>\n              <\/div>\n            <\/div>\n            <div class=\"u-blog-post u-invisible u-container-style u-repeater-item\">\n              <div class=\"u-container-layout u-similar-container u-container-layout-2\"><a class=\"u-align-center u-blog-control u-image u-image-round u-radius-20 u-image-2\" href=\"http:\/\/wisla.skoczow.pl\/?p=62357\">\n                <img decoding=\"async\" class=\"u-align-center u-blog-control u-image u-image-round u-radius-20 u-image-2\" src=\"http:\/\/wisla.skoczow.pl\/wp-content\/uploads\/2025\/11\/570609450_1412825637514632_7620621369255933908_n.jpg\"><\/a>\n                <h2 class=\"u-align-center u-blog-control u-text u-text-3\">\n                  <a class=\"u-post-header-link\" href=\"http:\/\/wisla.skoczow.pl\/?p=62357\">Orliczki U11 - Wodzis\u0142aw \u015al\u0105ski<\/a>\n                <\/h2>\n                <div class=\"u-blog-control u-post-content u-text u-text-4\"><p>\nW ostatni\u0105 niedziel\u0119 rozegra\u0142y\u015bmy ostatni mecz w rundzie jesiennej przeciwko SWD Wodzis\u0142aw \u015al\u0105ski. To by\u0142 nasz domowy pojedynek, pe\u0142en emocji i &hellip;<\/p>\n                <\/div>\n              <\/div>\n            <\/div>\n            <div class=\"u-blog-post u-invisible u-container-style u-repeater-item\">\n              <div class=\"u-container-layout u-similar-container u-container-layout-1\"><a class=\"u-align-center u-blog-control u-image u-image-round u-radius-20 u-image-1\" href=\"http:\/\/wisla.skoczow.pl\/?p=62451\">\n                <img decoding=\"async\" class=\"u-align-center u-blog-control u-image u-image-round u-radius-20 u-image-1\" src=\"http:\/\/wisla.skoczow.pl\/wp-content\/uploads\/2024\/11\/terminasz-slzpn.jpg\"><\/a>\n                <h2 class=\"u-align-center u-blog-control u-text u-text-1\">\n                  <a class=\"u-post-header-link\" href=\"http:\/\/wisla.skoczow.pl\/?p=62451\">Terminarz 19.10.2025<\/a>\n                <\/h2>\n                <div class=\"u-blog-control u-post-content u-text u-text-2\"><p>\nW najbli\u017csz\u0105 niedziele czekaj\u0105 nas trzy spotkania - dwa domowe i jedno wyjazdowe. W Skoczowie zesp\u00f3\u0142 m\u0142odziczek podejmie wicelidera. Orliczki &hellip;<\/p>\n                <\/div>\n              <\/div>\n            <\/div>\n            <div class=\"u-blog-post u-invisible u-container-style u-repeater-item\">\n              <div class=\"u-container-layout u-similar-container u-container-layout-2\"><a class=\"u-align-center u-blog-control u-image u-image-round u-radius-20 u-image-2\" href=\"http:\/\/wisla.skoczow.pl\/?p=62397\">\n                <img decoding=\"async\" class=\"u-align-center u-blog-control u-image u-image-round u-radius-20 u-image-2\" src=\"http:\/\/wisla.skoczow.pl\/wp-content\/uploads\/2025\/11\/IMG-20251013-WA0008.jpg\"><\/a>\n                <h2 class=\"u-align-center u-blog-control u-text u-text-3\">\n                  <a class=\"u-post-header-link\" href=\"http:\/\/wisla.skoczow.pl\/?p=62397\">M\u0142odziczki U13 - Wodzis\u0142aw \u015al\u0105ski<\/a>\n                <\/h2>\n                <div class=\"u-blog-control u-post-content u-text u-text-4\"><p>\n3 punkty zostaj\u0105 w Skoczowie Wise\u0142ki zdominowa\u0142y przeciwniczki z Wodzis\u0142awia\n\n\n\nW sobot\u0119 12 pa\u017adziernika, dziewcz\u0119ta rozegra\u0142y spotkanie z &hellip;<\/p>\n                <\/div>\n              <\/div>\n            <\/div>\n            <div class=\"u-blog-post u-invisible u-container-style u-repeater-item\">\n              <div class=\"u-container-layout u-similar-container u-container-layout-1\"><a class=\"u-align-center u-blog-control u-image u-image-round u-radius-20 u-image-1\" href=\"http:\/\/wisla.skoczow.pl\/?p=62283\">\n                <img decoding=\"async\" class=\"u-align-center u-blog-control u-image u-image-round u-radius-20 u-image-1\" src=\"http:\/\/wisla.skoczow.pl\/wp-content\/uploads\/2025\/10\/Post-na-Facebook-940x788-px-3.jpeg\"><\/a>\n                <h2 class=\"u-align-center u-blog-control u-text u-text-1\">\n                  <a class=\"u-post-header-link\" href=\"http:\/\/wisla.skoczow.pl\/?p=62283\">Otwarty Gminny Turniej Badmintona 2025<\/a>\n                <\/h2>\n                <div class=\"u-blog-control u-post-content u-text u-text-2\"><p>\nSerdecznie zapraszamy na turniej badmintona w kategoriach \u2013 mikst, debel oraz singiel!\n\n\n\nOtwarty turnieju badmintonowy odb\u0119dzie si\u0119 25 &hellip;<\/p>\n                <\/div>\n              <\/div>\n            <\/div>\n            <div class=\"u-blog-post u-invisible u-container-style u-repeater-item\">\n              <div class=\"u-container-layout u-similar-container u-container-layout-2\"><a class=\"u-align-center u-blog-control u-image u-image-round u-radius-20 u-image-2\" href=\"http:\/\/wisla.skoczow.pl\/?p=62268\">\n                <img decoding=\"async\" class=\"u-align-center u-blog-control u-image u-image-round u-radius-20 u-image-2\" src=\"http:\/\/wisla.skoczow.pl\/wp-content\/uploads\/2024\/10\/terminasz-slzpn.jpg\"><\/a>\n                <h2 class=\"u-align-center u-blog-control u-text u-text-3\">\n                  <a class=\"u-post-header-link\" href=\"http:\/\/wisla.skoczow.pl\/?p=62268\">Terminarz 11-12.10.2025<\/a>\n                <\/h2>\n                <div class=\"u-blog-control u-post-content u-text u-text-4\"><p>\nW najbli\u017cszy weekend zesp\u00f3\u0142 U11 rywalizowa\u0107 b\u0119dzie z Chorzowem na wyje\u017adzie. W domowym niedzielnym spotkaniu m\u0142odziczek U13, podejmiemy zesp\u00f3\u0142 z &hellip;<\/p>\n                <\/div>\n              <\/div>\n            <\/div>\n            <div class=\"u-blog-post u-invisible u-container-style u-repeater-item\">\n              <div class=\"u-container-layout u-similar-container u-container-layout-1\"><a class=\"u-align-center u-blog-control u-image u-image-round u-radius-20 u-image-1\" href=\"http:\/\/wisla.skoczow.pl\/?p=62273\">\n                <img decoding=\"async\" class=\"u-align-center u-blog-control u-image u-image-round u-radius-20 u-image-1\" src=\"http:\/\/wisla.skoczow.pl\/wp-content\/uploads\/2025\/10\/557638862_1396319749165221_721728688203175935_n.jpg\"><\/a>\n                <h2 class=\"u-align-center u-blog-control u-text u-text-1\">\n                  <a class=\"u-post-header-link\" href=\"http:\/\/wisla.skoczow.pl\/?p=62273\">Orliczki U11 - Katowice<\/a>\n                <\/h2>\n                <div class=\"u-blog-control u-post-content u-text u-text-2\"><p>\nW sobot\u0119 nasze dziewczyny rozegra\u0142y domowy mecz z GKS GIEKSA Katowice. Spotkanie od pierwszych minut by\u0142o bardzo trudne. Szybko\u015b\u0107, liczebno\u015b\u0107 oraz &hellip;<\/p>\n                <\/div>\n              <\/div>\n            <\/div>\n            <div class=\"u-blog-post u-invisible u-container-style u-repeater-item\">\n              <div class=\"u-container-layout u-similar-container u-container-layout-2\"><a class=\"u-align-center u-blog-control u-image u-image-round u-radius-20 u-image-2\" href=\"http:\/\/wisla.skoczow.pl\/?p=62261\">\n                <img decoding=\"async\" class=\"u-align-center u-blog-control u-image u-image-round u-radius-20 u-image-2\" src=\"http:\/\/wisla.skoczow.pl\/wp-content\/uploads\/2025\/10\/557737204_1395941289203067_2002905496406601741_n.jpg\"><\/a>\n                <h2 class=\"u-align-center u-blog-control u-text u-text-3\">\n                  <a class=\"u-post-header-link\" href=\"http:\/\/wisla.skoczow.pl\/?p=62261\">Juniorki M\u0142odsze U16 - \u017bory<\/a>\n                <\/h2>\n                <div class=\"u-blog-control u-post-content u-text u-text-4\"><p>\nPo  wygranych z rz\u0119du przerwana seria zwyci\u0119stw. Wczoraj w meczu wyjazdowym  mierzyli\u015bmy si\u0119 z UKS AP \u017bory, od pocz\u0105tku by\u0142o wida\u0107, \u017ce mecz b\u0119dzie &hellip;<\/p>\n                <\/div>\n              <\/div>\n            <\/div>\n            <div class=\"u-blog-post u-invisible u-container-style u-repeater-item\">\n              <div class=\"u-container-layout u-similar-container u-container-layout-1\"><a class=\"u-align-center u-blog-control u-image u-image-round u-radius-20 u-image-1\" href=\"http:\/\/wisla.skoczow.pl\/?p=62252\">\n                <img decoding=\"async\" class=\"u-align-center u-blog-control u-image u-image-round u-radius-20 u-image-1\" src=\"http:\/\/wisla.skoczow.pl\/wp-content\/uploads\/2025\/10\/557547918_1217144867098834_7235168473128338104_n.jpg\"><\/a>\n                <h2 class=\"u-align-center u-blog-control u-text u-text-1\">\n                  <a class=\"u-post-header-link\" href=\"http:\/\/wisla.skoczow.pl\/?p=62252\">M\u0142odziczki U13 - Rydu\u0142towy<\/a>\n                <\/h2>\n                <div class=\"u-blog-control u-post-content u-text u-text-2\"><p>\nBez punkt\u00f3w, ale z cennym do\u015bwiadczeniem po walce z Goliatem.\n\n\n\nW sobot\u0119 dziewcz\u0119ta w wyjazdowym spotkaniu zmierzy\u0142y si\u0119 z obecnym wiceliderem &hellip;<\/p>\n                <\/div>\n              <\/div>\n            <\/div>\n            <div class=\"u-blog-post u-invisible u-container-style u-repeater-item\">\n              <div class=\"u-container-layout u-similar-container u-container-layout-2\"><a class=\"u-align-center u-blog-control u-image u-image-round u-radius-20 u-image-2\" href=\"http:\/\/wisla.skoczow.pl\/?p=62237\">\n                <img decoding=\"async\" class=\"u-align-center u-blog-control u-image u-image-round u-radius-20 u-image-2\" src=\"http:\/\/wisla.skoczow.pl\/wp-content\/uploads\/2025\/10\/557633889_1393367652793764_932047009507815344_n.jpg\"><\/a>\n                <h2 class=\"u-align-center u-blog-control u-text u-text-3\">\n                  <a class=\"u-post-header-link\" href=\"http:\/\/wisla.skoczow.pl\/?p=62237\">Juniorki M\u0142odsze U16 - Cz\u0119stochowa<\/a>\n                <\/h2>\n                <div class=\"u-blog-control u-post-content u-text u-text-4\"><p>\nWczoraj rozegrali\u015bmy zaleg\u0142e spotkanie w kt\u00f3rym podejmowali\u015bmy  LKS P\u0142omie\u0144 Cz\u0119stochowa. Pierwsza po\u0142owa mocno wyr\u00f3wnana, szybkie akcje, du\u017co walki&hellip;<\/p>\n                <\/div>\n              <\/div>\n            <\/div>\n            <div class=\"u-blog-post u-invisible u-container-style u-repeater-item\">\n              <div class=\"u-container-layout u-similar-container u-container-layout-1\"><a class=\"u-align-center u-blog-control u-image u-image-round u-radius-20 u-image-1\" href=\"http:\/\/wisla.skoczow.pl\/?p=62221\">\n                <img decoding=\"async\" class=\"u-align-center u-blog-control u-image u-image-round u-radius-20 u-image-1\" src=\"http:\/\/wisla.skoczow.pl\/wp-content\/uploads\/2025\/09\/558028054_1390020949795101_1648001083912613460_n.jpg\"><\/a>\n                <h2 class=\"u-align-center u-blog-control u-text u-text-1\">\n                  <a class=\"u-post-header-link\" href=\"http:\/\/wisla.skoczow.pl\/?p=62221\">Juniorki M\u0142odsze U16 - Wo\u017aniki<\/a>\n                <\/h2>\n                <div class=\"u-blog-control u-post-content u-text u-text-2\"><p>\nKolejna wygrana  na naszym koncie . Tym razem podejmowali\u015bmy Wo\u017aniki. Zesp\u00f3\u0142 go\u015bci od pocz\u0105tku sprawia\u0142 nam problemy i skutecznie przerywa\u0142 nasze &hellip;<\/p>\n                <\/div>\n              <\/div>\n            <\/div>\n            <div class=\"u-blog-post u-invisible u-container-style u-repeater-item\">\n              <div class=\"u-container-layout u-similar-container u-container-layout-2\"><a class=\"u-align-center u-blog-control u-image u-image-round u-radius-20 u-image-2\" href=\"http:\/\/wisla.skoczow.pl\/?p=62194\">\n                <img decoding=\"async\" class=\"u-align-center u-blog-control u-image u-image-round u-radius-20 u-image-2\" src=\"http:\/\/wisla.skoczow.pl\/wp-content\/uploads\/2025\/09\/IMG-20250928-WA0013.jpg\"><\/a>\n                <h2 class=\"u-align-center u-blog-control u-text u-text-3\">\n                  <a class=\"u-post-header-link\" href=\"http:\/\/wisla.skoczow.pl\/?p=62194\">M\u0142odziczki U13 - L\u0119dziny<\/a>\n                <\/h2>\n                <div class=\"u-blog-control u-post-content u-text u-text-4\"><p>\n\"Wise\u0142ki\" notuj\u0105 kolejn\u0105 wygran\u0105, tym razem podejmowa\u0142y zesp\u00f3\u0142 z L\u0119dzin.\n\n\n\nDziewcz\u0119ta zagra\u0142y zaci\u0119ty mecz. Od pierwszych minut by\u0142a walka. Na &hellip;<\/p>\n                <\/div>\n              <\/div>\n            <\/div>\n            <div class=\"u-blog-post u-invisible u-container-style u-repeater-item\">\n              <div class=\"u-container-layout u-similar-container u-container-layout-1\"><a class=\"u-align-center u-blog-control u-image u-image-round u-radius-20 u-image-1\" href=\"http:\/\/wisla.skoczow.pl\/?p=62213\">\n                <img decoding=\"async\" class=\"u-align-center u-blog-control u-image u-image-round u-radius-20 u-image-1\" src=\"http:\/\/wisla.skoczow.pl\/wp-content\/uploads\/2025\/09\/556120472_1389408506523012_4788461011055142964_n.jpg\"><\/a>\n                <h2 class=\"u-align-center u-blog-control u-text u-text-1\">\n                  <a class=\"u-post-header-link\" href=\"http:\/\/wisla.skoczow.pl\/?p=62213\">Orliczki U11 - Zabrze<\/a>\n                <\/h2>\n                <div class=\"u-blog-control u-post-content u-text u-text-2\"><p>\nSobotni mecz wyjazdowy przeciwko KKS G\u00f3rnik Zabrze by\u0142 prawdziw\u0105, ci\u0119\u017ck\u0105 lekcj\u0105 dla naszych Orliczek.\n\n\n\nWise\u0142ki na pocz\u0105tku meczu mia\u0142y problem z &hellip;<\/p>\n                <\/div>\n              <\/div>\n            <\/div>\n            <div class=\"u-blog-post u-invisible u-container-style u-repeater-item\">\n              <div class=\"u-container-layout u-similar-container u-container-layout-2\"><a class=\"u-align-center u-blog-control u-image u-image-round u-radius-20 u-image-2\" href=\"http:\/\/wisla.skoczow.pl\/?p=62190\">\n                <img decoding=\"async\" class=\"u-align-center u-blog-control u-image u-image-round u-radius-20 u-image-2\" src=\"http:\/\/wisla.skoczow.pl\/wp-content\/uploads\/2025\/02\/futsal-topka-terminarz.jpg\"><\/a>\n                <h2 class=\"u-align-center u-blog-control u-text u-text-3\">\n                  <a class=\"u-post-header-link\" href=\"http:\/\/wisla.skoczow.pl\/?p=62190\">1 Liga Futsalu Kobiet - Sezon 2025\/2026<\/a>\n                <\/h2>\n                <div class=\"u-blog-control u-post-content u-text u-text-4\"><p>\nW listopadzie wracamy do rozgrywek halowych. Po bardzo dobrym sezonie 2024\/2025 zaj\u0119li\u015bmy 4 miejsce i \"Wise\u0142ki\" by\u0142y bliskie zdobycia podium. &hellip;<\/p>\n                <\/div>\n              <\/div>\n            <\/div>\n            <div class=\"u-blog-post u-invisible u-container-style u-repeater-item\">\n              <div class=\"u-container-layout u-similar-container u-container-layout-1\"><a class=\"u-align-center u-blog-control u-image u-image-round u-radius-20 u-image-1\" href=\"http:\/\/wisla.skoczow.pl\/?p=62182\">\n                <img decoding=\"async\" class=\"u-align-center u-blog-control u-image u-image-round u-radius-20 u-image-1\" src=\"http:\/\/wisla.skoczow.pl\/wp-content\/uploads\/2024\/10\/terminasz-slzpn.jpg\"><\/a>\n                <h2 class=\"u-align-center u-blog-control u-text u-text-1\">\n                  <a class=\"u-post-header-link\" href=\"http:\/\/wisla.skoczow.pl\/?p=62182\">Terminarz 27-28.09.2025<\/a>\n                <\/h2>\n                <div class=\"u-blog-control u-post-content u-text u-text-2\"><p>\nW nadchodz\u0105cy weekend zespo\u0142y m\u0142odzie\u017cowe rozegraj\u0105 swoje spotkania w roli gospodarza. U13 podejmie zesp\u00f3\u0142 z L\u0119dzin, a U16 rywalizowa\u0107 b\u0119dzie z &hellip;<\/p>\n                <\/div>\n              <\/div>\n            <\/div>\n            <div class=\"u-blog-post u-invisible u-container-style u-repeater-item\">\n              <div class=\"u-container-layout u-similar-container u-container-layout-2\"><a class=\"u-align-center u-blog-control u-image u-image-round u-radius-20 u-image-2\" href=\"http:\/\/wisla.skoczow.pl\/?p=62169\">\n                <img decoding=\"async\" class=\"u-align-center u-blog-control u-image u-image-round u-radius-20 u-image-2\" src=\"http:\/\/wisla.skoczow.pl\/wp-content\/uploads\/2025\/09\/549297336_1382885290508667_7496505364014418931_n.jpg\"><\/a>\n                <h2 class=\"u-align-center u-blog-control u-text u-text-3\">\n                  <a class=\"u-post-header-link\" href=\"http:\/\/wisla.skoczow.pl\/?p=62169\">Orliczki U11 - Gliwice<\/a>\n                <\/h2>\n                <div class=\"u-blog-control u-post-content u-text u-text-4\"><p>\nKolejny krok do przodu i mn\u00f3stwo pi\u0142karskiej rado\u015bci! \n\n\n\nW niedzielne upalne, cho\u0107 przyjemnie wietrzne przedpo\u0142udnie, nasze dzielne Wise\u0142ki &hellip;<\/p>\n                <\/div>\n              <\/div>\n            <\/div>\n            <div class=\"u-blog-post u-invisible u-container-style u-repeater-item\">\n              <div class=\"u-container-layout u-similar-container u-container-layout-1\"><a class=\"u-align-center u-blog-control u-image u-image-round u-radius-20 u-image-1\" href=\"http:\/\/wisla.skoczow.pl\/?p=62158\">\n                <img decoding=\"async\" class=\"u-align-center u-blog-control u-image u-image-round u-radius-20 u-image-1\" src=\"http:\/\/wisla.skoczow.pl\/wp-content\/uploads\/2025\/09\/IMG-20250921-WA0003.jpg\"><\/a>\n                <h2 class=\"u-align-center u-blog-control u-text u-text-1\">\n                  <a class=\"u-post-header-link\" href=\"http:\/\/wisla.skoczow.pl\/?p=62158\">M\u0142odziczki U13 - Zabrzeg<\/a>\n                <\/h2>\n                <div class=\"u-blog-control u-post-content u-text u-text-2\"><p>\nZwyci\u0119stwo  - 3 punkty\n\n\n\nW upaln\u0105 sobot\u0119 w spotkaniu wyjazdowym zmierzyli\u015bmy si\u0119 z LKS Sok\u00f3\u0142 Zabrzeg. Dziewcz\u0119ta od pocz\u0105tku do ko\u0144ca mia\u0142y pod &hellip;<\/p>\n                <\/div>\n              <\/div>\n            <\/div>\n            <div class=\"u-blog-post u-invisible u-container-style u-repeater-item\">\n              <div class=\"u-container-layout u-similar-container u-container-layout-2\"><a class=\"u-align-center u-blog-control u-image u-image-round u-radius-20 u-image-2\" href=\"http:\/\/wisla.skoczow.pl\/?p=62060\">\n                <img decoding=\"async\" class=\"u-align-center u-blog-control u-image u-image-round u-radius-20 u-image-2\" src=\"http:\/\/wisla.skoczow.pl\/wp-content\/uploads\/2025\/09\/551128067_1381894837274379_6631097796154380762_n.jpg\"><\/a>\n                <h2 class=\"u-align-center u-blog-control u-text u-text-3\">\n                  <a class=\"u-post-header-link\" href=\"http:\/\/wisla.skoczow.pl\/?p=62060\">Juniorki M\u0142odsze U16 - Gliwice<\/a>\n                <\/h2>\n                <div class=\"u-blog-control u-post-content u-text u-text-4\"><p>\nDzisiaj w meczu wyjazdowym  rywalizowali\u015bmy z GKS Piast Gliwice. Mecz rozpocz\u0119li\u015bmy z 30 minutowym op\u00f3\u017anieniem co nie pomaga\u0142o w ten upalny dzie\u0144  &hellip;<\/p>\n                <\/div>\n              <\/div>\n            <\/div>\n            <div class=\"u-blog-post u-invisible u-container-style u-repeater-item\">\n              <div class=\"u-container-layout u-similar-container u-container-layout-1\"><a class=\"u-align-center u-blog-control u-image u-image-round u-radius-20 u-image-1\" href=\"http:\/\/wisla.skoczow.pl\/?p=61369\">\n                <img decoding=\"async\" class=\"u-align-center u-blog-control u-image u-image-round u-radius-20 u-image-1\" src=\"http:\/\/wisla.skoczow.pl\/wp-content\/uploads\/2024\/10\/terminasz-slzpn.jpg\"><\/a>\n                <h2 class=\"u-align-center u-blog-control u-text u-text-1\">\n                  <a class=\"u-post-header-link\" href=\"http:\/\/wisla.skoczow.pl\/?p=61369\">Terminarz 20-21.09.2025<\/a>\n                <\/h2>\n                <div class=\"u-blog-control u-post-content u-text u-text-2\"><p>\nW najbli\u017cszy weekend zesp\u00f3\u0142 m\u0142odziczek zmierzy si\u0119 z zespo\u0142em Sok\u00f3\u0142 Zabrzeg na wyje\u017adzie, a juniorki m\u0142odsze zagraj\u0105 w Gliwicach z Piastem. &hellip;<\/p>\n                <\/div>\n              <\/div>\n            <\/div>\n            <div class=\"u-blog-post u-invisible u-container-style u-repeater-item\">\n              <div class=\"u-container-layout u-similar-container u-container-layout-2\"><a class=\"u-align-center u-blog-control u-image u-image-round u-radius-20 u-image-2\" href=\"http:\/\/wisla.skoczow.pl\/?p=62187\">\n                <img decoding=\"async\" class=\"u-align-center u-blog-control u-image u-image-round u-radius-20 u-image-2\" src=\"http:\/\/wisla.skoczow.pl\/wp-content\/uploads\/2025\/09\/plakat-dzialaj-loklanie-pilka.jpg\"><\/a>\n                <h2 class=\"u-align-center u-blog-control u-text u-text-3\">\n                  <a class=\"u-post-header-link\" href=\"http:\/\/wisla.skoczow.pl\/?p=62187\">Dzia\u0142aj Lokalnie 2025<\/a>\n                <\/h2>\n                <div class=\"u-blog-control u-post-content u-text u-text-4\"><p>\nKOBIECA PI\u0141KA NO\u017bNA W WASZEJ SZKOLE\n\n\n\n17 lat prowadzimy sekcj\u0119 pi\u0142ki no\u017cnej dziewcz\u0105t. Jako jeden z nielicznych kobiecych klub\u00f3w sportowych w &hellip;<\/p>\n                <\/div>\n              <\/div>\n            <\/div>\n            <div class=\"u-blog-post u-invisible u-container-style u-repeater-item\">\n              <div class=\"u-container-layout u-similar-container u-container-layout-1\"><a class=\"u-align-center u-blog-control u-image u-image-round u-radius-20 u-image-1\" href=\"http:\/\/wisla.skoczow.pl\/?p=61875\">\n                <img decoding=\"async\" class=\"u-align-center u-blog-control u-image u-image-round u-radius-20 u-image-1\" src=\"http:\/\/wisla.skoczow.pl\/wp-content\/uploads\/2025\/09\/IMG-20250915-WA0007.jpg\"><\/a>\n                <h2 class=\"u-align-center u-blog-control u-text u-text-1\">\n                  <a class=\"u-post-header-link\" href=\"http:\/\/wisla.skoczow.pl\/?p=61875\">M\u0142odziczki U13 - Jastrz\u0119bie-Zdr\u00f3j<\/a>\n                <\/h2>\n                <div class=\"u-blog-control u-post-content u-text u-text-2\"><p>\nRemis wywalczony w ostatnich minutach\n\n\n\nW dzisiejszym spotkaniu podejmowali\u015bmy Jastrz\u0119bie-Zdr\u00f3j. Pogoda by\u0142a niesprzyjaj\u0105ca, ale odnowiona murawa &hellip;<\/p>\n                <\/div>\n              <\/div>\n            <\/div>\n            <div class=\"u-blog-post u-invisible u-container-style u-repeater-item\">\n              <div class=\"u-container-layout u-similar-container u-container-layout-2\"><a class=\"u-align-center u-blog-control u-image u-image-round u-radius-20 u-image-2\" href=\"http:\/\/wisla.skoczow.pl\/?p=61865\">\n                <img decoding=\"async\" class=\"u-align-center u-blog-control u-image u-image-round u-radius-20 u-image-2\" src=\"http:\/\/wisla.skoczow.pl\/wp-content\/uploads\/2025\/09\/547216415_1375137047950158_4526023284623099788_n.jpg\"><\/a>\n                <h2 class=\"u-align-center u-blog-control u-text u-text-3\">\n                  <a class=\"u-post-header-link\" href=\"http:\/\/wisla.skoczow.pl\/?p=61865\">Orliczki U11 - Gliwice<\/a>\n                <\/h2>\n                <div class=\"u-blog-control u-post-content u-text u-text-4\"><p>\nZaliczamy kolejny mecz w \u015al\u0105skiej Lidze Orliczek! \n\n\n\nW czwartek nasze dzielne Wise\u0142ki rozegra\u0142y wyjazdowe spotkanie z GTW Gliwice i pokaza\u0142y &hellip;<\/p>\n                <\/div>\n              <\/div>\n            <\/div>\n            <div class=\"u-blog-post u-invisible u-container-style u-repeater-item\">\n              <div class=\"u-container-layout u-similar-container u-container-layout-1\"><a class=\"u-align-center u-blog-control u-image u-image-round u-radius-20 u-image-1\" href=\"http:\/\/wisla.skoczow.pl\/?p=61364\">\n                <img decoding=\"async\" class=\"u-align-center u-blog-control u-image u-image-round u-radius-20 u-image-1\" src=\"http:\/\/wisla.skoczow.pl\/wp-content\/uploads\/2024\/10\/terminasz-slzpn.jpg\"><\/a>\n                <h2 class=\"u-align-center u-blog-control u-text u-text-1\">\n                  <a class=\"u-post-header-link\" href=\"http:\/\/wisla.skoczow.pl\/?p=61364\">Terminarz 11-14.09.2025<\/a>\n                <\/h2>\n                <div class=\"u-blog-control u-post-content u-text u-text-2\"><p>\nPierwsze wyjazdowe spotkanie rozegraj\u0105 orliczki w Gliwicach w najbli\u017cszy czwartek. W niedziel\u0119 rano juniorki podejm\u0105 zesp\u00f3\u0142 z Cz\u0119stochowy na boisku&hellip;<\/p>\n                <\/div>\n              <\/div>\n            <\/div>\n            <div class=\"u-blog-post u-invisible u-container-style u-repeater-item\">\n              <div class=\"u-container-layout u-similar-container u-container-layout-2\"><a class=\"u-align-center u-blog-control u-image u-image-round u-radius-20 u-image-2\" href=\"http:\/\/wisla.skoczow.pl\/?p=61856\">\n                <img decoding=\"async\" class=\"u-align-center u-blog-control u-image u-image-round u-radius-20 u-image-2\" src=\"http:\/\/wisla.skoczow.pl\/wp-content\/uploads\/2025\/09\/543375256_1368933711903825_1374361046272383484_n.jpg\"><\/a>\n                <h2 class=\"u-align-center u-blog-control u-text u-text-3\">\n                  <a class=\"u-post-header-link\" href=\"http:\/\/wisla.skoczow.pl\/?p=61856\">Juniorki M\u0142odsze U16 - Krupski M\u0142yn<\/a>\n                <\/h2>\n                <div class=\"u-blog-control u-post-content u-text u-text-4\"><p>\nKolejne fantastyczne spotkanie za nami . Dzisiaj w meczu wyjazdowym  rywalizowali\u015bmy z Krupskim M\u0142ynem. Od samego pocz\u0105tku napierali\u015bmy na po\u0142owie &hellip;<\/p>\n                <\/div>\n              <\/div>\n            <\/div>\n            <div class=\"u-blog-post u-invisible u-container-style u-repeater-item\">\n              <div class=\"u-container-layout u-similar-container u-container-layout-1\"><a class=\"u-align-center u-blog-control u-image u-image-round u-radius-20 u-image-1\" href=\"http:\/\/wisla.skoczow.pl\/?p=61357\">\n                <img decoding=\"async\" class=\"u-align-center u-blog-control u-image u-image-round u-radius-20 u-image-1\" src=\"http:\/\/wisla.skoczow.pl\/wp-content\/uploads\/2024\/10\/terminasz-slzpn.jpg\"><\/a>\n                <h2 class=\"u-align-center u-blog-control u-text u-text-1\">\n                  <a class=\"u-post-header-link\" href=\"http:\/\/wisla.skoczow.pl\/?p=61357\">Terminarz 06.09.2025<\/a>\n                <\/h2>\n                <div class=\"u-blog-control u-post-content u-text u-text-2\"><p>\nW drugiej kolejce zmaga\u0144 \u015al\u0105skiej Ligi, juniorki U16 rozegraj\u0105 spotkanie w Krupskim M\u0142ynie z Nitronem. Natomiast m\u0142odziczki U13 mia\u0142y uda\u0107 si\u0119 do &hellip;<\/p>\n                <\/div>\n              <\/div>\n            <\/div>\n            <div class=\"u-blog-post u-invisible u-container-style u-repeater-item\">\n              <div class=\"u-container-layout u-similar-container u-container-layout-2\"><a class=\"u-align-center u-blog-control u-image u-image-round u-radius-20 u-image-2\" href=\"http:\/\/wisla.skoczow.pl\/?p=61376\">\n                <img decoding=\"async\" class=\"u-align-center u-blog-control u-image u-image-round u-radius-20 u-image-2\" src=\"http:\/\/wisla.skoczow.pl\/wp-content\/uploads\/2025\/09\/xe03AgzG.jpg\"><\/a>\n                <h2 class=\"u-align-center u-blog-control u-text u-text-3\">\n                  <a class=\"u-post-header-link\" href=\"http:\/\/wisla.skoczow.pl\/?p=61376\">Orliczki U11 - Sosnowiec<\/a>\n                <\/h2>\n                <div class=\"u-blog-control u-post-content u-text u-text-4\"><p>\nW poniedzia\u0142ek, w pierwszym dniu nowego roku szkolnego, nasze Wise\u0142ki rozpocz\u0119\u0142y nowy, ekscytuj\u0105cy rozdzia\u0142 swojej pi\u0142karskiej przygody!  Po dw\u00f3ch &hellip;<\/p>\n                <\/div>\n              <\/div>\n            <\/div>\n            <div class=\"u-blog-post u-invisible u-container-style u-repeater-item\">\n              <div class=\"u-container-layout u-similar-container u-container-layout-1\"><a class=\"u-align-center u-blog-control u-image u-image-round u-radius-20 u-image-1\" href=\"http:\/\/wisla.skoczow.pl\/?p=61351\">\n                <img decoding=\"async\" class=\"u-align-center u-blog-control u-image u-image-round u-radius-20 u-image-1\" src=\"http:\/\/wisla.skoczow.pl\/wp-content\/uploads\/2025\/09\/Zdjecie-WhatsApp-2025-09-01-o-01.35.51_6380168c.jpg\"><\/a>\n                <h2 class=\"u-align-center u-blog-control u-text u-text-1\">\n                  <a class=\"u-post-header-link\" href=\"http:\/\/wisla.skoczow.pl\/?p=61351\">M\u0142odziczki U13 - Bielsko-Bia\u0142a<\/a>\n                <\/h2>\n                <div class=\"u-blog-control u-post-content u-text u-text-2\"><p>\nMocna inauguracja - wyr\u00f3wnany mecz ale przegrywamy jedn\u0105 bramk\u0105.\n\n\n\nW niedziel\u0119 na boisku w Wi\u015blicy podejmowali\u015bmy w pierwszej kolejce \u015al\u0105skiej II &hellip;<\/p>\n                <\/div>\n              <\/div>\n            <\/div>\n            <div class=\"u-blog-post u-invisible u-container-style u-repeater-item\">\n              <div class=\"u-container-layout u-similar-container u-container-layout-2\"><a class=\"u-align-center u-blog-control u-image u-image-round u-radius-20 u-image-2\" href=\"http:\/\/wisla.skoczow.pl\/?p=61345\">\n                <img decoding=\"async\" class=\"u-align-center u-blog-control u-image u-image-round u-radius-20 u-image-2\" src=\"http:\/\/wisla.skoczow.pl\/wp-content\/uploads\/2025\/09\/540984888_1362678679195995_5056634757512684395_n.jpg\"><\/a>\n                <h2 class=\"u-align-center u-blog-control u-text u-text-3\">\n                  <a class=\"u-post-header-link\" href=\"http:\/\/wisla.skoczow.pl\/?p=61345\">Juniorki M\u0142odsze U16 - Chorz\u00f3w<\/a>\n                <\/h2>\n                <div class=\"u-blog-control u-post-content u-text u-text-4\"><p>\nPierwsze ligowe spotkanie za nami W meczu domowym  podejmowali\u015bmy Ruch Chorz\u00f3w dla kt\u00f3rego by\u0142 to debiut w tych rozgrywkach. W blasku s\u0142o\u0144ca &hellip;<\/p>\n                <\/div>\n              <\/div>\n            <\/div>\n            <div class=\"u-blog-post u-invisible u-container-style u-repeater-item\">\n              <div class=\"u-container-layout u-similar-container u-container-layout-1\"><a class=\"u-align-center u-blog-control u-image u-image-round u-radius-20 u-image-1\" href=\"http:\/\/wisla.skoczow.pl\/?p=57887\">\n                <img decoding=\"async\" class=\"u-align-center u-blog-control u-image u-image-round u-radius-20 u-image-1\" src=\"http:\/\/wisla.skoczow.pl\/wp-content\/uploads\/2024\/10\/terminasz-slzpn.jpg\"><\/a>\n                <h2 class=\"u-align-center u-blog-control u-text u-text-1\">\n                  <a class=\"u-post-header-link\" href=\"http:\/\/wisla.skoczow.pl\/?p=57887\">Terminarz 30.08 - 01.09.2025<\/a>\n                <\/h2>\n                <div class=\"u-blog-control u-post-content u-text u-text-2\"><p>\nRozpoczynamy rozgrywki dzieci i m\u0142odzie\u017cy. W sobot\u0119 pierwszy mecz w tym sezonie rozegraj\u0105 juniorki m\u0142odsze w \u015al\u0105skiej II Lidze Juniorek M\u0142odszych, &hellip;<\/p>\n                <\/div>\n              <\/div>\n            <\/div>\n            <div class=\"u-blog-post u-invisible u-container-style u-repeater-item\">\n              <div class=\"u-container-layout u-similar-container u-container-layout-2\"><a class=\"u-align-center u-blog-control u-image u-image-round u-radius-20 u-image-2\" href=\"http:\/\/wisla.skoczow.pl\/?p=57871\">\n                <img decoding=\"async\" class=\"u-align-center u-blog-control u-image u-image-round u-radius-20 u-image-2\" src=\"http:\/\/wisla.skoczow.pl\/wp-content\/uploads\/2025\/08\/DSC_1016-scaled.jpg\"><\/a>\n                <h2 class=\"u-align-center u-blog-control u-text u-text-3\">\n                  <a class=\"u-post-header-link\" href=\"http:\/\/wisla.skoczow.pl\/?p=57871\">Otwarty Turniej Pi\u0142ki No\u017cnej Kobiet!<\/a>\n                <\/h2>\n                <div class=\"u-blog-control u-post-content u-text u-text-4\"><p>\nMi\u0119dzynarodowy turniej odby\u0142 si\u0119 w sobot\u0119 23 sierpnia 2025 na boisku w SOSiR w Skoczowie przy ul. Sportowej 6. Dobra ch\u0142odna pogoda dopisa\u0142a, a &hellip;<\/p>\n                <\/div>\n              <\/div>\n            <\/div>\n            <div class=\"u-blog-post u-invisible u-container-style u-repeater-item\">\n              <div class=\"u-container-layout u-similar-container u-container-layout-1\"><a class=\"u-align-center u-blog-control u-image u-image-round u-radius-20 u-image-1\" href=\"http:\/\/wisla.skoczow.pl\/?p=57767\">\n                <img decoding=\"async\" class=\"u-align-center u-blog-control u-image u-image-round u-radius-20 u-image-1\" src=\"http:\/\/wisla.skoczow.pl\/wp-content\/uploads\/2025\/08\/522031892_1325469542916909_6571175512024525464_n.jpg\"><\/a>\n                <h2 class=\"u-align-center u-blog-control u-text u-text-1\">\n                  <a class=\"u-post-header-link\" href=\"http:\/\/wisla.skoczow.pl\/?p=57767\">Ob\u00f3z \u0141\u0119\u017ceczki 2025<\/a>\n                <\/h2>\n                <div class=\"u-blog-control u-post-content u-text u-text-2\"><p>\nDzie\u0144 1 - 2Rozpocz\u0119li\u015bmy przygotowania do nowego sezonu w ramach obozu. Wczoraj dotarli\u015bmy do miejscowo\u015bci \u0141\u0119\u017ceczki w wojew\u00f3dztwie wielkopolskim &hellip;<\/p>\n                <\/div>\n              <\/div>\n            <\/div>\n            <div class=\"u-blog-post u-invisible u-container-style u-repeater-item\">\n              <div class=\"u-container-layout u-similar-container u-container-layout-2\"><a class=\"u-align-center u-blog-control u-image u-image-round u-radius-20 u-image-2\" href=\"http:\/\/wisla.skoczow.pl\/?p=57654\">\n                <img decoding=\"async\" class=\"u-align-center u-blog-control u-image u-image-round u-radius-20 u-image-2\" src=\"http:\/\/wisla.skoczow.pl\/wp-content\/uploads\/2025\/06\/Argentyna-kontra-Nigeria-Pilka-Nozna-Instagram-Post.png\"><\/a>\n                <h2 class=\"u-align-center u-blog-control u-text u-text-3\">\n                  <a class=\"u-post-header-link\" href=\"http:\/\/wisla.skoczow.pl\/?p=57654\">Powr\u00f3t do trening\u00f3w!<\/a>\n                <\/h2>\n                <div class=\"u-blog-control u-post-content u-text u-text-4\"><p>\nKoniec odpoczynku  Czas przygotowa\u0107 si\u0119 do nowych wyzwa\u0144  W dniach 08 - 20.07.2025 b\u0119dziemy trenowa\u0107 na obozie w \u0141\u0119\u017ceczkach w wojew\u00f3dztwie &hellip;<\/p>\n                <\/div>\n              <\/div>\n            <\/div>\n            <div class=\"u-blog-post u-invisible u-container-style u-repeater-item\">\n              <div class=\"u-container-layout u-similar-container u-container-layout-1\"><a class=\"u-align-center u-blog-control u-image u-image-round u-radius-20 u-image-1\" href=\"http:\/\/wisla.skoczow.pl\/?p=57671\">\n                <img decoding=\"async\" class=\"u-align-center u-blog-control u-image u-image-round u-radius-20 u-image-1\" src=\"http:\/\/wisla.skoczow.pl\/wp-content\/uploads\/2025\/07\/Post-na-Facebook-940x788-px-1.jpeg\"><\/a>\n                <h2 class=\"u-align-center u-blog-control u-text u-text-1\">\n                  <a class=\"u-post-header-link\" href=\"http:\/\/wisla.skoczow.pl\/?p=57671\">NOWY SEZON 2025\/2026<\/a>\n                <\/h2>\n                <div class=\"u-blog-control u-post-content u-text u-text-2\"><p>\nW jakich rozgrywkach b\u0119dziemy rywalizowa\u0107? Jakie kategorie wiekowe b\u0119dziemy szkoli\u0107? Kto poprowadzi poszczeg\u00f3lne zespo\u0142y? - Na te pytania mamy &hellip;<\/p>\n                <\/div>\n              <\/div>\n            <\/div>\n            <div class=\"u-blog-post u-invisible u-container-style u-repeater-item\">\n              <div class=\"u-container-layout u-similar-container u-container-layout-2\"><a class=\"u-align-center u-blog-control u-image u-image-round u-radius-20 u-image-2\" href=\"http:\/\/wisla.skoczow.pl\/?p=57662\">\n                <img decoding=\"async\" class=\"u-align-center u-blog-control u-image u-image-round u-radius-20 u-image-2\" src=\"http:\/\/wisla.skoczow.pl\/wp-content\/uploads\/2024\/06\/Post-na-Facebook-940x788-px-37.jpeg\"><\/a>\n                <h2 class=\"u-align-center u-blog-control u-text u-text-3\">\n                  <a class=\"u-post-header-link\" href=\"http:\/\/wisla.skoczow.pl\/?p=57662\">Przerwa w treningach!<\/a>\n                <\/h2>\n                <div class=\"u-blog-control u-post-content u-text u-text-4\"><p>\nRozpocz\u0119li\u015bmy przerw\u0119 regeneracyjn\u0105, ale nie na d\u0142ugo... 30.06 - 07.07.2025\n\n\n\nZaczynamy nowy sezon od obozu&nbsp;08.07 \u2013 20.07.2025 w &hellip;<\/p>\n                <\/div>\n              <\/div>\n            <\/div>\n            <div class=\"u-blog-post u-invisible u-container-style u-repeater-item\">\n              <div class=\"u-container-layout u-similar-container u-container-layout-1\"><a class=\"u-align-center u-blog-control u-image u-image-round u-radius-20 u-image-1\" href=\"http:\/\/wisla.skoczow.pl\/?p=57673\">\n                <img decoding=\"async\" class=\"u-align-center u-blog-control u-image u-image-round u-radius-20 u-image-1\" src=\"http:\/\/wisla.skoczow.pl\/wp-content\/uploads\/2025\/06\/507767517_1295087799288417_1107960556844887788_n.jpg\"><\/a>\n                <h2 class=\"u-align-center u-blog-control u-text u-text-1\">\n                  <a class=\"u-post-header-link\" href=\"http:\/\/wisla.skoczow.pl\/?p=57673\">Juniorki M\u0142odsze U16 \u2013 podsumowanie sezonu 2024\/2025<\/a>\n                <\/h2>\n                <div class=\"u-blog-control u-post-content u-text u-text-2\"><p>\nZa nami sezon w \u015al\u0105skiej Lidze Juniorek U16. Przyst\u0105pili\u015bmy do sezonu w mocno okrojonym sk\u0142adzie, nie raz zdarza\u0142o si\u0119 \u017ce grali\u015bmy niepe\u0142nym &hellip;<\/p>\n                <\/div>\n              <\/div>\n            <\/div>\n            <div class=\"u-blog-post u-invisible u-container-style u-repeater-item\">\n              <div class=\"u-container-layout u-similar-container u-container-layout-2\"><a class=\"u-align-center u-blog-control u-image u-image-round u-radius-20 u-image-2\" href=\"http:\/\/wisla.skoczow.pl\/?p=57659\">\n                <img decoding=\"async\" class=\"u-align-center u-blog-control u-image u-image-round u-radius-20 u-image-2\" src=\"http:\/\/wisla.skoczow.pl\/wp-content\/uploads\/2025\/06\/505376774_1297780825685781_1648075336056228417_n.jpg\"><\/a>\n                <h2 class=\"u-align-center u-blog-control u-text u-text-3\">\n                  <a class=\"u-post-header-link\" href=\"http:\/\/wisla.skoczow.pl\/?p=57659\">M\u0142odziczki U13 \u2013 podsumowanie sezonu 2024\/2025<\/a>\n                <\/h2>\n                <div class=\"u-blog-control u-post-content u-text u-text-4\"><p>\nZa nami bardzo intensywny sezon rozgrywkowy w \u015al\u0105skiej Lidze M\u0142odziczek U13.\n\n\n\nDziewcz\u0119ta przyst\u0119powa\u0142y do rozgrywek z ogromnym zapa\u0142em, do &hellip;<\/p>\n                <\/div>\n              <\/div>\n            <\/div>\n            <div class=\"u-blog-post u-invisible u-container-style u-repeater-item\">\n              <div class=\"u-container-layout u-similar-container u-container-layout-1\"><a class=\"u-align-center u-blog-control u-image u-image-round u-radius-20 u-image-1\" href=\"http:\/\/wisla.skoczow.pl\/?p=57657\">\n                <img decoding=\"async\" class=\"u-align-center u-blog-control u-image u-image-round u-radius-20 u-image-1\" src=\"http:\/\/wisla.skoczow.pl\/wp-content\/uploads\/2025\/06\/506285873_1292100959587101_6540888232706930179_n.jpg\"><\/a>\n                <h2 class=\"u-align-center u-blog-control u-text u-text-1\">\n                  <a class=\"u-post-header-link\" href=\"http:\/\/wisla.skoczow.pl\/?p=57657\">Akademia Pi\u0142karska U10 \u2013 podsumowanie sezonu 2024\/2025<\/a>\n                <\/h2>\n                <div class=\"u-blog-control u-post-content u-text u-text-2\"><p>\nZa nami intensywny sezon w lidze \u017caka w Podokr\u0119gu Skocz\u00f3w, gdzie nasze adeptki z akademii pi\u0142karskiej U10 mierzy\u0142y si\u0119 z ch\u0142opakami.\n\n\n\nBy\u0142 to &hellip;<\/p>\n                <\/div>\n              <\/div>\n            <\/div>\n            <div class=\"u-blog-post u-invisible u-container-style u-repeater-item\">\n              <div class=\"u-container-layout u-similar-container u-container-layout-2\"><a class=\"u-align-center u-blog-control u-image u-image-round u-radius-20 u-image-2\" href=\"http:\/\/wisla.skoczow.pl\/?p=57631\">\n                <img decoding=\"async\" class=\"u-align-center u-blog-control u-image u-image-round u-radius-20 u-image-2\" src=\"http:\/\/wisla.skoczow.pl\/wp-content\/uploads\/2025\/06\/509604102_1299144502216080_3653915676207586924_n.jpg\"><\/a>\n                <h2 class=\"u-align-center u-blog-control u-text u-text-3\">\n                  <a class=\"u-post-header-link\" href=\"http:\/\/wisla.skoczow.pl\/?p=57631\">Orliczki U10 - Pog\u00f3rze<\/a>\n                <\/h2>\n                <div class=\"u-blog-control u-post-content u-text u-text-4\"><p>\nOstatni mecz sezonu za nami. W meczu domowym mierzyli\u015bmy si\u0119 z LKS Pog\u00f3rze. Upalna pogoda nie pomaga\u0142a, ale oba zespo\u0142y zapewni\u0142y nam du\u017ce emocje. &hellip;<\/p>\n                <\/div>\n              <\/div>\n            <\/div>\n            <div class=\"u-blog-post u-invisible u-container-style u-repeater-item\">\n              <div class=\"u-container-layout u-similar-container u-container-layout-1\"><a class=\"u-align-center u-blog-control u-image u-image-round u-radius-20 u-image-1\" href=\"http:\/\/wisla.skoczow.pl\/?p=57615\">\n                <img decoding=\"async\" class=\"u-align-center u-blog-control u-image u-image-round u-radius-20 u-image-1\" src=\"http:\/\/wisla.skoczow.pl\/wp-content\/uploads\/2025\/06\/505376774_1297780825685781_1648075336056228417_n.jpg\"><\/a>\n                <h2 class=\"u-align-center u-blog-control u-text u-text-1\">\n                  <a class=\"u-post-header-link\" href=\"http:\/\/wisla.skoczow.pl\/?p=57615\">M\u0142odziczki U13 - Gliwice<\/a>\n                <\/h2>\n                <div class=\"u-blog-control u-post-content u-text u-text-2\"><p>\nPrzegrywamy z liderem na zako\u0144czenie rozgrywek.\n\n\n\n\"Wise\u0142ki\" podejmowa\u0142y niekwestionowanego lidera, kt\u00f3ry w tym sezonie przegra\u0142 tylko raz. &hellip;<\/p>\n                <\/div>\n              <\/div>\n            <\/div>\n            <div class=\"u-blog-post u-invisible u-container-style u-repeater-item\">\n              <div class=\"u-container-layout u-similar-container u-container-layout-2\"><a class=\"u-align-center u-blog-control u-image u-image-round u-radius-20 u-image-2\" href=\"http:\/\/wisla.skoczow.pl\/?p=57608\">\n                <img decoding=\"async\" class=\"u-align-center u-blog-control u-image u-image-round u-radius-20 u-image-2\" src=\"http:\/\/wisla.skoczow.pl\/wp-content\/uploads\/2025\/06\/projekt2.jpg\"><\/a>\n                <h2 class=\"u-align-center u-blog-control u-text u-text-3\">\n                  <a class=\"u-post-header-link\" href=\"http:\/\/wisla.skoczow.pl\/?p=57608\">Projekt Dzia\u0142aj Lokalnie 2025!<\/a>\n                <\/h2>\n                <div class=\"u-blog-control u-post-content u-text u-text-4\"><p>\nKOBIECA PI\u0141KA NO\u017bNA W WASZEJ SZKOLE\n\n\n\nUwaga dziewcz\u0119ta szk\u00f3\u0142 podstawowych powiatu cieszy\u0144skiego!\n\n\n\nWraz z nowy rokiem szkolny 2025\/2026 ruszamy z&hellip;<\/p>\n                <\/div>\n              <\/div>\n            <\/div>\n            <div class=\"u-blog-post u-invisible u-container-style u-repeater-item\">\n              <div class=\"u-container-layout u-similar-container u-container-layout-1\"><a class=\"u-align-center u-blog-control u-image u-image-round u-radius-20 u-image-1\" href=\"http:\/\/wisla.skoczow.pl\/?p=57386\">\n                <img decoding=\"async\" class=\"u-align-center u-blog-control u-image u-image-round u-radius-20 u-image-1\" src=\"http:\/\/wisla.skoczow.pl\/wp-content\/uploads\/2024\/11\/terminasz-slzpn.jpg\"><\/a>\n                <h2 class=\"u-align-center u-blog-control u-text u-text-1\">\n                  <a class=\"u-post-header-link\" href=\"http:\/\/wisla.skoczow.pl\/?p=57386\">Terminarz 18.06.2025<\/a>\n                <\/h2>\n                <div class=\"u-blog-control u-post-content u-text u-text-2\"><p>\nOstatnie spotkanie w tym sezonie rozegraj\u0105 m\u0142odziczki U13, podejmuj\u0105c zesp\u00f3\u0142 z Gliwic - lidera na w\u0142asnym boisku w \u015brod\u0119.\n\n\n\n\n\n\n\n\n<\/p>\n                <\/div>\n              <\/div>\n            <\/div>\n            <div class=\"u-blog-post u-invisible u-container-style u-repeater-item\">\n              <div class=\"u-container-layout u-similar-container u-container-layout-2\"><a class=\"u-align-center u-blog-control u-image u-image-round u-radius-20 u-image-2\" href=\"http:\/\/wisla.skoczow.pl\/?p=57373\">\n                <img decoding=\"async\" class=\"u-align-center u-blog-control u-image u-image-round u-radius-20 u-image-2\" src=\"http:\/\/wisla.skoczow.pl\/wp-content\/uploads\/2025\/05\/logo_skoczow.png\"><\/a>\n                <h2 class=\"u-align-center u-blog-control u-text u-text-3\">\n                  <a class=\"u-post-header-link\" href=\"http:\/\/wisla.skoczow.pl\/?p=57373\">Liga \u017caka \u2013 Orliczki, mecz ostatniej kolejki.<\/a>\n                <\/h2>\n                <div class=\"u-blog-control u-post-content u-text u-text-4\"><p>\nOstatnie ligowe spotkanie, a zarazem domowe rozegraj\u0105 najm\u0142odsze dziewcz\u0119ta U10, zmierz\u0105 si\u0119 z Pog\u00f3rzem w \u015brod\u0119.\n\n\n\n\n<\/p>\n                <\/div>\n              <\/div>\n            <\/div>\n            <div class=\"u-blog-post u-invisible u-container-style u-repeater-item\">\n              <div class=\"u-container-layout u-similar-container u-container-layout-1\"><a class=\"u-align-center u-blog-control u-image u-image-round u-radius-20 u-image-1\" href=\"http:\/\/wisla.skoczow.pl\/?p=57589\">\n                <img decoding=\"async\" class=\"u-align-center u-blog-control u-image u-image-round u-radius-20 u-image-1\" src=\"http:\/\/wisla.skoczow.pl\/wp-content\/uploads\/2025\/06\/504890789_1009891267967722_921292930238930049_n.jpg\"><\/a>\n                <h2 class=\"u-align-center u-blog-control u-text u-text-1\">\n                  <a class=\"u-post-header-link\" href=\"http:\/\/wisla.skoczow.pl\/?p=57589\">M\u0142odziczki U13 - Katowice<\/a>\n                <\/h2>\n                <div class=\"u-blog-control u-post-content u-text u-text-2\"><p>\nOkaza\u0142e zwyci\u0119stwo nad Katowicami - \"Wise\u0142ki\" wracaj\u0105 z trzema punktami\n\n\n\nW przedostatniej kolejce rozgrywek m\u0142odziczek, nasze zawodniczki &hellip;<\/p>\n                <\/div>\n              <\/div>\n            <\/div>\n            <div class=\"u-blog-post u-invisible u-container-style u-repeater-item\">\n              <div class=\"u-container-layout u-similar-container u-container-layout-2\"><a class=\"u-align-center u-blog-control u-image u-image-round u-radius-20 u-image-2\" href=\"http:\/\/wisla.skoczow.pl\/?p=57572\">\n                <img decoding=\"async\" class=\"u-align-center u-blog-control u-image u-image-round u-radius-20 u-image-2\" src=\"http:\/\/wisla.skoczow.pl\/wp-content\/uploads\/2025\/06\/507437433_1295090199288177_3814774289302875134_n.jpg\"><\/a>\n                <h2 class=\"u-align-center u-blog-control u-text u-text-3\">\n                  <a class=\"u-post-header-link\" href=\"http:\/\/wisla.skoczow.pl\/?p=57572\">Juniorki M\u0142odsze U16 - Krupski M\u0142yn<\/a>\n                <\/h2>\n                <div class=\"u-blog-control u-post-content u-text u-text-4\"><p>\nWygrana  w ostatnim meczu sezonu  Dzisiaj  w meczu domowym  podejmowali\u015bmy KS Nitron Krupski M\u0142yn. Od samego pocz\u0105tku to nasze zawodniczki przej\u0119\u0142y&hellip;<\/p>\n                <\/div>\n              <\/div>\n            <\/div>\n            <div class=\"u-blog-post u-invisible u-container-style u-repeater-item\">\n              <div class=\"u-container-layout u-similar-container u-container-layout-1\"><a class=\"u-align-center u-blog-control u-image u-image-round u-radius-20 u-image-1\" href=\"http:\/\/wisla.skoczow.pl\/?p=57497\">\n                <img decoding=\"async\" class=\"u-align-center u-blog-control u-image u-image-round u-radius-20 u-image-1\" src=\"http:\/\/wisla.skoczow.pl\/wp-content\/uploads\/2025\/06\/506786053_1293884662742064_3755694709791286002_n.jpg\"><\/a>\n                <h2 class=\"u-align-center u-blog-control u-text u-text-1\">\n                  <a class=\"u-post-header-link\" href=\"http:\/\/wisla.skoczow.pl\/?p=57497\">Juniorki M\u0142odsze U16 - Jastrz\u0119bie-Zdr\u00f3j<\/a>\n                <\/h2>\n                <div class=\"u-blog-control u-post-content u-text u-text-2\"><p>\nKolejne trzy punkty dopisujemy do tabeli po wczorajszym meczu Wyj\u0105tkowo, bo w czwartek rozegrali\u015bmy spotkanie na wyje\u017adzie  w Jastrz\u0119biu. Pierwsza &hellip;<\/p>\n                <\/div>\n              <\/div>\n            <\/div>\n            <div class=\"u-blog-post u-invisible u-container-style u-repeater-item\">\n              <div class=\"u-container-layout u-similar-container u-container-layout-2\"><a class=\"u-align-center u-blog-control u-image u-image-round u-radius-20 u-image-2\" href=\"http:\/\/wisla.skoczow.pl\/?p=57468\">\n                <img decoding=\"async\" class=\"u-align-center u-blog-control u-image u-image-round u-radius-20 u-image-2\" src=\"http:\/\/wisla.skoczow.pl\/wp-content\/uploads\/2025\/06\/505742851_1292100439587153_1686486729453365756_n.jpg\"><\/a>\n                <h2 class=\"u-align-center u-blog-control u-text u-text-3\">\n                  <a class=\"u-post-header-link\" href=\"http:\/\/wisla.skoczow.pl\/?p=57468\">Orliczki U10 - Golesz\u00f3w<\/a>\n                <\/h2>\n                <div class=\"u-blog-control u-post-content u-text u-text-4\"><p>\nWczoraj w meczu wyjazdowym mierzyli\u015bmy si\u0119 z LKS Golesz\u00f3w. Nasze m\u0142ode adeptki zapewni\u0142y nam fantastyczne emocje. Pierwsza po\u0142owa to skuteczne &hellip;<\/p>\n                <\/div>\n              <\/div>\n            <\/div>\n            <div class=\"u-blog-post u-invisible u-container-style u-repeater-item\">\n              <div class=\"u-container-layout u-similar-container u-container-layout-1\"><a class=\"u-align-center u-blog-control u-image u-image-round u-radius-20 u-image-1\" href=\"http:\/\/wisla.skoczow.pl\/?p=57381\">\n                <img decoding=\"async\" class=\"u-align-center u-blog-control u-image u-image-round u-radius-20 u-image-1\" src=\"http:\/\/wisla.skoczow.pl\/wp-content\/uploads\/2024\/11\/terminasz-slzpn.jpg\"><\/a>\n                <h2 class=\"u-align-center u-blog-control u-text u-text-1\">\n                  <a class=\"u-post-header-link\" href=\"http:\/\/wisla.skoczow.pl\/?p=57381\">Terminarz 12-15.06.2025<\/a>\n                <\/h2>\n                <div class=\"u-blog-control u-post-content u-text u-text-2\"><p>\nDwa spotkania rozegra w tym tygodniu nasz zesp\u00f3\u0142 Juniorek U16 - ostatni\u0105 kolejk\u0119, kt\u00f3ra zostanie na pro\u015bb\u0119 przeciwniczek z Jastrz\u0119bia-Zdroju &hellip;<\/p>\n                <\/div>\n              <\/div>\n            <\/div>\n            <div class=\"u-blog-post u-invisible u-container-style u-repeater-item\">\n              <div class=\"u-container-layout u-similar-container u-container-layout-2\"><a class=\"u-align-center u-blog-control u-image u-image-round u-radius-20 u-image-2\" href=\"http:\/\/wisla.skoczow.pl\/?p=57453\">\n                <img decoding=\"async\" class=\"u-align-center u-blog-control u-image u-image-round u-radius-20 u-image-2\" src=\"http:\/\/wisla.skoczow.pl\/wp-content\/uploads\/2025\/06\/505546618_1290546636409200_6334830243251047436_n.jpg\"><\/a>\n                <h2 class=\"u-align-center u-blog-control u-text u-text-3\">\n                  <a class=\"u-post-header-link\" href=\"http:\/\/wisla.skoczow.pl\/?p=57453\">Juniorki M\u0142odsze U16 - Wo\u017aniki<\/a>\n                <\/h2>\n                <div class=\"u-blog-control u-post-content u-text u-text-4\"><p>\nWygrywamy na wyje\u017adzie Tym razem podejmowali\u015bmy zesp\u00f3\u0142 MLKS Wo\u017aniki. Na pierwsz\u0105 bramk\u0119 przysz\u0142o nam d\u0142ugo czeka\u0107, bo zesp\u00f3\u0142 go\u015bci skutecznie &hellip;<\/p>\n                <\/div>\n              <\/div>\n            <\/div>\n            <div class=\"u-blog-post u-invisible u-container-style u-repeater-item\">\n              <div class=\"u-container-layout u-similar-container u-container-layout-1\"><a class=\"u-align-center u-blog-control u-image u-image-round u-radius-20 u-image-1\" href=\"http:\/\/wisla.skoczow.pl\/?p=57370\">\n                <img decoding=\"async\" class=\"u-align-center u-blog-control u-image u-image-round u-radius-20 u-image-1\" src=\"http:\/\/wisla.skoczow.pl\/wp-content\/uploads\/2025\/05\/logo_skoczow.png\"><\/a>\n                <h2 class=\"u-align-center u-blog-control u-text u-text-1\">\n                  <a class=\"u-post-header-link\" href=\"http:\/\/wisla.skoczow.pl\/?p=57370\">Liga \u017caka \u2013 Orliczki, mecz \u00f3smej kolejki.<\/a>\n                <\/h2>\n                <div class=\"u-blog-control u-post-content u-text u-text-2\"><p>\nSpotkanie wyjazdowe w lidze rozegraj\u0105 najm\u0142odsze dziewcz\u0119ta U10 w Goleszowie.\n\n\n\n\n<\/p>\n                <\/div>\n              <\/div>\n            <\/div>\n            <div class=\"u-blog-post u-invisible u-container-style u-repeater-item\">\n              <div class=\"u-container-layout u-similar-container u-container-layout-2\"><a class=\"u-align-center u-blog-control u-image u-image-round u-radius-20 u-image-2\" href=\"http:\/\/wisla.skoczow.pl\/?p=57401\">\n                <img decoding=\"async\" class=\"u-align-center u-blog-control u-image u-image-round u-radius-20 u-image-2\" src=\"http:\/\/wisla.skoczow.pl\/wp-content\/uploads\/2025\/06\/5869b5b6-540a-48c6-932e-ebc8fa711a22.jpeg\"><\/a>\n                <h2 class=\"u-align-center u-blog-control u-text u-text-3\">\n                  <a class=\"u-post-header-link\" href=\"http:\/\/wisla.skoczow.pl\/?p=57401\">M\u0142odziczki U13 - Ruda \u015al\u0105ska<\/a>\n                <\/h2>\n                <div class=\"u-blog-control u-post-content u-text u-text-4\"><p>\n\u274cMinimalna przegrana, po bardzo \ud83d\udd25zaci\u0119tym spotkaniu.\n\n\n\n\"Wise\u0142ki\" podejmowa\u0142y zesp\u00f3\u0142 z Rudy \u015al\u0105skiej, kt\u00f3ry od pocz\u0105tku spotkania narzuci\u0142 tempo &hellip;<\/p>\n                <\/div>\n              <\/div>\n            <\/div>\n            <div class=\"u-blog-post u-invisible u-container-style u-repeater-item\">\n              <div class=\"u-container-layout u-similar-container u-container-layout-1\"><a class=\"u-align-center u-blog-control u-image u-image-round u-radius-20 u-image-1\" href=\"http:\/\/wisla.skoczow.pl\/?p=57389\">\n                <img decoding=\"async\" class=\"u-align-center u-blog-control u-image u-image-round u-radius-20 u-image-1\" src=\"http:\/\/wisla.skoczow.pl\/wp-content\/uploads\/2025\/06\/504132038_1286428713487659_1103233185305035056_n.jpg\"><\/a>\n                <h2 class=\"u-align-center u-blog-control u-text u-text-1\">\n                  <a class=\"u-post-header-link\" href=\"http:\/\/wisla.skoczow.pl\/?p=57389\">Orliczki U10 - Nierodzim<\/a>\n                <\/h2>\n                <div class=\"u-blog-control u-post-content u-text u-text-2\"><p>\nW meczu domowym podejmowali\u015bmy KS Nierodzim. W tym upalnym dniu nasze zawodniczki pokaza\u0142y co to jest gra do ko\u0144ca. Pierwsza po\u0142owa to gra naszych &hellip;<\/p>\n                <\/div>\n              <\/div>\n            <\/div>\n            <div class=\"u-blog-post u-invisible u-container-style u-repeater-item\">\n              <div class=\"u-container-layout u-similar-container u-container-layout-2\"><a class=\"u-align-center u-blog-control u-image u-image-round u-radius-20 u-image-2\" href=\"http:\/\/wisla.skoczow.pl\/?p=57376\">\n                <img decoding=\"async\" class=\"u-align-center u-blog-control u-image u-image-round u-radius-20 u-image-2\" src=\"http:\/\/wisla.skoczow.pl\/wp-content\/uploads\/2024\/10\/terminasz-slzpn.jpg\"><\/a>\n                <h2 class=\"u-align-center u-blog-control u-text u-text-3\">\n                  <a class=\"u-post-header-link\" href=\"http:\/\/wisla.skoczow.pl\/?p=57376\">Terminarz 07-08.06.2025<\/a>\n                <\/h2>\n                <div class=\"u-blog-control u-post-content u-text u-text-4\"><p>\nW sobotnim domowym spotkaniu m\u0142odziczki U13 podejm\u0105 rywalki z Rudy \u015al\u0105skiej, natomiast Juniorki U16 dzie\u0144 p\u00f3\u017aniej pojad\u0105 do Wo\u017anik powalczy\u0107 o &hellip;<\/p>\n                <\/div>\n              <\/div>\n            <\/div>\n            <div class=\"u-blog-post u-invisible u-container-style u-repeater-item\">\n              <div class=\"u-container-layout u-similar-container u-container-layout-1\"><a class=\"u-align-center u-blog-control u-image u-image-round u-radius-20 u-image-1\" href=\"http:\/\/wisla.skoczow.pl\/?p=57367\">\n                <img decoding=\"async\" class=\"u-align-center u-blog-control u-image u-image-round u-radius-20 u-image-1\" src=\"http:\/\/wisla.skoczow.pl\/wp-content\/uploads\/2025\/05\/logo_skoczow.png\"><\/a>\n                <h2 class=\"u-align-center u-blog-control u-text u-text-1\">\n                  <a class=\"u-post-header-link\" href=\"http:\/\/wisla.skoczow.pl\/?p=57367\">Liga \u017caka \u2013 Orliczki, mecz si\u00f3dmej kolejki.<\/a>\n                <\/h2>\n                <div class=\"u-blog-control u-post-content u-text u-text-2\"><p>\nKolejne spotkanie domowe w lidze rozegraj\u0105 najm\u0142odsze dziewcz\u0119ta U10, zmierz\u0105 si\u0119 z Nierodzimiem w \u015brod\u0119.\n\n\n\n\n<\/p>\n                <\/div>\n              <\/div>\n            <\/div>\n            <div class=\"u-blog-post u-invisible u-container-style u-repeater-item\">\n              <div class=\"u-container-layout u-similar-container u-container-layout-2\"><a class=\"u-align-center u-blog-control u-image u-image-round u-radius-20 u-image-2\" href=\"http:\/\/wisla.skoczow.pl\/?p=57409\">\n                <img decoding=\"async\" class=\"u-align-center u-blog-control u-image u-image-round u-radius-20 u-image-2\" src=\"http:\/\/wisla.skoczow.pl\/wp-content\/uploads\/2025\/06\/IMG-20250609-WA0049.jpg\"><\/a>\n                <h2 class=\"u-align-center u-blog-control u-text u-text-3\">\n                  <a class=\"u-post-header-link\" href=\"http:\/\/wisla.skoczow.pl\/?p=57409\">M\u0142odziczki U13 - Kozy<\/a>\n                <\/h2>\n                <div class=\"u-blog-control u-post-content u-text u-text-4\"><p>\n\ud83d\udd25Remis w Kozach - do zwyci\u0119stwa zabrak\u0142o niewiele.\n\n\n\nNasze zawodniczki wysz\u0142y na boisko bojowo nastawione. Od samego pocz\u0105tku by\u0142o wida\u0107, \u017ce &hellip;<\/p>\n                <\/div>\n              <\/div>\n            <\/div>\n            <div class=\"u-blog-post u-invisible u-container-style u-repeater-item\">\n              <div class=\"u-container-layout u-similar-container u-container-layout-1\"><a class=\"u-align-center u-blog-control u-image u-image-round u-radius-20 u-image-1\" href=\"http:\/\/wisla.skoczow.pl\/?p=57333\">\n                <img decoding=\"async\" class=\"u-align-center u-blog-control u-image u-image-round u-radius-20 u-image-1\" src=\"http:\/\/wisla.skoczow.pl\/wp-content\/uploads\/2025\/06\/502536547_1282149407248923_3556496685841569754_n.jpg\"><\/a>\n                <h2 class=\"u-align-center u-blog-control u-text u-text-1\">\n                  <a class=\"u-post-header-link\" href=\"http:\/\/wisla.skoczow.pl\/?p=57333\">Juniorki M\u0142odsze U16 - Wodzis\u0142aw \u015al\u0105ski<\/a>\n                <\/h2>\n                <div class=\"u-blog-control u-post-content u-text u-text-2\"><p>\nZdobywamy  punkty na wyje\u017adzie Dzisiaj w blasku s\u0142o\u0144ca  mierzyli\u015bmy si\u0119 z SWD Wodzis\u0142aw \u015al\u0105ski. Od pocz\u0105tku nastawiali\u015bmy si\u0119 na walk\u0119  i tak te\u017c &hellip;<\/p>\n                <\/div>\n              <\/div>\n            <\/div>\n            <div class=\"u-blog-post u-invisible u-container-style u-repeater-item\">\n              <div class=\"u-container-layout u-similar-container u-container-layout-2\"><a class=\"u-align-center u-blog-control u-image u-image-round u-radius-20 u-image-2\" href=\"http:\/\/wisla.skoczow.pl\/?p=57222\">\n                <img decoding=\"async\" class=\"u-align-center u-blog-control u-image u-image-round u-radius-20 u-image-2\" src=\"http:\/\/wisla.skoczow.pl\/wp-content\/uploads\/2025\/06\/502680765_1282100477253816_3334454079944954530_n.jpg\"><\/a>\n                <h2 class=\"u-align-center u-blog-control u-text u-text-3\">\n                  <a class=\"u-post-header-link\" href=\"http:\/\/wisla.skoczow.pl\/?p=57222\">Orliczki U10 - Lukam<\/a>\n                <\/h2>\n                <div class=\"u-blog-control u-post-content u-text u-text-4\"><p>\nTym razem nasz mecz odby\u0142 si\u0119 na wyje\u017adzie, a podejmowali\u015bmy Lukam Skocz\u00f3w. Mieli\u015bmy okazj\u0119 ogl\u0105da\u0107 wiele fantastycznych sytuacji i rozgrywania &hellip;<\/p>\n                <\/div>\n              <\/div>\n            <\/div>\n            <div class=\"u-blog-post u-invisible u-container-style u-repeater-item\">\n              <div class=\"u-container-layout u-similar-container u-container-layout-1\"><a class=\"u-align-center u-blog-control u-image u-image-round u-radius-20 u-image-1\" href=\"http:\/\/wisla.skoczow.pl\/?p=57363\">\n                <img decoding=\"async\" class=\"u-align-center u-blog-control u-image u-image-round u-radius-20 u-image-1\" src=\"http:\/\/wisla.skoczow.pl\/wp-content\/uploads\/2024\/11\/terminasz-slzpn.jpg\"><\/a>\n                <h2 class=\"u-align-center u-blog-control u-text u-text-1\">\n                  <a class=\"u-post-header-link\" href=\"http:\/\/wisla.skoczow.pl\/?p=57363\">Terminarz 31.05 - 01.06.2025<\/a>\n                <\/h2>\n                <div class=\"u-blog-control u-post-content u-text u-text-2\"><p>\nW wyjazdowym spotkaniu m\u0142odziczki powalcz\u0105 o kolejne punkty z zespo\u0142em z K\u00f3z. Juniorki rozegraj\u0105 spotkanie na wyje\u017adzie w Wodzis\u0142awiem \u015al\u0105skim. \n\n\n&hellip;<\/p>\n                <\/div>\n              <\/div>\n            <\/div>\n            <div class=\"u-blog-post u-invisible u-container-style u-repeater-item\">\n              <div class=\"u-container-layout u-similar-container u-container-layout-2\"><a class=\"u-align-center u-blog-control u-image u-image-round u-radius-20 u-image-2\" href=\"http:\/\/wisla.skoczow.pl\/?p=57219\">\n                <img decoding=\"async\" class=\"u-align-center u-blog-control u-image u-image-round u-radius-20 u-image-2\" src=\"http:\/\/wisla.skoczow.pl\/wp-content\/uploads\/2025\/05\/logo_skoczow.png\"><\/a>\n                <h2 class=\"u-align-center u-blog-control u-text u-text-3\">\n                  <a class=\"u-post-header-link\" href=\"http:\/\/wisla.skoczow.pl\/?p=57219\">Liga \u017caka \u2013 Orliczki, mecz sz\u00f3stej kolejki.<\/a>\n                <\/h2>\n                <div class=\"u-blog-control u-post-content u-text u-text-4\"><p>\nKolejne spotkanie w lidze rozegraj\u0105 najm\u0142odsze dziewcz\u0119ta U10 na wyje\u017adzie w Mi\u0119dzy\u015bwieciu z Lukamem, kt\u00f3re odb\u0119dzie si\u0119 w \u015brod\u0119.\n\n\n\n\n<\/p>\n                <\/div>\n              <\/div>\n            <\/div>\n            <div class=\"u-blog-post u-invisible u-container-style u-repeater-item\">\n              <div class=\"u-container-layout u-similar-container u-container-layout-1\"><a class=\"u-align-center u-blog-control u-image u-image-round u-radius-20 u-image-1\" href=\"http:\/\/wisla.skoczow.pl\/?p=57411\">\n                <img decoding=\"async\" class=\"u-align-center u-blog-control u-image u-image-round u-radius-20 u-image-1\" src=\"http:\/\/wisla.skoczow.pl\/wp-content\/uploads\/2025\/05\/IMG-20250609-WA0021.jpg\"><\/a>\n                <h2 class=\"u-align-center u-blog-control u-text u-text-1\">\n                  <a class=\"u-post-header-link\" href=\"http:\/\/wisla.skoczow.pl\/?p=57411\">M\u0142odziczki U13 - Wo\u017aniki<\/a>\n                <\/h2>\n                <div class=\"u-blog-control u-post-content u-text u-text-2\"><p>\nFestiwal\ud83d\udca5 bramek i dobra gra \ud83d\udc99\u2764\ud83d\udc9b\"Wise\u0142ek\", trzy punkty zostaj\u0105 w Skoczowie\u203c\n\n\n\nSpotkanie rozpocz\u0119li\u015bmy od szybkiego wyj\u015bcia na prowadzenie w 5 &hellip;<\/p>\n                <\/div>\n              <\/div>\n            <\/div>\n            <div class=\"u-blog-post u-invisible u-container-style u-repeater-item\">\n              <div class=\"u-container-layout u-similar-container u-container-layout-2\"><a class=\"u-align-center u-blog-control u-image u-image-round u-radius-20 u-image-2\" href=\"http:\/\/wisla.skoczow.pl\/?p=57318\">\n                <img decoding=\"async\" class=\"u-align-center u-blog-control u-image u-image-round u-radius-20 u-image-2\" src=\"http:\/\/wisla.skoczow.pl\/wp-content\/uploads\/2025\/06\/500756256_1277112671085930_6087389410536536444_n.jpg\"><\/a>\n                <h2 class=\"u-align-center u-blog-control u-text u-text-3\">\n                  <a class=\"u-post-header-link\" href=\"http:\/\/wisla.skoczow.pl\/?p=57318\">Sparing U10 - Zabrzeg<\/a>\n                <\/h2>\n                <div class=\"u-blog-control u-post-content u-text u-text-4\"><p>\nWczoraj rozegrali\u015bmy sparing rewan\u017cowy z dziewczynami LKS Sok\u00f3\u0142 Zabrzeg tym razem na wyje\u017adzie. Tak jak poprzednim razem nasze dziewczyny wraz ze &hellip;<\/p>\n                <\/div>\n              <\/div>\n            <\/div>\n            <div class=\"u-blog-post u-invisible u-container-style u-repeater-item\">\n              <div class=\"u-container-layout u-similar-container u-container-layout-1\"><a class=\"u-align-center u-blog-control u-image u-image-round u-radius-20 u-image-1\" href=\"http:\/\/wisla.skoczow.pl\/?p=57248\">\n                <img decoding=\"async\" class=\"u-align-center u-blog-control u-image u-image-round u-radius-20 u-image-1\" src=\"http:\/\/wisla.skoczow.pl\/wp-content\/uploads\/2025\/06\/499932934_1276992841097913_8745692048263812287_n.jpg\"><\/a>\n                <h2 class=\"u-align-center u-blog-control u-text u-text-1\">\n                  <a class=\"u-post-header-link\" href=\"http:\/\/wisla.skoczow.pl\/?p=57248\">Juniorki M\u0142odsze U16 - \u017bywiec<\/a>\n                <\/h2>\n                <div class=\"u-blog-control u-post-content u-text u-text-2\"><p>\nWczoraj w meczu wyjazdowym  podejmowali\u015bmy lidera TS Mitech \u017bywiec. Mecz zacz\u0105\u0142 si\u0119 dla nas fantastycznie  swoj\u0105 pierwsz\u0105 bramk\u0119 w barwach &hellip;<\/p>\n                <\/div>\n              <\/div>\n            <\/div>\n            <div class=\"u-blog-post u-invisible u-container-style u-repeater-item\">\n              <div class=\"u-container-layout u-similar-container u-container-layout-2\"><a class=\"u-align-center u-blog-control u-image u-image-round u-radius-20 u-image-2\" href=\"http:\/\/wisla.skoczow.pl\/?p=57160\">\n                <img decoding=\"async\" class=\"u-align-center u-blog-control u-image u-image-round u-radius-20 u-image-2\" src=\"http:\/\/wisla.skoczow.pl\/wp-content\/uploads\/2025\/06\/499699254_1276143207849543_4931234277538339353_n.jpg\"><\/a>\n                <h2 class=\"u-align-center u-blog-control u-text u-text-3\">\n                  <a class=\"u-post-header-link\" href=\"http:\/\/wisla.skoczow.pl\/?p=57160\">Orliczki U10 - Brenna-G\u00f3rki<\/a>\n                <\/h2>\n                <div class=\"u-blog-control u-post-content u-text u-text-4\"><p>\nKolejne spotkanie domowe za nami, tym razem naszym przeciwnikiem by\u0142 zesp\u00f3\u0142 MKS Brenna-G\u00f3rki. Nasze zawodniczki zapewni\u0142y nam fantastyczne &hellip;<\/p>\n                <\/div>\n              <\/div>\n            <\/div>\n            <div class=\"u-blog-post u-invisible u-container-style u-repeater-item\">\n              <div class=\"u-container-layout u-similar-container u-container-layout-1\"><a class=\"u-align-center u-blog-control u-image u-image-round u-radius-20 u-image-1\" href=\"http:\/\/wisla.skoczow.pl\/?p=57244\">\n                <img decoding=\"async\" class=\"u-align-center u-blog-control u-image u-image-round u-radius-20 u-image-1\" src=\"http:\/\/wisla.skoczow.pl\/wp-content\/uploads\/2024\/10\/terminasz-slzpn.jpg\"><\/a>\n                <h2 class=\"u-align-center u-blog-control u-text u-text-1\">\n                  <a class=\"u-post-header-link\" href=\"http:\/\/wisla.skoczow.pl\/?p=57244\">Terminarz 24.05.2025<\/a>\n                <\/h2>\n                <div class=\"u-blog-control u-post-content u-text u-text-2\"><p>\nW domowym spotkaniu zawodniczki zespo\u0142u U13 b\u0119d\u0105 podejmowa\u0107 w rewan\u017cowym spotkaniu MLKS Wo\u017aniki. Natomiast Juniorki U16 w wyjazdowym spotkaniu &hellip;<\/p>\n                <\/div>\n              <\/div>\n            <\/div>\n            <div class=\"u-blog-post u-invisible u-container-style u-repeater-item\">\n              <div class=\"u-container-layout u-similar-container u-container-layout-2\"><a class=\"u-align-center u-blog-control u-image u-image-round u-radius-20 u-image-2\" href=\"http:\/\/wisla.skoczow.pl\/?p=57215\">\n                <img decoding=\"async\" class=\"u-align-center u-blog-control u-image u-image-round u-radius-20 u-image-2\" src=\"http:\/\/wisla.skoczow.pl\/wp-content\/uploads\/2025\/05\/logo_skoczow.png\"><\/a>\n                <h2 class=\"u-align-center u-blog-control u-text u-text-3\">\n                  <a class=\"u-post-header-link\" href=\"http:\/\/wisla.skoczow.pl\/?p=57215\">Liga \u017caka \u2013 Orliczki, mecz pi\u0105tej kolejki.<\/a>\n                <\/h2>\n                <div class=\"u-blog-control u-post-content u-text u-text-4\"><p>\nSwoje kolejne spotkanie w lidze rozegraj\u0105 najm\u0142odsze dziewcz\u0119ta U10. Mecz domowy w Wi\u015blicy odb\u0119dzie si\u0119 w \u015brod\u0119.\n\n\n\n\n<\/p>\n                <\/div>\n              <\/div>\n            <\/div>\n            <div class=\"u-blog-post u-invisible u-container-style u-repeater-item\">\n              <div class=\"u-container-layout u-similar-container u-container-layout-1\"><a class=\"u-align-center u-blog-control u-image u-image-round u-radius-20 u-image-1\" href=\"http:\/\/wisla.skoczow.pl\/?p=57146\">\n                <img decoding=\"async\" class=\"u-align-center u-blog-control u-image u-image-round u-radius-20 u-image-1\" src=\"http:\/\/wisla.skoczow.pl\/wp-content\/uploads\/2025\/06\/499693036_1272555361541661_1873502276385648537_n-1.jpg\"><\/a>\n                <h2 class=\"u-align-center u-blog-control u-text u-text-1\">\n                  <a class=\"u-post-header-link\" href=\"http:\/\/wisla.skoczow.pl\/?p=57146\">Juniorki M\u0142odsze U16 - Wo\u017aniki<\/a>\n                <\/h2>\n                <div class=\"u-blog-control u-post-content u-text u-text-2\"><p>\nWygrywamy,  punkty zostaj\u0105 w Skoczowie. Kolejne spotkanie domowe  za nami, a naszymi przeciwniczkami by\u0142y zawodniczki MLKS Wo\u017aniki. Od samego &hellip;<\/p>\n                <\/div>\n              <\/div>\n            <\/div>\n            <div class=\"u-blog-post u-invisible u-container-style u-repeater-item\">\n              <div class=\"u-container-layout u-similar-container u-container-layout-2\"><a class=\"u-align-center u-blog-control u-image u-image-round u-radius-20 u-image-2\" href=\"http:\/\/wisla.skoczow.pl\/?p=57413\">\n                <img decoding=\"async\" class=\"u-align-center u-blog-control u-image u-image-round u-radius-20 u-image-2\" src=\"http:\/\/wisla.skoczow.pl\/wp-content\/uploads\/2025\/05\/Zdjecie-WhatsApp-2025-06-09-o-18.55.53_a823338e.jpg\"><\/a>\n                <h2 class=\"u-align-center u-blog-control u-text u-text-3\">\n                  <a class=\"u-post-header-link\" href=\"http:\/\/wisla.skoczow.pl\/?p=57413\">M\u0142odziczki U13 - Jankowice<\/a>\n                <\/h2>\n                <div class=\"u-blog-control u-post-content u-text u-text-4\"><p>\n\u274cPrzegrywamy w Jankowicach po meczu, w kt\u00f3rym mogli\u015bmy zagra\u0107 du\u017co lepiej.\n\n\n\nNiezbyt dobre rozpocz\u0119cie, zawa\u017cy\u0142o o przebiegu spotkania. Dziewcz\u0119ta&hellip;<\/p>\n                <\/div>\n              <\/div>\n            <\/div>\n            <div class=\"u-blog-post u-invisible u-container-style u-repeater-item\">\n              <div class=\"u-container-layout u-similar-container u-container-layout-1\"><a class=\"u-align-center u-blog-control u-image u-image-round u-radius-20 u-image-1\" href=\"http:\/\/wisla.skoczow.pl\/?p=57205\">\n                <img decoding=\"async\" class=\"u-align-center u-blog-control u-image u-image-round u-radius-20 u-image-1\" src=\"http:\/\/wisla.skoczow.pl\/wp-content\/uploads\/2025\/06\/498161262_1270045061792691_6774881174195578538_n.jpg\"><\/a>\n                <h2 class=\"u-align-center u-blog-control u-text u-text-1\">\n                  <a class=\"u-post-header-link\" href=\"http:\/\/wisla.skoczow.pl\/?p=57205\">Orliczki U10 - Ha\u017clach<\/a>\n                <\/h2>\n                <div class=\"u-blog-control u-post-content u-text u-text-2\"><p>\nNa wyje\u017adzie podejmowali\u015bmy LKS Victoria Ha\u017clach. Do meczu podeszli\u015bmy w mocno okrojonym sk\u0142adzie, bo tylko z jedn\u0105 zmian\u0105. By\u0142a to \u015bwietna okazja &hellip;<\/p>\n                <\/div>\n              <\/div>\n            <\/div>\n            <div class=\"u-blog-post u-invisible u-container-style u-repeater-item\">\n              <div class=\"u-container-layout u-similar-container u-container-layout-2\"><a class=\"u-align-center u-blog-control u-image u-image-round u-radius-20 u-image-2\" href=\"http:\/\/wisla.skoczow.pl\/?p=57130\">\n                <img decoding=\"async\" class=\"u-align-center u-blog-control u-image u-image-round u-radius-20 u-image-2\" src=\"http:\/\/wisla.skoczow.pl\/wp-content\/uploads\/2024\/11\/terminasz-slzpn.jpg\"><\/a>\n                <h2 class=\"u-align-center u-blog-control u-text u-text-3\">\n                  <a class=\"u-post-header-link\" href=\"http:\/\/wisla.skoczow.pl\/?p=57130\">Terminarz 17-18.05.2025<\/a>\n                <\/h2>\n                <div class=\"u-blog-control u-post-content u-text u-text-4\"><p>\nM\u0142odziczki w wyjazdowym spotkaniu b\u0119d\u0105 mierzy\u0107 si\u0119 z LKS Znicz Jankowice - w pierwszym spotkaniu nasze dziewcz\u0119ta pokona\u0142y rywalki 4:1 w spotkaniu &hellip;<\/p>\n                <\/div>\n              <\/div>\n            <\/div>\n            <div class=\"u-blog-post u-invisible u-container-style u-repeater-item\">\n              <div class=\"u-container-layout u-similar-container u-container-layout-1\"><a class=\"u-align-center u-blog-control u-image u-image-round u-radius-20 u-image-1\" href=\"http:\/\/wisla.skoczow.pl\/?p=57127\">\n                <img decoding=\"async\" class=\"u-align-center u-blog-control u-image u-image-round u-radius-20 u-image-1\" src=\"http:\/\/wisla.skoczow.pl\/wp-content\/uploads\/2025\/05\/logo_skoczow.png\"><\/a>\n                <h2 class=\"u-align-center u-blog-control u-text u-text-1\">\n                  <a class=\"u-post-header-link\" href=\"http:\/\/wisla.skoczow.pl\/?p=57127\">Liga \u017caka - Orliczki, mecz czwartej kolejki.<\/a>\n                <\/h2>\n                <div class=\"u-blog-control u-post-content u-text u-text-2\"><p>\nSwoje kolejne spotkanie w lidze rozegraj\u0105 najm\u0142odsze dziewcz\u0119ta U10. Wyjazdowy mecz w Ha\u017clachu odb\u0119dzie si\u0119 w \u015brod\u0119.\n\n\n\n\n\n\n\n\n<\/p>\n                <\/div>\n              <\/div>\n            <\/div>\n            <div class=\"u-blog-post u-invisible u-container-style u-repeater-item\">\n              <div class=\"u-container-layout u-similar-container u-container-layout-2\"><a class=\"u-align-center u-blog-control u-image u-image-round u-radius-20 u-image-2\" href=\"http:\/\/wisla.skoczow.pl\/?p=57185\">\n                <img decoding=\"async\" class=\"u-align-center u-blog-control u-image u-image-round u-radius-20 u-image-2\" src=\"http:\/\/wisla.skoczow.pl\/wp-content\/uploads\/2025\/06\/IMG-20250513-WA0017.jpg\"><\/a>\n                <h2 class=\"u-align-center u-blog-control u-text u-text-3\">\n                  <a class=\"u-post-header-link\" href=\"http:\/\/wisla.skoczow.pl\/?p=57185\">M\u0142odziczki U13 - Chorz\u00f3w<\/a>\n                <\/h2>\n                <div class=\"u-blog-control u-post-content u-text u-text-4\"><p>\nPewne zwyci\u0119stwo \ud83d\udc99\u2764\ud83d\udc9b\"Wise\u0142ek\" w lidze m\u0142odziczek z Ruchem Chorz\u00f3w!\n\n\n\nPi\u0119kne widowisko stworzy\u0142y nasze zawodniczki, pi\u0142ka chodzi\u0142a jak po sznurku. &hellip;<\/p>\n                <\/div>\n              <\/div>\n            <\/div>\n            <div class=\"u-blog-post u-invisible u-container-style u-repeater-item\">\n              <div class=\"u-container-layout u-similar-container u-container-layout-1\"><a class=\"u-align-center u-blog-control u-image u-image-round u-radius-20 u-image-1\" href=\"http:\/\/wisla.skoczow.pl\/?p=57114\">\n                <img decoding=\"async\" class=\"u-align-center u-blog-control u-image u-image-round u-radius-20 u-image-1\" src=\"http:\/\/wisla.skoczow.pl\/wp-content\/uploads\/2025\/05\/497580683_1266935608770303_832179570642292086_n-1.jpg\"><\/a>\n                <h2 class=\"u-align-center u-blog-control u-text u-text-1\">\n                  <a class=\"u-post-header-link\" href=\"http:\/\/wisla.skoczow.pl\/?p=57114\">Juniorki M\u0142odsze U16 - Wodzis\u0142aw \u015al\u0105ski<\/a>\n                <\/h2>\n                <div class=\"u-blog-control u-post-content u-text u-text-2\"><p>\nW niedzielne popo\u0142udnie rozegrali\u015bmy kolejne spotkanie domowe , a podejmowali\u015bmy SWD Wodzis\u0142aw \u015al\u0105ski. Od samego pocz\u0105tku napierali\u015bmy na &hellip;<\/p>\n                <\/div>\n              <\/div>\n            <\/div>\n            <div class=\"u-blog-post u-invisible u-container-style u-repeater-item\">\n              <div class=\"u-container-layout u-similar-container u-container-layout-2\"><a class=\"u-align-center u-blog-control u-image u-image-round u-radius-20 u-image-2\" href=\"http:\/\/wisla.skoczow.pl\/?p=57088\">\n                <img decoding=\"async\" class=\"u-align-center u-blog-control u-image u-image-round u-radius-20 u-image-2\" src=\"http:\/\/wisla.skoczow.pl\/wp-content\/uploads\/2025\/05\/495610294_1264253509038513_2674570669085956437_n.jpg\"><\/a>\n                <h2 class=\"u-align-center u-blog-control u-text u-text-3\">\n                  <a class=\"u-post-header-link\" href=\"http:\/\/wisla.skoczow.pl\/?p=57088\">Orliczki U10 - Cieszyn<\/a>\n                <\/h2>\n                <div class=\"u-blog-control u-post-content u-text u-text-4\"><p>\nPierwszy mecz domowy za nami, a tym razem naszym przeciwnikiem by\u0142 CKS Piast Cieszyn. Walka dziewczyn zapewni\u0142a nam \u015bwietne widowisko. W\u0142a\u015bnie &hellip;<\/p>\n                <\/div>\n              <\/div>\n            <\/div>\n            <div class=\"u-blog-post u-invisible u-container-style u-repeater-item\">\n              <div class=\"u-container-layout u-similar-container u-container-layout-1\"><a class=\"u-align-center u-blog-control u-image u-image-round u-radius-20 u-image-1\" href=\"http:\/\/wisla.skoczow.pl\/?p=57068\">\n                <img decoding=\"async\" class=\"u-align-center u-blog-control u-image u-image-round u-radius-20 u-image-1\" src=\"http:\/\/wisla.skoczow.pl\/wp-content\/uploads\/2025\/05\/494957268_1261363469327517_261452530366624903_n.jpg\"><\/a>\n                <h2 class=\"u-align-center u-blog-control u-text u-text-1\">\n                  <a class=\"u-post-header-link\" href=\"http:\/\/wisla.skoczow.pl\/?p=57068\">Juniorki M\u0142odsze U16 - Jastrz\u0119bie Zdr\u00f3j<\/a>\n                <\/h2>\n                <div class=\"u-blog-control u-post-content u-text u-text-2\"><p>\nKolejny mecz za nami, tym razem w spotkaniu domowym  podejmowali\u015bmy UKS Akademia Pi\u0142karska SJZ Jastrz\u0119bie-Zdr\u00f3j. Od samego pocz\u0105tku mecz wyr\u00f3wnany &hellip;<\/p>\n                <\/div>\n              <\/div>\n            <\/div>\n            <div class=\"u-blog-post u-invisible u-container-style u-repeater-item\">\n              <div class=\"u-container-layout u-similar-container u-container-layout-2\"><a class=\"u-align-center u-blog-control u-image u-image-round u-radius-20 u-image-2\" href=\"http:\/\/wisla.skoczow.pl\/?p=57054\">\n                <img decoding=\"async\" class=\"u-align-center u-blog-control u-image u-image-round u-radius-20 u-image-2\" src=\"http:\/\/wisla.skoczow.pl\/wp-content\/uploads\/2025\/05\/494567173_122176659308284582_8410827423756415770_n-1.jpg\"><\/a>\n                <h2 class=\"u-align-center u-blog-control u-text u-text-3\">\n                  <a class=\"u-post-header-link\" href=\"http:\/\/wisla.skoczow.pl\/?p=57054\">M\u0142odziczki U13 - Gliwice<\/a>\n                <\/h2>\n                <div class=\"u-blog-control u-post-content u-text u-text-4\"><p>\n\"Wise\u0142ki\" musia\u0142y uzna\u0107 wy\u017cszo\u015b\u0107 lidera - wracamy pokonani.\n\n\n\nW minion\u0105 sobot\u0119 dziewcz\u0119ta rywalizowa\u0142y z najmocniejszym zespo\u0142em w lidze. Fakt, \u017ce&hellip;<\/p>\n                <\/div>\n              <\/div>\n            <\/div>\n            <div class=\"u-blog-post u-invisible u-container-style u-repeater-item\">\n              <div class=\"u-container-layout u-similar-container u-container-layout-1\"><a class=\"u-align-center u-blog-control u-image u-image-round u-radius-20 u-image-1\" href=\"http:\/\/wisla.skoczow.pl\/?p=57084\">\n                <img decoding=\"async\" class=\"u-align-center u-blog-control u-image u-image-round u-radius-20 u-image-1\" src=\"http:\/\/wisla.skoczow.pl\/wp-content\/uploads\/2025\/05\/logo_skoczow.png\"><\/a>\n                <h2 class=\"u-align-center u-blog-control u-text u-text-1\">\n                  <a class=\"u-post-header-link\" href=\"http:\/\/wisla.skoczow.pl\/?p=57084\">Liga \u017caka - Orliczki, mecz trzeciej kolejki.<\/a>\n                <\/h2>\n                <div class=\"u-blog-control u-post-content u-text u-text-2\"><p>\nTrzecie spotkanie w lidze rozegraj\u0105 najm\u0142odsze dziewcz\u0119ta U10, podejmuj\u0105c ch\u0142opc\u00f3w z Cieszyna. Domowy mecz w Wi\u015blicy odb\u0119dzie si\u0119 w \u015brod\u0119 - &hellip;<\/p>\n                <\/div>\n              <\/div>\n            <\/div>\n            <div class=\"u-blog-post u-invisible u-container-style u-repeater-item\">\n              <div class=\"u-container-layout u-similar-container u-container-layout-2\"><a class=\"u-align-center u-blog-control u-image u-image-round u-radius-20 u-image-2\" href=\"http:\/\/wisla.skoczow.pl\/?p=57040\">\n                <img decoding=\"async\" class=\"u-align-center u-blog-control u-image u-image-round u-radius-20 u-image-2\" src=\"http:\/\/wisla.skoczow.pl\/wp-content\/uploads\/2025\/05\/495066436_1258378639626000_2433157191042457409_n.jpg\"><\/a>\n                <h2 class=\"u-align-center u-blog-control u-text u-text-3\">\n                  <a class=\"u-post-header-link\" href=\"http:\/\/wisla.skoczow.pl\/?p=57040\">Orliczki U10 - Strumie\u0144<\/a>\n                <\/h2>\n                <div class=\"u-blog-control u-post-content u-text u-text-4\"><p>\nKolejne spotkanie za nami, tym razem na wyje\u017adzie zmierzyli\u015bmy si\u0119 z LKS Wis\u0142a Strumie\u0144. Mecz zapowiada\u0142 si\u0119 emocjonuj\u0105co i tak te\u017c by\u0142o. W &hellip;<\/p>\n                <\/div>\n              <\/div>\n            <\/div>\n            <div class=\"u-blog-post u-invisible u-container-style u-repeater-item\">\n              <div class=\"u-container-layout u-similar-container u-container-layout-1\"><a class=\"u-align-center u-blog-control u-image u-image-round u-radius-20 u-image-1\" href=\"http:\/\/wisla.skoczow.pl\/?p=56997\">\n                <img decoding=\"async\" class=\"u-align-center u-blog-control u-image u-image-round u-radius-20 u-image-1\" src=\"http:\/\/wisla.skoczow.pl\/wp-content\/uploads\/2025\/05\/495140968_1257096526420878_8574290206969160635_n.jpg\"><\/a>\n                <h2 class=\"u-align-center u-blog-control u-text u-text-1\">\n                  <a class=\"u-post-header-link\" href=\"http:\/\/wisla.skoczow.pl\/?p=56997\">Pi\u0142karski mecz stra\u017cacy vs dziewczyny!<\/a>\n                <\/h2>\n                <div class=\"u-blog-control u-post-content u-text u-text-2\"><p>\n To by\u0142 pi\u0119kny dzie\u0144 pe\u0142en emocji, u\u015bmiech\u00f3w i dobra!  1 maja 2025 na boisku szkolnym w G\u00f3rkach Wielkich odby\u0142 si\u0119 charytatywny mecz pi\u0142ki no\u017cnej: &hellip;<\/p>\n                <\/div>\n              <\/div>\n            <\/div>\n            <div class=\"u-blog-post u-invisible u-container-style u-repeater-item\">\n              <div class=\"u-container-layout u-similar-container u-container-layout-2\"><a class=\"u-align-center u-blog-control u-image u-image-round u-radius-20 u-image-2\" href=\"http:\/\/wisla.skoczow.pl\/?p=56990\">\n                <img decoding=\"async\" class=\"u-align-center u-blog-control u-image u-image-round u-radius-20 u-image-2\" src=\"http:\/\/wisla.skoczow.pl\/wp-content\/uploads\/2024\/11\/terminasz-slzpn.jpg\"><\/a>\n                <h2 class=\"u-align-center u-blog-control u-text u-text-3\">\n                  <a class=\"u-post-header-link\" href=\"http:\/\/wisla.skoczow.pl\/?p=56990\">Terminarz 03-04.05.2025<\/a>\n                <\/h2>\n                <div class=\"u-blog-control u-post-content u-text u-text-4\"><p>\nM\u0142odziczki rozegraj\u0105 spotkanie w sobot\u0119 na wyje\u017adzie w Gliwicach z tamtejszym liderem ligi. Juniorki m\u0142odsze w niedziel\u0119 podejm\u0105 w spotkaniu &hellip;<\/p>\n                <\/div>\n              <\/div>\n            <\/div>\n            <div class=\"u-blog-post u-invisible u-container-style u-repeater-item\">\n              <div class=\"u-container-layout u-similar-container u-container-layout-1\"><a class=\"u-align-center u-blog-control u-image u-image-round u-radius-20 u-image-1\" href=\"http:\/\/wisla.skoczow.pl\/?p=56968\">\n                <img decoding=\"async\" class=\"u-align-center u-blog-control u-image u-image-round u-radius-20 u-image-1\" src=\"http:\/\/wisla.skoczow.pl\/wp-content\/uploads\/2025\/05\/491232725_1251269037003627_4652498034600961802_n.jpg\"><\/a>\n                <h2 class=\"u-align-center u-blog-control u-text u-text-1\">\n                  <a class=\"u-post-header-link\" href=\"http:\/\/wisla.skoczow.pl\/?p=56968\">CHARYTATYWNIE DLA RODZINY PASTERNYCH<\/a>\n                <\/h2>\n                <div class=\"u-blog-control u-post-content u-text u-text-2\"><p>\n Niech dobro zagra pierwsze skrzypce \u2013 a w\u0142a\u015bciwie\u2026 pierwsz\u0105 pi\u0142k\u0119! \n\n\n\n Stra\u017cacy vs Dziewczyny \u2013 Mecz Charytatywny! \n\n\n\nJu\u017c 1 maja 2025 o godz. &hellip;<\/p>\n                <\/div>\n              <\/div>\n            <\/div>\n            <div class=\"u-blog-post u-invisible u-container-style u-repeater-item\">\n              <div class=\"u-container-layout u-similar-container u-container-layout-2\"><a class=\"u-align-center u-blog-control u-image u-image-round u-radius-20 u-image-2\" href=\"http:\/\/wisla.skoczow.pl\/?p=56994\">\n                <img decoding=\"async\" class=\"u-align-center u-blog-control u-image u-image-round u-radius-20 u-image-2\" src=\"http:\/\/wisla.skoczow.pl\/wp-content\/uploads\/2025\/05\/logo_skoczow.png\"><\/a>\n                <h2 class=\"u-align-center u-blog-control u-text u-text-3\">\n                  <a class=\"u-post-header-link\" href=\"http:\/\/wisla.skoczow.pl\/?p=56994\">Liga \u017caka - Orliczki, mecz drugiej kolejki.<\/a>\n                <\/h2>\n                <div class=\"u-blog-control u-post-content u-text u-text-4\"><p>\nSwoje drugie spotkanie w lidze rozegraj\u0105 najm\u0142odsze dziewcz\u0119ta U10.  Wyjazdowy mecz w Strumieniu odb\u0119dzie si\u0119 w \u015brod\u0119.\n\n\n\n\n<\/p>\n                <\/div>\n              <\/div>\n            <\/div>\n            <div class=\"u-blog-post u-invisible u-container-style u-repeater-item\">\n              <div class=\"u-container-layout u-similar-container u-container-layout-1\"><a class=\"u-align-center u-blog-control u-image u-image-round u-radius-20 u-image-1\" href=\"http:\/\/wisla.skoczow.pl\/?p=56981\">\n                <img decoding=\"async\" class=\"u-align-center u-blog-control u-image u-image-round u-radius-20 u-image-1\" src=\"http:\/\/wisla.skoczow.pl\/wp-content\/uploads\/2025\/05\/d2aa02cc-0cd9-459c-b7ff-bf7fd6379070.jpeg\"><\/a>\n                <h2 class=\"u-align-center u-blog-control u-text u-text-1\">\n                  <a class=\"u-post-header-link\" href=\"http:\/\/wisla.skoczow.pl\/?p=56981\">M\u0142odziczki U13 - Katowice<\/a>\n                <\/h2>\n                <div class=\"u-blog-control u-post-content u-text u-text-2\"><p>\nMinimalna przegrana... zn\u00f3w o jedn\u0105 bramk\u0119.\n\n\n\nW minion\u0105 sobot\u0119 nasze \"Wise\u0142ki\" podejmowa\u0142y dru\u017cyn\u0119 z Katowic. Mecz by\u0142 pe\u0142en emocji i zwrot\u00f3w &hellip;<\/p>\n                <\/div>\n              <\/div>\n            <\/div>\n            <div class=\"u-blog-post u-invisible u-container-style u-repeater-item\">\n              <div class=\"u-container-layout u-similar-container u-container-layout-2\"><a class=\"u-align-center u-blog-control u-image u-image-round u-radius-20 u-image-2\" href=\"http:\/\/wisla.skoczow.pl\/?p=56971\">\n                <img decoding=\"async\" class=\"u-align-center u-blog-control u-image u-image-round u-radius-20 u-image-2\" src=\"http:\/\/wisla.skoczow.pl\/wp-content\/uploads\/2025\/04\/493926340_1252336013563596_4317493315353572661_n.jpg\"><\/a>\n                <h2 class=\"u-align-center u-blog-control u-text u-text-3\">\n                  <a class=\"u-post-header-link\" href=\"http:\/\/wisla.skoczow.pl\/?p=56971\">Juniorki M\u0142odsze U16 - Krupski M\u0142yn<\/a>\n                <\/h2>\n                <div class=\"u-blog-control u-post-content u-text u-text-4\"><p>\nDzisiaj wznowili\u015bmy zmagania ligowe po prawie miesi\u0119cznej przerwie spowodowanej pauzami i prze\u0142o\u017ceniem meczy na pro\u015bby naszych przeciwnik\u00f3w. &hellip;<\/p>\n                <\/div>\n              <\/div>\n            <\/div>\n            <div class=\"u-blog-post u-invisible u-container-style u-repeater-item\">\n              <div class=\"u-container-layout u-similar-container u-container-layout-1\"><a class=\"u-align-center u-blog-control u-image u-image-round u-radius-20 u-image-1\" href=\"http:\/\/wisla.skoczow.pl\/?p=56956\">\n                <img decoding=\"async\" class=\"u-align-center u-blog-control u-image u-image-round u-radius-20 u-image-1\" src=\"http:\/\/wisla.skoczow.pl\/wp-content\/uploads\/2025\/05\/492830091_1250238790439985_5435906001161750704_n.jpg\"><\/a>\n                <h2 class=\"u-align-center u-blog-control u-text u-text-1\">\n                  <a class=\"u-post-header-link\" href=\"http:\/\/wisla.skoczow.pl\/?p=56956\">Orliczki U10 - Chybie<\/a>\n                <\/h2>\n                <div class=\"u-blog-control u-post-content u-text u-text-2\"><p>\nWczoraj rozpocz\u0119li\u015bmy zmagania w lidze \u017caka podokr\u0119gu Skocz\u00f3w. Pierwszy mecz na wyje\u017adzie  przysz\u0142o nam zagra\u0107 z RKS ,,Cukrownik\" Chybie. Nasze &hellip;<\/p>\n                <\/div>\n              <\/div>\n            <\/div>\n            <div class=\"u-blog-post u-invisible u-container-style u-repeater-item\">\n              <div class=\"u-container-layout u-similar-container u-container-layout-2\"><a class=\"u-align-center u-blog-control u-image u-image-round u-radius-20 u-image-2\" href=\"http:\/\/wisla.skoczow.pl\/?p=56945\">\n                <img decoding=\"async\" class=\"u-align-center u-blog-control u-image u-image-round u-radius-20 u-image-2\" src=\"http:\/\/wisla.skoczow.pl\/wp-content\/uploads\/2024\/11\/terminasz-slzpn.jpg\"><\/a>\n                <h2 class=\"u-align-center u-blog-control u-text u-text-3\">\n                  <a class=\"u-post-header-link\" href=\"http:\/\/wisla.skoczow.pl\/?p=56945\">Terminarz 26.04.2025<\/a>\n                <\/h2>\n                <div class=\"u-blog-control u-post-content u-text u-text-4\"><p>\nSz\u00f3sta kolejka \u015al\u0105skiej Ligi M\u0142odziczek zostanie rozegrana przez nasze dziewcz\u0119ta w Wi\u015blicy. Podejmujemy rezerwy UKKS Katowice. Zapraszamy do &hellip;<\/p>\n                <\/div>\n              <\/div>\n            <\/div>\n            <div class=\"u-blog-post u-invisible u-container-style u-repeater-item\">\n              <div class=\"u-container-layout u-similar-container u-container-layout-1\"><a class=\"u-align-center u-blog-control u-image u-image-round u-radius-20 u-image-1\" href=\"http:\/\/wisla.skoczow.pl\/?p=56952\">\n                <img decoding=\"async\" class=\"u-align-center u-blog-control u-image u-image-round u-radius-20 u-image-1\" src=\"http:\/\/wisla.skoczow.pl\/wp-content\/uploads\/2025\/05\/logo_skoczow.png\"><\/a>\n                <h2 class=\"u-align-center u-blog-control u-text u-text-1\">\n                  <a class=\"u-post-header-link\" href=\"http:\/\/wisla.skoczow.pl\/?p=56952\">Liga \u017baka - orliczki rozpoczynaj\u0105 rund\u0119 rewan\u017cow\u0105.<\/a>\n                <\/h2>\n                <div class=\"u-blog-control u-post-content u-text u-text-2\"><p>\nPierwsze spotkanie odb\u0119dzie si\u0119 na wyje\u017adzie w Chybiu, gdzie najm\u0142odsze \"Wise\u0142ki\" zmierz\u0105 si\u0119 z tamtejsz\u0105 dru\u017cyn\u0105 ch\u0142opi\u0119c\u0105.\n\n\n\n\n<\/p>\n                <\/div>\n              <\/div>\n            <\/div>\n            <div class=\"u-blog-post u-invisible u-container-style u-repeater-item\">\n              <div class=\"u-container-layout u-similar-container u-container-layout-2\"><a class=\"u-align-center u-blog-control u-image u-image-round u-radius-20 u-image-2\" href=\"http:\/\/wisla.skoczow.pl\/?p=56942\">\n                <img decoding=\"async\" class=\"u-align-center u-blog-control u-image u-image-round u-radius-20 u-image-2\" src=\"http:\/\/wisla.skoczow.pl\/wp-content\/uploads\/2025\/04\/kartka-Welkanocna-22-1-1200x857-1.png\"><\/a>\n                <h2 class=\"u-align-center u-blog-control u-text u-text-3\">\n                  <a class=\"u-post-header-link\" href=\"http:\/\/wisla.skoczow.pl\/?p=56942\">Weso\u0142ych \u015awi\u0105t!<\/a>\n                <\/h2>\n                <div class=\"u-blog-control u-post-content u-text u-text-4\"><p>\nZ okazji zbli\u017caj\u0105cych si\u0119 \u015awi\u0105t Wielkanocnych Zarz\u0105d i Sztab szkoleniowy KKS \u201cWis\u0142a\u201d \u017cycz\u0105 wszystkim zawodniczkom, kibicom, sponsorom i sympatykom,&hellip;<\/p>\n                <\/div>\n              <\/div>\n            <\/div>\n            <div class=\"u-blog-post u-invisible u-container-style u-repeater-item\">\n              <div class=\"u-container-layout u-similar-container u-container-layout-1\"><a class=\"u-align-center u-blog-control u-image u-image-round u-radius-20 u-image-1\" href=\"http:\/\/wisla.skoczow.pl\/?p=56935\">\n                <img decoding=\"async\" class=\"u-align-center u-blog-control u-image u-image-round u-radius-20 u-image-1\" src=\"http:\/\/wisla.skoczow.pl\/wp-content\/uploads\/2025\/04\/topka.jpg\"><\/a>\n                <h2 class=\"u-align-center u-blog-control u-text u-text-1\">\n                  <a class=\"u-post-header-link\" href=\"http:\/\/wisla.skoczow.pl\/?p=56935\">WSPIERAJ\u0104 NAS!<\/a>\n                <\/h2>\n                <div class=\"u-blog-control u-post-content u-text u-text-2\"><p>\n DZI\u0118KUJEMY, \u017bE GRACIE Z NAMI! \n\n\n\nZa ka\u017cd\u0105 bramk\u0105, ka\u017cd\u0105 asyst\u0105, ka\u017cdym zwyci\u0119stwem\u2026 stoj\u0105 nie tylko zawodnicy, trenerzy i kibice, ale te\u017c FIRMY, &hellip;<\/p>\n                <\/div>\n              <\/div>\n            <\/div>\n            <div class=\"u-blog-post u-invisible u-container-style u-repeater-item\">\n              <div class=\"u-container-layout u-similar-container u-container-layout-2\"><a class=\"u-align-center u-blog-control u-image u-image-round u-radius-20 u-image-2\" href=\"http:\/\/wisla.skoczow.pl\/?p=56917\">\n                <img decoding=\"async\" class=\"u-align-center u-blog-control u-image u-image-round u-radius-20 u-image-2\" src=\"http:\/\/wisla.skoczow.pl\/wp-content\/uploads\/2025\/04\/IMG-20250418-WA0028.jpg\"><\/a>\n                <h2 class=\"u-align-center u-blog-control u-text u-text-3\">\n                  <a class=\"u-post-header-link\" href=\"http:\/\/wisla.skoczow.pl\/?p=56917\">I LIGA FUTSALU KOBIET - spotkanie zawodniczek.<\/a>\n                <\/h2>\n                <div class=\"u-blog-control u-post-content u-text u-text-4\"><p>\n12 kwietnia zawodniczki seniorskiego pierwszoligowego zespo\u0142u futsalu, spotka\u0142y si\u0119 na wsp\u00f3lnym graniu w kr\u0119gle w Skoczowskim O\u015brodku Sportu i &hellip;<\/p>\n                <\/div>\n              <\/div>\n            <\/div>\n            <div class=\"u-blog-post u-invisible u-container-style u-repeater-item\">\n              <div class=\"u-container-layout u-similar-container u-container-layout-1\"><a class=\"u-align-center u-blog-control u-image u-image-round u-radius-20 u-image-1\" href=\"http:\/\/wisla.skoczow.pl\/?p=56903\">\n                <img decoding=\"async\" class=\"u-align-center u-blog-control u-image u-image-round u-radius-20 u-image-1\" src=\"http:\/\/wisla.skoczow.pl\/wp-content\/uploads\/2025\/04\/IMG-20250418-WA0016.jpg\"><\/a>\n                <h2 class=\"u-align-center u-blog-control u-text u-text-1\">\n                  <a class=\"u-post-header-link\" href=\"http:\/\/wisla.skoczow.pl\/?p=56903\">M\u0142odziczki U13 - Ruda \u015al\u0105ska<\/a>\n                <\/h2>\n                <div class=\"u-blog-control u-post-content u-text u-text-2\"><p>\n\ud83d\ude34\u015api\u0105ca wiosenna\ud83c\udf1e pierwsza po\u0142owa i przebudzenie\ud83d\udca5\ud83d\udd25 smoka\ud83d\udc32 w drugiej po\u0142owie - mimo walki pierwsza przegrana jedn\u0105 bramk\u0105.\n\n\n\n\u0179le zacz\u0119\u0142y spotkanie &hellip;<\/p>\n                <\/div>\n              <\/div>\n            <\/div>\n            <div class=\"u-blog-post u-invisible u-container-style u-repeater-item\">\n              <div class=\"u-container-layout u-similar-container u-container-layout-2\"><a class=\"u-align-center u-blog-control u-image u-image-round u-radius-20 u-image-2\" href=\"http:\/\/wisla.skoczow.pl\/?p=56914\">\n                <img decoding=\"async\" class=\"u-align-center u-blog-control u-image u-image-round u-radius-20 u-image-2\" src=\"http:\/\/wisla.skoczow.pl\/wp-content\/uploads\/2024\/11\/terminasz-slzpn.jpg\"><\/a>\n                <h2 class=\"u-align-center u-blog-control u-text u-text-3\">\n                  <a class=\"u-post-header-link\" href=\"http:\/\/wisla.skoczow.pl\/?p=56914\">Terminarz 13.04.2025<\/a>\n                <\/h2>\n                <div class=\"u-blog-control u-post-content u-text u-text-4\"><p>\nPi\u0105ta kolejka \u015al\u0105skiej Ligi M\u0142odziczek, dziewcz\u0119ta U13 rozegraj\u0105 spotkanie na wyje\u017adzie z Akademi\u0105 Pi\u0142karsk\u0105 Bumerang Ruda \u015al\u0105ska.Niestety Juniorki&hellip;<\/p>\n                <\/div>\n              <\/div>\n            <\/div>\n            <div class=\"u-blog-post u-invisible u-container-style u-repeater-item\">\n              <div class=\"u-container-layout u-similar-container u-container-layout-1\"><a class=\"u-align-center u-blog-control u-image u-image-round u-radius-20 u-image-1\" href=\"http:\/\/wisla.skoczow.pl\/?p=56874\">\n                <img decoding=\"async\" class=\"u-align-center u-blog-control u-image u-image-round u-radius-20 u-image-1\" src=\"http:\/\/wisla.skoczow.pl\/wp-content\/uploads\/2025\/04\/IMG-20250406-WA0010.jpg\"><\/a>\n                <h2 class=\"u-align-center u-blog-control u-text u-text-1\">\n                  <a class=\"u-post-header-link\" href=\"http:\/\/wisla.skoczow.pl\/?p=56874\">M\u0142odziczki U13 - Kozy<\/a>\n                <\/h2>\n                <div class=\"u-blog-control u-post-content u-text u-text-2\"><p>\nCzwarte zwyci\u0119stwo m\u0142odziczek z rz\u0119du\n\n\n\nW sobot\u0119 podejmowali\u015bmy trzeci zesp\u00f3\u0142 w tabeli. Zawodniczki z UKS Dw\u00f3jka Kozy, by\u0142y bardzo wymagaj\u0105cym &hellip;<\/p>\n                <\/div>\n              <\/div>\n            <\/div>\n            <div class=\"u-blog-post u-invisible u-container-style u-repeater-item\">\n              <div class=\"u-container-layout u-similar-container u-container-layout-2\"><a class=\"u-align-center u-blog-control u-image u-image-round u-radius-20 u-image-2\" href=\"http:\/\/wisla.skoczow.pl\/?p=56845\">\n                <img decoding=\"async\" class=\"u-align-center u-blog-control u-image u-image-round u-radius-20 u-image-2\" src=\"http:\/\/wisla.skoczow.pl\/wp-content\/uploads\/2025\/03\/IMG-20250330-WA0009.jpg\"><\/a>\n                <h2 class=\"u-align-center u-blog-control u-text u-text-3\">\n                  <a class=\"u-post-header-link\" href=\"http:\/\/wisla.skoczow.pl\/?p=56845\">M\u0142odziczki U13 - Wo\u017aniki<\/a>\n                <\/h2>\n                <div class=\"u-blog-control u-post-content u-text u-text-4\"><p>\nZmiana czasu i podr\u00f3\u017c wczesnym rankiem, nie wp\u0142yn\u0119\u0142a na nasze zawodniczki. \"Wise\u0142ki\" przywioz\u0142y do Skoczowa 3 punkty\n\n\n\nSpotkanie by\u0142o bardzo &hellip;<\/p>\n                <\/div>\n              <\/div>\n            <\/div>\n            <div class=\"u-blog-post u-invisible u-container-style u-repeater-item\">\n              <div class=\"u-container-layout u-similar-container u-container-layout-1\"><a class=\"u-align-center u-blog-control u-image u-image-round u-radius-20 u-image-1\" href=\"http:\/\/wisla.skoczow.pl\/?p=56782\">\n                <img decoding=\"async\" class=\"u-align-center u-blog-control u-image u-image-round u-radius-20 u-image-1\" src=\"http:\/\/wisla.skoczow.pl\/wp-content\/uploads\/2025\/03\/487579828_1224032206393977_6324407243372594955_n.jpg\"><\/a>\n                <h2 class=\"u-align-center u-blog-control u-text u-text-1\">\n                  <a class=\"u-post-header-link\" href=\"http:\/\/wisla.skoczow.pl\/?p=56782\">Juniorki M\u0142odsze U16 - \u017bywiec<\/a>\n                <\/h2>\n                <div class=\"u-blog-control u-post-content u-text u-text-2\"><p>\nDzisiaj w meczu domowym rozpocz\u0119li\u015bmy zmagania ligowe podejmuj\u0105c TS Mitech \u017bywiec. Od samego pocz\u0105tku by\u0142o wida\u0107, \u017ce b\u0119dzie walka  do samego ko\u0144ca &hellip;<\/p>\n                <\/div>\n              <\/div>\n            <\/div>\n            <div class=\"u-blog-post u-invisible u-container-style u-repeater-item\">\n              <div class=\"u-container-layout u-similar-container u-container-layout-2\"><a class=\"u-align-center u-blog-control u-image u-image-round u-radius-20 u-image-2\" href=\"http:\/\/wisla.skoczow.pl\/?p=56747\">\n                <img decoding=\"async\" class=\"u-align-center u-blog-control u-image u-image-round u-radius-20 u-image-2\" src=\"http:\/\/wisla.skoczow.pl\/wp-content\/uploads\/2025\/03\/IMG-20250324-WA0020.jpg\"><\/a>\n                <h2 class=\"u-align-center u-blog-control u-text u-text-3\">\n                  <a class=\"u-post-header-link\" href=\"http:\/\/wisla.skoczow.pl\/?p=56747\">M\u0142odziczki U13 \u015aLM - Jankowice<\/a>\n                <\/h2>\n                <div class=\"u-blog-control u-post-content u-text u-text-4\"><p>\nZwyci\u0119stwo \ud83d\udc99\u2764\ufe0f\ud83d\udc9bw pierwszym wiosennym domowym spotkaniu\u203c\n\n\n\n\"Wise\u0142ki\" podejmowa\u0142y zesp\u00f3\u0142 z Jankowic, na boisku w Wi\u015blicy. Od pierwszych minut &hellip;<\/p>\n                <\/div>\n              <\/div>\n            <\/div>\n            <div class=\"u-blog-post u-invisible u-container-style u-repeater-item\">\n              <div class=\"u-container-layout u-similar-container u-container-layout-1\"><a class=\"u-align-center u-blog-control u-image u-image-round u-radius-20 u-image-1\" href=\"http:\/\/wisla.skoczow.pl\/?p=56761\">\n                <img decoding=\"async\" class=\"u-align-center u-blog-control u-image u-image-round u-radius-20 u-image-1\" src=\"http:\/\/wisla.skoczow.pl\/wp-content\/uploads\/2024\/11\/terminasz-slzpn.jpg\"><\/a>\n                <h2 class=\"u-align-center u-blog-control u-text u-text-1\">\n                  <a class=\"u-post-header-link\" href=\"http:\/\/wisla.skoczow.pl\/?p=56761\">Terminarz 22.03.2025<\/a>\n                <\/h2>\n                <div class=\"u-blog-control u-post-content u-text u-text-2\"><p>\nW drugiej kolejce \u015al\u0105skiej Ligi M\u0142odziczek U13, w pierwszym domowym meczu podejmiemy zesp\u00f3\u0142 z Jankowic. Zapraszamy do kibicowania na boisku w &hellip;<\/p>\n                <\/div>\n              <\/div>\n            <\/div>\n            <div class=\"u-blog-post u-invisible u-container-style u-repeater-item\">\n              <div class=\"u-container-layout u-similar-container u-container-layout-2\"><a class=\"u-align-center u-blog-control u-image u-image-round u-radius-20 u-image-2\" href=\"http:\/\/wisla.skoczow.pl\/?p=56764\">\n                <img decoding=\"async\" class=\"u-align-center u-blog-control u-image u-image-round u-radius-20 u-image-2\" src=\"http:\/\/wisla.skoczow.pl\/wp-content\/uploads\/2025\/03\/knurow.jpg\"><\/a>\n                <h2 class=\"u-align-center u-blog-control u-text u-text-3\">\n                  <a class=\"u-post-header-link\" href=\"http:\/\/wisla.skoczow.pl\/?p=56764\">FUTSAL 1 Liga KOBIET \u2013Knur\u00f3w<\/a>\n                <\/h2>\n                <div class=\"u-blog-control u-post-content u-text u-text-4\"><p>\nNiestety, musieli\u015bmy uzna\u0107 wy\u017cszo\u015b\u0107 dru\u017cyny MTS Knur\u00f3w, przegrywaj\u0105c 0:4 w ostatnim meczu 1 Ligi Futsalu Kobiet. Mimo wyniku, to by\u0142 naprawd\u0119 dobry&hellip;<\/p>\n                <\/div>\n              <\/div>\n            <\/div>\n            <div class=\"u-blog-post u-invisible u-container-style u-repeater-item\">\n              <div class=\"u-container-layout u-similar-container u-container-layout-1\"><a class=\"u-align-center u-blog-control u-image u-image-round u-radius-20 u-image-1\" href=\"http:\/\/wisla.skoczow.pl\/?p=56717\">\n                <img decoding=\"async\" class=\"u-align-center u-blog-control u-image u-image-round u-radius-20 u-image-1\" src=\"http:\/\/wisla.skoczow.pl\/wp-content\/uploads\/2025\/03\/Zdjecie-WhatsApp-2025-03-15-o-12.47.40_792d4cc0.jpg\"><\/a>\n                <h2 class=\"u-align-center u-blog-control u-text u-text-1\">\n                  <a class=\"u-post-header-link\" href=\"http:\/\/wisla.skoczow.pl\/?p=56717\">M\u0142odziczki U13 \u015aLM - Chorz\u00f3w<\/a>\n                <\/h2>\n                <div class=\"u-blog-control u-post-content u-text u-text-2\"><p>\nMocne\ud83d\udca5rozpocz\u0119cie rozgrywek wiosennych\u203c\ufe0f - 3 punkty wracaj\u0105 do Skoczowa\ud83d\udc99\u2764\ud83d\udc9b\n\n\n\nW pierwszym spotkaniu wyjazdowym nasze \"Wise\u0142ki\" pokona\u0142y ekip\u0119 z &hellip;<\/p>\n                <\/div>\n              <\/div>\n            <\/div>\n            <div class=\"u-blog-post u-invisible u-container-style u-repeater-item\">\n              <div class=\"u-container-layout u-similar-container u-container-layout-2\"><a class=\"u-align-center u-blog-control u-image u-image-round u-radius-20 u-image-2\" href=\"http:\/\/wisla.skoczow.pl\/?p=56696\">\n                <img decoding=\"async\" class=\"u-align-center u-blog-control u-image u-image-round u-radius-20 u-image-2\" src=\"http:\/\/wisla.skoczow.pl\/wp-content\/uploads\/2024\/10\/terminasz-slzpn.jpg\"><\/a>\n                <h2 class=\"u-align-center u-blog-control u-text u-text-3\">\n                  <a class=\"u-post-header-link\" href=\"http:\/\/wisla.skoczow.pl\/?p=56696\">Terminarz m\u0142odzie\u017c 15.03.2025<\/a>\n                <\/h2>\n                <div class=\"u-blog-control u-post-content u-text u-text-4\"><p>\nSwoje rozgrywki jako pierwsze rozpoczynaj\u0105 dziewcz\u0119ta do lat 13 - m\u0142odziczki, spotkaniem wyjazdowym z drug\u0105 dru\u017cyn\u0105 Ruchu Chorz\u00f3w.  \n\n\n\nW tym &hellip;<\/p>\n                <\/div>\n              <\/div>\n            <\/div>\n            <div class=\"u-blog-post u-invisible u-container-style u-repeater-item\">\n              <div class=\"u-container-layout u-similar-container u-container-layout-1\"><a class=\"u-align-center u-blog-control u-image u-image-round u-radius-20 u-image-1\" href=\"http:\/\/wisla.skoczow.pl\/?p=56693\">\n                <img decoding=\"async\" class=\"u-align-center u-blog-control u-image u-image-round u-radius-20 u-image-1\" src=\"http:\/\/wisla.skoczow.pl\/wp-content\/uploads\/2025\/01\/futsal-topka-terminarz-e1758475265987.jpg\"><\/a>\n                <h2 class=\"u-align-center u-blog-control u-text u-text-1\">\n                  <a class=\"u-post-header-link\" href=\"http:\/\/wisla.skoczow.pl\/?p=56693\">Terminarz 16.03.2025<\/a>\n                <\/h2>\n                <div class=\"u-blog-control u-post-content u-text u-text-2\"><p>\nZapraszamy na ostatnie spotkanie w tym sezonie naszych seniorek w najbli\u017csz\u0105 niedziel\u0119.\n\n\n\nPodejmowa\u0107 b\u0119dziemy lidera - MTS Knur\u00f3w, kt\u00f3ry zapewni\u0142 &hellip;<\/p>\n                <\/div>\n              <\/div>\n            <\/div>\n            <div class=\"u-blog-post u-invisible u-container-style u-repeater-item\">\n              <div class=\"u-container-layout u-similar-container u-container-layout-2\"><a class=\"u-align-center u-blog-control u-image u-image-round u-radius-20 u-image-2\" href=\"http:\/\/wisla.skoczow.pl\/?p=56688\">\n                <img decoding=\"async\" class=\"u-align-center u-blog-control u-image u-image-round u-radius-20 u-image-2\" src=\"http:\/\/wisla.skoczow.pl\/wp-content\/uploads\/2025\/03\/Zdjecie-WhatsApp-2025-03-14-o-19.33.02_2d246ede.jpg\"><\/a>\n                <h2 class=\"u-align-center u-blog-control u-text u-text-3\">\n                  <a class=\"u-post-header-link\" href=\"http:\/\/wisla.skoczow.pl\/?p=56688\">FUTSAL 1 Liga KOBIET - Opole<\/a>\n                <\/h2>\n                <div class=\"u-blog-control u-post-content u-text u-text-4\"><p>\nMecz pe\u0142en emocji, niewiele brak\u0142o naszym zawodniczkom, aby wygra\u0107.\n\n\n\nNasze \"Wise\u0142ki\" wysz\u0142y na boisko z za\u0142o\u017ceniem zdobycia trzech punkt\u00f3w. Ten &hellip;<\/p>\n                <\/div>\n              <\/div>\n            <\/div>\n            <div class=\"u-blog-post u-invisible u-container-style u-repeater-item\">\n              <div class=\"u-container-layout u-similar-container u-container-layout-1\"><a class=\"u-align-center u-blog-control u-image u-image-round u-radius-20 u-image-1\" href=\"http:\/\/wisla.skoczow.pl\/?p=56684\">\n                <img decoding=\"async\" class=\"u-align-center u-blog-control u-image u-image-round u-radius-20 u-image-1\" src=\"http:\/\/wisla.skoczow.pl\/wp-content\/uploads\/2025\/01\/futsal-topka-terminarz-e1758475265987.jpg\"><\/a>\n                <h2 class=\"u-align-center u-blog-control u-text u-text-1\">\n                  <a class=\"u-post-header-link\" href=\"http:\/\/wisla.skoczow.pl\/?p=56684\">Terminarz 09.03.2025<\/a>\n                <\/h2>\n                <div class=\"u-blog-control u-post-content u-text u-text-2\"><p>\n\n<\/p>\n                <\/div>\n              <\/div>\n            <\/div>\n            <div class=\"u-blog-post u-invisible u-container-style u-repeater-item\">\n              <div class=\"u-container-layout u-similar-container u-container-layout-2\"><a class=\"u-align-center u-blog-control u-image u-image-round u-radius-20 u-image-2\" href=\"http:\/\/wisla.skoczow.pl\/?p=56674\">\n                <img decoding=\"async\" class=\"u-align-center u-blog-control u-image u-image-round u-radius-20 u-image-2\" src=\"http:\/\/wisla.skoczow.pl\/wp-content\/uploads\/2025\/03\/be191d550025b0c68ad53b93319682b4_L.jpg\"><\/a>\n                <h2 class=\"u-align-center u-blog-control u-text u-text-3\">\n                  <a class=\"u-post-header-link\" href=\"http:\/\/wisla.skoczow.pl\/?p=56674\">\u015alZPN wspomnia\u0142 o naszym klubie!<\/a>\n                <\/h2>\n                <div class=\"u-blog-control u-post-content u-text u-text-4\"><p>\n\"Andrzej Fajer: Marzy nam si\u0119 wychowanka w reprezentacji Polski\n\n\n\nW Kobiecym Klubie Sportowym Wis\u0142a Skocz\u00f3w wychowanka, kt\u00f3ra trafi do &hellip;<\/p>\n                <\/div>\n              <\/div>\n            <\/div>\n            <div class=\"u-blog-post u-invisible u-container-style u-repeater-item\">\n              <div class=\"u-container-layout u-similar-container u-container-layout-1\"><a class=\"u-align-center u-blog-control u-image u-image-round u-radius-20 u-image-1\" href=\"http:\/\/wisla.skoczow.pl\/?p=56679\">\n                <img decoding=\"async\" class=\"u-align-center u-blog-control u-image u-image-round u-radius-20 u-image-1\" src=\"http:\/\/wisla.skoczow.pl\/wp-content\/uploads\/2025\/03\/wera.png\"><\/a>\n                <h2 class=\"u-align-center u-blog-control u-text u-text-1\">\n                  <a class=\"u-post-header-link\" href=\"http:\/\/wisla.skoczow.pl\/?p=56679\">Wywiad z Weronik\u0105!<\/a>\n                <\/h2>\n                <div class=\"u-blog-control u-post-content u-text u-text-2\"><p>\nWywiad z Weronik\u0105 Salamon \u2013 Bramkark\u0105 KKS Wis\u0142a Skocz\u00f3w! \n\n\n\n Nie przegapcie wywiadu z Weronik\u0105 Salamon, bramkark\u0105 KKS Wis\u0142a Skocz\u00f3w w 1 Lidze &hellip;<\/p>\n                <\/div>\n              <\/div>\n            <\/div>\n            <div class=\"u-blog-post u-invisible u-container-style u-repeater-item\">\n              <div class=\"u-container-layout u-similar-container u-container-layout-2\"><a class=\"u-align-center u-blog-control u-image u-image-round u-radius-20 u-image-2\" href=\"http:\/\/wisla.skoczow.pl\/?p=56645\">\n                <img decoding=\"async\" class=\"u-align-center u-blog-control u-image u-image-round u-radius-20 u-image-2\" src=\"http:\/\/wisla.skoczow.pl\/wp-content\/uploads\/2025\/02\/IMG-20250224-WA0001.jpg\"><\/a>\n                <h2 class=\"u-align-center u-blog-control u-text u-text-3\">\n                  <a class=\"u-post-header-link\" href=\"http:\/\/wisla.skoczow.pl\/?p=56645\">FUTSAL 1 Liga KOBIET - Katowice<\/a>\n                <\/h2>\n                <div class=\"u-blog-control u-post-content u-text u-text-4\"><p>\nZwyci\u0119stwo z Katowicami!\n\n\n\nW niedzielny wiecz\u00f3r \"Wise\u0142ki\" zmierzy\u0142y si\u0119 z AZS Uniwersytetu \u015al\u0105skiego. Spotkanie by\u0142o zaci\u0119te, a nasze dziewczyny &hellip;<\/p>\n                <\/div>\n              <\/div>\n            <\/div>\n            <div class=\"u-blog-post u-invisible u-container-style u-repeater-item\">\n              <div class=\"u-container-layout u-similar-container u-container-layout-1\"><a class=\"u-align-center u-blog-control u-image u-image-round u-radius-20 u-image-1\" href=\"http:\/\/wisla.skoczow.pl\/?p=56612\">\n                <img decoding=\"async\" class=\"u-align-center u-blog-control u-image u-image-round u-radius-20 u-image-1\" src=\"http:\/\/wisla.skoczow.pl\/wp-content\/uploads\/2025\/02\/480872093_1193388736124991_9047471046565288671_n.jpg\"><\/a>\n                <h2 class=\"u-align-center u-blog-control u-text u-text-1\">\n                  <a class=\"u-post-header-link\" href=\"http:\/\/wisla.skoczow.pl\/?p=56612\">ORLICZKI U10 - sparing Sok\u00f3\u0142 Zabrzeg<\/a>\n                <\/h2>\n                <div class=\"u-blog-control u-post-content u-text u-text-2\"><p>\nDzisiaj w meczu domowym  nasze zawodniczki, z pomoc\u0105 dw\u00f3ch kole\u017canek rocznik '14, zmierzy\u0142y si\u0119 z zespo\u0142em dziewczyn LKS Sok\u00f3\u0142 Zabrzeg z racznika &hellip;<\/p>\n                <\/div>\n              <\/div>\n            <\/div>\n            <div class=\"u-blog-post u-invisible u-container-style u-repeater-item\">\n              <div class=\"u-container-layout u-similar-container u-container-layout-2\"><a class=\"u-align-center u-blog-control u-image u-image-round u-radius-20 u-image-2\" href=\"http:\/\/wisla.skoczow.pl\/?p=56571\">\n                <img decoding=\"async\" class=\"u-align-center u-blog-control u-image u-image-round u-radius-20 u-image-2\" src=\"http:\/\/wisla.skoczow.pl\/wp-content\/uploads\/2025\/02\/476834098_1182986340498564_8185966823697954988_n.jpg\"><\/a>\n                <h2 class=\"u-align-center u-blog-control u-text u-text-3\">\n                  <a class=\"u-post-header-link\" href=\"http:\/\/wisla.skoczow.pl\/?p=56571\">FUTSAL 1 Liga KOBIET - G\u0142og\u00f3wek<\/a>\n                <\/h2>\n                <div class=\"u-blog-control u-post-content u-text u-text-4\"><p>\nZwyci\u0119stwo ze spor\u0105 doz\u0105 niedosytu. To by\u0142o trudne spotkanie. Od pocz\u0105tku byli\u015bmy bojowo nastawieni na zwyci\u0119stwo. Przeciwniczki jednak nie &hellip;<\/p>\n                <\/div>\n              <\/div>\n            <\/div>\n            <div class=\"u-blog-post u-invisible u-container-style u-repeater-item\">\n              <div class=\"u-container-layout u-similar-container u-container-layout-1\"><a class=\"u-align-center u-blog-control u-image u-image-round u-radius-20 u-image-1\" href=\"http:\/\/wisla.skoczow.pl\/?p=56559\">\n                <img decoding=\"async\" class=\"u-align-center u-blog-control u-image u-image-round u-radius-20 u-image-1\" src=\"http:\/\/wisla.skoczow.pl\/wp-content\/uploads\/2025\/02\/futsal-topka-terminarz.jpg\"><\/a>\n                <h2 class=\"u-align-center u-blog-control u-text u-text-1\">\n                  <a class=\"u-post-header-link\" href=\"http:\/\/wisla.skoczow.pl\/?p=56559\">Terminarz 09.02.2025<\/a>\n                <\/h2>\n                <div class=\"u-blog-control u-post-content u-text u-text-2\"><p>\n\n<\/p>\n                <\/div>\n              <\/div>\n            <\/div>\n            <div class=\"u-blog-post u-invisible u-container-style u-repeater-item\">\n              <div class=\"u-container-layout u-similar-container u-container-layout-2\"><a class=\"u-align-center u-blog-control u-image u-image-round u-radius-20 u-image-2\" href=\"http:\/\/wisla.skoczow.pl\/?p=56555\">\n                <img decoding=\"async\" class=\"u-align-center u-blog-control u-image u-image-round u-radius-20 u-image-2\" src=\"http:\/\/wisla.skoczow.pl\/wp-content\/uploads\/2025\/02\/476220595_1178078450989353_4525796750829196719_n.jpg\"><\/a>\n                <h2 class=\"u-align-center u-blog-control u-text u-text-3\">\n                  <a class=\"u-post-header-link\" href=\"http:\/\/wisla.skoczow.pl\/?p=56555\">FUTSAL 1 Liga KOBIET - Zielona G\u00f3ra<\/a>\n                <\/h2>\n                <div class=\"u-blog-control u-post-content u-text u-text-4\"><p>\n WIELKIE ZWYCI\u0118STWO W 1. LIDZE FUTSALU KOBIET! \n\n\n\n KKS Wis\u0142a Skocz\u00f3w : KU AZS UZ Zielona G\u00f3ra \n\n\n\nPo emocjonuj\u0105cym starciu nasza dru\u017cyna pokazuje &hellip;<\/p>\n                <\/div>\n              <\/div>\n            <\/div>\n            <div class=\"u-blog-post u-invisible u-container-style u-repeater-item\">\n              <div class=\"u-container-layout u-similar-container u-container-layout-1\"><a class=\"u-align-center u-blog-control u-image u-image-round u-radius-20 u-image-1\" href=\"http:\/\/wisla.skoczow.pl\/?p=56562\">\n                <img decoding=\"async\" class=\"u-align-center u-blog-control u-image u-image-round u-radius-20 u-image-1\" src=\"http:\/\/wisla.skoczow.pl\/wp-content\/uploads\/2025\/02\/Zdjecie-WhatsApp-2025-02-03-o-19.56.24_d6101000.jpg\"><\/a>\n                <h2 class=\"u-align-center u-blog-control u-text u-text-1\">\n                  <a class=\"u-post-header-link\" href=\"http:\/\/wisla.skoczow.pl\/?p=56562\">Gustowska z licencj\u0105 UEFA FUTSAL B<\/a>\n                <\/h2>\n                <div class=\"u-blog-control u-post-content u-text u-text-2\"><p>\nTo by\u0142 dobry weekend dla naszego  klubu\n\n\n\nW niedziel\u0119 futsalistki zdoby\u0142y cenne 3 punkty, po udanym rewan\u017cu na Zielonej G\u00f3rze. Dzi\u0119ki temu zrobi\u0142y&hellip;<\/p>\n                <\/div>\n              <\/div>\n            <\/div>\n            <div class=\"u-blog-post u-invisible u-container-style u-repeater-item\">\n              <div class=\"u-container-layout u-similar-container u-container-layout-2\"><a class=\"u-align-center u-blog-control u-image u-image-round u-radius-20 u-image-2\" href=\"http:\/\/wisla.skoczow.pl\/?p=56547\">\n                <img decoding=\"async\" class=\"u-align-center u-blog-control u-image u-image-round u-radius-20 u-image-2\" src=\"http:\/\/wisla.skoczow.pl\/wp-content\/uploads\/2025\/02\/dsffsdfsd.jpg\"><\/a>\n                <h2 class=\"u-align-center u-blog-control u-text u-text-3\">\n                  <a class=\"u-post-header-link\" href=\"http:\/\/wisla.skoczow.pl\/?p=56547\">\"Co s\u0142ycha\u0107? - trening U13\"<\/a>\n                <\/h2>\n                <div class=\"u-blog-control u-post-content u-text u-text-4\"><p>\n\u26bd\ud83d\udd25 M\u0142odziczki U13 KKS Wis\u0142a Skocz\u00f3w w akcji! \ud83d\udcaa Dziewczyny intensywnie trenuj\u0105 drybling i prowadzenie pi\u0142ki, pokazuj\u0105c swoje umiej\u0119tno\u015bci na boisku.&hellip;<\/p>\n                <\/div>\n              <\/div>\n            <\/div>\n            <div class=\"u-blog-post u-invisible u-container-style u-repeater-item\">\n              <div class=\"u-container-layout u-similar-container u-container-layout-1\"><a class=\"u-align-center u-blog-control u-image u-image-round u-radius-20 u-image-1\" href=\"http:\/\/wisla.skoczow.pl\/?p=56552\">\n                <img decoding=\"async\" class=\"u-align-center u-blog-control u-image u-image-round u-radius-20 u-image-1\" src=\"http:\/\/wisla.skoczow.pl\/wp-content\/uploads\/2025\/02\/futsal-topka-terminarz.jpg\"><\/a>\n                <h2 class=\"u-align-center u-blog-control u-text u-text-1\">\n                  <a class=\"u-post-header-link\" href=\"http:\/\/wisla.skoczow.pl\/?p=56552\">Terminarz 02.02.2025<\/a>\n                <\/h2>\n                <div class=\"u-blog-control u-post-content u-text u-text-2\"><p>\n\n<\/p>\n                <\/div>\n              <\/div>\n            <\/div>\n            <div class=\"u-blog-post u-invisible u-container-style u-repeater-item\">\n              <div class=\"u-container-layout u-similar-container u-container-layout-2\"><a class=\"u-align-center u-blog-control u-image u-image-round u-radius-20 u-image-2\" href=\"http:\/\/wisla.skoczow.pl\/?p=56540\">\n                <img decoding=\"async\" class=\"u-align-center u-blog-control u-image u-image-round u-radius-20 u-image-2\" src=\"http:\/\/wisla.skoczow.pl\/wp-content\/uploads\/2025\/02\/474100833_1164215769042288_2016631195857267749_n.jpg\"><\/a>\n                <h2 class=\"u-align-center u-blog-control u-text u-text-3\">\n                  <a class=\"u-post-header-link\" href=\"http:\/\/wisla.skoczow.pl\/?p=56540\">\"Co s\u0142ycha\u0107? - trening U10\"<\/a>\n                <\/h2>\n                <div class=\"u-blog-control u-post-content u-text u-text-4\"><p>\n\u26bd Dziewczyny z U10 KKS Wis\u0142a Skocz\u00f3w w akcji! \ud83d\udd25\ud83d\udcaa Przysz\u0142o\u015b\u0107 dru\u017cyny w \u015bwietnych r\u0119kach (i szybkich nogach)! \ud83d\udc99 \ud83d\udce2 Kibicujcie naszym pi\u0142karskim &hellip;<\/p>\n                <\/div>\n              <\/div>\n            <\/div>\n            <div class=\"u-blog-post u-invisible u-container-style u-repeater-item\">\n              <div class=\"u-container-layout u-similar-container u-container-layout-1\"><a class=\"u-align-center u-blog-control u-image u-image-round u-radius-20 u-image-1\" href=\"http:\/\/wisla.skoczow.pl\/?p=56537\">\n                <img decoding=\"async\" class=\"u-align-center u-blog-control u-image u-image-round u-radius-20 u-image-1\" src=\"http:\/\/wisla.skoczow.pl\/wp-content\/uploads\/2025\/02\/474102158_1166088158855049_8601913167175703850_n.jpg\"><\/a>\n                <h2 class=\"u-align-center u-blog-control u-text u-text-1\">\n                  <a class=\"u-post-header-link\" href=\"http:\/\/wisla.skoczow.pl\/?p=56537\">FUTSAL 1 Liga KOBIET - Wroc\u0142aw<\/a>\n                <\/h2>\n                <div class=\"u-blog-control u-post-content u-text u-text-2\"><p>\nPrzegrywamy z wiceliderem we Wroc\u0142awiu po dobrym spotkaniu.\n\n\n\nZacz\u0119li\u015bmy bardzo dobrze, zdobywaj\u0105c w 3 minucie bramk\u0119 daj\u0105c\u0105 nam prowadzenie. &hellip;<\/p>\n                <\/div>\n              <\/div>\n            <\/div>\n            <div class=\"u-blog-post u-invisible u-container-style u-repeater-item\">\n              <div class=\"u-container-layout u-similar-container u-container-layout-2\"><a class=\"u-align-center u-blog-control u-image u-image-round u-radius-20 u-image-2\" href=\"http:\/\/wisla.skoczow.pl\/?p=56534\">\n                <img decoding=\"async\" class=\"u-align-center u-blog-control u-image u-image-round u-radius-20 u-image-2\" src=\"http:\/\/wisla.skoczow.pl\/wp-content\/uploads\/2025\/02\/wywiad-paulina.jpg\"><\/a>\n                <h2 class=\"u-align-center u-blog-control u-text u-text-3\">\n                  <a class=\"u-post-header-link\" href=\"http:\/\/wisla.skoczow.pl\/?p=56534\">\"Co s\u0142ycha\u0107? - wywiad z Paulin\u0105 U16\"<\/a>\n                <\/h2>\n                <div class=\"u-blog-control u-post-content u-text u-text-4\"><p>\n Nie przegapcie wywiadu z Paulin\u0105 Owczarzy, zawodniczk\u0105 dru\u017cyny U16 KKS Wis\u0142a Skocz\u00f3w! Paulina zdradza, jak radzi sobie z wyzwaniami na boisku, &hellip;<\/p>\n                <\/div>\n              <\/div>\n            <\/div>\n            <div class=\"u-blog-post u-invisible u-container-style u-repeater-item\">\n              <div class=\"u-container-layout u-similar-container u-container-layout-1\"><a class=\"u-align-center u-blog-control u-image u-image-round u-radius-20 u-image-1\" href=\"http:\/\/wisla.skoczow.pl\/?p=56531\">\n                <img decoding=\"async\" class=\"u-align-center u-blog-control u-image u-image-round u-radius-20 u-image-1\" src=\"http:\/\/wisla.skoczow.pl\/wp-content\/uploads\/2025\/01\/futsal-topka-terminarz-e1758475265987.jpg\"><\/a>\n                <h2 class=\"u-align-center u-blog-control u-text u-text-1\">\n                  <a class=\"u-post-header-link\" href=\"http:\/\/wisla.skoczow.pl\/?p=56531\">Terminarz 18.01.2025<\/a>\n                <\/h2>\n                <div class=\"u-blog-control u-post-content u-text u-text-2\"><p>\n\n<\/p>\n                <\/div>\n              <\/div>\n            <\/div>\n            <div class=\"u-blog-post u-invisible u-container-style u-repeater-item\">\n              <div class=\"u-container-layout u-similar-container u-container-layout-2\"><a class=\"u-align-center u-blog-control u-image u-image-round u-radius-20 u-image-2\" href=\"http:\/\/wisla.skoczow.pl\/?p=56521\">\n                <img decoding=\"async\" class=\"u-align-center u-blog-control u-image u-image-round u-radius-20 u-image-2\" src=\"http:\/\/wisla.skoczow.pl\/wp-content\/uploads\/2025\/02\/472358908_1154905529973312_147411730447537033_n.jpg\"><\/a>\n                <h2 class=\"u-align-center u-blog-control u-text u-text-3\">\n                  <a class=\"u-post-header-link\" href=\"http:\/\/wisla.skoczow.pl\/?p=56521\">Puchar Polski 1\/16 Fina\u0142u<\/a>\n                <\/h2>\n                <div class=\"u-blog-control u-post-content u-text u-text-4\"><p>\nKo\u0144czymy przygod\u0119 z Pucharem Polski.\n\n\n\nPrzegrywamy na w\u0142asnym boisku z zespo\u0142em ekstraligowym KU AZS UJD Cz\u0119stochowa. Postawili\u015bmy bardzo twarde &hellip;<\/p>\n                <\/div>\n              <\/div>\n            <\/div>\n            <div class=\"u-blog-post u-invisible u-container-style u-repeater-item\">\n              <div class=\"u-container-layout u-similar-container u-container-layout-1\"><a class=\"u-align-center u-blog-control u-image u-image-round u-radius-20 u-image-1\" href=\"http:\/\/wisla.skoczow.pl\/?p=56527\">\n                <img decoding=\"async\" class=\"u-align-center u-blog-control u-image u-image-round u-radius-20 u-image-1\" src=\"http:\/\/wisla.skoczow.pl\/wp-content\/uploads\/2025\/02\/476368645_1181058714024660_7903315119063519934_n.jpg\"><\/a>\n                <h2 class=\"u-align-center u-blog-control u-text u-text-1\">\n                  <a class=\"u-post-header-link\" href=\"http:\/\/wisla.skoczow.pl\/?p=56527\">\"Co s\u0142ycha\u0107? - trening U16\"<\/a>\n                <\/h2>\n                <div class=\"u-blog-control u-post-content u-text u-text-2\"><p>\n\ud83c\udfa5\u26bd\ufe0f Energia, pasja i ci\u0119\u017cka praca \u2013 tak trenuje dru\u017cyna KKS Wis\u0142a Skocz\u00f3w U-16! \ud83d\udcaa Na ka\u017cdym treningu nasze dziewczyny daj\u0105 z siebie wszystko, &hellip;<\/p>\n                <\/div>\n              <\/div>\n            <\/div>\n            <div class=\"u-blog-post u-invisible u-container-style u-repeater-item\">\n              <div class=\"u-container-layout u-similar-container u-container-layout-2\"><a class=\"u-align-center u-blog-control u-image u-image-round u-radius-20 u-image-2\" href=\"http:\/\/wisla.skoczow.pl\/?p=56512\">\n                <img decoding=\"async\" class=\"u-align-center u-blog-control u-image u-image-round u-radius-20 u-image-2\" src=\"http:\/\/wisla.skoczow.pl\/wp-content\/uploads\/2025\/01\/467601386_1121319166665282_4091967917194173594_n.jpg\"><\/a>\n                <h2 class=\"u-align-center u-blog-control u-text u-text-3\">\n                  <a class=\"u-post-header-link\" href=\"http:\/\/wisla.skoczow.pl\/?p=56512\">\"Co s\u0142ycha\u0107? - FUTSAL 1 Liga!\"<\/a>\n                <\/h2>\n                <div class=\"u-blog-control u-post-content u-text u-text-4\"><p>\n\ud83c\udfa5 \u26bd\ufe0f Nasze futsalistki daj\u0105 z siebie wszystko na treningach, by pi\u0105\u0107 si\u0119 coraz wy\u017cej w tabeli! \ud83d\udcaa Dzi\u0119ki zaanga\u017cowaniu i determinacji naszych &hellip;<\/p>\n                <\/div>\n              <\/div>\n            <\/div>\n            <div class=\"u-blog-post u-invisible u-container-style u-repeater-item\">\n              <div class=\"u-container-layout u-similar-container u-container-layout-1\"><a class=\"u-align-center u-blog-control u-image u-image-round u-radius-20 u-image-1\" href=\"http:\/\/wisla.skoczow.pl\/?p=56506\">\n                <img decoding=\"async\" class=\"u-align-center u-blog-control u-image u-image-round u-radius-20 u-image-1\" src=\"http:\/\/wisla.skoczow.pl\/wp-content\/uploads\/2025\/02\/ewa-wywiad.jpg\"><\/a>\n                <h2 class=\"u-align-center u-blog-control u-text u-text-1\">\n                  <a class=\"u-post-header-link\" href=\"http:\/\/wisla.skoczow.pl\/?p=56506\">\"Co s\u0142ycha\u0107? - wywiad z Ew\u0105 U13\"<\/a>\n                <\/h2>\n                <div class=\"u-blog-control u-post-content u-text u-text-2\"><p>\n Zapraszamy na wywiad z Ew\u0105 Pilorz, zawodniczk\u0105 dru\u017cyny U13 KKS Wis\u0142a Skocz\u00f3w! \n\n\n\nEwa dzieli si\u0119 swoimi sportowymi wyzwaniami, opowiada o &hellip;<\/p>\n                <\/div>\n              <\/div>\n            <\/div>\n            <div class=\"u-blog-post u-invisible u-container-style u-repeater-item\">\n              <div class=\"u-container-layout u-similar-container u-container-layout-2\"><a class=\"u-align-center u-blog-control u-image u-image-round u-radius-20 u-image-2\" href=\"http:\/\/wisla.skoczow.pl\/?p=56499\">\n                <img decoding=\"async\" class=\"u-align-center u-blog-control u-image u-image-round u-radius-20 u-image-2\" src=\"http:\/\/wisla.skoczow.pl\/wp-content\/uploads\/2025\/02\/470693507_1139753011488564_5492977662505645214_n.jpg\"><\/a>\n                <h2 class=\"u-align-center u-blog-control u-text u-text-3\">\n                  <a class=\"u-post-header-link\" href=\"http:\/\/wisla.skoczow.pl\/?p=56499\">Szcz\u0119\u015bliwego Nowego Roku!<\/a>\n                <\/h2>\n                <div class=\"u-blog-control u-post-content u-text u-text-4\"><p><\/p>\n                <\/div>\n              <\/div>\n            <\/div>\n            <div class=\"u-blog-post u-invisible u-container-style u-repeater-item\">\n              <div class=\"u-container-layout u-similar-container u-container-layout-1\"><a class=\"u-align-center u-blog-control u-image u-image-round u-radius-20 u-image-1\" href=\"http:\/\/wisla.skoczow.pl\/?p=56494\">\n                <img decoding=\"async\" class=\"u-align-center u-blog-control u-image u-image-round u-radius-20 u-image-1\" src=\"http:\/\/wisla.skoczow.pl\/wp-content\/uploads\/2024\/12\/471195642_1149587033838495_8904578223399947198_n.jpg\"><\/a>\n                <h2 class=\"u-align-center u-blog-control u-text u-text-1\">\n                  <a class=\"u-post-header-link\" href=\"http:\/\/wisla.skoczow.pl\/?p=56494\">1 Liga FUTSALU KOBIET - MTS Knur\u00f3w<\/a>\n                <\/h2>\n                <div class=\"u-blog-control u-post-content u-text u-text-2\"><p>\nTo by\u0142o spotkanie na szczycie - walka o ka\u017cd\u0105 pi\u0142k\u0119, a rywalizacja z liderem by\u0142a na najwy\u017cszym poziomie. Dziewczyny dzielnie walczy\u0142y - pierwsz\u0105 &hellip;<\/p>\n                <\/div>\n              <\/div>\n            <\/div>\n            <div class=\"u-blog-post u-invisible u-container-style u-repeater-item\">\n              <div class=\"u-container-layout u-similar-container u-container-layout-2\"><a class=\"u-align-center u-blog-control u-image u-image-round u-radius-20 u-image-2\" href=\"http:\/\/wisla.skoczow.pl\/?p=56516\">\n                <img decoding=\"async\" class=\"u-align-center u-blog-control u-image u-image-round u-radius-20 u-image-2\" src=\"http:\/\/wisla.skoczow.pl\/wp-content\/uploads\/2025\/02\/Czerwony-i-Zloty-Boze-Narodzenie-Zyczenia-Spolecznosciowe-Media-Grafika.png\"><\/a>\n                <h2 class=\"u-align-center u-blog-control u-text u-text-3\">\n                  <a class=\"u-post-header-link\" href=\"http:\/\/wisla.skoczow.pl\/?p=56516\">Weso\u0142ych \u015awi\u0105t!<\/a>\n                <\/h2>\n                <div class=\"u-blog-control u-post-content u-text u-text-4\"><p>\n\n<\/p>\n                <\/div>\n              <\/div>\n            <\/div>\n            <div class=\"u-blog-post u-invisible u-container-style u-repeater-item\">\n              <div class=\"u-container-layout u-similar-container u-container-layout-1\"><a class=\"u-align-center u-blog-control u-image u-image-round u-radius-20 u-image-1\" href=\"http:\/\/wisla.skoczow.pl\/?p=56489\">\n                <img decoding=\"async\" class=\"u-align-center u-blog-control u-image u-image-round u-radius-20 u-image-1\" src=\"http:\/\/wisla.skoczow.pl\/wp-content\/uploads\/2024\/12\/wywiad-bogna.jpg\"><\/a>\n                <h2 class=\"u-align-center u-blog-control u-text u-text-1\">\n                  <a class=\"u-post-header-link\" href=\"http:\/\/wisla.skoczow.pl\/?p=56489\">\"Co s\u0142ycha\u0107? - wywiad z trenerk\u0105 Klaudi\u0105\"<\/a>\n                <\/h2>\n                <div class=\"u-blog-control u-post-content u-text u-text-2\"><p>\n Ju\u017c jest! Wywiad z Klaudi\u0105 Bogack\u0105, trenerk\u0105 KKS Wis\u0142a Skocz\u00f3w! \n\n\n\nChcecie wiedzie\u0107, co daje jej najwi\u0119ksz\u0105 satysfakcj\u0119 w pracy z dru\u017cyn\u0105? Jakie &hellip;<\/p>\n                <\/div>\n              <\/div>\n            <\/div>\n            <div class=\"u-blog-post u-invisible u-container-style u-repeater-item\">\n              <div class=\"u-container-layout u-similar-container u-container-layout-2\"><a class=\"u-align-center u-blog-control u-image u-image-round u-radius-20 u-image-2\" href=\"http:\/\/wisla.skoczow.pl\/?p=56491\">\n                <img decoding=\"async\" class=\"u-align-center u-blog-control u-image u-image-round u-radius-20 u-image-2\" src=\"http:\/\/wisla.skoczow.pl\/wp-content\/uploads\/2025\/02\/futsal-topka-terminarz.jpg\"><\/a>\n                <h2 class=\"u-align-center u-blog-control u-text u-text-3\">\n                  <a class=\"u-post-header-link\" href=\"http:\/\/wisla.skoczow.pl\/?p=56491\">Terminarz 22.12.2024<\/a>\n                <\/h2>\n                <div class=\"u-blog-control u-post-content u-text u-text-4\"><p>\n\n<\/p>\n                <\/div>\n              <\/div>\n            <\/div>\n            <div class=\"u-blog-post u-invisible u-container-style u-repeater-item\">\n              <div class=\"u-container-layout u-similar-container u-container-layout-1\"><a class=\"u-align-center u-blog-control u-image u-image-round u-radius-20 u-image-1\" href=\"http:\/\/wisla.skoczow.pl\/?p=56487\">\n                <img decoding=\"async\" class=\"u-align-center u-blog-control u-image u-image-round u-radius-20 u-image-1\" src=\"http:\/\/wisla.skoczow.pl\/wp-content\/uploads\/2024\/12\/vlogfutsal.png\"><\/a>\n                <h2 class=\"u-align-center u-blog-control u-text u-text-1\">\n                  <a class=\"u-post-header-link\" href=\"http:\/\/wisla.skoczow.pl\/?p=56487\">FUTSAL Vlog odc. 2<\/a>\n                <\/h2>\n                <div class=\"u-blog-control u-post-content u-text u-text-2\"><p>\nFUTSAL Vlog odc. 2 ju\u017c jest!\n\n\n\nJeste\u015bcie ciekawi?  Kulisy meczu z Opolem \n\n\n\nZobaczcie sami \n\n\n\n\u0141\u0105czy nas.... KKS\n\n\n\n\n<\/p>\n                <\/div>\n              <\/div>\n            <\/div>\n            <div class=\"u-blog-post u-invisible u-container-style u-repeater-item\">\n              <div class=\"u-container-layout u-similar-container u-container-layout-2\"><a class=\"u-align-center u-blog-control u-image u-image-round u-radius-20 u-image-2\" href=\"http:\/\/wisla.skoczow.pl\/?p=56483\">\n                <img decoding=\"async\" class=\"u-align-center u-blog-control u-image u-image-round u-radius-20 u-image-2\" src=\"http:\/\/wisla.skoczow.pl\/wp-content\/uploads\/2025\/02\/470176945_1137926118337920_1268807602186202154_n.jpg\"><\/a>\n                <h2 class=\"u-align-center u-blog-control u-text u-text-3\">\n                  <a class=\"u-post-header-link\" href=\"http:\/\/wisla.skoczow.pl\/?p=56483\">Awans do 1\/16 Pucharu Polski w Futsalu Kobiet<\/a>\n                <\/h2>\n                <div class=\"u-blog-control u-post-content u-text u-text-4\"><p>\nPo bardzo zaci\u0119tym spotkaniu odnosimy zwyci\u0119stwo nad LKS T\u0119cz\u0105 Wielowie\u015b, pokonuj\u0105c rywalki 3:4. Cieszymy si\u0119 z historycznego awansu do kolejnego &hellip;<\/p>\n                <\/div>\n              <\/div>\n            <\/div>\n            <div class=\"u-blog-post u-invisible u-container-style u-repeater-item\">\n              <div class=\"u-container-layout u-similar-container u-container-layout-1\"><a class=\"u-align-center u-blog-control u-image u-image-round u-radius-20 u-image-1\" href=\"http:\/\/wisla.skoczow.pl\/?p=56478\">\n                <img decoding=\"async\" class=\"u-align-center u-blog-control u-image u-image-round u-radius-20 u-image-1\" src=\"http:\/\/wisla.skoczow.pl\/wp-content\/uploads\/2024\/12\/467501893_1121309463332919_6504072893575589108_n.jpg\"><\/a>\n                <h2 class=\"u-align-center u-blog-control u-text u-text-1\">\n                  <a class=\"u-post-header-link\" href=\"http:\/\/wisla.skoczow.pl\/?p=56478\">\"Co s\u0142ycha\u0107? - trening U7 i U10\"<\/a>\n                <\/h2>\n                <div class=\"u-blog-control u-post-content u-text u-text-2\"><p>\n\u26bd\u2728 Treningi U7 i U10 \u2013 Zabaw\u0105 do sukces\u00f3w! \u2728\u26bd\n\n\n\nDru\u017cyny U7 i U10 KKS Wis\u0142a Skocz\u00f3w rozwijaj\u0105 swoje umiej\u0119tno\u015bci pi\u0142karskie przez zabaw\u0119! \ud83d\udcaa\ud83d\udc99 &hellip;<\/p>\n                <\/div>\n              <\/div>\n            <\/div>\n            <div class=\"u-blog-post u-invisible u-container-style u-repeater-item\">\n              <div class=\"u-container-layout u-similar-container u-container-layout-2\"><a class=\"u-align-center u-blog-control u-image u-image-round u-radius-20 u-image-2\" href=\"http:\/\/wisla.skoczow.pl\/?p=56474\">\n                <img decoding=\"async\" class=\"u-align-center u-blog-control u-image u-image-round u-radius-20 u-image-2\" src=\"http:\/\/wisla.skoczow.pl\/wp-content\/uploads\/2025\/02\/469906049_1135546678575864_8363712258224762162_n.jpg\"><\/a>\n                <h2 class=\"u-align-center u-blog-control u-text u-text-3\">\n                  <a class=\"u-post-header-link\" href=\"http:\/\/wisla.skoczow.pl\/?p=56474\">1\/32 Pucharu Polski w Futsalu Kobiet<\/a>\n                <\/h2>\n                <div class=\"u-blog-control u-post-content u-text u-text-4\"><p>\nPoznali\u015bmy rywalki w zmaganiach Pucharu Polski. Zmierzymy si\u0119 z zespo\u0142em, kt\u00f3ry wygra\u0142 eliminacje wojew\u00f3dztwa \u015al\u0105skiego - LKS T\u0119cza Wielowie\u015b.  &hellip;<\/p>\n                <\/div>\n              <\/div>\n            <\/div>\n            <div class=\"u-blog-post u-invisible u-container-style u-repeater-item\">\n              <div class=\"u-container-layout u-similar-container u-container-layout-1\"><a class=\"u-align-center u-blog-control u-image u-image-round u-radius-20 u-image-1\" href=\"http:\/\/wisla.skoczow.pl\/?p=56471\">\n                <img decoding=\"async\" class=\"u-align-center u-blog-control u-image u-image-round u-radius-20 u-image-1\" src=\"http:\/\/wisla.skoczow.pl\/wp-content\/uploads\/2025\/02\/469456415_1134065235390675_2942655011856559802_n.jpg\"><\/a>\n                <h2 class=\"u-align-center u-blog-control u-text u-text-1\">\n                  <a class=\"u-post-header-link\" href=\"http:\/\/wisla.skoczow.pl\/?p=56471\">Puchar Polski w Futsalu Kobiet<\/a>\n                <\/h2>\n                <div class=\"u-blog-control u-post-content u-text u-text-2\"><p>\nTrwa przerwa w rozgrywkach 1 Ligi Futsalu Kobiet, gdzie nasz zesp\u00f3\u0142 po V kolejkach zajmuje 3 pozycj\u0119 w tabeli. Ostatni\u0105 kolejk\u0119 w tej rundzie (VI) &hellip;<\/p>\n                <\/div>\n              <\/div>\n            <\/div>\n            <div class=\"u-blog-post u-invisible u-container-style u-repeater-item\">\n              <div class=\"u-container-layout u-similar-container u-container-layout-2\"><a class=\"u-align-center u-blog-control u-image u-image-round u-radius-20 u-image-2\" href=\"http:\/\/wisla.skoczow.pl\/?p=56457\">\n                <img decoding=\"async\" class=\"u-align-center u-blog-control u-image u-image-round u-radius-20 u-image-2\" src=\"http:\/\/wisla.skoczow.pl\/wp-content\/uploads\/2025\/02\/469460310_1129990449131487_974344017329407023_n.jpg\"><\/a>\n                <h2 class=\"u-align-center u-blog-control u-text u-text-3\">\n                  <a class=\"u-post-header-link\" href=\"http:\/\/wisla.skoczow.pl\/?p=56457\">Eliminacje M\u0142odzie\u017cowych Mistrzostw Polski U15<\/a>\n                <\/h2>\n                <div class=\"u-blog-control u-post-content u-text u-text-4\"><p>\nPonownie nasz klub by\u0142 gospodarzem eliminacji do lat 15 kobiet w futsalu.Zmagania odby\u0142y si\u0119 8 grudnia, po raz pierwszy na Hali Sportowej SP8 w &hellip;<\/p>\n                <\/div>\n              <\/div>\n            <\/div>\n            <div class=\"u-blog-post u-invisible u-container-style u-repeater-item\">\n              <div class=\"u-container-layout u-similar-container u-container-layout-1\"><a class=\"u-align-center u-blog-control u-image u-image-round u-radius-20 u-image-1\" href=\"http:\/\/wisla.skoczow.pl\/?p=56469\">\n                <img decoding=\"async\" class=\"u-align-center u-blog-control u-image u-image-round u-radius-20 u-image-1\" src=\"http:\/\/wisla.skoczow.pl\/wp-content\/uploads\/2024\/12\/kasia-wywiad.jpg\"><\/a>\n                <h2 class=\"u-align-center u-blog-control u-text u-text-1\">\n                  <a class=\"u-post-header-link\" href=\"http:\/\/wisla.skoczow.pl\/?p=56469\">\"Co s\u0142ycha\u0107? - wywiad z Kasi\u0105 U10<\/a>\n                <\/h2>\n                <div class=\"u-blog-control u-post-content u-text u-text-2\"><p>\n Nowy wywiad na kanale! Tym razem rozmowa z Katarzyn\u0105 Hajost, m\u0142od\u0105 i ambitn\u0105 zawodniczk\u0105 U10 KKS Wis\u0142a Skocz\u00f3w! \n\n\n\n Mo\u017cecie zobaczy\u0107, jak Kasia &hellip;<\/p>\n                <\/div>\n              <\/div>\n            <\/div>\n            <div class=\"u-blog-post u-invisible u-container-style u-repeater-item\">\n              <div class=\"u-container-layout u-similar-container u-container-layout-2\"><a class=\"u-align-center u-blog-control u-image u-image-round u-radius-20 u-image-2\" href=\"http:\/\/wisla.skoczow.pl\/?p=55981\">\n                <img decoding=\"async\" class=\"u-align-center u-blog-control u-image u-image-round u-radius-20 u-image-2\" src=\"http:\/\/wisla.skoczow.pl\/wp-content\/uploads\/2024\/12\/Black-Modern-Football-Score-Instagram-Post-5.png\"><\/a>\n                <h2 class=\"u-align-center u-blog-control u-text u-text-3\">\n                  <a class=\"u-post-header-link\" href=\"http:\/\/wisla.skoczow.pl\/?p=55981\">1 LIGA FUTSALU KOBIET \u2013 Opole<\/a>\n                <\/h2>\n                <div class=\"u-blog-control u-post-content u-text u-text-4\"><p>\n\"Wise\u0142ki\" pn\u0105 si\u0119 w g\u00f3r\u0119 tabeli! - po zwyci\u0119stwie nad Uni\u0105 Opole, nasz zesp\u00f3\u0142 zajmuje po VI kolejce 3 miejsce!\n\n\n\nZapraszamy do obejrzenia wywiad\u00f3w&hellip;<\/p>\n                <\/div>\n              <\/div>\n            <\/div>\n            <div class=\"u-blog-post u-invisible u-container-style u-repeater-item\">\n              <div class=\"u-container-layout u-similar-container u-container-layout-1\"><a class=\"u-align-center u-blog-control u-image u-image-round u-radius-20 u-image-1\" href=\"http:\/\/wisla.skoczow.pl\/?p=55988\">\n                <img decoding=\"async\" class=\"u-align-center u-blog-control u-image u-image-round u-radius-20 u-image-1\" src=\"http:\/\/wisla.skoczow.pl\/wp-content\/uploads\/2024\/12\/vlogfutsal.png\"><\/a>\n                <h2 class=\"u-align-center u-blog-control u-text u-text-1\">\n                  <a class=\"u-post-header-link\" href=\"http:\/\/wisla.skoczow.pl\/?p=55988\">FUTSAL Vlog odc. 1<\/a>\n                <\/h2>\n                <div class=\"u-blog-control u-post-content u-text u-text-2\"><p>\nJeste\u015bcie ciekawi jak funkcjonuje nasz zesp\u00f3\u0142 futsalowy?Dzi\u015b ruszamy z FUTSAL Vlog, zapraszamy na pierwszy odcinek.Jak to by\u0142o na obozie &hellip;<\/p>\n                <\/div>\n              <\/div>\n            <\/div>\n            <div class=\"u-blog-post u-invisible u-container-style u-repeater-item\">\n              <div class=\"u-container-layout u-similar-container u-container-layout-2\"><a class=\"u-align-center u-blog-control u-image u-image-round u-radius-20 u-image-2\" href=\"http:\/\/wisla.skoczow.pl\/?p=56460\">\n                <img decoding=\"async\" class=\"u-align-center u-blog-control u-image u-image-round u-radius-20 u-image-2\" src=\"http:\/\/wisla.skoczow.pl\/wp-content\/uploads\/2024\/11\/468337305_1123986309731901_165141948711451003_n.jpg\"><\/a>\n                <h2 class=\"u-align-center u-blog-control u-text u-text-3\">\n                  <a class=\"u-post-header-link\" href=\"http:\/\/wisla.skoczow.pl\/?p=56460\">Eliminacje M\u0142odzie\u017cowych Mistrzostw Polski U17<\/a>\n                <\/h2>\n                <div class=\"u-blog-control u-post-content u-text u-text-4\"><p>\nPonownie nasz klub by\u0142 gospodarzem eliminacji do lat 17 kobiet w futsalu.Zmagania odby\u0142y si\u0119 30  listopada, tradycyjnie na Hali Sportowej SP1 w &hellip;<\/p>\n                <\/div>\n              <\/div>\n            <\/div>\n            <div class=\"u-blog-post u-invisible u-container-style u-repeater-item\">\n              <div class=\"u-container-layout u-similar-container u-container-layout-1\"><a class=\"u-align-center u-blog-control u-image u-image-round u-radius-20 u-image-1\" href=\"http:\/\/wisla.skoczow.pl\/?p=55977\">\n                <img decoding=\"async\" class=\"u-align-center u-blog-control u-image u-image-round u-radius-20 u-image-1\" src=\"http:\/\/wisla.skoczow.pl\/wp-content\/uploads\/2025\/02\/futsal-topka-terminarz.jpg\"><\/a>\n                <h2 class=\"u-align-center u-blog-control u-text u-text-1\">\n                  <a class=\"u-post-header-link\" href=\"http:\/\/wisla.skoczow.pl\/?p=55977\">Terminarz 30.11.2024<\/a>\n                <\/h2>\n                <div class=\"u-blog-control u-post-content u-text u-text-2\"><p>\n\n\n\n\n\n\n\n\n\n\n\n<\/p>\n                <\/div>\n              <\/div>\n            <\/div>\n            <div class=\"u-blog-post u-invisible u-container-style u-repeater-item\">\n              <div class=\"u-container-layout u-similar-container u-container-layout-2\"><a class=\"u-align-center u-blog-control u-image u-image-round u-radius-20 u-image-2\" href=\"http:\/\/wisla.skoczow.pl\/?p=55983\">\n                <img decoding=\"async\" class=\"u-align-center u-blog-control u-image u-image-round u-radius-20 u-image-2\" src=\"http:\/\/wisla.skoczow.pl\/wp-content\/uploads\/2024\/11\/sonia-wywiad.jpg\"><\/a>\n                <h2 class=\"u-align-center u-blog-control u-text u-text-3\">\n                  <a class=\"u-post-header-link\" href=\"http:\/\/wisla.skoczow.pl\/?p=55983\">\"Co s\u0142ycha\u0107?\" - wywiad z trenerk\u0105 Soni\u0105.<\/a>\n                <\/h2>\n                <div class=\"u-blog-control u-post-content u-text u-text-4\"><p>\n\n\n\n\n\n<\/p>\n                <\/div>\n              <\/div>\n            <\/div>\n            <div class=\"u-blog-post u-invisible u-container-style u-repeater-item\">\n              <div class=\"u-container-layout u-similar-container u-container-layout-1\"><a class=\"u-align-center u-blog-control u-image u-image-round u-radius-20 u-image-1\" href=\"http:\/\/wisla.skoczow.pl\/?p=55954\">\n                <img decoding=\"async\" class=\"u-align-center u-blog-control u-image u-image-round u-radius-20 u-image-1\" src=\"http:\/\/wisla.skoczow.pl\/wp-content\/uploads\/2024\/11\/Black-Modern-Football-Score-Instagram-Post-3.png\"><\/a>\n                <h2 class=\"u-align-center u-blog-control u-text u-text-1\">\n                  <a class=\"u-post-header-link\" href=\"http:\/\/wisla.skoczow.pl\/?p=55954\">1 LIGA FUTSALU KOBIET - Katowice<\/a>\n                <\/h2>\n                <div class=\"u-blog-control u-post-content u-text u-text-2\"><p>\nOdnosimy kolejne zwyci\u0119stwo! \"Wise\u0142ki\" zaczynaj\u0105 nabiera\u0107 wiatru w \u017cagle!\n\n\n\n Wywiady pomeczowe po wygranym meczu KKS Wis\u0142a Skocz\u00f3w vs. AZS U\u015a &hellip;<\/p>\n                <\/div>\n              <\/div>\n            <\/div>\n            <div class=\"u-blog-post u-invisible u-container-style u-repeater-item\">\n              <div class=\"u-container-layout u-similar-container u-container-layout-2\"><a class=\"u-align-center u-blog-control u-image u-image-round u-radius-20 u-image-2\" href=\"http:\/\/wisla.skoczow.pl\/?p=55939\">\n                <img decoding=\"async\" class=\"u-align-center u-blog-control u-image u-image-round u-radius-20 u-image-2\" src=\"http:\/\/wisla.skoczow.pl\/wp-content\/uploads\/2024\/11\/Blue-and-Black-Greyscale-Football-Final-Score-Instagram-Post-17.png\"><\/a>\n                <h2 class=\"u-align-center u-blog-control u-text u-text-3\">\n                  <a class=\"u-post-header-link\" href=\"http:\/\/wisla.skoczow.pl\/?p=55939\">Juniorki M\u0142odsze U16 - Gardawice<\/a>\n                <\/h2>\n                <div class=\"u-blog-control u-post-content u-text u-text-4\"><p>\nWygrywamy ostatni mecz rundy jesiennej Wczoraj w meczu wyjazdowym zmierzyli\u015bmy si\u0119 z LKS Gardawice. Od samego pocz\u0105tku by\u0142o wida\u0107, \u017ce nasze &hellip;<\/p>\n                <\/div>\n              <\/div>\n            <\/div>\n            <div class=\"u-blog-post u-invisible u-container-style u-repeater-item\">\n              <div class=\"u-container-layout u-similar-container u-container-layout-1\"><a class=\"u-align-center u-blog-control u-image u-image-round u-radius-20 u-image-1\" href=\"http:\/\/wisla.skoczow.pl\/?p=55953\">\n                <img decoding=\"async\" class=\"u-align-center u-blog-control u-image u-image-round u-radius-20 u-image-1\" src=\"http:\/\/wisla.skoczow.pl\/wp-content\/uploads\/2024\/11\/Kopia-\u2013-Blue-and-Black-Greyscale-Football-Final-Score-Instagram-Post-11.png\"><\/a>\n                <h2 class=\"u-align-center u-blog-control u-text u-text-1\">\n                  <a class=\"u-post-header-link\" href=\"http:\/\/wisla.skoczow.pl\/?p=55953\">M\u0142odziczki U13 - Wo\u017aniki<\/a>\n                <\/h2>\n                <div class=\"u-blog-control u-post-content u-text u-text-2\"><p>\nW ostatnim spotkaniu rozgrywek II \u015al\u0105skiej Ligi M\u0142odziczek \"Wise\u0142ki\" rozegra\u0142y na wyje\u017adzie rywalizuj\u0105c z MLKS Wo\u017aniki. Mecz zacz\u0119\u0142y bardzo dobrze &hellip;<\/p>\n                <\/div>\n              <\/div>\n            <\/div>\n            <div class=\"u-blog-post u-invisible u-container-style u-repeater-item\">\n              <div class=\"u-container-layout u-similar-container u-container-layout-2\"><a class=\"u-align-center u-blog-control u-image u-image-round u-radius-20 u-image-2\" href=\"http:\/\/wisla.skoczow.pl\/?p=55964\">\n                <img decoding=\"async\" class=\"u-align-center u-blog-control u-image u-image-round u-radius-20 u-image-2\" src=\"http:\/\/wisla.skoczow.pl\/wp-content\/uploads\/2024\/11\/trenerzy.png\"><\/a>\n                <h2 class=\"u-align-center u-blog-control u-text u-text-3\">\n                  <a class=\"u-post-header-link\" href=\"http:\/\/wisla.skoczow.pl\/?p=55964\">\u015aWI\u0118TO TRENER\u00d3W<\/a>\n                <\/h2>\n                <div class=\"u-blog-control u-post-content u-text u-text-4\"><p>\nSwoje mi\u0119dzynarodowe \u015bwi\u0119to 15 listopada obchodz\u0105 TRENERZY.\n\n\n\nZ ca\u0142ego serca \u017cyczymy WAM wszystkiego dobrego, du\u017co zdrowia i ci\u0105g\u0142ej pasji w tym &hellip;<\/p>\n                <\/div>\n              <\/div>\n            <\/div>\n            <div class=\"u-blog-post u-invisible u-container-style u-repeater-item\">\n              <div class=\"u-container-layout u-similar-container u-container-layout-1\"><a class=\"u-align-center u-blog-control u-image u-image-round u-radius-20 u-image-1\" href=\"http:\/\/wisla.skoczow.pl\/?p=55895\">\n                <img decoding=\"async\" class=\"u-align-center u-blog-control u-image u-image-round u-radius-20 u-image-1\" src=\"http:\/\/wisla.skoczow.pl\/wp-content\/uploads\/2024\/09\/Blue-Galaxy-Whats-New-Opening-Soon-Facebook-Post.png\"><\/a>\n                <h2 class=\"u-align-center u-blog-control u-text u-text-1\">\n                  <a class=\"u-post-header-link\" href=\"http:\/\/wisla.skoczow.pl\/?p=55895\">\"Co s\u0142ycha\u0107?\" - Trening U16<\/a>\n                <\/h2>\n                <div class=\"u-blog-control u-post-content u-text u-text-2\"><p>\nZobaczcie, jak trenuje nasza dru\u017cyna U16!  Dziewczyny pracuj\u0105 nad szybko\u015bci\u0105, precyzj\u0105 poda\u0144 i og\u00f3lnym rozwojem sprawno\u015bci. Ka\u017cda sekunda na boisku&hellip;<\/p>\n                <\/div>\n              <\/div>\n            <\/div>\n            <div class=\"u-blog-post u-invisible u-container-style u-repeater-item\">\n              <div class=\"u-container-layout u-similar-container u-container-layout-2\"><a class=\"u-align-center u-blog-control u-image u-image-round u-radius-20 u-image-2\" href=\"http:\/\/wisla.skoczow.pl\/?p=55933\">\n                <img decoding=\"async\" class=\"u-align-center u-blog-control u-image u-image-round u-radius-20 u-image-2\" src=\"http:\/\/wisla.skoczow.pl\/wp-content\/uploads\/2024\/11\/terminasz-slzpn.jpg\"><\/a>\n                <h2 class=\"u-align-center u-blog-control u-text u-text-3\">\n                  <a class=\"u-post-header-link\" href=\"http:\/\/wisla.skoczow.pl\/?p=55933\">Terminarz 16 - 17.11.2024<\/a>\n                <\/h2>\n                <div class=\"u-blog-control u-post-content u-text u-text-4\"><p>\n\n\n\n\n\n\n\n\n\n\n\n\n\n\n\n<\/p>\n                <\/div>\n              <\/div>\n            <\/div>\n            <div class=\"u-blog-post u-invisible u-container-style u-repeater-item\">\n              <div class=\"u-container-layout u-similar-container u-container-layout-1\"><a class=\"u-align-center u-blog-control u-image u-image-round u-radius-20 u-image-1\" href=\"http:\/\/wisla.skoczow.pl\/?p=55915\">\n                <img decoding=\"async\" class=\"u-align-center u-blog-control u-image u-image-round u-radius-20 u-image-1\" src=\"http:\/\/wisla.skoczow.pl\/wp-content\/uploads\/2024\/11\/Blue-and-Black-Greyscale-Football-Final-Score-Instagram-Post-14.png\"><\/a>\n                <h2 class=\"u-align-center u-blog-control u-text u-text-1\">\n                  <a class=\"u-post-header-link\" href=\"http:\/\/wisla.skoczow.pl\/?p=55915\">Juniorki M\u0142odsze U16 - Wo\u017aniki<\/a>\n                <\/h2>\n                <div class=\"u-blog-control u-post-content u-text u-text-2\"><p>\n punkty zostaj\u0105 w Skoczowie Przedwczoraj w meczu domowym zmierzyli\u015bmy si\u0119 z MLKS Wo\u017aniki. Pocz\u0105tek meczu to sporo nie wykorzystanych akcji, kt\u00f3re &hellip;<\/p>\n                <\/div>\n              <\/div>\n            <\/div>\n            <div class=\"u-blog-post u-invisible u-container-style u-repeater-item\">\n              <div class=\"u-container-layout u-similar-container u-container-layout-2\"><a class=\"u-align-center u-blog-control u-image u-image-round u-radius-20 u-image-2\" href=\"http:\/\/wisla.skoczow.pl\/?p=55928\">\n                <img decoding=\"async\" class=\"u-align-center u-blog-control u-image u-image-round u-radius-20 u-image-2\" src=\"http:\/\/wisla.skoczow.pl\/wp-content\/uploads\/2024\/11\/Black-Modern-Football-Score-Instagram-Post-2.png\"><\/a>\n                <h2 class=\"u-align-center u-blog-control u-text u-text-3\">\n                  <a class=\"u-post-header-link\" href=\"http:\/\/wisla.skoczow.pl\/?p=55928\">1 LIGA FUTSALU KOBIET - G\u0142og\u00f3wek<\/a>\n                <\/h2>\n                <div class=\"u-blog-control u-post-content u-text u-text-4\"><p>\nPierwsze w historii naszego klubu 3 punkty na poziomie rozgrywek centralnych !\n\n\n\n Wywiady pomeczowe po wygranym meczu KKS Wis\u0142a Skocz\u00f3w vs. Rolnik&hellip;<\/p>\n                <\/div>\n              <\/div>\n            <\/div>\n            <div class=\"u-blog-post u-invisible u-container-style u-repeater-item\">\n              <div class=\"u-container-layout u-similar-container u-container-layout-1\"><a class=\"u-align-center u-blog-control u-image u-image-round u-radius-20 u-image-1\" href=\"http:\/\/wisla.skoczow.pl\/?p=55903\">\n                <img decoding=\"async\" class=\"u-align-center u-blog-control u-image u-image-round u-radius-20 u-image-1\" src=\"http:\/\/wisla.skoczow.pl\/wp-content\/uploads\/2024\/11\/Kopia-\u2013-Blue-and-Black-Greyscale-Football-Final-Score-Instagram-Post-10.png\"><\/a>\n                <h2 class=\"u-align-center u-blog-control u-text u-text-1\">\n                  <a class=\"u-post-header-link\" href=\"http:\/\/wisla.skoczow.pl\/?p=55903\">M\u0142odziczki U13 - Piast Gliwice<\/a>\n                <\/h2>\n                <div class=\"u-blog-control u-post-content u-text u-text-2\"><p>\nW przedostatniej kolejce dziewcz\u0119ta zmierzy\u0142y si\u0119 na wyje\u017adzie z liderem tabeli - Piastem Gliwice. Dziewcz\u0119ta dawa\u0142y z siebie wszystko, ale na &hellip;<\/p>\n                <\/div>\n              <\/div>\n            <\/div>\n            <div class=\"u-blog-post u-invisible u-container-style u-repeater-item\">\n              <div class=\"u-container-layout u-similar-container u-container-layout-2\"><a class=\"u-align-center u-blog-control u-image u-image-round u-radius-20 u-image-2\" href=\"http:\/\/wisla.skoczow.pl\/?p=55897\">\n                <img decoding=\"async\" class=\"u-align-center u-blog-control u-image u-image-round u-radius-20 u-image-2\" src=\"http:\/\/wisla.skoczow.pl\/wp-content\/uploads\/2024\/11\/Black-Modern-Football-Score-Instagram-Post-1.png\"><\/a>\n                <h2 class=\"u-align-center u-blog-control u-text u-text-3\">\n                  <a class=\"u-post-header-link\" href=\"http:\/\/wisla.skoczow.pl\/?p=55897\">1 LIGA FUTSALU KOBIET - Wroc\u0142aw<\/a>\n                <\/h2>\n                <div class=\"u-blog-control u-post-content u-text u-text-4\"><p>\n Wywiady pomeczowe po spotkaniu z Chaos Futsal Wroc\u0142aw!\n\n\n\nZapraszamy do wys\u0142uchania wywiad\u00f3w z trenerk\u0105, bramkark\u0105 oraz prezesem po emocjonuj\u0105cym &hellip;<\/p>\n                <\/div>\n              <\/div>\n            <\/div>\n            <div class=\"u-blog-post u-invisible u-container-style u-repeater-item\">\n              <div class=\"u-container-layout u-similar-container u-container-layout-1\"><a class=\"u-align-center u-blog-control u-image u-image-round u-radius-20 u-image-1\" href=\"http:\/\/wisla.skoczow.pl\/?p=55879\">\n                <img decoding=\"async\" class=\"u-align-center u-blog-control u-image u-image-round u-radius-20 u-image-1\" src=\"http:\/\/wisla.skoczow.pl\/wp-content\/uploads\/2024\/10\/terminasz-slzpn.jpg\"><\/a>\n                <h2 class=\"u-align-center u-blog-control u-text u-text-1\">\n                  <a class=\"u-post-header-link\" href=\"http:\/\/wisla.skoczow.pl\/?p=55879\">Terminarz 05 - 10.11.2024<\/a>\n                <\/h2>\n                <div class=\"u-blog-control u-post-content u-text u-text-2\"><p>\n\n\n\n\n\n\n\n\n\n\n\n\n\n\n\n<\/p>\n                <\/div>\n              <\/div>\n            <\/div>\n            <div class=\"u-blog-post u-invisible u-container-style u-repeater-item\">\n              <div class=\"u-container-layout u-similar-container u-container-layout-2\"><a class=\"u-align-center u-blog-control u-image u-image-round u-radius-20 u-image-2\" href=\"http:\/\/wisla.skoczow.pl\/?p=55876\">\n                <img decoding=\"async\" class=\"u-align-center u-blog-control u-image u-image-round u-radius-20 u-image-2\" src=\"http:\/\/wisla.skoczow.pl\/wp-content\/uploads\/2024\/11\/Black-Modern-Football-Score-Instagram-Post.png\"><\/a>\n                <h2 class=\"u-align-center u-blog-control u-text u-text-3\">\n                  <a class=\"u-post-header-link\" href=\"http:\/\/wisla.skoczow.pl\/?p=55876\">1 LIGA FUTSALU KOBIET - Zielona G\u00f3ra<\/a>\n                <\/h2>\n                <div class=\"u-blog-control u-post-content u-text u-text-4\"><p>\nRelacja z wyjazdowego meczu - chod\u017a trzy punkty uciek\u0142y to walka by\u0142a pi\u0119kna. Drug\u0105 po\u0142ow\u0119 wygrali\u015bmy my! \n\n\n\n\n\n\n\n\n<\/p>\n                <\/div>\n              <\/div>\n            <\/div>\n            <div class=\"u-blog-post u-invisible u-container-style u-repeater-item\">\n              <div class=\"u-container-layout u-similar-container u-container-layout-1\"><a class=\"u-align-center u-blog-control u-image u-image-round u-radius-20 u-image-1\" href=\"http:\/\/wisla.skoczow.pl\/?p=55863\">\n                <img decoding=\"async\" class=\"u-align-center u-blog-control u-image u-image-round u-radius-20 u-image-1\" src=\"http:\/\/wisla.skoczow.pl\/wp-content\/uploads\/2024\/11\/Blue-and-Black-Greyscale-Football-Final-Score-Instagram-Post-15.png\"><\/a>\n                <h2 class=\"u-align-center u-blog-control u-text u-text-1\">\n                  <a class=\"u-post-header-link\" href=\"http:\/\/wisla.skoczow.pl\/?p=55863\">Juniorki M\u0142odsze U16 - SWD Wodzis\u0142aw \u015al.<\/a>\n                <\/h2>\n                <div class=\"u-blog-control u-post-content u-text u-text-2\"><p>\nKolejny mecz za nami. W niedziele na wyje\u017adzie  rywalizowali\u015bmy z SWD Wodzis\u0142aw \u015al\u0105ski. Pocz\u0105tek meczu to nasza przewaga na po\u0142owie przeciwnika, &hellip;<\/p>\n                <\/div>\n              <\/div>\n            <\/div>\n            <div class=\"u-blog-post u-invisible u-container-style u-repeater-item\">\n              <div class=\"u-container-layout u-similar-container u-container-layout-2\"><a class=\"u-align-center u-blog-control u-image u-image-round u-radius-20 u-image-2\" href=\"http:\/\/wisla.skoczow.pl\/?p=55843\">\n                <img decoding=\"async\" class=\"u-align-center u-blog-control u-image u-image-round u-radius-20 u-image-2\" src=\"http:\/\/wisla.skoczow.pl\/wp-content\/uploads\/2024\/11\/Kopia-\u2013-Blue-and-Black-Greyscale-Football-Final-Score-Instagram-Post-9.png\"><\/a>\n                <h2 class=\"u-align-center u-blog-control u-text u-text-3\">\n                  <a class=\"u-post-header-link\" href=\"http:\/\/wisla.skoczow.pl\/?p=55843\">M\u0142odziczki U13 - Jankowice<\/a>\n                <\/h2>\n                <div class=\"u-blog-control u-post-content u-text u-text-4\"><p>\n ze zwyci\u0119stwem\n\n\n\nRewan\u017cowo podejmowali\u015bmy dzi\u015b zesp\u00f3\u0142 z Jankowic. Tym razem nie by\u0142 to \u0142atwy mecz. Przeciwniczki postawi\u0142y si\u0119 i mocno walczy\u0142y. &hellip;<\/p>\n                <\/div>\n              <\/div>\n            <\/div>\n            <div class=\"u-blog-post u-invisible u-container-style u-repeater-item\">\n              <div class=\"u-container-layout u-similar-container u-container-layout-1\"><a class=\"u-align-center u-blog-control u-image u-image-round u-radius-20 u-image-1\" href=\"http:\/\/wisla.skoczow.pl\/?p=55836\">\n                <img decoding=\"async\" class=\"u-align-center u-blog-control u-image u-image-round u-radius-20 u-image-1\" src=\"http:\/\/wisla.skoczow.pl\/wp-content\/uploads\/2024\/11\/terminasz-slzpn.jpg\"><\/a>\n                <h2 class=\"u-align-center u-blog-control u-text u-text-1\">\n                  <a class=\"u-post-header-link\" href=\"http:\/\/wisla.skoczow.pl\/?p=55836\">Terminarz 02-03.11.2024<\/a>\n                <\/h2>\n                <div class=\"u-blog-control u-post-content u-text u-text-2\"><p>\n\n\n\n\n\n\n\n\n\n\n\n\n\n\n\n<\/p>\n                <\/div>\n              <\/div>\n            <\/div>\n            <div class=\"u-blog-post u-invisible u-container-style u-repeater-item\">\n              <div class=\"u-container-layout u-similar-container u-container-layout-2\"><a class=\"u-align-center u-blog-control u-image u-image-round u-radius-20 u-image-2\" href=\"http:\/\/wisla.skoczow.pl\/?p=55885\">\n                <img decoding=\"async\" class=\"u-align-center u-blog-control u-image u-image-round u-radius-20 u-image-2\" src=\"http:\/\/wisla.skoczow.pl\/wp-content\/uploads\/2024\/09\/Blue-Galaxy-Whats-New-Opening-Soon-Facebook-Post.png\"><\/a>\n                <h2 class=\"u-align-center u-blog-control u-text u-text-3\">\n                  <a class=\"u-post-header-link\" href=\"http:\/\/wisla.skoczow.pl\/?p=55885\">\"Co s\u0142ycha\u0107?\" - Treningi bramkarskie<\/a>\n                <\/h2>\n                <div class=\"u-blog-control u-post-content u-text u-text-4\"><p>\n Trening bramkarski z trenerem Mariuszem Kurzokiem! \n\n\n\nNasze bramkarki nie maj\u0105 \u0142atwego zadania, ale z takim trenerem, jak Mariusz Kurzok, ka\u017cde &hellip;<\/p>\n                <\/div>\n              <\/div>\n            <\/div>\n            <div class=\"u-blog-post u-invisible u-container-style u-repeater-item\">\n              <div class=\"u-container-layout u-similar-container u-container-layout-1\"><a class=\"u-align-center u-blog-control u-image u-image-round u-radius-20 u-image-1\" href=\"http:\/\/wisla.skoczow.pl\/?p=55171\">\n                <img decoding=\"async\" class=\"u-align-center u-blog-control u-image u-image-round u-radius-20 u-image-1\" src=\"http:\/\/wisla.skoczow.pl\/wp-content\/uploads\/2024\/11\/pgp-21.jpg\"><\/a>\n                <h2 class=\"u-align-center u-blog-control u-text u-text-1\">\n                  <a class=\"u-post-header-link\" href=\"http:\/\/wisla.skoczow.pl\/?p=55171\">PUCHAR GRODZISKA PIEKIE\u0141KO 2024<\/a>\n                <\/h2>\n                <div class=\"u-blog-control u-post-content u-text u-text-2\"><p>\nIX edycja turnieju pi\u0142ki no\u017cnej dziewcz\u0105t szk\u00f3\u0142 podstawowych zako\u0144czy\u0142a si\u0119 sukcesem! \n\n\n\n28 pa\u017adziernika (poniedzia\u0142ek) uczestniczki turnieju w &hellip;<\/p>\n                <\/div>\n              <\/div>\n            <\/div>\n            <div class=\"u-blog-post u-invisible u-container-style u-repeater-item\">\n              <div class=\"u-container-layout u-similar-container u-container-layout-2\"><a class=\"u-align-center u-blog-control u-image u-image-round u-radius-20 u-image-2\" href=\"http:\/\/wisla.skoczow.pl\/?p=55138\">\n                <img decoding=\"async\" class=\"u-align-center u-blog-control u-image u-image-round u-radius-20 u-image-2\" src=\"http:\/\/wisla.skoczow.pl\/wp-content\/uploads\/2024\/11\/Kopia-\u2013-Blue-and-Black-Greyscale-Football-Final-Score-Instagram-Post-8.png\"><\/a>\n                <h2 class=\"u-align-center u-blog-control u-text u-text-3\">\n                  <a class=\"u-post-header-link\" href=\"http:\/\/wisla.skoczow.pl\/?p=55138\">M\u0142odziczki U13 - Chorz\u00f3w<\/a>\n                <\/h2>\n                <div class=\"u-blog-control u-post-content u-text u-text-4\"><p>\nMecz na \ud83d\udd25szczycie nie dla nas....\u274c\u274c\n\n\n\nTo nie by\u0142 dzie\u0144 \"Wise\u0142ek\", a zacz\u0119\u0142o si\u0119 od braku s\u0119dziego. To op\u00f3\u017ani\u0142o niemal o ca\u0142\u0105 godzin\u0119\u231a rozpocz\u0119cie &hellip;<\/p>\n                <\/div>\n              <\/div>\n            <\/div>\n            <div class=\"u-blog-post u-invisible u-container-style u-repeater-item\">\n              <div class=\"u-container-layout u-similar-container u-container-layout-1\"><a class=\"u-align-center u-blog-control u-image u-image-round u-radius-20 u-image-1\" href=\"http:\/\/wisla.skoczow.pl\/?p=55100\">\n                <img decoding=\"async\" class=\"u-align-center u-blog-control u-image u-image-round u-radius-20 u-image-1\" src=\"http:\/\/wisla.skoczow.pl\/wp-content\/uploads\/2024\/11\/Blue-and-Black-Greyscale-Football-Final-Score-Instagram-Post-13.png\"><\/a>\n                <h2 class=\"u-align-center u-blog-control u-text u-text-1\">\n                  <a class=\"u-post-header-link\" href=\"http:\/\/wisla.skoczow.pl\/?p=55100\">Juniorki M\u0142odsze U16 - Rogo\u017anik<\/a>\n                <\/h2>\n                <div class=\"u-blog-control u-post-content u-text u-text-2\"><p>\nKolejny mecz za nami Po dzisiejszym spotkaniu domowym  dopisujemy  punkty Mecz rozpocz\u0119li\u015bmy z lekkim op\u00f3\u017anieniem ze wzgl\u0119du na dojazd dru\u017cyny &hellip;<\/p>\n                <\/div>\n              <\/div>\n            <\/div>\n            <div class=\"u-blog-post u-invisible u-container-style u-repeater-item\">\n              <div class=\"u-container-layout u-similar-container u-container-layout-2\"><a class=\"u-align-center u-blog-control u-image u-image-round u-radius-20 u-image-2\" href=\"http:\/\/wisla.skoczow.pl\/?p=55094\">\n                <img decoding=\"async\" class=\"u-align-center u-blog-control u-image u-image-round u-radius-20 u-image-2\" src=\"http:\/\/wisla.skoczow.pl\/wp-content\/uploads\/2024\/10\/terminasz-slzpn.jpg\"><\/a>\n                <h2 class=\"u-align-center u-blog-control u-text u-text-3\">\n                  <a class=\"u-post-header-link\" href=\"http:\/\/wisla.skoczow.pl\/?p=55094\">Terminarz 26.10.2024<\/a>\n                <\/h2>\n                <div class=\"u-blog-control u-post-content u-text u-text-4\"><p>\n\n\n\n\n\n\n\n<\/p>\n                <\/div>\n              <\/div>\n            <\/div>\n            <div class=\"u-blog-post u-invisible u-container-style u-repeater-item\">\n              <div class=\"u-container-layout u-similar-container u-container-layout-1\"><a class=\"u-align-center u-blog-control u-image u-image-round u-radius-20 u-image-1\" href=\"http:\/\/wisla.skoczow.pl\/?p=55082\">\n                <img decoding=\"async\" class=\"u-align-center u-blog-control u-image u-image-round u-radius-20 u-image-1\" src=\"http:\/\/wisla.skoczow.pl\/wp-content\/uploads\/2024\/10\/Kopia-\u2013-Blue-and-Black-Greyscale-Football-Final-Score-Instagram-Post-7.png\"><\/a>\n                <h2 class=\"u-align-center u-blog-control u-text u-text-1\">\n                  <a class=\"u-post-header-link\" href=\"http:\/\/wisla.skoczow.pl\/?p=55082\">M\u0142odziczki U13 - GTW Gliwice<\/a>\n                <\/h2>\n                <div class=\"u-blog-control u-post-content u-text u-text-2\"><p>\nWygrywamy  W niedziel\u0119 podejmowali\u015bmy w meczu wyjazdowym GTW Gliwice. Pierwsza cz\u0119\u015b\u0107 spotkania to ataki na po\u0142owie przeciwnika, du\u017co oddanych &hellip;<\/p>\n                <\/div>\n              <\/div>\n            <\/div>\n            <div class=\"u-blog-post u-invisible u-container-style u-repeater-item\">\n              <div class=\"u-container-layout u-similar-container u-container-layout-2\"><a class=\"u-align-center u-blog-control u-image u-image-round u-radius-20 u-image-2\" href=\"http:\/\/wisla.skoczow.pl\/?p=55069\">\n                <img decoding=\"async\" class=\"u-align-center u-blog-control u-image u-image-round u-radius-20 u-image-2\" src=\"http:\/\/wisla.skoczow.pl\/wp-content\/uploads\/2024\/10\/Blue-and-Black-Greyscale-Football-Final-Score-Instagram-Post-12.png\"><\/a>\n                <h2 class=\"u-align-center u-blog-control u-text u-text-3\">\n                  <a class=\"u-post-header-link\" href=\"http:\/\/wisla.skoczow.pl\/?p=55069\">Juniorki M\u0142odsze U16 - Bielsko-Bia\u0142a<\/a>\n                <\/h2>\n                <div class=\"u-blog-control u-post-content u-text u-text-4\"><p>\nW sobot\u0119 rozegrali\u015bmy mecz rewan\u017cowy z BTS Rekord Bielsko-Bia\u0142a w meczu domowym . By\u0142 to nasz 3 mecz w przeci\u0105gu tygodnia, co da\u0142o si\u0119 odczu\u0107 &hellip;<\/p>\n                <\/div>\n              <\/div>\n            <\/div>\n            <div class=\"u-blog-post u-invisible u-container-style u-repeater-item\">\n              <div class=\"u-container-layout u-similar-container u-container-layout-1\"><a class=\"u-align-center u-blog-control u-image u-image-round u-radius-20 u-image-1\" href=\"http:\/\/wisla.skoczow.pl\/?p=55056\">\n                <img decoding=\"async\" class=\"u-align-center u-blog-control u-image u-image-round u-radius-20 u-image-1\" src=\"http:\/\/wisla.skoczow.pl\/wp-content\/uploads\/2024\/10\/Blue-and-Black-Greyscale-Football-Final-Score-Instagram-Post-11.png\"><\/a>\n                <h2 class=\"u-align-center u-blog-control u-text u-text-1\">\n                  <a class=\"u-post-header-link\" href=\"http:\/\/wisla.skoczow.pl\/?p=55056\">Juniorki M\u0142odsze U16 - Wodzis\u0142aw \u015al.<\/a>\n                <\/h2>\n                <div class=\"u-blog-control u-post-content u-text u-text-2\"><p>\nW \u015brod\u0119 rozegrali\u015bmy zaleg\u0142e spotkanie w meczu domowym  wyj\u0105tkowo mecz , odby\u0142 si\u0119 na boisku w Wi\u015blicy. Od samego pocz\u0105tku by\u0142o wida\u0107 walk\u0119 i to, &hellip;<\/p>\n                <\/div>\n              <\/div>\n            <\/div>\n            <div class=\"u-blog-post u-invisible u-container-style u-repeater-item\">\n              <div class=\"u-container-layout u-similar-container u-container-layout-2\"><a class=\"u-align-center u-blog-control u-image u-image-round u-radius-20 u-image-2\" href=\"http:\/\/wisla.skoczow.pl\/?p=55038\">\n                <img decoding=\"async\" class=\"u-align-center u-blog-control u-image u-image-round u-radius-20 u-image-2\" src=\"http:\/\/wisla.skoczow.pl\/wp-content\/uploads\/2024\/09\/Blue-Galaxy-Whats-New-Opening-Soon-Facebook-Post.png\"><\/a>\n                <h2 class=\"u-align-center u-blog-control u-text u-text-3\">\n                  <a class=\"u-post-header-link\" href=\"http:\/\/wisla.skoczow.pl\/?p=55038\">\u201cCo s\u0142ycha\u0107?\u201d - dlaczego lubimy pi\u0142k\u0119 no\u017cn\u0105?<\/a>\n                <\/h2>\n                <div class=\"u-blog-control u-post-content u-text u-text-4\"><p>\n Dlaczego kochamy pi\u0142k\u0119 no\u017cn\u0105? Zobacz, co m\u00f3wi\u0105 nasze zawodniczki! \n\n\n\nW tym filmiku, zawodniczki KKS Wis\u0142a Skocz\u00f3w \u2013 z r\u00f3\u017cnych kategorii wiekowych&hellip;<\/p>\n                <\/div>\n              <\/div>\n            <\/div>\n            <div class=\"u-blog-post u-invisible u-container-style u-repeater-item\">\n              <div class=\"u-container-layout u-similar-container u-container-layout-1\"><a class=\"u-align-center u-blog-control u-image u-image-round u-radius-20 u-image-1\" href=\"http:\/\/wisla.skoczow.pl\/?p=55050\">\n                <img decoding=\"async\" class=\"u-align-center u-blog-control u-image u-image-round u-radius-20 u-image-1\" src=\"http:\/\/wisla.skoczow.pl\/wp-content\/uploads\/2024\/11\/terminasz-slzpn.jpg\"><\/a>\n                <h2 class=\"u-align-center u-blog-control u-text u-text-1\">\n                  <a class=\"u-post-header-link\" href=\"http:\/\/wisla.skoczow.pl\/?p=55050\">Terminarz 16-20.10.2024<\/a>\n                <\/h2>\n                <div class=\"u-blog-control u-post-content u-text u-text-2\"><p>\n\n\n\n\n\n\n\n\n\n\n\n<\/p>\n                <\/div>\n              <\/div>\n            <\/div>\n            <div class=\"u-blog-post u-invisible u-container-style u-repeater-item\">\n              <div class=\"u-container-layout u-similar-container u-container-layout-2\"><a class=\"u-align-center u-blog-control u-image u-image-round u-radius-20 u-image-2\" href=\"http:\/\/wisla.skoczow.pl\/?p=54635\">\n                <img decoding=\"async\" class=\"u-align-center u-blog-control u-image u-image-round u-radius-20 u-image-2\" src=\"http:\/\/wisla.skoczow.pl\/wp-content\/uploads\/2024\/10\/463006351_1087979953332537_2675111559449804170_n.jpg\"><\/a>\n                <h2 class=\"u-align-center u-blog-control u-text u-text-3\">\n                  <a class=\"u-post-header-link\" href=\"http:\/\/wisla.skoczow.pl\/?p=54635\">1 Liga PLF Futsalu Kobiet<\/a>\n                <\/h2>\n                <div class=\"u-blog-control u-post-content u-text u-text-4\"><p>\nZastanawiacie si\u0119 co s\u0142ycha\u0107 u naszych futsalistek?\u26bd Oj dzia\u0142o si\u0119...\n\n\n\nW dniach 22 - 28.09.2024 12 osobowa kadra przebywa\u0142a na \ud83d\udcaa\ud83e\uddb5obozie &hellip;<\/p>\n                <\/div>\n              <\/div>\n            <\/div>\n            <div class=\"u-blog-post u-invisible u-container-style u-repeater-item\">\n              <div class=\"u-container-layout u-similar-container u-container-layout-1\"><a class=\"u-align-center u-blog-control u-image u-image-round u-radius-20 u-image-1\" href=\"http:\/\/wisla.skoczow.pl\/?p=55013\">\n                <img decoding=\"async\" class=\"u-align-center u-blog-control u-image u-image-round u-radius-20 u-image-1\" src=\"http:\/\/wisla.skoczow.pl\/wp-content\/uploads\/2024\/10\/Blue-and-Black-Greyscale-Football-Final-Score-Instagram-Post-10.png\"><\/a>\n                <h2 class=\"u-align-center u-blog-control u-text u-text-1\">\n                  <a class=\"u-post-header-link\" href=\"http:\/\/wisla.skoczow.pl\/?p=55013\">Juniorki M\u0142odsze U16 - Krupski M\u0142yn<\/a>\n                <\/h2>\n                <div class=\"u-blog-control u-post-content u-text u-text-2\"><p>\nZwyci\u0119stwo Wczoraj w meczu wyjazdowym  zmierzyli\u015bmy si\u0119 z KS Nitron Krupski M\u0142yn. Od samego pocz\u0105tku napierali\u015bmy na po\u0142owie przeciwnika, chc\u0105c &hellip;<\/p>\n                <\/div>\n              <\/div>\n            <\/div>\n            <div class=\"u-blog-post u-invisible u-container-style u-repeater-item\">\n              <div class=\"u-container-layout u-similar-container u-container-layout-2\"><a class=\"u-align-center u-blog-control u-image u-image-round u-radius-20 u-image-2\" href=\"http:\/\/wisla.skoczow.pl\/?p=54618\">\n                <img decoding=\"async\" class=\"u-align-center u-blog-control u-image u-image-round u-radius-20 u-image-2\" src=\"http:\/\/wisla.skoczow.pl\/wp-content\/uploads\/2024\/10\/Kopia-\u2013-Blue-and-Black-Greyscale-Football-Final-Score-Instagram-Post-6.png\"><\/a>\n                <h2 class=\"u-align-center u-blog-control u-text u-text-3\">\n                  <a class=\"u-post-header-link\" href=\"http:\/\/wisla.skoczow.pl\/?p=54618\">M\u0142odziczki U13 - UKS Kozy<\/a>\n                <\/h2>\n                <div class=\"u-blog-control u-post-content u-text u-text-4\"><p>\n3 punkty \"wyszarpa\u0142y\" m\u0142ode \"Wise\u0142ki\"\n\n\n\nBardzo trudne spotkanie za nami. Dziewcz\u0119ta rozpocz\u0119\u0142y rund\u0119 rewan\u017cow\u0105. Podejmowa\u0142y zesp\u00f3\u0142, z kt\u00f3rym w &hellip;<\/p>\n                <\/div>\n              <\/div>\n            <\/div>\n            <div class=\"u-blog-post u-invisible u-container-style u-repeater-item\">\n              <div class=\"u-container-layout u-similar-container u-container-layout-1\"><a class=\"u-align-center u-blog-control u-image u-image-round u-radius-20 u-image-1\" href=\"http:\/\/wisla.skoczow.pl\/?p=55047\">\n                <img decoding=\"async\" class=\"u-align-center u-blog-control u-image u-image-round u-radius-20 u-image-1\" src=\"http:\/\/wisla.skoczow.pl\/wp-content\/uploads\/2024\/09\/Blue-Galaxy-Whats-New-Opening-Soon-Facebook-Post.png\"><\/a>\n                <h2 class=\"u-align-center u-blog-control u-text u-text-1\">\n                  <a class=\"u-post-header-link\" href=\"http:\/\/wisla.skoczow.pl\/?p=55047\">\u201cCo s\u0142ycha\u0107?\u201d \u2013 Juniorki M\u0142odsze U16<\/a>\n                <\/h2>\n                <div class=\"u-blog-control u-post-content u-text u-text-2\"><p>\n\ud83d\udd25 Trening Juniorek M\u0142odszych U16 w akcji \u2013 tym razem w formie video! \ud83c\udfa5\ud83d\udd25\n\n\n\nNasze zawodniczki pokazuj\u0105 pe\u0142ne zaanga\u017cowanie na boisku \u2013 si\u0142a, &hellip;<\/p>\n                <\/div>\n              <\/div>\n            <\/div>\n            <div class=\"u-blog-post u-invisible u-container-style u-repeater-item\">\n              <div class=\"u-container-layout u-similar-container u-container-layout-2\"><a class=\"u-align-center u-blog-control u-image u-image-round u-radius-20 u-image-2\" href=\"http:\/\/wisla.skoczow.pl\/?p=54535\">\n                <img decoding=\"async\" class=\"u-align-center u-blog-control u-image u-image-round u-radius-20 u-image-2\" src=\"http:\/\/wisla.skoczow.pl\/wp-content\/uploads\/2024\/10\/terminasz-slzpn.jpg\"><\/a>\n                <h2 class=\"u-align-center u-blog-control u-text u-text-3\">\n                  <a class=\"u-post-header-link\" href=\"http:\/\/wisla.skoczow.pl\/?p=54535\">Terminarz 09-12.10.2024<\/a>\n                <\/h2>\n                <div class=\"u-blog-control u-post-content u-text u-text-4\"><p>\n\n\n\n\n\n\n\n\n\n\n\n<\/p>\n                <\/div>\n              <\/div>\n            <\/div>\n            <div class=\"u-blog-post u-invisible u-container-style u-repeater-item\">\n              <div class=\"u-container-layout u-similar-container u-container-layout-1\"><a class=\"u-align-center u-blog-control u-image u-image-round u-radius-20 u-image-1\" href=\"http:\/\/wisla.skoczow.pl\/?p=54509\">\n                <img decoding=\"async\" class=\"u-align-center u-blog-control u-image u-image-round u-radius-20 u-image-1\" src=\"http:\/\/wisla.skoczow.pl\/wp-content\/uploads\/2024\/10\/Blue-and-Black-Greyscale-Football-Final-Score-Instagram-Post-9.png\"><\/a>\n                <h2 class=\"u-align-center u-blog-control u-text u-text-1\">\n                  <a class=\"u-post-header-link\" href=\"http:\/\/wisla.skoczow.pl\/?p=54509\">Juniorki M\u0142odsze U16 - Jastrz\u0119bie-Zdr\u00f3j<\/a>\n                <\/h2>\n                <div class=\"u-blog-control u-post-content u-text u-text-2\"><p>\nW sobot\u0119 rozegrali\u015bmy kolejne spotkanie domowe . Mecz od pocz\u0105tku gwarantowa\u0142 nam sporo akcji i emocji . Dziewczyny napiera\u0142y na bramk\u0119 &hellip;<\/p>\n                <\/div>\n              <\/div>\n            <\/div>\n            <div class=\"u-blog-post u-invisible u-container-style u-repeater-item\">\n              <div class=\"u-container-layout u-similar-container u-container-layout-2\"><a class=\"u-align-center u-blog-control u-image u-image-round u-radius-20 u-image-2\" href=\"http:\/\/wisla.skoczow.pl\/?p=54267\">\n                <img decoding=\"async\" class=\"u-align-center u-blog-control u-image u-image-round u-radius-20 u-image-2\" src=\"http:\/\/wisla.skoczow.pl\/wp-content\/uploads\/2024\/10\/Kopia-\u2013-Blue-and-Black-Greyscale-Football-Final-Score-Instagram-Post-5.png\"><\/a>\n                <h2 class=\"u-align-center u-blog-control u-text u-text-3\">\n                  <a class=\"u-post-header-link\" href=\"http:\/\/wisla.skoczow.pl\/?p=54267\">M\u0142odziczki U13 - GTW Gliwice<\/a>\n                <\/h2>\n                <div class=\"u-blog-control u-post-content u-text u-text-4\"><p>\nZwyci\u0119stwo  - 3 punkty\n\n\n\nW niedziel\u0119 podejmowali\u015bmy zesp\u00f3\u0142 z Gliwic, tym razem GTW.\n\n\n\nDziewcz\u0119ta od pocz\u0105tku do ko\u0144ca mia\u0142y pod kontrol\u0105 przebieg&hellip;<\/p>\n                <\/div>\n              <\/div>\n            <\/div>\n            <div class=\"u-blog-post u-invisible u-container-style u-repeater-item\">\n              <div class=\"u-container-layout u-similar-container u-container-layout-1\"><a class=\"u-align-center u-blog-control u-image u-image-round u-radius-20 u-image-1\" href=\"http:\/\/wisla.skoczow.pl\/?p=54262\">\n                <img decoding=\"async\" class=\"u-align-center u-blog-control u-image u-image-round u-radius-20 u-image-1\" src=\"http:\/\/wisla.skoczow.pl\/wp-content\/uploads\/2024\/09\/Blue-Galaxy-Whats-New-Opening-Soon-Facebook-Post.png\"><\/a>\n                <h2 class=\"u-align-center u-blog-control u-text u-text-1\">\n                  <a class=\"u-post-header-link\" href=\"http:\/\/wisla.skoczow.pl\/?p=54262\">\"Co s\u0142ycha\u0107?\" - M\u0142odziczki U13<\/a>\n                <\/h2>\n                <div class=\"u-blog-control u-post-content u-text u-text-2\"><p>\n Relacja z meczu \n\n\n\nNasze Wise\u0142ki zwyci\u0119\u017cy\u0142y : w meczu z LKS Znicz Jankowice! \n\n\n\nOd pierwszej minuty narzuci\u0142y\u015bmy swoje tempo, a rywalki nie &hellip;<\/p>\n                <\/div>\n              <\/div>\n            <\/div>\n            <div class=\"u-blog-post u-invisible u-container-style u-repeater-item\">\n              <div class=\"u-container-layout u-similar-container u-container-layout-2\"><a class=\"u-align-center u-blog-control u-image u-image-round u-radius-20 u-image-2\" href=\"http:\/\/wisla.skoczow.pl\/?p=54229\">\n                <img decoding=\"async\" class=\"u-align-center u-blog-control u-image u-image-round u-radius-20 u-image-2\" src=\"http:\/\/wisla.skoczow.pl\/wp-content\/uploads\/2024\/10\/461974830_1079976247466241_1957700120968745379_n.jpg\"><\/a>\n                <h2 class=\"u-align-center u-blog-control u-text u-text-3\">\n                  <a class=\"u-post-header-link\" href=\"http:\/\/wisla.skoczow.pl\/?p=54229\">Akademia Pi\u0142karska U10 - MKS Brenna G\u00f3rki<\/a>\n                <\/h2>\n                <div class=\"u-blog-control u-post-content u-text u-text-4\"><p>\nDzisiaj nasze zawodniczki na wyje\u017adzie  zmierzy\u0142y si\u0119 z MKS Brenna-G\u00f3rki. Oba zespo\u0142y od razu chcia\u0142y zdoby\u0107 bramk\u0119, a wi\u0119c emocje towarzyszy\u0142y nam&hellip;<\/p>\n                <\/div>\n              <\/div>\n            <\/div>\n            <div class=\"u-blog-post u-invisible u-container-style u-repeater-item\">\n              <div class=\"u-container-layout u-similar-container u-container-layout-1\"><a class=\"u-align-center u-blog-control u-image u-image-round u-radius-20 u-image-1\" href=\"http:\/\/wisla.skoczow.pl\/?p=54226\">\n                <img decoding=\"async\" class=\"u-align-center u-blog-control u-image u-image-round u-radius-20 u-image-1\" src=\"http:\/\/wisla.skoczow.pl\/wp-content\/uploads\/2024\/10\/Kopia-\u2013-Blue-and-Black-Greyscale-Football-Final-Score-Instagram-Post-4.png\"><\/a>\n                <h2 class=\"u-align-center u-blog-control u-text u-text-1\">\n                  <a class=\"u-post-header-link\" href=\"http:\/\/wisla.skoczow.pl\/?p=54226\">M\u0142odziczki U13 - LKS Jankowice<\/a>\n                <\/h2>\n                <div class=\"u-blog-control u-post-content u-text u-text-2\"><p>\n3 punkty zostaj\u0105 w Skoczowie Wise\u0142ki zdominowa\u0142y przeciwniczki z Jankowic\n\n\n\nW poniedzia\u0142ek, dziewcz\u0119ta rozegra\u0142y zaleg\u0142e spotkanie z dnia14.09, &hellip;<\/p>\n                <\/div>\n              <\/div>\n            <\/div>\n            <div class=\"u-blog-post u-invisible u-container-style u-repeater-item\">\n              <div class=\"u-container-layout u-similar-container u-container-layout-2\"><a class=\"u-align-center u-blog-control u-image u-image-round u-radius-20 u-image-2\" href=\"http:\/\/wisla.skoczow.pl\/?p=54221\">\n                <img decoding=\"async\" class=\"u-align-center u-blog-control u-image u-image-round u-radius-20 u-image-2\" src=\"http:\/\/wisla.skoczow.pl\/wp-content\/uploads\/2024\/10\/terminasz-slzpn.jpg\"><\/a>\n                <h2 class=\"u-align-center u-blog-control u-text u-text-3\">\n                  <a class=\"u-post-header-link\" href=\"http:\/\/wisla.skoczow.pl\/?p=54221\">Terminarz 04 - 06.10.2024<\/a>\n                <\/h2>\n                <div class=\"u-blog-control u-post-content u-text u-text-4\"><p>\n\n\n\n\n\n\n\n\n\n\n\n<\/p>\n                <\/div>\n              <\/div>\n            <\/div>\n            <div class=\"u-blog-post u-invisible u-container-style u-repeater-item\">\n              <div class=\"u-container-layout u-similar-container u-container-layout-1\"><a class=\"u-align-center u-blog-control u-image u-image-round u-radius-20 u-image-1\" href=\"http:\/\/wisla.skoczow.pl\/?p=54161\">\n                <img decoding=\"async\" class=\"u-align-center u-blog-control u-image u-image-round u-radius-20 u-image-1\" src=\"http:\/\/wisla.skoczow.pl\/wp-content\/uploads\/2024\/10\/Kopia-\u2013-Blue-and-Black-Greyscale-Football-Final-Score-Instagram-Post-3.png\"><\/a>\n                <h2 class=\"u-align-center u-blog-control u-text u-text-1\">\n                  <a class=\"u-post-header-link\" href=\"http:\/\/wisla.skoczow.pl\/?p=54161\">M\u0142odziczki U13 - MLKS Wo\u017aniki<\/a>\n                <\/h2>\n                <div class=\"u-blog-control u-post-content u-text u-text-2\"><p>\n\"Wise\u0142ki\" notuj\u0105 kolejn\u0105 wygran\u0105, tym razem w sobot\u0119 podejmowa\u0142y zesp\u00f3\u0142 MLKS Wo\u017aniki.\n\n\n\nDziewcz\u0119ta zagra\u0142y zaci\u0119ty mecz. Od pierwszych minut by\u0142a &hellip;<\/p>\n                <\/div>\n              <\/div>\n            <\/div>\n            <div class=\"u-blog-post u-invisible u-container-style u-repeater-item\">\n              <div class=\"u-container-layout u-similar-container u-container-layout-2\"><a class=\"u-align-center u-blog-control u-image u-image-round u-radius-20 u-image-2\" href=\"http:\/\/wisla.skoczow.pl\/?p=54127\">\n                <img decoding=\"async\" class=\"u-align-center u-blog-control u-image u-image-round u-radius-20 u-image-2\" src=\"http:\/\/wisla.skoczow.pl\/wp-content\/uploads\/2024\/10\/Blue-and-Black-Greyscale-Football-Final-Score-Instagram-Post-8.png\"><\/a>\n                <h2 class=\"u-align-center u-blog-control u-text u-text-3\">\n                  <a class=\"u-post-header-link\" href=\"http:\/\/wisla.skoczow.pl\/?p=54127\">Juniorki M\u0142odsze U16 - Gardawice<\/a>\n                <\/h2>\n                <div class=\"u-blog-control u-post-content u-text u-text-4\"><p>\nTo ju\u017c  z rz\u0119du wygrana naszych juniorek W niedziele podejmowali\u015bmy u siebie  LKS Gardawice. By\u0142 to zupe\u0142nie inny mecz ni\u017c dwa poprzednie. Od &hellip;<\/p>\n                <\/div>\n              <\/div>\n            <\/div>\n            <div class=\"u-blog-post u-invisible u-container-style u-repeater-item\">\n              <div class=\"u-container-layout u-similar-container u-container-layout-1\"><a class=\"u-align-center u-blog-control u-image u-image-round u-radius-20 u-image-1\" href=\"http:\/\/wisla.skoczow.pl\/?p=54124\">\n                <img decoding=\"async\" class=\"u-align-center u-blog-control u-image u-image-round u-radius-20 u-image-1\" src=\"http:\/\/wisla.skoczow.pl\/wp-content\/uploads\/2024\/09\/Blue-Galaxy-Whats-New-Opening-Soon-Facebook-Post.png\"><\/a>\n                <h2 class=\"u-align-center u-blog-control u-text u-text-1\">\n                  <a class=\"u-post-header-link\" href=\"http:\/\/wisla.skoczow.pl\/?p=54124\">\"Co s\u0142ycha\u0107?\" - Futsal<\/a>\n                <\/h2>\n                <div class=\"u-blog-control u-post-content u-text u-text-2\"><p>\n\ud83d\udd25 Zajawka z treningu 1PLF FUTSAL KOBIET! \ud83d\udd25 Nasze dziewczyny w akcji \u2013 technika, si\u0142a, pasja! \ud83d\udcaa\u26bd\ufe0f Ka\u017cda sekunda to krok do sukcesu. Sprawd\u017a, jak &hellip;<\/p>\n                <\/div>\n              <\/div>\n            <\/div>\n            <div class=\"u-blog-post u-invisible u-container-style u-repeater-item\">\n              <div class=\"u-container-layout u-similar-container u-container-layout-2\"><a class=\"u-align-center u-blog-control u-image u-image-round u-radius-20 u-image-2\" href=\"http:\/\/wisla.skoczow.pl\/?p=54076\">\n                <img decoding=\"async\" class=\"u-align-center u-blog-control u-image u-image-round u-radius-20 u-image-2\" src=\"http:\/\/wisla.skoczow.pl\/wp-content\/uploads\/2024\/10\/461162995_1072176084912924_3415164648892836495_n.jpg\"><\/a>\n                <h2 class=\"u-align-center u-blog-control u-text u-text-3\">\n                  <a class=\"u-post-header-link\" href=\"http:\/\/wisla.skoczow.pl\/?p=54076\">Akademia Pi\u0142karska U10 - LKS Pog\u00f3rze<\/a>\n                <\/h2>\n                <div class=\"u-blog-control u-post-content u-text u-text-4\"><p>\nWczoraj nasze zawodniczki w meczu domowym  rozegra\u0142y kolejne spotkanie ligowe z LKS Pog\u00f3rze. By\u0142 to na prawd\u0119 \u015bwietny mecz w naszym wykonaniu, p\u00f3ki&hellip;<\/p>\n                <\/div>\n              <\/div>\n            <\/div>\n            <div class=\"u-blog-post u-invisible u-container-style u-repeater-item\">\n              <div class=\"u-container-layout u-similar-container u-container-layout-1\"><a class=\"u-align-center u-blog-control u-image u-image-round u-radius-20 u-image-1\" href=\"http:\/\/wisla.skoczow.pl\/?p=54057\">\n                <img decoding=\"async\" class=\"u-align-center u-blog-control u-image u-image-round u-radius-20 u-image-1\" src=\"http:\/\/wisla.skoczow.pl\/wp-content\/uploads\/2024\/10\/terminasz-slzpn.jpg\"><\/a>\n                <h2 class=\"u-align-center u-blog-control u-text u-text-1\">\n                  <a class=\"u-post-header-link\" href=\"http:\/\/wisla.skoczow.pl\/?p=54057\">Terminarz 25-30.09.2024<\/a>\n                <\/h2>\n                <div class=\"u-blog-control u-post-content u-text u-text-2\"><p>\n\n\n\n\n\n\n\n\n\n\n\n\n\n\n\n<\/p>\n                <\/div>\n              <\/div>\n            <\/div>\n            <div class=\"u-blog-post u-invisible u-container-style u-repeater-item\">\n              <div class=\"u-container-layout u-similar-container u-container-layout-2\"><a class=\"u-align-center u-blog-control u-image u-image-round u-radius-20 u-image-2\" href=\"http:\/\/wisla.skoczow.pl\/?p=54049\">\n                <img decoding=\"async\" class=\"u-align-center u-blog-control u-image u-image-round u-radius-20 u-image-2\" src=\"http:\/\/wisla.skoczow.pl\/wp-content\/uploads\/2024\/09\/459859573_1071781764796768_5045462766887738651_n.jpg\"><\/a>\n                <h2 class=\"u-align-center u-blog-control u-text u-text-3\">\n                  <a class=\"u-post-header-link\" href=\"http:\/\/wisla.skoczow.pl\/?p=54049\">Pi\u0142ka no\u017cna - umys\u0142!<\/a>\n                <\/h2>\n                <div class=\"u-blog-control u-post-content u-text u-text-4\"><p>\nKiedy dziewczynki stawiaj\u0105 pierwsze kroki na boisku, zyskuj\u0105 wi\u0119cej ni\u017c tylko fizyczn\u0105 sprawno\u015b\u0107. Odkrywaj\u0105, jak my\u015ble\u0107 strategicznie, &hellip;<\/p>\n                <\/div>\n              <\/div>\n            <\/div>\n            <div class=\"u-blog-post u-invisible u-container-style u-repeater-item\">\n              <div class=\"u-container-layout u-similar-container u-container-layout-1\"><a class=\"u-align-center u-blog-control u-image u-image-round u-radius-20 u-image-1\" href=\"http:\/\/wisla.skoczow.pl\/?p=54021\">\n                <img decoding=\"async\" class=\"u-align-center u-blog-control u-image u-image-round u-radius-20 u-image-1\" src=\"http:\/\/wisla.skoczow.pl\/wp-content\/uploads\/2024\/09\/Kopia-\u2013-Blue-and-Black-Greyscale-Football-Final-Score-Instagram-Post-2.png\"><\/a>\n                <h2 class=\"u-align-center u-blog-control u-text u-text-1\">\n                  <a class=\"u-post-header-link\" href=\"http:\/\/wisla.skoczow.pl\/?p=54021\">M\u0142odziczki U13 - Piast Gliwice<\/a>\n                <\/h2>\n                <div class=\"u-blog-control u-post-content u-text u-text-2\"><p>\nZwyci\u0119stwo  w spotkaniu z liderem tabeli \u015aLM U13 - nasze zawodniczki zdoby\u0142y trzy punkty! Mecz pe\u0142en emocji z niesamowitym fina\u0142em.\n\n\n\nW minion\u0105 &hellip;<\/p>\n                <\/div>\n              <\/div>\n            <\/div>\n            <div class=\"u-blog-post u-invisible u-container-style u-repeater-item\">\n              <div class=\"u-container-layout u-similar-container u-container-layout-2\"><a class=\"u-align-center u-blog-control u-image u-image-round u-radius-20 u-image-2\" href=\"http:\/\/wisla.skoczow.pl\/?p=54010\">\n                <img decoding=\"async\" class=\"u-align-center u-blog-control u-image u-image-round u-radius-20 u-image-2\" src=\"http:\/\/wisla.skoczow.pl\/wp-content\/uploads\/2024\/09\/Blue-and-Black-Greyscale-Football-Final-Score-Instagram-Post-7.png\"><\/a>\n                <h2 class=\"u-align-center u-blog-control u-text u-text-3\">\n                  <a class=\"u-post-header-link\" href=\"http:\/\/wisla.skoczow.pl\/?p=54010\">Juniorki M\u0142odsze U16 - MLKS Wo\u017aniki<\/a>\n                <\/h2>\n                <div class=\"u-blog-control u-post-content u-text u-text-4\"><p>\nKolejna wygrana Dzisiaj w meczu wyjazdowym  grali\u015bmy z MLKS Wo\u017aniki. Od samego pocz\u0105tku przewa\u017cali\u015bmy graj\u0105c na po\u0142owie przeciwnika, a pierwsz\u0105 &hellip;<\/p>\n                <\/div>\n              <\/div>\n            <\/div>\n            <div class=\"u-blog-post u-invisible u-container-style u-repeater-item\">\n              <div class=\"u-container-layout u-similar-container u-container-layout-1\"><a class=\"u-align-center u-blog-control u-image u-image-round u-radius-20 u-image-1\" href=\"http:\/\/wisla.skoczow.pl\/?p=53999\">\n                <img decoding=\"async\" class=\"u-align-center u-blog-control u-image u-image-round u-radius-20 u-image-1\" src=\"http:\/\/wisla.skoczow.pl\/wp-content\/uploads\/2024\/09\/459815307_1066044492192750_1364032470264990797_n.jpg\"><\/a>\n                <h2 class=\"u-align-center u-blog-control u-text u-text-1\">\n                  <a class=\"u-post-header-link\" href=\"http:\/\/wisla.skoczow.pl\/?p=53999\">Akademia Pi\u0142karska U10 - RKS Chybie<\/a>\n                <\/h2>\n                <div class=\"u-blog-control u-post-content u-text u-text-2\"><p>\nWczoraj nasze zawodniczki na wyje\u017adzie  rozegra\u0142y kolejne spotkanie ligowe, a zmierzy\u0142y si\u0119 z RKS Cukrownik Chybie. Dziewczyny walczy\u0142y  na tyle, &hellip;<\/p>\n                <\/div>\n              <\/div>\n            <\/div>\n            <div class=\"u-blog-post u-invisible u-container-style u-repeater-item\">\n              <div class=\"u-container-layout u-similar-container u-container-layout-2\"><a class=\"u-align-center u-blog-control u-image u-image-round u-radius-20 u-image-2\" href=\"http:\/\/wisla.skoczow.pl\/?p=54063\">\n                <img decoding=\"async\" class=\"u-align-center u-blog-control u-image u-image-round u-radius-20 u-image-2\" src=\"http:\/\/wisla.skoczow.pl\/wp-content\/uploads\/2024\/09\/Blue-Galaxy-Whats-New-Opening-Soon-Facebook-Post.png\"><\/a>\n                <h2 class=\"u-align-center u-blog-control u-text u-text-3\">\n                  <a class=\"u-post-header-link\" href=\"http:\/\/wisla.skoczow.pl\/?p=54063\">\"Co s\u0142ycha\u0107?\" - M\u0142odziczki U13<\/a>\n                <\/h2>\n                <div class=\"u-blog-control u-post-content u-text u-text-4\"><p>\n\u26bd\ufe0f\ud83d\udcaa Trening KKS Wis\u0142a Skocz\u00f3w w pe\u0142nym ogniu! \ud83d\udcaa\u26bd\ufe0f\n\n\n\nNasze m\u0142ode pi\u0142karki z grup U10 i U13 daj\u0105 z siebie wszystko na boisku! \ud83d\udd25 Dzisiejszy trening &hellip;<\/p>\n                <\/div>\n              <\/div>\n            <\/div>\n            <div class=\"u-blog-post u-invisible u-container-style u-repeater-item\">\n              <div class=\"u-container-layout u-similar-container u-container-layout-1\"><a class=\"u-align-center u-blog-control u-image u-image-round u-radius-20 u-image-1\" href=\"http:\/\/wisla.skoczow.pl\/?p=53993\">\n                <img decoding=\"async\" class=\"u-align-center u-blog-control u-image u-image-round u-radius-20 u-image-1\" src=\"http:\/\/wisla.skoczow.pl\/wp-content\/uploads\/2024\/10\/terminasz-slzpn.jpg\"><\/a>\n                <h2 class=\"u-align-center u-blog-control u-text u-text-1\">\n                  <a class=\"u-post-header-link\" href=\"http:\/\/wisla.skoczow.pl\/?p=53993\">Terminarz 18-21.09.2024<\/a>\n                <\/h2>\n                <div class=\"u-blog-control u-post-content u-text u-text-2\"><p>\n\n\n\n\n\n\n\n\n\n\n\n<\/p>\n                <\/div>\n              <\/div>\n            <\/div>\n            <div class=\"u-blog-post u-invisible u-container-style u-repeater-item\">\n              <div class=\"u-container-layout u-similar-container u-container-layout-2\"><a class=\"u-align-center u-blog-control u-image u-image-round u-radius-20 u-image-2\" href=\"http:\/\/wisla.skoczow.pl\/?p=53983\">\n                <img decoding=\"async\" class=\"u-align-center u-blog-control u-image u-image-round u-radius-20 u-image-2\" src=\"http:\/\/wisla.skoczow.pl\/wp-content\/uploads\/2024\/09\/459407087_1060849432712256_468768381280623543_n.jpg\"><\/a>\n                <h2 class=\"u-align-center u-blog-control u-text u-text-3\">\n                  <a class=\"u-post-header-link\" href=\"http:\/\/wisla.skoczow.pl\/?p=53983\">Akademia Pi\u0142karska U10 - Lukam Skocz\u00f3w<\/a>\n                <\/h2>\n                <div class=\"u-blog-control u-post-content u-text u-text-4\"><p>\nW \u015brod\u0119 rozegrali\u015bmy kolejne spotkanie ligowe. Na wyje\u017adzie  zmierzyli\u015bmy si\u0119 z Lukam Skocz\u00f3w. W meczu mogli\u015bmy zobaczy\u0107 wiele \u015bwietnych akcji w &hellip;<\/p>\n                <\/div>\n              <\/div>\n            <\/div>\n            <div class=\"u-blog-post u-invisible u-container-style u-repeater-item\">\n              <div class=\"u-container-layout u-similar-container u-container-layout-1\"><a class=\"u-align-center u-blog-control u-image u-image-round u-radius-20 u-image-1\" href=\"http:\/\/wisla.skoczow.pl\/?p=53970\">\n                <img decoding=\"async\" class=\"u-align-center u-blog-control u-image u-image-round u-radius-20 u-image-1\" src=\"http:\/\/wisla.skoczow.pl\/wp-content\/uploads\/2024\/09\/IMG-20240911-WA0004.jpg\"><\/a>\n                <h2 class=\"u-align-center u-blog-control u-text u-text-1\">\n                  <a class=\"u-post-header-link\" href=\"http:\/\/wisla.skoczow.pl\/?p=53970\">1Liga PLF - sparing<\/a>\n                <\/h2>\n                <div class=\"u-blog-control u-post-content u-text u-text-2\"><p>\nW miniony wtorek nasze rozegra\u0142y sparing z zespo\u0142em ekstraligowym. Dziewcz\u0119ta uda\u0142y si\u0119 na hal\u0119 do G\u0142og\u00f3wka (woj. opolskie), gdzie w godzinach &hellip;<\/p>\n                <\/div>\n              <\/div>\n            <\/div>\n            <div class=\"u-blog-post u-invisible u-container-style u-repeater-item\">\n              <div class=\"u-container-layout u-similar-container u-container-layout-2\"><a class=\"u-align-center u-blog-control u-image u-image-round u-radius-20 u-image-2\" href=\"http:\/\/wisla.skoczow.pl\/?p=53965\">\n                <img decoding=\"async\" class=\"u-align-center u-blog-control u-image u-image-round u-radius-20 u-image-2\" src=\"http:\/\/wisla.skoczow.pl\/wp-content\/uploads\/2024\/09\/plakat-14.09-1.jpg\"><\/a>\n                <h2 class=\"u-align-center u-blog-control u-text u-text-3\">\n                  <a class=\"u-post-header-link\" href=\"http:\/\/wisla.skoczow.pl\/?p=53965\">FESTYN SPORTOWY - nowy termin!<\/a>\n                <\/h2>\n                <div class=\"u-blog-control u-post-content u-text u-text-4\"><p>\nW zwi\u0105zku z zapowiadanymi intensywnymi opadami na weekend 14-15.09.2024 festyn zostaje przeniesiony na 28.09.2024. Impreza rozpocznie si\u0119 &hellip;<\/p>\n                <\/div>\n              <\/div>\n            <\/div>\n            <div class=\"u-blog-post u-invisible u-container-style u-repeater-item\">\n              <div class=\"u-container-layout u-similar-container u-container-layout-1\"><a class=\"u-align-center u-blog-control u-image u-image-round u-radius-20 u-image-1\" href=\"http:\/\/wisla.skoczow.pl\/?p=53949\">\n                <img decoding=\"async\" class=\"u-align-center u-blog-control u-image u-image-round u-radius-20 u-image-1\" src=\"http:\/\/wisla.skoczow.pl\/wp-content\/uploads\/2024\/10\/terminasz-slzpn.jpg\"><\/a>\n                <h2 class=\"u-align-center u-blog-control u-text u-text-1\">\n                  <a class=\"u-post-header-link\" href=\"http:\/\/wisla.skoczow.pl\/?p=53949\">Terminarz 11 - 14.09.2024<\/a>\n                <\/h2>\n                <div class=\"u-blog-control u-post-content u-text u-text-2\"><p>\nMecze, kt\u00f3re mia\u0142y odby\u0107 si\u0119 w 14.09 zosta\u0142y odwo\u0142ane ze wzgl\u0119du na trudne warunki pogodowe. Zostan\u0105 rozegrane w innym terminie.\n\n\n\n\n\n\n\n\n\n\n\n\n\n\n\n\n\n\n<\/p>\n                <\/div>\n              <\/div>\n            <\/div>\n            <div class=\"u-blog-post u-invisible u-container-style u-repeater-item\">\n              <div class=\"u-container-layout u-similar-container u-container-layout-2\"><a class=\"u-align-center u-blog-control u-image u-image-round u-radius-20 u-image-2\" href=\"http:\/\/wisla.skoczow.pl\/?p=53954\">\n                <img decoding=\"async\" class=\"u-align-center u-blog-control u-image u-image-round u-radius-20 u-image-2\" src=\"http:\/\/wisla.skoczow.pl\/wp-content\/uploads\/2024\/09\/459051180_1063426395632305_4517196577309495776_n.jpg\"><\/a>\n                <h2 class=\"u-align-center u-blog-control u-text u-text-3\">\n                  <a class=\"u-post-header-link\" href=\"http:\/\/wisla.skoczow.pl\/?p=53954\">Jak wspiera\u0107 pi\u0142karsk\u0105 pasj\u0119 c\u00f3rki?<\/a>\n                <\/h2>\n                <div class=\"u-blog-control u-post-content u-text u-text-4\"><p>\nPi\u0142karska pasja c\u00f3rek to wspania\u0142a przygoda, ale te\u017c wyzwanie \u2013 nie tylko dla nich, ale i dla rodzic\u00f3w. Cz\u0119sto pomimo braku do\u015bwiadczenia z &hellip;<\/p>\n                <\/div>\n              <\/div>\n            <\/div>\n            <div class=\"u-blog-post u-invisible u-container-style u-repeater-item\">\n              <div class=\"u-container-layout u-similar-container u-container-layout-1\"><a class=\"u-align-center u-blog-control u-image u-image-round u-radius-20 u-image-1\" href=\"http:\/\/wisla.skoczow.pl\/?p=53890\">\n                <img decoding=\"async\" class=\"u-align-center u-blog-control u-image u-image-round u-radius-20 u-image-1\" src=\"http:\/\/wisla.skoczow.pl\/wp-content\/uploads\/2024\/09\/Blue-and-Black-Greyscale-Football-Final-Score-Instagram-Post-5.png\"><\/a>\n                <h2 class=\"u-align-center u-blog-control u-text u-text-1\">\n                  <a class=\"u-post-header-link\" href=\"http:\/\/wisla.skoczow.pl\/?p=53890\">Juniorki M\u0142odsze U16 - Academy Rogo\u017anik<\/a>\n                <\/h2>\n                <div class=\"u-blog-control u-post-content u-text u-text-2\"><p>\nWygrywamy Dzisiaj w meczu wyjazdowym  mierzyli\u015bmy si\u0119 z Diamond Academy Rogo\u017anik. Od samego pocz\u0105tku grali\u015bmy na po\u0142owie przeciwnika tworz\u0105c &hellip;<\/p>\n                <\/div>\n              <\/div>\n            <\/div>\n            <div class=\"u-blog-post u-invisible u-container-style u-repeater-item\">\n              <div class=\"u-container-layout u-similar-container u-container-layout-2\"><a class=\"u-align-center u-blog-control u-image u-image-round u-radius-20 u-image-2\" href=\"http:\/\/wisla.skoczow.pl\/?p=53902\">\n                <img decoding=\"async\" class=\"u-align-center u-blog-control u-image u-image-round u-radius-20 u-image-2\" src=\"http:\/\/wisla.skoczow.pl\/wp-content\/uploads\/2024\/09\/Kopia-\u2013-Blue-and-Black-Greyscale-Football-Final-Score-Instagram-Post-1.png\"><\/a>\n                <h2 class=\"u-align-center u-blog-control u-text u-text-3\">\n                  <a class=\"u-post-header-link\" href=\"http:\/\/wisla.skoczow.pl\/?p=53902\">M\u0142odziczki U13 - Ruch Chorz\u00f3w<\/a>\n                <\/h2>\n                <div class=\"u-blog-control u-post-content u-text u-text-4\"><p>\nW sobot\u0119 \ud83d\udc99\u2764\ufe0f\ud83d\udc9bdziewcz\u0119ta podejmowa\u0142y zesp\u00f3\u0142 z Chorzowa. By\u0142 to bardzo ciekawy i zaci\u0119ty mecz, ko\u0144cowy wynik nie oddaje przebiegu spotkania. W &hellip;<\/p>\n                <\/div>\n              <\/div>\n            <\/div>\n            <div class=\"u-blog-post u-invisible u-container-style u-repeater-item\">\n              <div class=\"u-container-layout u-similar-container u-container-layout-1\"><a class=\"u-align-center u-blog-control u-image u-image-round u-radius-20 u-image-1\" href=\"http:\/\/wisla.skoczow.pl\/?p=53224\">\n                <img decoding=\"async\" class=\"u-align-center u-blog-control u-image u-image-round u-radius-20 u-image-1\" src=\"http:\/\/wisla.skoczow.pl\/wp-content\/uploads\/2024\/09\/458224799_1054823053314894_8960395078337054645_n.jpg\"><\/a>\n                <h2 class=\"u-align-center u-blog-control u-text u-text-1\">\n                  <a class=\"u-post-header-link\" href=\"http:\/\/wisla.skoczow.pl\/?p=53224\">Akademia Pi\u0142karska U10 - KS Nierodzim<\/a>\n                <\/h2>\n                <div class=\"u-blog-control u-post-content u-text u-text-2\"><p>\nWczoraj w meczu domowym  zmierzyli\u015bmy si\u0119 z KS Nierodzim. Tym razem do meczu przyst\u0105pili\u015bmy z jedn\u0105 zmian\u0105, ale i tak mo\u017cna by\u0142o odczu\u0107 zm\u0119czenie w&hellip;<\/p>\n                <\/div>\n              <\/div>\n            <\/div>\n            <div class=\"u-blog-post u-invisible u-container-style u-repeater-item\">\n              <div class=\"u-container-layout u-similar-container u-container-layout-2\"><a class=\"u-align-center u-blog-control u-image u-image-round u-radius-20 u-image-2\" href=\"http:\/\/wisla.skoczow.pl\/?p=53216\">\n                <img decoding=\"async\" class=\"u-align-center u-blog-control u-image u-image-round u-radius-20 u-image-2\" src=\"http:\/\/wisla.skoczow.pl\/wp-content\/uploads\/2024\/09\/458290436_1059554979352780_845080487503879141_n.jpg\"><\/a>\n                <h2 class=\"u-align-center u-blog-control u-text u-text-3\">\n                  <a class=\"u-post-header-link\" href=\"http:\/\/wisla.skoczow.pl\/?p=53216\">PI\u0141KA DLA DZIEWCZ\u0104T!<\/a>\n                <\/h2>\n                <div class=\"u-blog-control u-post-content u-text u-text-4\"><p>\nKto powiedzia\u0142, \u017ce pi\u0142ka no\u017cna jest tylko dla ch\u0142opc\u00f3w? \n\n\n\nDziewczynki maj\u0105 pe\u0142ne prawo realizowa\u0107 swoj\u0105 pasj\u0119 i by\u0107 FANTASTYCZNE na boisku! \n\n\n\n&hellip;<\/p>\n                <\/div>\n              <\/div>\n            <\/div>\n            <div class=\"u-blog-post u-invisible u-container-style u-repeater-item\">\n              <div class=\"u-container-layout u-similar-container u-container-layout-1\"><a class=\"u-align-center u-blog-control u-image u-image-round u-radius-20 u-image-1\" href=\"http:\/\/wisla.skoczow.pl\/?p=53208\">\n                <img decoding=\"async\" class=\"u-align-center u-blog-control u-image u-image-round u-radius-20 u-image-1\" src=\"http:\/\/wisla.skoczow.pl\/wp-content\/uploads\/2024\/09\/plakat-14.09.jpg\"><\/a>\n                <h2 class=\"u-align-center u-blog-control u-text u-text-1\">\n                  <a class=\"u-post-header-link\" href=\"http:\/\/wisla.skoczow.pl\/?p=53208\">FESTYN SPORTOWY<\/a>\n                <\/h2>\n                <div class=\"u-blog-control u-post-content u-text u-text-2\"><p>\nZAPRASZAMY\n\n\n\n\n<\/p>\n                <\/div>\n              <\/div>\n            <\/div>\n            <div class=\"u-blog-post u-invisible u-container-style u-repeater-item\">\n              <div class=\"u-container-layout u-similar-container u-container-layout-2\"><a class=\"u-align-center u-blog-control u-image u-image-round u-radius-20 u-image-2\" href=\"http:\/\/wisla.skoczow.pl\/?p=53211\">\n                <img decoding=\"async\" class=\"u-align-center u-blog-control u-image u-image-round u-radius-20 u-image-2\" src=\"http:\/\/wisla.skoczow.pl\/wp-content\/uploads\/2024\/10\/terminasz-slzpn.jpg\"><\/a>\n                <h2 class=\"u-align-center u-blog-control u-text u-text-3\">\n                  <a class=\"u-post-header-link\" href=\"http:\/\/wisla.skoczow.pl\/?p=53211\">Terminarz 04 - 07.09.2024<\/a>\n                <\/h2>\n                <div class=\"u-blog-control u-post-content u-text u-text-4\"><p>\n\n\n\n\n\n\n\n\n\n\n\n<\/p>\n                <\/div>\n              <\/div>\n            <\/div>\n            <div class=\"u-blog-post u-invisible u-container-style u-repeater-item\">\n              <div class=\"u-container-layout u-similar-container u-container-layout-1\"><a class=\"u-align-center u-blog-control u-image u-image-round u-radius-20 u-image-1\" href=\"http:\/\/wisla.skoczow.pl\/?p=52841\">\n                <img decoding=\"async\" class=\"u-align-center u-blog-control u-image u-image-round u-radius-20 u-image-1\" src=\"http:\/\/wisla.skoczow.pl\/wp-content\/uploads\/2024\/08\/Blue-and-Black-Greyscale-Football-Final-Score-Instagram-Post-3.png\"><\/a>\n                <h2 class=\"u-align-center u-blog-control u-text u-text-1\">\n                  <a class=\"u-post-header-link\" href=\"http:\/\/wisla.skoczow.pl\/?p=52841\">Juniorki M\u0142odsze U16 - Rekord B-B<\/a>\n                <\/h2>\n                <div class=\"u-blog-control u-post-content u-text u-text-2\"><p>\nKolejny mecz wyjazdowy za nami Dzisiaj zmierzyli\u015bmy si\u0119 z BTS Rekord Bielsko-Bia\u0142a. Mecz od samego pocz\u0105tku by\u0142 bardzo emocjonuj\u0105cy, nasze &hellip;<\/p>\n                <\/div>\n              <\/div>\n            <\/div>\n            <div class=\"u-blog-post u-invisible u-container-style u-repeater-item\">\n              <div class=\"u-container-layout u-similar-container u-container-layout-2\"><a class=\"u-align-center u-blog-control u-image u-image-round u-radius-20 u-image-2\" href=\"http:\/\/wisla.skoczow.pl\/?p=52833\">\n                <img decoding=\"async\" class=\"u-align-center u-blog-control u-image u-image-round u-radius-20 u-image-2\" src=\"http:\/\/wisla.skoczow.pl\/wp-content\/uploads\/2024\/08\/Kopia-\u2013-Blue-and-Black-Greyscale-Football-Final-Score-Instagram-Post.png\"><\/a>\n                <h2 class=\"u-align-center u-blog-control u-text u-text-3\">\n                  <a class=\"u-post-header-link\" href=\"http:\/\/wisla.skoczow.pl\/?p=52833\">M\u0142odziczki U13 - UKS Kozy<\/a>\n                <\/h2>\n                <div class=\"u-blog-control u-post-content u-text u-text-4\"><p>\n rozpocz\u0119\u0142y nowy sezon od zdobycia 1 punktu!\n\n\n\nDziewcz\u0119ta zmierzy\u0142y si\u0119 w wyjazdowym spotkaniu z zespo\u0142em UKS Kozy. Mecz by\u0142 dla Wise\u0142ek poniek\u0105d &hellip;<\/p>\n                <\/div>\n              <\/div>\n            <\/div>\n            <div class=\"u-blog-post u-invisible u-container-style u-repeater-item\">\n              <div class=\"u-container-layout u-similar-container u-container-layout-1\"><a class=\"u-align-center u-blog-control u-image u-image-round u-radius-20 u-image-1\" href=\"http:\/\/wisla.skoczow.pl\/?p=52216\">\n                <img decoding=\"async\" class=\"u-align-center u-blog-control u-image u-image-round u-radius-20 u-image-1\" src=\"http:\/\/wisla.skoczow.pl\/wp-content\/uploads\/2024\/08\/Blue-and-Black-Greyscale-Football-Final-Score-Instagram-Post-2.png\"><\/a>\n                <h2 class=\"u-align-center u-blog-control u-text u-text-1\">\n                  <a class=\"u-post-header-link\" href=\"http:\/\/wisla.skoczow.pl\/?p=52216\">Juniorki M\u0142odsze U16 - Nitron Krupski M\u0142yn<\/a>\n                <\/h2>\n                <div class=\"u-blog-control u-post-content u-text u-text-2\"><p>\nOtrzymali\u015bmy komunikat \u015alZPN, \u017ce dzisiejsze spotkanie zaplanowane na godz. 17:30 nie odb\u0119dzie si\u0119. Przeciwnik podda\u0142 mecz - oficjalny komunikat o &hellip;<\/p>\n                <\/div>\n              <\/div>\n            <\/div>\n            <div class=\"u-blog-post u-invisible u-container-style u-repeater-item\">\n              <div class=\"u-container-layout u-similar-container u-container-layout-2\"><a class=\"u-align-center u-blog-control u-image u-image-round u-radius-20 u-image-2\" href=\"http:\/\/wisla.skoczow.pl\/?p=51777\">\n                <img decoding=\"async\" class=\"u-align-center u-blog-control u-image u-image-round u-radius-20 u-image-2\" src=\"http:\/\/wisla.skoczow.pl\/wp-content\/uploads\/2024\/08\/456710143_1046799750783891_176680015699929902_n.jpg\"><\/a>\n                <h2 class=\"u-align-center u-blog-control u-text u-text-3\">\n                  <a class=\"u-post-header-link\" href=\"http:\/\/wisla.skoczow.pl\/?p=51777\">Akademia Pi\u0142karska U10 - Victoria Ha\u017clach<\/a>\n                <\/h2>\n                <div class=\"u-blog-control u-post-content u-text u-text-4\"><p>\nDzisiaj w meczu wyjazdowym z LKS Victoria Ha\u017clach nasze m\u0142ode adeptki rozpocz\u0119\u0142y zmagania ligowe na poziomie podokr\u0119gu Skocz\u00f3w w lidze \u017caka. Ze &hellip;<\/p>\n                <\/div>\n              <\/div>\n            <\/div>\n            <div class=\"u-blog-post u-invisible u-container-style u-repeater-item\">\n              <div class=\"u-container-layout u-similar-container u-container-layout-1\"><a class=\"u-align-center u-blog-control u-image u-image-round u-radius-20 u-image-1\" href=\"http:\/\/wisla.skoczow.pl\/?p=51758\">\n                <img decoding=\"async\" class=\"u-align-center u-blog-control u-image u-image-round u-radius-20 u-image-1\" src=\"http:\/\/wisla.skoczow.pl\/wp-content\/uploads\/2024\/08\/Zdjecie-WhatsApp-2024-08-26-o-10.26.24_1fa80870.jpg\"><\/a>\n                <h2 class=\"u-align-center u-blog-control u-text u-text-1\">\n                  <a class=\"u-post-header-link\" href=\"http:\/\/wisla.skoczow.pl\/?p=51758\">Puchar Rzeki Wis\u0142y 2024<\/a>\n                <\/h2>\n                <div class=\"u-blog-control u-post-content u-text u-text-2\"><p>\nDwunasta edycja mi\u0119dzynarodowego turnieju odby\u0142a si\u0119 w niedziele 25 sierpnia 2024 na boisku w SOSiR w Skoczowie przy ul. Sportowej 6, pod Honorowym&hellip;<\/p>\n                <\/div>\n              <\/div>\n            <\/div>\n            <div class=\"u-blog-post u-invisible u-container-style u-repeater-item\">\n              <div class=\"u-container-layout u-similar-container u-container-layout-2\"><a class=\"u-align-center u-blog-control u-image u-image-round u-radius-20 u-image-2\" href=\"http:\/\/wisla.skoczow.pl\/?p=51752\">\n                <img decoding=\"async\" class=\"u-align-center u-blog-control u-image u-image-round u-radius-20 u-image-2\" src=\"http:\/\/wisla.skoczow.pl\/wp-content\/uploads\/2024\/10\/terminasz-slzpn.jpg\"><\/a>\n                <h2 class=\"u-align-center u-blog-control u-text u-text-3\">\n                  <a class=\"u-post-header-link\" href=\"http:\/\/wisla.skoczow.pl\/?p=51752\">Terminarz 28-31.08.2024<\/a>\n                <\/h2>\n                <div class=\"u-blog-control u-post-content u-text u-text-4\"><p>\n\n\n\n\n\n\n\n\n\n\n\n\n\n\n\n\n\n<\/p>\n                <\/div>\n              <\/div>\n            <\/div>\n            <div class=\"u-blog-post u-invisible u-container-style u-repeater-item\">\n              <div class=\"u-container-layout u-similar-container u-container-layout-1\"><a class=\"u-align-center u-blog-control u-image u-image-round u-radius-20 u-image-1\" href=\"http:\/\/wisla.skoczow.pl\/?p=51737\">\n                <img decoding=\"async\" class=\"u-align-center u-blog-control u-image u-image-round u-radius-20 u-image-1\" src=\"http:\/\/wisla.skoczow.pl\/wp-content\/uploads\/2024\/08\/Blue-and-Black-Greyscale-Football-Final-Score-Instagram-Post.png\"><\/a>\n                <h2 class=\"u-align-center u-blog-control u-text u-text-1\">\n                  <a class=\"u-post-header-link\" href=\"http:\/\/wisla.skoczow.pl\/?p=51737\">Juniorki M\u0142odsze U16 - SJZ Jastrz\u0119bie-Zdr\u00f3j<\/a>\n                <\/h2>\n                <div class=\"u-blog-control u-post-content u-text u-text-2\"><p>\nDzisiaj rozpocz\u0119li\u015bmy zmagania w lidze, a mecz wyjazdowy zagrali\u015bmy w Jastrz\u0119biu-Zdroju Nasze dziewczyny zapewni\u0142y nam ogromne emocje , od samego &hellip;<\/p>\n                <\/div>\n              <\/div>\n            <\/div>\n            <div class=\"u-blog-post u-invisible u-container-style u-repeater-item\">\n              <div class=\"u-container-layout u-similar-container u-container-layout-2\"><a class=\"u-align-center u-blog-control u-image u-image-round u-radius-20 u-image-2\" href=\"http:\/\/wisla.skoczow.pl\/?p=51760\">\n                <img decoding=\"async\" class=\"u-align-center u-blog-control u-image u-image-round u-radius-20 u-image-2\" src=\"http:\/\/wisla.skoczow.pl\/wp-content\/uploads\/2024\/08\/prw24.jpg\"><\/a>\n                <h2 class=\"u-align-center u-blog-control u-text u-text-3\">\n                  <a class=\"u-post-header-link\" href=\"http:\/\/wisla.skoczow.pl\/?p=51760\">PUCHAR RZEKI WIS\u0141Y 2024<\/a>\n                <\/h2>\n                <div class=\"u-blog-control u-post-content u-text u-text-4\"><p>\nJu\u017c w najbli\u017csz\u0105 niedziele - 25.08\n\n\n\nTegoroczny XII Mi\u0119dzynarodowy Turniej Pi\u0142ki No\u017cnej Kobiet zostanie rozegrany systemem \"ka\u017cdy z ka\u017cdym\". Do &hellip;<\/p>\n                <\/div>\n              <\/div>\n            <\/div>\n            <div class=\"u-blog-post u-invisible u-container-style u-repeater-item\">\n              <div class=\"u-container-layout u-similar-container u-container-layout-1\"><a class=\"u-align-center u-blog-control u-image u-image-round u-radius-20 u-image-1\" href=\"http:\/\/wisla.skoczow.pl\/?p=51731\">\n                <img decoding=\"async\" class=\"u-align-center u-blog-control u-image u-image-round u-radius-20 u-image-1\" src=\"http:\/\/wisla.skoczow.pl\/wp-content\/uploads\/2024\/10\/terminasz-slzpn.jpg\"><\/a>\n                <h2 class=\"u-align-center u-blog-control u-text u-text-1\">\n                  <a class=\"u-post-header-link\" href=\"http:\/\/wisla.skoczow.pl\/?p=51731\">Terminarz 24-26.08.2024<\/a>\n                <\/h2>\n                <div class=\"u-blog-control u-post-content u-text u-text-2\"><p>\n\n\n\n\n\n\n\n\n\n\nSpotkanie m\u0142odziczek U13 nie odb\u0119dzie si\u0119 - zesp\u00f3\u0142 Polonia Tychy wycofa\u0142 si\u0119 z rozgrywek.\n\n\n\n\n<\/p>\n                <\/div>\n              <\/div>\n            <\/div>\n            <div class=\"u-blog-post u-invisible u-container-style u-repeater-item\">\n              <div class=\"u-container-layout u-similar-container u-container-layout-2\"><a class=\"u-align-center u-blog-control u-image u-image-round u-radius-20 u-image-2\" href=\"http:\/\/wisla.skoczow.pl\/?p=51722\">\n                <img decoding=\"async\" class=\"u-align-center u-blog-control u-image u-image-round u-radius-20 u-image-2\" src=\"http:\/\/wisla.skoczow.pl\/wp-content\/uploads\/2024\/08\/456000749_1042253904571809_2100222204334319586_n.jpg\"><\/a>\n                <h2 class=\"u-align-center u-blog-control u-text u-text-3\">\n                  <a class=\"u-post-header-link\" href=\"http:\/\/wisla.skoczow.pl\/?p=51722\">U16 - sparing z Legi\u0105 Warszawa<\/a>\n                <\/h2>\n                <div class=\"u-blog-control u-post-content u-text u-text-4\"><p>\nWczoraj nasze zawodniczki U16 rozegra\u0142y sparing w Ustroniu  z Legi\u0105 Warszawa. Pocz\u0105tek meczu napawa\u0142 optymizmem , fajne akcje naszego zespo\u0142u, gra &hellip;<\/p>\n                <\/div>\n              <\/div>\n            <\/div>\n            <div class=\"u-blog-post u-invisible u-container-style u-repeater-item\">\n              <div class=\"u-container-layout u-similar-container u-container-layout-1\"><a class=\"u-align-center u-blog-control u-image u-image-round u-radius-20 u-image-1\" href=\"http:\/\/wisla.skoczow.pl\/?p=51694\">\n                <img decoding=\"async\" class=\"u-align-center u-blog-control u-image u-image-round u-radius-20 u-image-1\" src=\"http:\/\/wisla.skoczow.pl\/wp-content\/uploads\/2024\/08\/455030902_1034679178662615_2663929454695756666_n.jpg\"><\/a>\n                <h2 class=\"u-align-center u-blog-control u-text u-text-1\">\n                  <a class=\"u-post-header-link\" href=\"http:\/\/wisla.skoczow.pl\/?p=51694\">IV TURNIEJ IM.JANUSZA LISOWSKIEGO w Knurowie<\/a>\n                <\/h2>\n                <div class=\"u-blog-control u-post-content u-text u-text-2\"><p>\n\n\n\n\n\n\n\n\nWczoraj wzi\u0119li\u015bmy udzia\u0142 w IV turnieju im. Janusza Lisowskiego, kt\u00f3ry odby\u0142 si\u0119 w Knurowie. Turniej przeznaczony dla kategorii OPEN w &hellip;<\/p>\n                <\/div>\n              <\/div>\n            <\/div>\n            <div class=\"u-blog-post u-invisible u-container-style u-repeater-item\">\n              <div class=\"u-container-layout u-similar-container u-container-layout-2\"><a class=\"u-align-center u-blog-control u-image u-image-round u-radius-20 u-image-2\" href=\"http:\/\/wisla.skoczow.pl\/?p=51670\">\n                <img decoding=\"async\" class=\"u-align-center u-blog-control u-image u-image-round u-radius-20 u-image-2\" src=\"http:\/\/wisla.skoczow.pl\/wp-content\/uploads\/2024\/08\/13432.jpeg\"><\/a>\n                <h2 class=\"u-align-center u-blog-control u-text u-text-3\">\n                  <a class=\"u-post-header-link\" href=\"http:\/\/wisla.skoczow.pl\/?p=51670\">Polityka Bezpiecze\u0144stwa Dzieci - standardy ochrony<\/a>\n                <\/h2>\n                <div class=\"u-blog-control u-post-content u-text u-text-4\"><p>\nSpo\u0142eczno\u015b\u0107 Kobiecego Klubu Sportowego \u201eWis\u0142a\u201d wyznaje zasad\u0119, \u017ce uprawianie sportu ma by\u0107 w pe\u0142ni bezpieczne, a okazywanie szacunku dzieciom &hellip;<\/p>\n                <\/div>\n              <\/div>\n            <\/div>\n            <div class=\"u-blog-post u-invisible u-container-style u-repeater-item\">\n              <div class=\"u-container-layout u-similar-container u-container-layout-1\"><a class=\"u-align-center u-blog-control u-image u-image-round u-radius-20 u-image-1\" href=\"http:\/\/wisla.skoczow.pl\/?p=51638\">\n                <img decoding=\"async\" class=\"u-align-center u-blog-control u-image u-image-round u-radius-20 u-image-1\" src=\"http:\/\/wisla.skoczow.pl\/wp-content\/uploads\/2024\/07\/Post-na-Facebook-940x788-px-48.jpeg\"><\/a>\n                <h2 class=\"u-align-center u-blog-control u-text u-text-1\">\n                  <a class=\"u-post-header-link\" href=\"http:\/\/wisla.skoczow.pl\/?p=51638\">1 Liga PLF - Futsal<\/a>\n                <\/h2>\n                <div class=\"u-blog-control u-post-content u-text u-text-2\"><p>\nZapraszamy wszystkie zainteresowane zawodniczki, kt\u00f3re uko\u0144czy\u0142y 15 lat Ka\u017cda z Was jest mile widziana, niezale\u017cnie od do\u015bwiadczenia czy wieku - &hellip;<\/p>\n                <\/div>\n              <\/div>\n            <\/div>\n            <div class=\"u-blog-post u-invisible u-container-style u-repeater-item\">\n              <div class=\"u-container-layout u-similar-container u-container-layout-2\"><a class=\"u-align-center u-blog-control u-image u-image-round u-radius-20 u-image-2\" href=\"http:\/\/wisla.skoczow.pl\/?p=51634\">\n                <img decoding=\"async\" class=\"u-align-center u-blog-control u-image u-image-round u-radius-20 u-image-2\" src=\"http:\/\/wisla.skoczow.pl\/wp-content\/uploads\/2024\/07\/Post-na-Facebook-940x788-px-49.jpeg\"><\/a>\n                <h2 class=\"u-align-center u-blog-control u-text u-text-3\">\n                  <a class=\"u-post-header-link\" href=\"http:\/\/wisla.skoczow.pl\/?p=51634\">U10 - Liga \u017baka<\/a>\n                <\/h2>\n                <div class=\"u-blog-control u-post-content u-text u-text-4\"><p>\nDrugi sezon nasze dziewcz\u0119ta z Akademii Pi\u0142karskiej (rocznik 2015\/2016\/2017) wyst\u0105pi\u0105 w rozgrywkach Podokr\u0119gu Skocz\u00f3w w lidze \u017cak\u00f3w. Stawiamy na &hellip;<\/p>\n                <\/div>\n              <\/div>\n            <\/div>\n            <div class=\"u-blog-post u-invisible u-container-style u-repeater-item\">\n              <div class=\"u-container-layout u-similar-container u-container-layout-1\"><a class=\"u-align-center u-blog-control u-image u-image-round u-radius-20 u-image-1\" href=\"http:\/\/wisla.skoczow.pl\/?p=51629\">\n                <img decoding=\"async\" class=\"u-align-center u-blog-control u-image u-image-round u-radius-20 u-image-1\" src=\"http:\/\/wisla.skoczow.pl\/wp-content\/uploads\/2024\/07\/Post-na-Facebook-940x788-px-45.jpeg\"><\/a>\n                <h2 class=\"u-align-center u-blog-control u-text u-text-1\">\n                  <a class=\"u-post-header-link\" href=\"http:\/\/wisla.skoczow.pl\/?p=51629\">U13 - II Liga \u015aLM<\/a>\n                <\/h2>\n                <div class=\"u-blog-control u-post-content u-text u-text-2\"><p>\nW nowym sezonie nasze m\u0142odziczki rywalizowa\u0107 b\u0119d\u0105 wed\u0142ug nowego podzia\u0142u \u015al\u0105skiej Ligi M\u0142odziczek. Zg\u0142oszenia na ten sezon odby\u0142y si\u0119 do I Ligi i &hellip;<\/p>\n                <\/div>\n              <\/div>\n            <\/div>\n            <div class=\"u-blog-post u-invisible u-container-style u-repeater-item\">\n              <div class=\"u-container-layout u-similar-container u-container-layout-2\"><a class=\"u-align-center u-blog-control u-image u-image-round u-radius-20 u-image-2\" href=\"http:\/\/wisla.skoczow.pl\/?p=51624\">\n                <img decoding=\"async\" class=\"u-align-center u-blog-control u-image u-image-round u-radius-20 u-image-2\" src=\"http:\/\/wisla.skoczow.pl\/wp-content\/uploads\/2024\/07\/Post-na-Facebook-940x788-px-44.jpeg\"><\/a>\n                <h2 class=\"u-align-center u-blog-control u-text u-text-3\">\n                  <a class=\"u-post-header-link\" href=\"http:\/\/wisla.skoczow.pl\/?p=51624\">U16 - II Liga \u015aLJM<\/a>\n                <\/h2>\n                <div class=\"u-blog-control u-post-content u-text u-text-4\"><p>\nW nowym sezonie nasze juniorki m\u0142odsze rywalizowa\u0107 b\u0119d\u0105 wed\u0142ug nowego podzia\u0142u \u015al\u0105skiej Ligi Juniorek M\u0142odszych. Zg\u0142oszenia na ten sezon odby\u0142y si\u0119&hellip;<\/p>\n                <\/div>\n              <\/div>\n            <\/div>\n            <div class=\"u-blog-post u-invisible u-container-style u-repeater-item\">\n              <div class=\"u-container-layout u-similar-container u-container-layout-1\"><a class=\"u-align-center u-blog-control u-image u-image-round u-radius-20 u-image-1\" href=\"http:\/\/wisla.skoczow.pl\/?p=51621\">\n                <img decoding=\"async\" class=\"u-align-center u-blog-control u-image u-image-round u-radius-20 u-image-1\" src=\"http:\/\/wisla.skoczow.pl\/wp-content\/uploads\/2024\/07\/Argentyna-kontra-Nigeria-Pilka-Nozna-Instagram-Post.png\"><\/a>\n                <h2 class=\"u-align-center u-blog-control u-text u-text-1\">\n                  <a class=\"u-post-header-link\" href=\"http:\/\/wisla.skoczow.pl\/?p=51621\">Powr\u00f3t do trening\u00f3w!<\/a>\n                <\/h2>\n                <div class=\"u-blog-control u-post-content u-text u-text-2\"><p>\nKoniec odpoczynku po obozie  Czas przygotowa\u0107 si\u0119 do nowych wyzwa\u0144  Ju\u017c w poniedzia\u0142ek wracamy do trenowania, by przygotowa\u0107 si\u0119 do nadchodz\u0105cych &hellip;<\/p>\n                <\/div>\n              <\/div>\n            <\/div>\n            <div class=\"u-blog-post u-invisible u-container-style u-repeater-item\">\n              <div class=\"u-container-layout u-similar-container u-container-layout-2\"><a class=\"u-align-center u-blog-control u-image u-image-round u-radius-20 u-image-2\" href=\"http:\/\/wisla.skoczow.pl\/?p=50884\">\n                <img decoding=\"async\" class=\"u-align-center u-blog-control u-image u-image-round u-radius-20 u-image-2\" src=\"http:\/\/wisla.skoczow.pl\/wp-content\/uploads\/2024\/07\/IMG-20240707-WA0052.jpg\"><\/a>\n                <h2 class=\"u-align-center u-blog-control u-text u-text-3\">\n                  <a class=\"u-post-header-link\" href=\"http:\/\/wisla.skoczow.pl\/?p=50884\">Ob\u00f3z letni 2024 - dzie\u0144 10-12<\/a>\n                <\/h2>\n                <div class=\"u-blog-control u-post-content u-text u-text-4\"><p>\nZawodniczki , ostatnie dni obozu przepracowa\u0142y na treningach. Zagrali\u015bmy mecz wewn\u0119trzny pomi\u0119dzy U13 a U16, w kt\u00f3rym by\u0142o wiele bramek i ciekawych&hellip;<\/p>\n                <\/div>\n              <\/div>\n            <\/div>\n            <div class=\"u-blog-post u-invisible u-container-style u-repeater-item\">\n              <div class=\"u-container-layout u-similar-container u-container-layout-1\"><a class=\"u-align-center u-blog-control u-image u-image-round u-radius-20 u-image-1\" href=\"http:\/\/wisla.skoczow.pl\/?p=50585\">\n                <img decoding=\"async\" class=\"u-align-center u-blog-control u-image u-image-round u-radius-20 u-image-1\" src=\"http:\/\/wisla.skoczow.pl\/wp-content\/uploads\/2024\/07\/IMG-20240705-WA0129-1.jpg\"><\/a>\n                <h2 class=\"u-align-center u-blog-control u-text u-text-1\">\n                  <a class=\"u-post-header-link\" href=\"http:\/\/wisla.skoczow.pl\/?p=50585\">Ob\u00f3z letni 2024 - dzie\u0144 7-9<\/a>\n                <\/h2>\n                <div class=\"u-blog-control u-post-content u-text u-text-2\"><p>\nKolejne dni min\u0119\u0142y nam pracowicie\ud83d\udc4a\ud83d\udcaa\u26bd\ufe0f. Na szcz\u0119\u015bcie pogoda zrobi\u0142a si\u0119 \u2601\ufe0f\ud83c\udf26 idealna do treningu. Dziewczyny dawa\u0142y z siebie wszystko i trzeba &hellip;<\/p>\n                <\/div>\n              <\/div>\n            <\/div>\n            <div class=\"u-blog-post u-invisible u-container-style u-repeater-item\">\n              <div class=\"u-container-layout u-similar-container u-container-layout-2\"><a class=\"u-align-center u-blog-control u-image u-image-round u-radius-20 u-image-2\" href=\"http:\/\/wisla.skoczow.pl\/?p=50507\">\n                <img decoding=\"async\" class=\"u-align-center u-blog-control u-image u-image-round u-radius-20 u-image-2\" src=\"http:\/\/wisla.skoczow.pl\/wp-content\/uploads\/2024\/07\/IMG-20240702-WA0014.jpg\"><\/a>\n                <h2 class=\"u-align-center u-blog-control u-text u-text-3\">\n                  <a class=\"u-post-header-link\" href=\"http:\/\/wisla.skoczow.pl\/?p=50507\">Ob\u00f3z letni 2024 - dzie\u0144 4-6<\/a>\n                <\/h2>\n                <div class=\"u-blog-control u-post-content u-text u-text-4\"><p>\nZa nami po\u0142owa obozu \n\n\n\nPrzyjemnie si\u0119 trenuje mimo wysokich temperatur, nasze treningi odbywaj\u0105 si\u0119 wcze\u015bnie rano i p\u00f3\u017anym wieczorem. W ci\u0105gu &hellip;<\/p>\n                <\/div>\n              <\/div>\n            <\/div>\n            <div class=\"u-blog-post u-invisible u-container-style u-repeater-item\">\n              <div class=\"u-container-layout u-similar-container u-container-layout-1\"><a class=\"u-align-center u-blog-control u-image u-image-round u-radius-20 u-image-1\" href=\"http:\/\/wisla.skoczow.pl\/?p=49834\">\n                <img decoding=\"async\" class=\"u-align-center u-blog-control u-image u-image-round u-radius-20 u-image-1\" src=\"http:\/\/wisla.skoczow.pl\/wp-content\/uploads\/2024\/07\/Post-na-Facebook-940x788-px-38.jpeg\"><\/a>\n                <h2 class=\"u-align-center u-blog-control u-text u-text-1\">\n                  <a class=\"u-post-header-link\" href=\"http:\/\/wisla.skoczow.pl\/?p=49834\">SEZON 2024\/2025<\/a>\n                <\/h2>\n                <div class=\"u-blog-control u-post-content u-text u-text-2\"><p>\n\n<\/p>\n                <\/div>\n              <\/div>\n            <\/div>\n            <div class=\"u-blog-post u-invisible u-container-style u-repeater-item\">\n              <div class=\"u-container-layout u-similar-container u-container-layout-2\"><a class=\"u-align-center u-blog-control u-image u-image-round u-radius-20 u-image-2\" href=\"http:\/\/wisla.skoczow.pl\/?p=50411\">\n                <img decoding=\"async\" class=\"u-align-center u-blog-control u-image u-image-round u-radius-20 u-image-2\" src=\"http:\/\/wisla.skoczow.pl\/wp-content\/uploads\/2024\/07\/091274.jpeg\"><\/a>\n                <h2 class=\"u-align-center u-blog-control u-text u-text-3\">\n                  <a class=\"u-post-header-link\" href=\"http:\/\/wisla.skoczow.pl\/?p=50411\">Ob\u00f3z letni 2024 - dzie\u0144 1-3<\/a>\n                <\/h2>\n                <div class=\"u-blog-control u-post-content u-text u-text-4\"><p>\nRozpocz\u0119li\u015bmy przygotowania do nowego sezonu rozgrywkowego  Od \u015brody 26 czerwca przebywamy w miejscowo\u015bci \u0141\u0119\u017ceczki w wojew\u00f3dztwie Wielkopolskim. &hellip;<\/p>\n                <\/div>\n              <\/div>\n            <\/div>\n            <div class=\"u-blog-post u-invisible u-container-style u-repeater-item\">\n              <div class=\"u-container-layout u-similar-container u-container-layout-1\"><a class=\"u-align-center u-blog-control u-image u-image-round u-radius-20 u-image-1\" href=\"http:\/\/wisla.skoczow.pl\/?p=49821\">\n                <img decoding=\"async\" class=\"u-align-center u-blog-control u-image u-image-round u-radius-20 u-image-1\" src=\"http:\/\/wisla.skoczow.pl\/wp-content\/uploads\/2024\/06\/00b76d30-3103-444e-93bc-8c2e169f6ec0.jpeg\"><\/a>\n                <h2 class=\"u-align-center u-blog-control u-text u-text-1\">\n                  <a class=\"u-post-header-link\" href=\"http:\/\/wisla.skoczow.pl\/?p=49821\">M\u0142odziczki U13 - podsumowanie sezonu 2023\/2024<\/a>\n                <\/h2>\n                <div class=\"u-blog-control u-post-content u-text u-text-2\"><p>\nZa nami bardzo intensywny sezon rozgrywkowy w \u015al\u0105skiej Lidze M\u0142odziczek U13.\n\n\n\nDziewcz\u0119ta przyst\u0119powa\u0142y do rozgrywek z ogromnym zapa\u0142em, do &hellip;<\/p>\n                <\/div>\n              <\/div>\n            <\/div>\n            <div class=\"u-blog-post u-invisible u-container-style u-repeater-item\">\n              <div class=\"u-container-layout u-similar-container u-container-layout-2\"><a class=\"u-align-center u-blog-control u-image u-image-round u-radius-20 u-image-2\" href=\"http:\/\/wisla.skoczow.pl\/?p=50237\">\n                <img decoding=\"async\" class=\"u-align-center u-blog-control u-image u-image-round u-radius-20 u-image-2\" src=\"http:\/\/wisla.skoczow.pl\/wp-content\/uploads\/2024\/06\/IMG_5287-scaled.jpg\"><\/a>\n                <h2 class=\"u-align-center u-blog-control u-text u-text-3\">\n                  <a class=\"u-post-header-link\" href=\"http:\/\/wisla.skoczow.pl\/?p=50237\">Zako\u0144czenie sezonu 2023\/24!<\/a>\n                <\/h2>\n                <div class=\"u-blog-control u-post-content u-text u-text-4\"><p>\n21 czerwca (pi\u0105tek), odby\u0142 si\u0119 festyn sportowy z okazji Dnia Zawodniczki KKS \u201cWis\u0142a\u201d Skocz\u00f3w w G\u00f3rkach Wielkich, ale r\u00f3wnie\u017c podsumowanie sezonu &hellip;<\/p>\n                <\/div>\n              <\/div>\n            <\/div>\n            <div class=\"u-blog-post u-invisible u-container-style u-repeater-item\">\n              <div class=\"u-container-layout u-similar-container u-container-layout-1\"><a class=\"u-align-center u-blog-control u-image u-image-round u-radius-20 u-image-1\" href=\"http:\/\/wisla.skoczow.pl\/?p=49826\">\n                <img decoding=\"async\" class=\"u-align-center u-blog-control u-image u-image-round u-radius-20 u-image-1\" src=\"http:\/\/wisla.skoczow.pl\/wp-content\/uploads\/2024\/05\/IMG_4505-scaled.jpg\"><\/a>\n                <h2 class=\"u-align-center u-blog-control u-text u-text-1\">\n                  <a class=\"u-post-header-link\" href=\"http:\/\/wisla.skoczow.pl\/?p=49826\">Akademia Pi\u0142karska U10 - podsumowanie sezonu 2023\/2024<\/a>\n                <\/h2>\n                <div class=\"u-blog-control u-post-content u-text u-text-2\"><p>\nZa nami intensywny sezon w lidze \u017caka w podokr\u0119gu Skocz\u00f3w, gdzie nasze adeptki z akademii pi\u0142karskiej mierzy\u0142y si\u0119 z ch\u0142opakami. \n\n\n\nBy\u0142 to &hellip;<\/p>\n                <\/div>\n              <\/div>\n            <\/div>\n            <div class=\"u-blog-post u-invisible u-container-style u-repeater-item\">\n              <div class=\"u-container-layout u-similar-container u-container-layout-2\"><a class=\"u-align-center u-blog-control u-image u-image-round u-radius-20 u-image-2\" href=\"http:\/\/wisla.skoczow.pl\/?p=49829\">\n                <img decoding=\"async\" class=\"u-align-center u-blog-control u-image u-image-round u-radius-20 u-image-2\" src=\"http:\/\/wisla.skoczow.pl\/wp-content\/uploads\/2024\/07\/Zdjecie-WhatsApp-2024-07-06-o-13.55.09_289caab8.jpg\"><\/a>\n                <h2 class=\"u-align-center u-blog-control u-text u-text-3\">\n                  <a class=\"u-post-header-link\" href=\"http:\/\/wisla.skoczow.pl\/?p=49829\">Juniorki M\u0142odsze U16 - podsumowanie sezonu 2023\/2024<\/a>\n                <\/h2>\n                <div class=\"u-blog-control u-post-content u-text u-text-4\"><p>\nZa nami sezon w \u015al\u0105skiej Lidze Juniorek U16. Przyst\u0105pili\u015bmy do sezonu w mocno okrojonym sk\u0142adzie, nie raz zdarza\u0142o si\u0119 \u017ce grali\u015bmy niepe\u0142nym &hellip;<\/p>\n                <\/div>\n              <\/div>\n            <\/div>\n            <div class=\"u-blog-post u-invisible u-container-style u-repeater-item\">\n              <div class=\"u-container-layout u-similar-container u-container-layout-1\"><a class=\"u-align-center u-blog-control u-image u-image-round u-radius-20 u-image-1\" href=\"http:\/\/wisla.skoczow.pl\/?p=50221\">\n                <img decoding=\"async\" class=\"u-align-center u-blog-control u-image u-image-round u-radius-20 u-image-1\" src=\"http:\/\/wisla.skoczow.pl\/wp-content\/uploads\/2024\/06\/448559305_1026352729494119_2829228602323935578_n.jpg\"><\/a>\n                <h2 class=\"u-align-center u-blog-control u-text u-text-1\">\n                  <a class=\"u-post-header-link\" href=\"http:\/\/wisla.skoczow.pl\/?p=50221\">Futsalistki nagrodzone!<\/a>\n                <\/h2>\n                <div class=\"u-blog-control u-post-content u-text u-text-2\"><p>\nGRATULUJEMY naszym zawodniczkom futsalowym, zespo\u0142u juniorsko-seniorskiego Nagrod\u0119 otrzyma\u0142 zesp\u00f3\u0142 wraz trenerk\u0105 za Wicemistrzostwo II Ligi PLF &hellip;<\/p>\n                <\/div>\n              <\/div>\n            <\/div>\n            <div class=\"u-blog-post u-invisible u-container-style u-repeater-item\">\n              <div class=\"u-container-layout u-similar-container u-container-layout-2\"><a class=\"u-align-center u-blog-control u-image u-image-round u-radius-20 u-image-2\" href=\"http:\/\/wisla.skoczow.pl\/?p=49823\">\n                <img decoding=\"async\" class=\"u-align-center u-blog-control u-image u-image-round u-radius-20 u-image-2\" src=\"http:\/\/wisla.skoczow.pl\/wp-content\/uploads\/2024\/06\/top-filmu.png\"><\/a>\n                <h2 class=\"u-align-center u-blog-control u-text u-text-3\">\n                  <a class=\"u-post-header-link\" href=\"http:\/\/wisla.skoczow.pl\/?p=49823\">16 lat \u017ce\u0144skiej pi\u0142ki no\u017cnej w Skoczowie!<\/a>\n                <\/h2>\n                <div class=\"u-blog-control u-post-content u-text u-text-4\"><p>\nJu\u017c dzi\u015b nasze\ud83d\udc99\u2764\ufe0f\ud83d\udc9b zawodniczki futsalowe oraz trenerka Sonia, odbior\u0105 nagrod\u0119 za osi\u0105gni\u0119te wyniki sportowe w roku 2023\u203c\n\n\n\nUroczysto\u015b\u0107 odb\u0119dzie &hellip;<\/p>\n                <\/div>\n              <\/div>\n            <\/div>\n            <div class=\"u-blog-post u-invisible u-container-style u-repeater-item\">\n              <div class=\"u-container-layout u-similar-container u-container-layout-1\"><a class=\"u-align-center u-blog-control u-image u-image-round u-radius-20 u-image-1\" href=\"http:\/\/wisla.skoczow.pl\/?p=49838\">\n                <img decoding=\"async\" class=\"u-align-center u-blog-control u-image u-image-round u-radius-20 u-image-1\" src=\"http:\/\/wisla.skoczow.pl\/wp-content\/uploads\/2024\/06\/Post-na-Facebook-940x788-px-37.jpeg\"><\/a>\n                <h2 class=\"u-align-center u-blog-control u-text u-text-1\">\n                  <a class=\"u-post-header-link\" href=\"http:\/\/wisla.skoczow.pl\/?p=49838\">Przerwa w treningach!<\/a>\n                <\/h2>\n                <div class=\"u-blog-control u-post-content u-text u-text-2\"><p>\nRozpocz\u0119li\u015bmy przerw\u0119 regeneracyjn\u0105, ale nie na d\u0142ugo!\n\n\n\nZaczynamy nowy sezon od obozu\u00a0 26.06 - 07.07.2024 w \u0141\u0119\u017ceczkach!29 lipca 2024 wracamy do &hellip;<\/p>\n                <\/div>\n              <\/div>\n            <\/div>\n            <div class=\"u-blog-post u-invisible u-container-style u-repeater-item\">\n              <div class=\"u-container-layout u-similar-container u-container-layout-2\"><a class=\"u-align-center u-blog-control u-image u-image-round u-radius-20 u-image-2\" href=\"http:\/\/wisla.skoczow.pl\/?p=50207\">\n                <img decoding=\"async\" class=\"u-align-center u-blog-control u-image u-image-round u-radius-20 u-image-2\" src=\"http:\/\/wisla.skoczow.pl\/wp-content\/uploads\/2024\/06\/448314705_992314146232452_6649868752003885333_n.jpg\"><\/a>\n                <h2 class=\"u-align-center u-blog-control u-text u-text-3\">\n                  <a class=\"u-post-header-link\" href=\"http:\/\/wisla.skoczow.pl\/?p=50207\">Juniorki M\u0142odsze U16<\/a>\n                <\/h2>\n                <div class=\"u-blog-control u-post-content u-text u-text-4\"><p>\nWygrywamy w ostatnim meczu domowym Dzisiaj nasze dziewczyny zapewni\u0142y nam ogromne emocje , od samego pocz\u0105tku bo napierali\u015bmy na bramk\u0119 &hellip;<\/p>\n                <\/div>\n              <\/div>\n            <\/div>\n            <div class=\"u-blog-post u-invisible u-container-style u-repeater-item\">\n              <div class=\"u-container-layout u-similar-container u-container-layout-1\"><a class=\"u-align-center u-blog-control u-image u-image-round u-radius-20 u-image-1\" href=\"http:\/\/wisla.skoczow.pl\/?p=50185\">\n                <img decoding=\"async\" class=\"u-align-center u-blog-control u-image u-image-round u-radius-20 u-image-1\" src=\"http:\/\/wisla.skoczow.pl\/wp-content\/uploads\/2024\/06\/448226563_990483973082136_3580672944792239777_n.jpg\"><\/a>\n                <h2 class=\"u-align-center u-blog-control u-text u-text-1\">\n                  <a class=\"u-post-header-link\" href=\"http:\/\/wisla.skoczow.pl\/?p=50185\">Akademia Pi\u0142karska U10<\/a>\n                <\/h2>\n                <div class=\"u-blog-control u-post-content u-text u-text-2\"><p>\nW \u015brod\u0119 w meczu domowym  rozegrali\u015bmy ostatnie spotkanie ligowe w tym sezonie przeciwko MKP Brenna G\u00f3rki. Od samego pocz\u0105tku du\u017co akcji obu &hellip;<\/p>\n                <\/div>\n              <\/div>\n            <\/div>\n            <div class=\"u-blog-post u-invisible u-container-style u-repeater-item\">\n              <div class=\"u-container-layout u-similar-container u-container-layout-2\"><a class=\"u-align-center u-blog-control u-image u-image-round u-radius-20 u-image-2\" href=\"http:\/\/wisla.skoczow.pl\/?p=49831\">\n                <img decoding=\"async\" class=\"u-align-center u-blog-control u-image u-image-round u-radius-20 u-image-2\" src=\"http:\/\/wisla.skoczow.pl\/wp-content\/uploads\/2024\/06\/Post-na-Facebook-940x788-px-33.jpeg\"><\/a>\n                <h2 class=\"u-align-center u-blog-control u-text u-text-3\">\n                  <a class=\"u-post-header-link\" href=\"http:\/\/wisla.skoczow.pl\/?p=49831\">Podsumowanie sezonu 2023\/2024<\/a>\n                <\/h2>\n                <div class=\"u-blog-control u-post-content u-text u-text-4\"><p>\nZawodniczki i Rodzice - ZAPRASZAMY!\n\n\n\n\ud83e\udd64FESTYN SPORTOWY\u26bd\ufe0f 21.06.2024 PI\u0104TEKG\u00f3rki Wielkie, ul. Zofii Kossak 43 - O\u015brodek \"SANGOS\"\n\n\n\nDzie\u0144 &hellip;<\/p>\n                <\/div>\n              <\/div>\n            <\/div>\n            <div class=\"u-blog-post u-invisible u-container-style u-repeater-item\">\n              <div class=\"u-container-layout u-similar-container u-container-layout-1\"><a class=\"u-align-center u-blog-control u-image u-image-round u-radius-20 u-image-1\" href=\"http:\/\/wisla.skoczow.pl\/?p=50177\">\n                <img decoding=\"async\" class=\"u-align-center u-blog-control u-image u-image-round u-radius-20 u-image-1\" src=\"http:\/\/wisla.skoczow.pl\/wp-content\/uploads\/2024\/06\/COPY-COPY-Post-na-Facebook-940x788-px-12.jpeg\"><\/a>\n                <h2 class=\"u-align-center u-blog-control u-text u-text-1\">\n                  <a class=\"u-post-header-link\" href=\"http:\/\/wisla.skoczow.pl\/?p=50177\">Terminarz 12-16.06.2024<\/a>\n                <\/h2>\n                <div class=\"u-blog-control u-post-content u-text u-text-2\"><p>\n\n\n\n\n\n\n\n<\/p>\n                <\/div>\n              <\/div>\n            <\/div>\n            <div class=\"u-blog-post u-invisible u-container-style u-repeater-item\">\n              <div class=\"u-container-layout u-similar-container u-container-layout-2\"><a class=\"u-align-center u-blog-control u-image u-image-round u-radius-20 u-image-2\" href=\"http:\/\/wisla.skoczow.pl\/?p=50141\">\n                <img decoding=\"async\" class=\"u-align-center u-blog-control u-image u-image-round u-radius-20 u-image-2\" src=\"http:\/\/wisla.skoczow.pl\/wp-content\/uploads\/2024\/06\/IMG_5116-scaled.jpg\"><\/a>\n                <h2 class=\"u-align-center u-blog-control u-text u-text-3\">\n                  <a class=\"u-post-header-link\" href=\"http:\/\/wisla.skoczow.pl\/?p=50141\">M\u0142odziczki U13<\/a>\n                <\/h2>\n                <div class=\"u-blog-control u-post-content u-text u-text-4\"><p>\nOstatnie zmagania ligowe w tym sezonie rozegrali\u015bmy na wyje\u017adzie w Rybniku. Przysz\u0142o nam si\u0119 mierzy\u0107 o trzy punkty, kt\u00f3re znacz\u0105co zmieni\u0142yby nasz\u0105&hellip;<\/p>\n                <\/div>\n              <\/div>\n            <\/div>\n            <div class=\"u-blog-post u-invisible u-container-style u-repeater-item\">\n              <div class=\"u-container-layout u-similar-container u-container-layout-1\"><a class=\"u-align-center u-blog-control u-image u-image-round u-radius-20 u-image-1\" href=\"http:\/\/wisla.skoczow.pl\/?p=50130\">\n                <img decoding=\"async\" class=\"u-align-center u-blog-control u-image u-image-round u-radius-20 u-image-1\" src=\"http:\/\/wisla.skoczow.pl\/wp-content\/uploads\/2024\/06\/447752965_987078346756032_4129767212023677520_n.jpg\"><\/a>\n                <h2 class=\"u-align-center u-blog-control u-text u-text-1\">\n                  <a class=\"u-post-header-link\" href=\"http:\/\/wisla.skoczow.pl\/?p=50130\">Juniorki M\u0142odsze U16<\/a>\n                <\/h2>\n                <div class=\"u-blog-control u-post-content u-text u-text-2\"><p>\nWczoraj w meczu wyjazdowym  zmierzyli\u015bmy si\u0119 z KKS G\u00f3rnik Zabrze. Jeszcze przed meczem by\u0142o wida\u0107 pozytywne nastawienie naszych zawodniczek na gr\u0119 &hellip;<\/p>\n                <\/div>\n              <\/div>\n            <\/div>\n            <div class=\"u-blog-post u-invisible u-container-style u-repeater-item\">\n              <div class=\"u-container-layout u-similar-container u-container-layout-2\"><a class=\"u-align-center u-blog-control u-image u-image-round u-radius-20 u-image-2\" href=\"http:\/\/wisla.skoczow.pl\/?p=49871\">\n                <img decoding=\"async\" class=\"u-align-center u-blog-control u-image u-image-round u-radius-20 u-image-2\" src=\"http:\/\/wisla.skoczow.pl\/wp-content\/uploads\/2024\/06\/IMG_4773-scaled.jpg\"><\/a>\n                <h2 class=\"u-align-center u-blog-control u-text u-text-3\">\n                  <a class=\"u-post-header-link\" href=\"http:\/\/wisla.skoczow.pl\/?p=49871\">Turniej gry 1x1<\/a>\n                <\/h2>\n                <div class=\"u-blog-control u-post-content u-text u-text-4\"><p>\nNa boisku w Bieruniu 5 czerwca, odby\u0142y si\u0119 eliminacje regionalne, w kt\u00f3rych bra\u0142y udzia\u0142 nasze trzy zawodniczki Sonia, Karolina i Lena. Dziewcz\u0119ta &hellip;<\/p>\n                <\/div>\n              <\/div>\n            <\/div>\n            <div class=\"u-blog-post u-invisible u-container-style u-repeater-item\">\n              <div class=\"u-container-layout u-similar-container u-container-layout-1\"><a class=\"u-align-center u-blog-control u-image u-image-round u-radius-20 u-image-1\" href=\"http:\/\/wisla.skoczow.pl\/?p=49854\">\n                <img decoding=\"async\" class=\"u-align-center u-blog-control u-image u-image-round u-radius-20 u-image-1\" src=\"http:\/\/wisla.skoczow.pl\/wp-content\/uploads\/2024\/06\/e069c055-f54b-449e-938b-d1ff1b0a5ac7.jpeg\"><\/a>\n                <h2 class=\"u-align-center u-blog-control u-text u-text-1\">\n                  <a class=\"u-post-header-link\" href=\"http:\/\/wisla.skoczow.pl\/?p=49854\">Akademia Pi\u0142karska U10<\/a>\n                <\/h2>\n                <div class=\"u-blog-control u-post-content u-text u-text-2\"><p>\nW \u015brod\u0119 odby\u0142 si\u0119 kolejny mecz, a zmierzyli\u015bmy si\u0119 z LKS Pog\u00f3rze. Dziewcz\u0119ta walczy\u0142y\ud83d\udcaa od samego pocz\u0105tku, ich wola zwyci\u0119stwa by\u0142a \ud83d\udd25niesamowita. &hellip;<\/p>\n                <\/div>\n              <\/div>\n            <\/div>\n            <div class=\"u-blog-post u-invisible u-container-style u-repeater-item\">\n              <div class=\"u-container-layout u-similar-container u-container-layout-2\"><a class=\"u-align-center u-blog-control u-image u-image-round u-radius-20 u-image-2\" href=\"http:\/\/wisla.skoczow.pl\/?p=49799\">\n                <img decoding=\"async\" class=\"u-align-center u-blog-control u-image u-image-round u-radius-20 u-image-2\" src=\"http:\/\/wisla.skoczow.pl\/wp-content\/uploads\/2024\/06\/445034702_856438733195035_6323081206351076219_n-1.jpg\"><\/a>\n                <h2 class=\"u-align-center u-blog-control u-text u-text-3\">\n                  <a class=\"u-post-header-link\" href=\"http:\/\/wisla.skoczow.pl\/?p=49799\">Kadra Podokr\u0119gu Skocz\u00f3w U10<\/a>\n                <\/h2>\n                <div class=\"u-blog-control u-post-content u-text u-text-4\"><p>\n02.06 odby\u0142 si\u0119 turniej o puchar Marsza\u0142ka wojew\u00f3dztwa \u015al\u0105skiego SILESIA CUP, w kt\u00f3rym bra\u0142y udzia\u0142 nasze zawodniczki: Lena, Karolina, Kasia, &hellip;<\/p>\n                <\/div>\n              <\/div>\n            <\/div>\n            <div class=\"u-blog-post u-invisible u-container-style u-repeater-item\">\n              <div class=\"u-container-layout u-similar-container u-container-layout-1\"><a class=\"u-align-center u-blog-control u-image u-image-round u-radius-20 u-image-1\" href=\"http:\/\/wisla.skoczow.pl\/?p=49813\">\n                <img decoding=\"async\" class=\"u-align-center u-blog-control u-image u-image-round u-radius-20 u-image-1\" src=\"http:\/\/wisla.skoczow.pl\/wp-content\/uploads\/2024\/06\/COPY-COPY-Post-na-Facebook-940x788-px-11.jpeg\"><\/a>\n                <h2 class=\"u-align-center u-blog-control u-text u-text-1\">\n                  <a class=\"u-post-header-link\" href=\"http:\/\/wisla.skoczow.pl\/?p=49813\">Terminarz 06 - 09.06.2024<\/a>\n                <\/h2>\n                <div class=\"u-blog-control u-post-content u-text u-text-2\"><p>\n\n\n\n\n\n\n\n\n\n\nOstatnie spotkanie m\u0142odziczek U13 w tym sezonie!\n\n\n\n\n<\/p>\n                <\/div>\n              <\/div>\n            <\/div>\n            <div class=\"u-blog-post u-invisible u-container-style u-repeater-item\">\n              <div class=\"u-container-layout u-similar-container u-container-layout-2\"><a class=\"u-align-center u-blog-control u-image u-image-round u-radius-20 u-image-2\" href=\"http:\/\/wisla.skoczow.pl\/?p=49784\">\n                <img decoding=\"async\" class=\"u-align-center u-blog-control u-image u-image-round u-radius-20 u-image-2\" src=\"http:\/\/wisla.skoczow.pl\/wp-content\/uploads\/2024\/06\/447737230_971882678278041_5959010422605172950_n-1.jpg\"><\/a>\n                <h2 class=\"u-align-center u-blog-control u-text u-text-3\">\n                  <a class=\"u-post-header-link\" href=\"http:\/\/wisla.skoczow.pl\/?p=49784\">M\u0142odziczki U13<\/a>\n                <\/h2>\n                <div class=\"u-blog-control u-post-content u-text u-text-4\"><p>\n\"Wise\u0142ki\" w minion\u0105 niedziel\u0119 rywalizowa\u0142y w meczu wyjazdowym ze Skr\u0105 Cz\u0119stochowa, kt\u00f3ra obecnie nale\u017cy do czo\u0142owych zespo\u0142\u00f3w na \u015al\u0105sku. Na muraw\u0119 &hellip;<\/p>\n                <\/div>\n              <\/div>\n            <\/div>\n            <div class=\"u-blog-post u-invisible u-container-style u-repeater-item\">\n              <div class=\"u-container-layout u-similar-container u-container-layout-1\"><a class=\"u-align-center u-blog-control u-image u-image-round u-radius-20 u-image-1\" href=\"http:\/\/wisla.skoczow.pl\/?p=49768\">\n                <img decoding=\"async\" class=\"u-align-center u-blog-control u-image u-image-round u-radius-20 u-image-1\" src=\"http:\/\/wisla.skoczow.pl\/wp-content\/uploads\/2024\/06\/447728868_982691833861350_2949550089369698307_n.jpg\"><\/a>\n                <h2 class=\"u-align-center u-blog-control u-text u-text-1\">\n                  <a class=\"u-post-header-link\" href=\"http:\/\/wisla.skoczow.pl\/?p=49768\">Juniorki M\u0142odsze U16<\/a>\n                <\/h2>\n                <div class=\"u-blog-control u-post-content u-text u-text-2\"><p>\nWczoraj w meczu domowym  zmierzyli\u015bmy si\u0119 z KKS Czarni Sosnowiec. Od samego pocz\u0105tku intensywna gra obu zespo\u0142\u00f3w. Na pierwsz\u0105 bramk\u0119 przysz\u0142o nam &hellip;<\/p>\n                <\/div>\n              <\/div>\n            <\/div>\n            <div class=\"u-blog-post u-invisible u-container-style u-repeater-item\">\n              <div class=\"u-container-layout u-similar-container u-container-layout-2\"><a class=\"u-align-center u-blog-control u-image u-image-round u-radius-20 u-image-2\" href=\"http:\/\/wisla.skoczow.pl\/?p=49759\">\n                <img decoding=\"async\" class=\"u-align-center u-blog-control u-image u-image-round u-radius-20 u-image-2\" src=\"http:\/\/wisla.skoczow.pl\/wp-content\/uploads\/2024\/06\/IMG_4711-1-scaled.jpg\"><\/a>\n                <h2 class=\"u-align-center u-blog-control u-text u-text-3\">\n                  <a class=\"u-post-header-link\" href=\"http:\/\/wisla.skoczow.pl\/?p=49759\">Kadra Podokr\u0119gu Skocz\u00f3w U12<\/a>\n                <\/h2>\n                <div class=\"u-blog-control u-post-content u-text u-text-4\"><p>\n31.05 odby\u0142 si\u0119 turniej o puchar Marsza\u0142ka wojew\u00f3dztwa \u015al\u0105skiego SILESIA CUP, w kt\u00f3rym bra\u0142y udzia\u0142 nasze zawodniczki: Lena, Sonia, Antonina, &hellip;<\/p>\n                <\/div>\n              <\/div>\n            <\/div>\n            <div class=\"u-blog-post u-invisible u-container-style u-repeater-item\">\n              <div class=\"u-container-layout u-similar-container u-container-layout-1\"><a class=\"u-align-center u-blog-control u-image u-image-round u-radius-20 u-image-1\" href=\"http:\/\/wisla.skoczow.pl\/?p=49749\">\n                <img decoding=\"async\" class=\"u-align-center u-blog-control u-image u-image-round u-radius-20 u-image-1\" src=\"http:\/\/wisla.skoczow.pl\/wp-content\/uploads\/2024\/05\/447242884_980354384095095_9027897291326874734_n-1.jpg\"><\/a>\n                <h2 class=\"u-align-center u-blog-control u-text u-text-1\">\n                  <a class=\"u-post-header-link\" href=\"http:\/\/wisla.skoczow.pl\/?p=49749\">Akademia Pi\u0142karska U10<\/a>\n                <\/h2>\n                <div class=\"u-blog-control u-post-content u-text u-text-2\"><p>\nW \u015brod\u0119 rozegrali\u015bmy kolejne spotkanie w meczu domowy  przeciwko WSS Wis\u0142a. Du\u017co akcji od samego pocz\u0105tku, oba zespo\u0142y walczy\u0142y o ka\u017cd\u0105 pi\u0142k\u0119 &hellip;<\/p>\n                <\/div>\n              <\/div>\n            <\/div>\n            <div class=\"u-blog-post u-invisible u-container-style u-repeater-item\">\n              <div class=\"u-container-layout u-similar-container u-container-layout-2\"><a class=\"u-align-center u-blog-control u-image u-image-round u-radius-20 u-image-2\" href=\"http:\/\/wisla.skoczow.pl\/?p=48909\">\n                <img decoding=\"async\" class=\"u-align-center u-blog-control u-image u-image-round u-radius-20 u-image-2\" src=\"http:\/\/wisla.skoczow.pl\/wp-content\/uploads\/2024\/05\/1x1.png\"><\/a>\n                <h2 class=\"u-align-center u-blog-control u-text u-text-3\">\n                  <a class=\"u-post-header-link\" href=\"http:\/\/wisla.skoczow.pl\/?p=48909\">Eliminacje do Turnieju gry 1x1 PZPN<\/a>\n                <\/h2>\n                <div class=\"u-blog-control u-post-content u-text u-text-4\"><p>\n6 maja odby\u0142y si\u0119 eliminacje w naszym klubie, w kt\u00f3rych wy\u0142onili\u015bmy reprezentantki naszych barw\n\n\n\nW kolejnym etapie b\u0119d\u0105 nas reprezentowa\u0107:\n\n\n\n&hellip;<\/p>\n                <\/div>\n              <\/div>\n            <\/div>\n            <div class=\"u-blog-post u-invisible u-container-style u-repeater-item\">\n              <div class=\"u-container-layout u-similar-container u-container-layout-1\"><a class=\"u-align-center u-blog-control u-image u-image-round u-radius-20 u-image-1\" href=\"http:\/\/wisla.skoczow.pl\/?p=48979\">\n                <img decoding=\"async\" class=\"u-align-center u-blog-control u-image u-image-round u-radius-20 u-image-1\" src=\"http:\/\/wisla.skoczow.pl\/wp-content\/uploads\/2024\/05\/COPY-COPY-Post-na-Facebook-940x788-px-10.jpeg\"><\/a>\n                <h2 class=\"u-align-center u-blog-control u-text u-text-1\">\n                  <a class=\"u-post-header-link\" href=\"http:\/\/wisla.skoczow.pl\/?p=48979\">Terminarz 29.05 - 02.06.2024<\/a>\n                <\/h2>\n                <div class=\"u-blog-control u-post-content u-text u-text-2\"><p>\n\n\n\n\n\n\n\n\n\n\n\n\n\n<\/p>\n                <\/div>\n              <\/div>\n            <\/div>\n            <div class=\"u-blog-post u-invisible u-container-style u-repeater-item\">\n              <div class=\"u-container-layout u-similar-container u-container-layout-2\"><a class=\"u-align-center u-blog-control u-image u-image-round u-radius-20 u-image-2\" href=\"http:\/\/wisla.skoczow.pl\/?p=49003\">\n                <img decoding=\"async\" class=\"u-align-center u-blog-control u-image u-image-round u-radius-20 u-image-2\" src=\"http:\/\/wisla.skoczow.pl\/wp-content\/uploads\/2024\/05\/IMG_4639-scaled.jpg\"><\/a>\n                <h2 class=\"u-align-center u-blog-control u-text u-text-3\">\n                  <a class=\"u-post-header-link\" href=\"http:\/\/wisla.skoczow.pl\/?p=49003\">Juniorki M\u0142odsze U16<\/a>\n                <\/h2>\n                <div class=\"u-blog-control u-post-content u-text u-text-4\"><p>\nW spotkaniu wyjazdowym nasze \ud83d\udc99\u2764\ufe0f\ud83d\udc9bzawodniczki zmierzy\u0142y si\u0119 z AP SJZ Jastrz\u0119bie-Zdr\u00f3j. Mecz od pocz\u0105tku nie uk\u0142ada\u0142 si\u0119 dla nas dobrze. Strata kilku&hellip;<\/p>\n                <\/div>\n              <\/div>\n            <\/div>\n            <div class=\"u-blog-post u-invisible u-container-style u-repeater-item\">\n              <div class=\"u-container-layout u-similar-container u-container-layout-1\"><a class=\"u-align-center u-blog-control u-image u-image-round u-radius-20 u-image-1\" href=\"http:\/\/wisla.skoczow.pl\/?p=48988\">\n                <img decoding=\"async\" class=\"u-align-center u-blog-control u-image u-image-round u-radius-20 u-image-1\" src=\"http:\/\/wisla.skoczow.pl\/wp-content\/uploads\/2024\/05\/IMG_4629-scaled.jpg\"><\/a>\n                <h2 class=\"u-align-center u-blog-control u-text u-text-1\">\n                  <a class=\"u-post-header-link\" href=\"http:\/\/wisla.skoczow.pl\/?p=48988\">M\u0142odziczki U13<\/a>\n                <\/h2>\n                <div class=\"u-blog-control u-post-content u-text u-text-2\"><p>\nW s\u0142oneczn\u0105 niedziel\u0119 podejmowali\u015bmy Czarnych Sosnowiec. Dziewczyny \u015bwietnie gra\u0142y i d\u0142ugo si\u0119 broni\u0142y. Na pochwa\u0142\u0119 zas\u0142uguj\u0105 najm\u0142odsze &hellip;<\/p>\n                <\/div>\n              <\/div>\n            <\/div>\n            <div class=\"u-blog-post u-invisible u-container-style u-repeater-item\">\n              <div class=\"u-container-layout u-similar-container u-container-layout-2\"><a class=\"u-align-center u-blog-control u-image u-image-round u-radius-20 u-image-2\" href=\"http:\/\/wisla.skoczow.pl\/?p=48971\">\n                <img decoding=\"async\" class=\"u-align-center u-blog-control u-image u-image-round u-radius-20 u-image-2\" src=\"http:\/\/wisla.skoczow.pl\/wp-content\/uploads\/2024\/05\/IMG_4594-scaled.jpg\"><\/a>\n                <h2 class=\"u-align-center u-blog-control u-text u-text-3\">\n                  <a class=\"u-post-header-link\" href=\"http:\/\/wisla.skoczow.pl\/?p=48971\">Akademia Pi\u0142karska U10<\/a>\n                <\/h2>\n                <div class=\"u-blog-control u-post-content u-text u-text-4\"><p>\nW \u015brod\u0119 dziewczyny rozegra\u0142y mecz wyjazdowy \ud83c\udfdf, zmierzy\u0142y si\u0119 z RKS Cukrownik Chybie. Kolejny mecz pe\u0142en emocji \ud83e\udd29. Nasze zawodniczki z meczu na mecz&hellip;<\/p>\n                <\/div>\n              <\/div>\n            <\/div>\n            <div class=\"u-blog-post u-invisible u-container-style u-repeater-item\">\n              <div class=\"u-container-layout u-similar-container u-container-layout-1\"><a class=\"u-align-center u-blog-control u-image u-image-round u-radius-20 u-image-1\" href=\"http:\/\/wisla.skoczow.pl\/?p=48803\">\n                <img decoding=\"async\" class=\"u-align-center u-blog-control u-image u-image-round u-radius-20 u-image-1\" src=\"https:\/\/wisla.skoczow.pl\/wp-content\/uploads\/2024\/05\/COPY-COPY-Post-na-Facebook-940x788-px-7.jpeg\"><\/a>\n                <h2 class=\"u-align-center u-blog-control u-text u-text-1\">\n                  <a class=\"u-post-header-link\" href=\"http:\/\/wisla.skoczow.pl\/?p=48803\">Terminarz 22 - 26.05.2024<\/a>\n                <\/h2>\n                <div class=\"u-blog-control u-post-content u-text u-text-2\"><p>\n\n\n\n\n\n\n\n\n\n\n\n\n\n<\/p>\n                <\/div>\n              <\/div>\n            <\/div>\n            <div class=\"u-blog-post u-invisible u-container-style u-repeater-item\">\n              <div class=\"u-container-layout u-similar-container u-container-layout-2\"><a class=\"u-align-center u-blog-control u-image u-image-round u-radius-20 u-image-2\" href=\"http:\/\/wisla.skoczow.pl\/?p=48958\">\n                <img decoding=\"async\" class=\"u-align-center u-blog-control u-image u-image-round u-radius-20 u-image-2\" src=\"http:\/\/wisla.skoczow.pl\/wp-content\/uploads\/2024\/05\/GCS_DSC_2925-1-scaled.jpg\"><\/a>\n                <h2 class=\"u-align-center u-blog-control u-text u-text-3\">\n                  <a class=\"u-post-header-link\" href=\"http:\/\/wisla.skoczow.pl\/?p=48958\">Juniorki M\u0142odsze U16<\/a>\n                <\/h2>\n                <div class=\"u-blog-control u-post-content u-text u-text-4\"><p>\nDzi\u015b podejmowali\u015bmy zesp\u00f3\u0142 z Cz\u0119stochowy. Spotkanie nie nale\u017ca\u0142o do naj\u0142atwiejszych.\n\n\n\nDzielnie \ud83d\udc99\u2764\ufe0f\ud83d\udc9b\"Wise\u0142ki\" stawia\u0142y op\u00f3r. Mia\u0142y nawet &hellip;<\/p>\n                <\/div>\n              <\/div>\n            <\/div>\n            <div class=\"u-blog-post u-invisible u-container-style u-repeater-item\">\n              <div class=\"u-container-layout u-similar-container u-container-layout-1\"><a class=\"u-align-center u-blog-control u-image u-image-round u-radius-20 u-image-1\" href=\"http:\/\/wisla.skoczow.pl\/?p=48941\">\n                <img decoding=\"async\" class=\"u-align-center u-blog-control u-image u-image-round u-radius-20 u-image-1\" src=\"http:\/\/wisla.skoczow.pl\/wp-content\/uploads\/2024\/05\/IMG_4539-scaled.jpg\"><\/a>\n                <h2 class=\"u-align-center u-blog-control u-text u-text-1\">\n                  <a class=\"u-post-header-link\" href=\"http:\/\/wisla.skoczow.pl\/?p=48941\">M\u0142odziczki U13<\/a>\n                <\/h2>\n                <div class=\"u-blog-control u-post-content u-text u-text-2\"><p>\nW spotkaniu domowym podejmowali\u015bmy zesp\u00f3\u0142 Tygrysk\u00f3w ze \u015awi\u0119toch\u0142owic. Jesieni\u0105 nasze zawodniczki uleg\u0142y 7:0. Do dzisiejszego spotkania \"Wies\u0142ki\" &hellip;<\/p>\n                <\/div>\n              <\/div>\n            <\/div>\n            <div class=\"u-blog-post u-invisible u-container-style u-repeater-item\">\n              <div class=\"u-container-layout u-similar-container u-container-layout-2\"><a class=\"u-align-center u-blog-control u-image u-image-round u-radius-20 u-image-2\" href=\"http:\/\/wisla.skoczow.pl\/?p=48923\">\n                <img decoding=\"async\" class=\"u-align-center u-blog-control u-image u-image-round u-radius-20 u-image-2\" src=\"http:\/\/wisla.skoczow.pl\/wp-content\/uploads\/2024\/05\/IMG_4511-scaled.jpg\"><\/a>\n                <h2 class=\"u-align-center u-blog-control u-text u-text-3\">\n                  <a class=\"u-post-header-link\" href=\"http:\/\/wisla.skoczow.pl\/?p=48923\">Akademia Pi\u0142karska U10<\/a>\n                <\/h2>\n                <div class=\"u-blog-control u-post-content u-text u-text-4\"><p>\nWczoraj odby\u0142 si\u0119 kolejny mecz tym razem domowy \ud83c\udfdf , a zmierzyli\u015bmy si\u0119 z AP G\u00f3ral Istebna. Mecz \u015bwietny w wykonaniu naszych zawodniczek\ud83d\udd25. Pokaza\u0142y &hellip;<\/p>\n                <\/div>\n              <\/div>\n            <\/div>\n            <div class=\"u-blog-post u-invisible u-container-style u-repeater-item\">\n              <div class=\"u-container-layout u-similar-container u-container-layout-1\"><a class=\"u-align-center u-blog-control u-image u-image-round u-radius-20 u-image-1\" href=\"http:\/\/wisla.skoczow.pl\/?p=48798\">\n                <img decoding=\"async\" class=\"u-align-center u-blog-control u-image u-image-round u-radius-20 u-image-1\" src=\"http:\/\/wisla.skoczow.pl\/wp-content\/uploads\/2024\/05\/COPY-COPY-Post-na-Facebook-940x788-px-5.jpeg\"><\/a>\n                <h2 class=\"u-align-center u-blog-control u-text u-text-1\">\n                  <a class=\"u-post-header-link\" href=\"http:\/\/wisla.skoczow.pl\/?p=48798\">Terminarz 15 - 19.05.2024<\/a>\n                <\/h2>\n                <div class=\"u-blog-control u-post-content u-text u-text-2\"><p>\n\n\n\n\n\n\n\n\n\n\n\n\n\n<\/p>\n                <\/div>\n              <\/div>\n            <\/div>\n            <div class=\"u-blog-post u-invisible u-container-style u-repeater-item\">\n              <div class=\"u-container-layout u-similar-container u-container-layout-2\"><a class=\"u-align-center u-blog-control u-image u-image-round u-radius-20 u-image-2\" href=\"http:\/\/wisla.skoczow.pl\/?p=48920\">\n                <img decoding=\"async\" class=\"u-align-center u-blog-control u-image u-image-round u-radius-20 u-image-2\" src=\"http:\/\/wisla.skoczow.pl\/wp-content\/uploads\/2024\/05\/GCS_DSC_10480.jpg\"><\/a>\n                <h2 class=\"u-align-center u-blog-control u-text u-text-3\">\n                  <a class=\"u-post-header-link\" href=\"http:\/\/wisla.skoczow.pl\/?p=48920\">Juniorki M\u0142odsze U16<\/a>\n                <\/h2>\n                <div class=\"u-blog-control u-post-content u-text u-text-4\"><p>\nW sobot\u0119 na wyje\u017adzie \ud83c\udfdf\ufe0f zmierzyli\u015bmy si\u0119 z Poloni\u0105 Tychy. Od samego pocz\u0105tku przeciwnik stawia\u0142 warunki gry, ale to nasze zawodniczki jako &hellip;<\/p>\n                <\/div>\n              <\/div>\n            <\/div>\n            <div class=\"u-blog-post u-invisible u-container-style u-repeater-item\">\n              <div class=\"u-container-layout u-similar-container u-container-layout-1\"><a class=\"u-align-center u-blog-control u-image u-image-round u-radius-20 u-image-1\" href=\"http:\/\/wisla.skoczow.pl\/?p=48891\">\n                <img decoding=\"async\" class=\"u-align-center u-blog-control u-image u-image-round u-radius-20 u-image-1\" src=\"http:\/\/wisla.skoczow.pl\/wp-content\/uploads\/2024\/05\/IMG_4479-scaled.jpg\"><\/a>\n                <h2 class=\"u-align-center u-blog-control u-text u-text-1\">\n                  <a class=\"u-post-header-link\" href=\"http:\/\/wisla.skoczow.pl\/?p=48891\">M\u0142odziczki U13<\/a>\n                <\/h2>\n                <div class=\"u-blog-control u-post-content u-text u-text-2\"><p>\nMecz wyjazdowy rozegrali\u015bmy w Zabrzu. Na to spotkanie pojechali\u015bmy zdziesi\u0105tkowani - wi\u0119kszo\u015b\u0107 zawodniczek by\u0142o w niedyspozycji - choroby i &hellip;<\/p>\n                <\/div>\n              <\/div>\n            <\/div>\n            <div class=\"u-blog-post u-invisible u-container-style u-repeater-item\">\n              <div class=\"u-container-layout u-similar-container u-container-layout-2\"><a class=\"u-align-center u-blog-control u-image u-image-round u-radius-20 u-image-2\" href=\"http:\/\/wisla.skoczow.pl\/?p=48879\">\n                <img decoding=\"async\" class=\"u-align-center u-blog-control u-image u-image-round u-radius-20 u-image-2\" src=\"http:\/\/wisla.skoczow.pl\/wp-content\/uploads\/2024\/05\/IMG_4443-scaled.jpg\"><\/a>\n                <h2 class=\"u-align-center u-blog-control u-text u-text-3\">\n                  <a class=\"u-post-header-link\" href=\"http:\/\/wisla.skoczow.pl\/?p=48879\">Akademia Pi\u0142karska U10<\/a>\n                <\/h2>\n                <div class=\"u-blog-control u-post-content u-text u-text-4\"><p>\nW \u015brod\u0119 rozegrali\u015bmy kolejne spotkanie. Na wyje\u017adzie  zmierzyli\u015bmy si\u0119 z Lukam 2010 Skocz\u00f3w w Mi\u0119dzy\u015bwieciu. Przeciwnicy od samego pocz\u0105tku mocno &hellip;<\/p>\n                <\/div>\n              <\/div>\n            <\/div>\n            <div class=\"u-blog-post u-invisible u-container-style u-repeater-item\">\n              <div class=\"u-container-layout u-similar-container u-container-layout-1\"><a class=\"u-align-center u-blog-control u-image u-image-round u-radius-20 u-image-1\" href=\"http:\/\/wisla.skoczow.pl\/?p=48793\">\n                <img decoding=\"async\" class=\"u-align-center u-blog-control u-image u-image-round u-radius-20 u-image-1\" src=\"http:\/\/wisla.skoczow.pl\/wp-content\/uploads\/2024\/05\/COPY-COPY-Post-na-Facebook-940x788-px-4.jpeg\"><\/a>\n                <h2 class=\"u-align-center u-blog-control u-text u-text-1\">\n                  <a class=\"u-post-header-link\" href=\"http:\/\/wisla.skoczow.pl\/?p=48793\">Terminarz 08 - 12.05.2024<\/a>\n                <\/h2>\n                <div class=\"u-blog-control u-post-content u-text u-text-2\"><p>\n\n\n\n\n\n\n\n\n\n\n\n\n\n<\/p>\n                <\/div>\n              <\/div>\n            <\/div>\n            <div class=\"u-blog-post u-invisible u-container-style u-repeater-item\">\n              <div class=\"u-container-layout u-similar-container u-container-layout-2\"><a class=\"u-align-center u-blog-control u-image u-image-round u-radius-20 u-image-2\" href=\"http:\/\/wisla.skoczow.pl\/?p=48813\">\n                <img decoding=\"async\" class=\"u-align-center u-blog-control u-image u-image-round u-radius-20 u-image-2\" src=\"http:\/\/wisla.skoczow.pl\/wp-content\/uploads\/2024\/05\/424586416_961793302617870_3732749837295893487_n.jpg\"><\/a>\n                <h2 class=\"u-align-center u-blog-control u-text u-text-3\">\n                  <a class=\"u-post-header-link\" href=\"http:\/\/wisla.skoczow.pl\/?p=48813\">Juniorki M\u0142odsze U16<\/a>\n                <\/h2>\n                <div class=\"u-blog-control u-post-content u-text u-text-4\"><p>\nW niedzielne popo\u0142udnie w meczu domowym  zmierzyli\u015bmy si\u0119 z GKS Katowice. Mecz na pocz\u0105tku bardzo wyr\u00f3wnany, troch\u0119 trzeba by\u0142o poczeka\u0107 na &hellip;<\/p>\n                <\/div>\n              <\/div>\n            <\/div>\n            <div class=\"u-blog-post u-invisible u-container-style u-repeater-item\">\n              <div class=\"u-container-layout u-similar-container u-container-layout-1\"><a class=\"u-align-center u-blog-control u-image u-image-round u-radius-20 u-image-1\" href=\"http:\/\/wisla.skoczow.pl\/?p=48868\">\n                <img decoding=\"async\" class=\"u-align-center u-blog-control u-image u-image-round u-radius-20 u-image-1\" src=\"http:\/\/wisla.skoczow.pl\/wp-content\/uploads\/2024\/05\/IMG_4419-scaled.jpg\"><\/a>\n                <h2 class=\"u-align-center u-blog-control u-text u-text-1\">\n                  <a class=\"u-post-header-link\" href=\"http:\/\/wisla.skoczow.pl\/?p=48868\">M\u0142odziczki U13<\/a>\n                <\/h2>\n                <div class=\"u-blog-control u-post-content u-text u-text-2\"><p>\nSpotkanie pe\u0142ne emocji oraz walki m\u0142odych \"Wise\u0142ek\"\ud83d\udc99\u2764\ufe0f\ud83d\udc9b \u203c\n\n\n\nDziewcz\u0119ta na sztucznym boisku podejmowa\u0142y Piast Gliwice. Pomimo bardzo uci\u0105\u017cliwych &hellip;<\/p>\n                <\/div>\n              <\/div>\n            <\/div>\n            <div class=\"u-blog-post u-invisible u-container-style u-repeater-item\">\n              <div class=\"u-container-layout u-similar-container u-container-layout-2\"><a class=\"u-align-center u-blog-control u-image u-image-round u-radius-20 u-image-2\" href=\"http:\/\/wisla.skoczow.pl\/?p=48768\">\n                <img decoding=\"async\" class=\"u-align-center u-blog-control u-image u-image-round u-radius-20 u-image-2\" src=\"http:\/\/wisla.skoczow.pl\/wp-content\/uploads\/2024\/05\/440976324_958037199660147_7206009669845031878_n.jpg\"><\/a>\n                <h2 class=\"u-align-center u-blog-control u-text u-text-3\">\n                  <a class=\"u-post-header-link\" href=\"http:\/\/wisla.skoczow.pl\/?p=48768\">Akademia Pi\u0142karska U10<\/a>\n                <\/h2>\n                <div class=\"u-blog-control u-post-content u-text u-text-4\"><p>\nWczoraj odby\u0142 si\u0119 kolejny mecz tym razem domowy  , a zmierzyli\u015bmy si\u0119 z CKS Piast Cieszyn. Mecz \u015bwietny w wykonaniu obu zespo\u0142\u00f3w. Nasze zawodniczki&hellip;<\/p>\n                <\/div>\n              <\/div>\n            <\/div>\n            <div class=\"u-blog-post u-invisible u-container-style u-repeater-item\">\n              <div class=\"u-container-layout u-similar-container u-container-layout-1\"><a class=\"u-align-center u-blog-control u-image u-image-round u-radius-20 u-image-1\" href=\"http:\/\/wisla.skoczow.pl\/?p=48765\">\n                <img decoding=\"async\" class=\"u-align-center u-blog-control u-image u-image-round u-radius-20 u-image-1\" src=\"http:\/\/wisla.skoczow.pl\/wp-content\/uploads\/2024\/05\/Post-na-Facebook-940x788-px-28.jpeg\"><\/a>\n                <h2 class=\"u-align-center u-blog-control u-text u-text-1\">\n                  <a class=\"u-post-header-link\" href=\"http:\/\/wisla.skoczow.pl\/?p=48765\">OTWARTE NABORY<\/a>\n                <\/h2>\n                <div class=\"u-blog-control u-post-content u-text u-text-2\"><p>\n zapraszaj\u0105 w swoje szeregi \n\n\n\nPOLUB, OBSERWUJ, UDOST\u0118PNIJ\n\n\n\n----------------------------\n\n\n\nDo\u0142\u0105cz do nas! \n\n\n\nB\u0105d\u017a cz\u0119\u015bci\u0105 naszej fantastycznej&hellip;<\/p>\n                <\/div>\n              <\/div>\n            <\/div>\n            <div class=\"u-blog-post u-invisible u-container-style u-repeater-item\">\n              <div class=\"u-container-layout u-similar-container u-container-layout-2\"><a class=\"u-align-center u-blog-control u-image u-image-round u-radius-20 u-image-2\" href=\"http:\/\/wisla.skoczow.pl\/?p=48757\">\n                <img decoding=\"async\" class=\"u-align-center u-blog-control u-image u-image-round u-radius-20 u-image-2\" src=\"https:\/\/wisla.skoczow.pl\/wp-content\/uploads\/2024\/04\/COPY-Post-na-Facebook-940x788-px-8.jpeg\"><\/a>\n                <h2 class=\"u-align-center u-blog-control u-text u-text-3\">\n                  <a class=\"u-post-header-link\" href=\"http:\/\/wisla.skoczow.pl\/?p=48757\">Terminarz 01 - 05.05.2024<\/a>\n                <\/h2>\n                <div class=\"u-blog-control u-post-content u-text u-text-4\"><p>\n\n\n\n\n\n\n\n\n\n\n\n\n\n<\/p>\n                <\/div>\n              <\/div>\n            <\/div>\n            <div class=\"u-blog-post u-invisible u-container-style u-repeater-item\">\n              <div class=\"u-container-layout u-similar-container u-container-layout-1\"><a class=\"u-align-center u-blog-control u-image u-image-round u-radius-20 u-image-1\" href=\"http:\/\/wisla.skoczow.pl\/?p=48845\">\n                <img decoding=\"async\" class=\"u-align-center u-blog-control u-image u-image-round u-radius-20 u-image-1\" src=\"http:\/\/wisla.skoczow.pl\/wp-content\/uploads\/2024\/05\/3fdb704f-e4f8-496b-ba7e-777dfdd53fda.jpeg\"><\/a>\n                <h2 class=\"u-align-center u-blog-control u-text u-text-1\">\n                  <a class=\"u-post-header-link\" href=\"http:\/\/wisla.skoczow.pl\/?p=48845\">M\u0142odziczki U13<\/a>\n                <\/h2>\n                <div class=\"u-blog-control u-post-content u-text u-text-2\"><p>\n\"Wise\u0142ki\" podejmowa\u0142y zawodniczki BTS-u Rekord Bielsko-Bia\u0142a, spotkanie by\u0142o intensywne i pe\u0142ne walki. Nasze zawodniczki nie mia\u0142y zamiaru si\u0119 &hellip;<\/p>\n                <\/div>\n              <\/div>\n            <\/div>\n            <div class=\"u-blog-post u-invisible u-container-style u-repeater-item\">\n              <div class=\"u-container-layout u-similar-container u-container-layout-2\"><a class=\"u-align-center u-blog-control u-image u-image-round u-radius-20 u-image-2\" href=\"http:\/\/wisla.skoczow.pl\/?p=48833\">\n                <img decoding=\"async\" class=\"u-align-center u-blog-control u-image u-image-round u-radius-20 u-image-2\" src=\"http:\/\/wisla.skoczow.pl\/wp-content\/uploads\/2024\/05\/438118518_955667953230405_4777671828633435071_n.jpg\"><\/a>\n                <h2 class=\"u-align-center u-blog-control u-text u-text-3\">\n                  <a class=\"u-post-header-link\" href=\"http:\/\/wisla.skoczow.pl\/?p=48833\">Juniorki M\u0142odsze U16<\/a>\n                <\/h2>\n                <div class=\"u-blog-control u-post-content u-text u-text-4\"><p>\nW sobot\u0119 na wyje\u017adzie  zmierzyli\u015bmy si\u0119 z BTS Rekord Bielsko-Bia\u0142a. Od samego pocz\u0105tku przeciwnik mocno napiera\u0142 na naszej po\u0142owie, pr\u00f3buj\u0105c zdoby\u0107&hellip;<\/p>\n                <\/div>\n              <\/div>\n            <\/div>\n            <div class=\"u-blog-post u-invisible u-container-style u-repeater-item\">\n              <div class=\"u-container-layout u-similar-container u-container-layout-1\"><a class=\"u-align-center u-blog-control u-image u-image-round u-radius-20 u-image-1\" href=\"http:\/\/wisla.skoczow.pl\/?p=48821\">\n                <img decoding=\"async\" class=\"u-align-center u-blog-control u-image u-image-round u-radius-20 u-image-1\" src=\"http:\/\/wisla.skoczow.pl\/wp-content\/uploads\/2024\/05\/438082828_953178973479303_7238436344189897068_n.jpg\"><\/a>\n                <h2 class=\"u-align-center u-blog-control u-text u-text-1\">\n                  <a class=\"u-post-header-link\" href=\"http:\/\/wisla.skoczow.pl\/?p=48821\">Akademia Pi\u0142karska U10<\/a>\n                <\/h2>\n                <div class=\"u-blog-control u-post-content u-text u-text-2\"><p>\nW \u015brod\u0119 rozegrali\u015bmy kolejne spotkanie. Na wyje\u017adzie  zmierzyli\u015bmy si\u0119 z Ku\u017ani\u0105 Ustro\u0144. Przeciwnicy od samego pocz\u0105tku mocno naciskali na naszej &hellip;<\/p>\n                <\/div>\n              <\/div>\n            <\/div>\n            <div class=\"u-blog-post u-invisible u-container-style u-repeater-item\">\n              <div class=\"u-container-layout u-similar-container u-container-layout-2\"><a class=\"u-align-center u-blog-control u-image u-image-round u-radius-20 u-image-2\" href=\"http:\/\/wisla.skoczow.pl\/?p=48405\">\n                <img decoding=\"async\" class=\"u-align-center u-blog-control u-image u-image-round u-radius-20 u-image-2\" src=\"http:\/\/wisla.skoczow.pl\/wp-content\/uploads\/2024\/04\/Post-na-Facebook-940x788-px-26.jpeg\"><\/a>\n                <h2 class=\"u-align-center u-blog-control u-text u-text-3\">\n                  <a class=\"u-post-header-link\" href=\"http:\/\/wisla.skoczow.pl\/?p=48405\">Treningi otwarte FUTSALISTEK!<\/a>\n                <\/h2>\n                <div class=\"u-blog-control u-post-content u-text u-text-4\"><p>\nZmagania \ud83c\udfc61 ligi kobiet na poziomie centralnym ju\u017c za nami, jednak to nie oznacza wolnego\u203c Nasze \"Wise\u0142ki\" ju\u017c przygotowuj\u0105 si\u0119 do nowego sezonu i &hellip;<\/p>\n                <\/div>\n              <\/div>\n            <\/div>\n            <div class=\"u-blog-post u-invisible u-container-style u-repeater-item\">\n              <div class=\"u-container-layout u-similar-container u-container-layout-1\"><a class=\"u-align-center u-blog-control u-image u-image-round u-radius-20 u-image-1\" href=\"http:\/\/wisla.skoczow.pl\/?p=48751\">\n                <img decoding=\"async\" class=\"u-align-center u-blog-control u-image u-image-round u-radius-20 u-image-1\" src=\"http:\/\/wisla.skoczow.pl\/wp-content\/uploads\/2024\/02\/Post-na-Facebook-940x788-px-13.jpeg\"><\/a>\n                <h2 class=\"u-align-center u-blog-control u-text u-text-1\">\n                  <a class=\"u-post-header-link\" href=\"http:\/\/wisla.skoczow.pl\/?p=48751\">1 Liga PLF - sezon 2023\/2024<\/a>\n                <\/h2>\n                <div class=\"u-blog-control u-post-content u-text u-text-2\"><p>\nPrezentujemy miniony sezon - tam gdzie by\u0142a kamera i uwieczni\u0142a nas\n\n\n\n\nhttps:\/\/youtu.be\/3gK57wlCRg0\n\n<\/p>\n                <\/div>\n              <\/div>\n            <\/div>\n            <div class=\"u-blog-post u-invisible u-container-style u-repeater-item\">\n              <div class=\"u-container-layout u-similar-container u-container-layout-2\"><a class=\"u-align-center u-blog-control u-image u-image-round u-radius-20 u-image-2\" href=\"http:\/\/wisla.skoczow.pl\/?p=48358\">\n                <img decoding=\"async\" class=\"u-align-center u-blog-control u-image u-image-round u-radius-20 u-image-2\" src=\"http:\/\/wisla.skoczow.pl\/wp-content\/uploads\/2024\/01\/406803070_122127293456075399_1454741262829115229_n.jpg\"><\/a>\n                <h2 class=\"u-align-center u-blog-control u-text u-text-3\">\n                  <a class=\"u-post-header-link\" href=\"http:\/\/wisla.skoczow.pl\/?p=48358\">Podsumowanie sezonu futsalowego 2023\/24<\/a>\n                <\/h2>\n                <div class=\"u-blog-control u-post-content u-text u-text-4\"><p>\nNiedawno zako\u0144czy\u0142 si\u0119 dla nas debiutancki sezon w I Lidze PLF naszego futsalowego zespo\u0142u, kt\u00f3ry mo\u017cna uzna\u0107 za nie\u0142atwy i na pewno pewien &hellip;<\/p>\n                <\/div>\n              <\/div>\n            <\/div>\n            <div class=\"u-blog-post u-invisible u-container-style u-repeater-item\">\n              <div class=\"u-container-layout u-similar-container u-container-layout-1\"><a class=\"u-align-center u-blog-control u-image u-image-round u-radius-20 u-image-1\" href=\"http:\/\/wisla.skoczow.pl\/?p=48348\">\n                <img decoding=\"async\" class=\"u-align-center u-blog-control u-image u-image-round u-radius-20 u-image-1\" src=\"http:\/\/wisla.skoczow.pl\/wp-content\/uploads\/2024\/04\/COPY-COPY-Post-na-Facebook-940x788-px-2.jpeg\"><\/a>\n                <h2 class=\"u-align-center u-blog-control u-text u-text-1\">\n                  <a class=\"u-post-header-link\" href=\"http:\/\/wisla.skoczow.pl\/?p=48348\">Terminarz 24 - 28.04.2024<\/a>\n                <\/h2>\n                <div class=\"u-blog-control u-post-content u-text u-text-2\"><p>\n\n\n\n\n\n\n\n\n\n\n\n\n\n\n\n\n\n\n\n\n\n\n\n<\/p>\n                <\/div>\n              <\/div>\n            <\/div>\n            <div class=\"u-blog-post u-invisible u-container-style u-repeater-item\">\n              <div class=\"u-container-layout u-similar-container u-container-layout-2\"><a class=\"u-align-center u-blog-control u-image u-image-round u-radius-20 u-image-2\" href=\"http:\/\/wisla.skoczow.pl\/?p=48340\">\n                <img decoding=\"async\" class=\"u-align-center u-blog-control u-image u-image-round u-radius-20 u-image-2\" src=\"http:\/\/wisla.skoczow.pl\/wp-content\/uploads\/2024\/04\/3ea67cdd-343c-4e2d-be79-4df7fec417cc.jpeg\"><\/a>\n                <h2 class=\"u-align-center u-blog-control u-text u-text-3\">\n                  <a class=\"u-post-header-link\" href=\"http:\/\/wisla.skoczow.pl\/?p=48340\">Akademia Pi\u0142karska U10<\/a>\n                <\/h2>\n                <div class=\"u-blog-control u-post-content u-text u-text-4\"><p>\nUwaga dziewczyny z rocznika 2014\/2015\/2016\/2017\n\n\n\nOrliczki zainaugurowa\u0142y rund\u0119 wiosenn\u0105 na ca\u0142ego, je\u015bli chcia\u0142aby\u015b rozpocz\u0105\u0107 przygod\u0119 z pi\u0142k\u0105 &hellip;<\/p>\n                <\/div>\n              <\/div>\n            <\/div>\n            <div class=\"u-blog-post u-invisible u-container-style u-repeater-item\">\n              <div class=\"u-container-layout u-similar-container u-container-layout-1\"><a class=\"u-align-center u-blog-control u-image u-image-round u-radius-20 u-image-1\" href=\"http:\/\/wisla.skoczow.pl\/?p=48328\">\n                <img decoding=\"async\" class=\"u-align-center u-blog-control u-image u-image-round u-radius-20 u-image-1\" src=\"http:\/\/wisla.skoczow.pl\/wp-content\/uploads\/2024\/04\/437534721_949679690495898_1933336986637268635_n.jpg\"><\/a>\n                <h2 class=\"u-align-center u-blog-control u-text u-text-1\">\n                  <a class=\"u-post-header-link\" href=\"http:\/\/wisla.skoczow.pl\/?p=48328\">Juniorki M\u0142odsze U16<\/a>\n                <\/h2>\n                <div class=\"u-blog-control u-post-content u-text u-text-2\"><p>\nDzisiaj rozegrali\u015bmy kolejne spotkanie domowe . Naszym przeciwnikiem by\u0142 UKKS Katowice. Mecz od samego pocz\u0105tku bardzo emocjonuj\u0105cy. Nasze &hellip;<\/p>\n                <\/div>\n              <\/div>\n            <\/div>\n            <div class=\"u-blog-post u-invisible u-container-style u-repeater-item\">\n              <div class=\"u-container-layout u-similar-container u-container-layout-2\"><a class=\"u-align-center u-blog-control u-image u-image-round u-radius-20 u-image-2\" href=\"http:\/\/wisla.skoczow.pl\/?p=48312\">\n                <img decoding=\"async\" class=\"u-align-center u-blog-control u-image u-image-round u-radius-20 u-image-2\" src=\"http:\/\/wisla.skoczow.pl\/wp-content\/uploads\/2024\/04\/IMG-20240421-WA0008.jpg\"><\/a>\n                <h2 class=\"u-align-center u-blog-control u-text u-text-3\">\n                  <a class=\"u-post-header-link\" href=\"http:\/\/wisla.skoczow.pl\/?p=48312\">M\u0142odziczki U13<\/a>\n                <\/h2>\n                <div class=\"u-blog-control u-post-content u-text u-text-4\"><p>\nZimowa aura nie pomaga\u0142a naszym zawodniczkom w zmaganiach z zespo\u0142em MLKS Wo\u017aniki. W rundzie jesiennej nasze \"Wise\u0142ki\" pokona\u0142y zesp\u00f3\u0142 pewnie 2:7, &hellip;<\/p>\n                <\/div>\n              <\/div>\n            <\/div>\n            <div class=\"u-blog-post u-invisible u-container-style u-repeater-item\">\n              <div class=\"u-container-layout u-similar-container u-container-layout-1\"><a class=\"u-align-center u-blog-control u-image u-image-round u-radius-20 u-image-1\" href=\"http:\/\/wisla.skoczow.pl\/?p=48299\">\n                <img decoding=\"async\" class=\"u-align-center u-blog-control u-image u-image-round u-radius-20 u-image-1\" src=\"http:\/\/wisla.skoczow.pl\/wp-content\/uploads\/2024\/04\/437695944_948348633962337_7174234695735425618_n.jpg\"><\/a>\n                <h2 class=\"u-align-center u-blog-control u-text u-text-1\">\n                  <a class=\"u-post-header-link\" href=\"http:\/\/wisla.skoczow.pl\/?p=48299\">Akademia Pi\u0142karska U10<\/a>\n                <\/h2>\n                <div class=\"u-blog-control u-post-content u-text u-text-2\"><p>\nW \u015brod\u0119 rozegrali\u015bmy kolejny mecz w lidze \u017caka tym razem by\u0142 to mecz domowy  , a zmierzyli\u015bmy si\u0119 z KP Beskid Skocz\u00f3w. W meczu by\u0142o kilka \u015bwietnych&hellip;<\/p>\n                <\/div>\n              <\/div>\n            <\/div>\n            <div class=\"u-blog-post u-invisible u-container-style u-repeater-item\">\n              <div class=\"u-container-layout u-similar-container u-container-layout-2\"><a class=\"u-align-center u-blog-control u-image u-image-round u-radius-20 u-image-2\" href=\"http:\/\/wisla.skoczow.pl\/?p=48307\">\n                <img decoding=\"async\" class=\"u-align-center u-blog-control u-image u-image-round u-radius-20 u-image-2\" src=\"http:\/\/wisla.skoczow.pl\/wp-content\/uploads\/2024\/04\/COPY-Post-na-Facebook-940x788-px-6.jpeg\"><\/a>\n                <h2 class=\"u-align-center u-blog-control u-text u-text-3\">\n                  <a class=\"u-post-header-link\" href=\"http:\/\/wisla.skoczow.pl\/?p=48307\">Terminarz 17 - 21.04.2024<\/a>\n                <\/h2>\n                <div class=\"u-blog-control u-post-content u-text u-text-4\"><p>\n\n\n\n\n\n\n\n\n\n\n\n\n\n<\/p>\n                <\/div>\n              <\/div>\n            <\/div>\n            <div class=\"u-blog-post u-invisible u-container-style u-repeater-item\">\n              <div class=\"u-container-layout u-similar-container u-container-layout-1\"><a class=\"u-align-center u-blog-control u-image u-image-round u-radius-20 u-image-1\" href=\"http:\/\/wisla.skoczow.pl\/?p=48265\">\n                <img decoding=\"async\" class=\"u-align-center u-blog-control u-image u-image-round u-radius-20 u-image-1\" src=\"http:\/\/wisla.skoczow.pl\/wp-content\/uploads\/2024\/04\/IMG_4326-scaled.jpg\"><\/a>\n                <h2 class=\"u-align-center u-blog-control u-text u-text-1\">\n                  <a class=\"u-post-header-link\" href=\"http:\/\/wisla.skoczow.pl\/?p=48265\">M\u0142odziczki U13<\/a>\n                <\/h2>\n                <div class=\"u-blog-control u-post-content u-text u-text-2\"><p>\nDrugie spotkanie rundy wiosennej \"Wise\u0142ek\" na wyje\u017adzie w Cz\u0119stochowie by\u0142o pe\u0142ne walki. Dziewczyny pokaza\u0142y \u017ce graj\u0105 pi\u0142k\u0105 i radz\u0105 sobie z budow\u0105 &hellip;<\/p>\n                <\/div>\n              <\/div>\n            <\/div>\n            <div class=\"u-blog-post u-invisible u-container-style u-repeater-item\">\n              <div class=\"u-container-layout u-similar-container u-container-layout-2\"><a class=\"u-align-center u-blog-control u-image u-image-round u-radius-20 u-image-2\" href=\"http:\/\/wisla.skoczow.pl\/?p=48252\">\n                <img decoding=\"async\" class=\"u-align-center u-blog-control u-image u-image-round u-radius-20 u-image-2\" src=\"http:\/\/wisla.skoczow.pl\/wp-content\/uploads\/2024\/04\/434493959_945264510937416_1159034005572411201_n.jpg\"><\/a>\n                <h2 class=\"u-align-center u-blog-control u-text u-text-3\">\n                  <a class=\"u-post-header-link\" href=\"http:\/\/wisla.skoczow.pl\/?p=48252\">Juniorki M\u0142odsze U16<\/a>\n                <\/h2>\n                <div class=\"u-blog-control u-post-content u-text u-text-4\"><p>\nWczoraj na wyje\u017adzie mierzyli\u015bmy si\u0119 z RKS Rak\u00f3w Cz\u0119stochowa S.A.. Pocz\u0105tek meczu rozpocz\u0105\u0142 si\u0119 na prawd\u0119 dobrze, nasze zawodniczki narzuci\u0142y tempo&hellip;<\/p>\n                <\/div>\n              <\/div>\n            <\/div>\n            <div class=\"u-blog-post u-invisible u-container-style u-repeater-item\">\n              <div class=\"u-container-layout u-similar-container u-container-layout-1\"><a class=\"u-align-center u-blog-control u-image u-image-round u-radius-20 u-image-1\" href=\"http:\/\/wisla.skoczow.pl\/?p=48212\">\n                <img decoding=\"async\" class=\"u-align-center u-blog-control u-image u-image-round u-radius-20 u-image-1\" src=\"https:\/\/wisla.skoczow.pl\/wp-content\/uploads\/2024\/04\/COPY-COPY-Post-na-Facebook-940x788-px-1.jpeg\"><\/a>\n                <h2 class=\"u-align-center u-blog-control u-text u-text-1\">\n                  <a class=\"u-post-header-link\" href=\"http:\/\/wisla.skoczow.pl\/?p=48212\">Terminarz 10 - 14.04.2024<\/a>\n                <\/h2>\n                <div class=\"u-blog-control u-post-content u-text u-text-2\"><p>\n\n\n\n\n\n\n\n\n\n\n\n\n\n<\/p>\n                <\/div>\n              <\/div>\n            <\/div>\n            <div class=\"u-blog-post u-invisible u-container-style u-repeater-item\">\n              <div class=\"u-container-layout u-similar-container u-container-layout-2\"><a class=\"u-align-center u-blog-control u-image u-image-round u-radius-20 u-image-2\" href=\"http:\/\/wisla.skoczow.pl\/?p=48222\">\n                <img decoding=\"async\" class=\"u-align-center u-blog-control u-image u-image-round u-radius-20 u-image-2\" src=\"http:\/\/wisla.skoczow.pl\/wp-content\/uploads\/2024\/04\/IMG_4277-scaled.jpg\"><\/a>\n                <h2 class=\"u-align-center u-blog-control u-text u-text-3\">\n                  <a class=\"u-post-header-link\" href=\"http:\/\/wisla.skoczow.pl\/?p=48222\">M\u0142odziczki U13 - ZAPRASZAMY!<\/a>\n                <\/h2>\n                <div class=\"u-blog-control u-post-content u-text u-text-4\"><p>\nUwaga dziewczyny z rocznika 2011\/2012\/2013\n\n\n\nM\u0142odziczki zainaugurowa\u0142y rund\u0119 wiosenn\u0105 na ca\u0142ego, je\u015bli chcia\u0142aby\u015b rozpocz\u0105\u0107 przygod\u0119 z pi\u0142k\u0105 no\u017cn\u0105&hellip;<\/p>\n                <\/div>\n              <\/div>\n            <\/div>\n            <div class=\"u-blog-post u-invisible u-container-style u-repeater-item\">\n              <div class=\"u-container-layout u-similar-container u-container-layout-1\"><a class=\"u-align-center u-blog-control u-image u-image-round u-radius-20 u-image-1\" href=\"http:\/\/wisla.skoczow.pl\/?p=48204\">\n                <img decoding=\"async\" class=\"u-align-center u-blog-control u-image u-image-round u-radius-20 u-image-1\" src=\"http:\/\/wisla.skoczow.pl\/wp-content\/uploads\/2024\/04\/IMG_4299-scaled.jpg\"><\/a>\n                <h2 class=\"u-align-center u-blog-control u-text u-text-1\">\n                  <a class=\"u-post-header-link\" href=\"http:\/\/wisla.skoczow.pl\/?p=48204\">M\u0142odziczki U13<\/a>\n                <\/h2>\n                <div class=\"u-blog-control u-post-content u-text u-text-2\"><p>\nDzi\u015b odby\u0142 si\u0119 pierwszy mecz po przerwie zimowej. Spotkanie rewan\u017cowe z TS Mitech \u017bywiec - obecnym wiceliderem. Wynik lepszy ni\u017c za pierwszym &hellip;<\/p>\n                <\/div>\n              <\/div>\n            <\/div>\n            <div class=\"u-blog-post u-invisible u-container-style u-repeater-item\">\n              <div class=\"u-container-layout u-similar-container u-container-layout-2\"><a class=\"u-align-center u-blog-control u-image u-image-round u-radius-20 u-image-2\" href=\"http:\/\/wisla.skoczow.pl\/?p=48194\">\n                <img decoding=\"async\" class=\"u-align-center u-blog-control u-image u-image-round u-radius-20 u-image-2\" src=\"http:\/\/wisla.skoczow.pl\/wp-content\/uploads\/2024\/04\/434020862_938591751604692_2203028597828372075_n.jpg\"><\/a>\n                <h2 class=\"u-align-center u-blog-control u-text u-text-3\">\n                  <a class=\"u-post-header-link\" href=\"http:\/\/wisla.skoczow.pl\/?p=48194\">Juniorki M\u0142odsze U16<\/a>\n                <\/h2>\n                <div class=\"u-blog-control u-post-content u-text u-text-4\"><p>\nDzisiaj rozegrali\u015bmy pierwsze spotkanie domowe  w tej rundzie. Mierzyli\u015bmy si\u0119 z TS Mitech \u017bywiec, a mecz od samego pocz\u0105tku by\u0142 wyr\u00f3wnany. By\u0142o &hellip;<\/p>\n                <\/div>\n              <\/div>\n            <\/div>\n            <div class=\"u-blog-post u-invisible u-container-style u-repeater-item\">\n              <div class=\"u-container-layout u-similar-container u-container-layout-1\"><a class=\"u-align-center u-blog-control u-image u-image-round u-radius-20 u-image-1\" href=\"http:\/\/wisla.skoczow.pl\/?p=48175\">\n                <img decoding=\"async\" class=\"u-align-center u-blog-control u-image u-image-round u-radius-20 u-image-1\" src=\"https:\/\/wisla.skoczow.pl\/wp-content\/uploads\/2024\/04\/COPY-Post-na-Facebook-940x788-px-1.jpeg\"><\/a>\n                <h2 class=\"u-align-center u-blog-control u-text u-text-1\">\n                  <a class=\"u-post-header-link\" href=\"http:\/\/wisla.skoczow.pl\/?p=48175\">Terminarz 06-07.04.2024<\/a>\n                <\/h2>\n                <div class=\"u-blog-control u-post-content u-text u-text-2\"><p>\n\n\n\n\n\n\n\n<\/p>\n                <\/div>\n              <\/div>\n            <\/div>\n            <div class=\"u-blog-post u-invisible u-container-style u-repeater-item\">\n              <div class=\"u-container-layout u-similar-container u-container-layout-2\"><a class=\"u-align-center u-blog-control u-image u-image-round u-radius-20 u-image-2\" href=\"http:\/\/wisla.skoczow.pl\/?p=48160\">\n                <img decoding=\"async\" class=\"u-align-center u-blog-control u-image u-image-round u-radius-20 u-image-2\" src=\"http:\/\/wisla.skoczow.pl\/wp-content\/uploads\/2024\/03\/kartka-Welkanocna-22-1.png\"><\/a>\n                <h2 class=\"u-align-center u-blog-control u-text u-text-3\">\n                  <a class=\"u-post-header-link\" href=\"http:\/\/wisla.skoczow.pl\/?p=48160\">Weso\u0142ych \u015awi\u0105t!<\/a>\n                <\/h2>\n                <div class=\"u-blog-control u-post-content u-text u-text-4\"><p>\nZ okazji zbli\u017caj\u0105cych si\u0119 \u015awi\u0105t Wielkanocnych Zarz\u0105d i Sztab szkoleniowy KKS \u201cWis\u0142a\u201d \u017cycz\u0105 wszystkim zawodniczkom, kibicom, sponsorom i sympatykom,&hellip;<\/p>\n                <\/div>\n              <\/div>\n            <\/div>\n            <div class=\"u-blog-post u-invisible u-container-style u-repeater-item\">\n              <div class=\"u-container-layout u-similar-container u-container-layout-1\"><a class=\"u-align-center u-blog-control u-image u-image-round u-radius-20 u-image-1\" href=\"http:\/\/wisla.skoczow.pl\/?p=48142\">\n                <img decoding=\"async\" class=\"u-align-center u-blog-control u-image u-image-round u-radius-20 u-image-1\" src=\"http:\/\/wisla.skoczow.pl\/wp-content\/uploads\/2024\/03\/432763818_728340542617011_2038167764098376571_n.jpg\"><\/a>\n                <h2 class=\"u-align-center u-blog-control u-text u-text-1\">\n                  <a class=\"u-post-header-link\" href=\"http:\/\/wisla.skoczow.pl\/?p=48142\">I Liga PLF - Silesia Siemianowice \u015al\u0105skie<\/a>\n                <\/h2>\n                <div class=\"u-blog-control u-post-content u-text u-text-2\"><p>\nOstatnie spotkanie w tym sezonie, \"Wise\u0142ki\" rozegra\u0142y na wyje\u017adzie z drug\u0105 dru\u017cyn\u0105 w tabeli I Ligi. \n\n\n\nNastawienie naszych dziewczyn by\u0142o bojowe i&hellip;<\/p>\n                <\/div>\n              <\/div>\n            <\/div>\n            <div class=\"u-blog-post u-invisible u-container-style u-repeater-item\">\n              <div class=\"u-container-layout u-similar-container u-container-layout-2\"><a class=\"u-align-center u-blog-control u-image u-image-round u-radius-20 u-image-2\" href=\"http:\/\/wisla.skoczow.pl\/?p=47683\">\n                <img decoding=\"async\" class=\"u-align-center u-blog-control u-image u-image-round u-radius-20 u-image-2\" src=\"http:\/\/wisla.skoczow.pl\/wp-content\/uploads\/2024\/02\/Post-na-Facebook-940x788-px-13.jpeg\"><\/a>\n                <h2 class=\"u-align-center u-blog-control u-text u-text-3\">\n                  <a class=\"u-post-header-link\" href=\"http:\/\/wisla.skoczow.pl\/?p=47683\">I Liga PLF - XII kolejka<\/a>\n                <\/h2>\n                <div class=\"u-blog-control u-post-content u-text u-text-4\"><p>\nOSTATNIE SPOTKANIE W TYM SEZONIE FUTSALOWYM! - zapraszamy na transmisj\u0119 z komentarzem.\n\n\n\n\n\n\n\n\n\n\n\n\n<\/p>\n                <\/div>\n              <\/div>\n            <\/div>\n            <div class=\"u-blog-post u-invisible u-container-style u-repeater-item\">\n              <div class=\"u-container-layout u-similar-container u-container-layout-1\"><a class=\"u-align-center u-blog-control u-image u-image-round u-radius-20 u-image-1\" href=\"http:\/\/wisla.skoczow.pl\/?p=47742\">\n                <img decoding=\"async\" class=\"u-align-center u-blog-control u-image u-image-round u-radius-20 u-image-1\" src=\"http:\/\/wisla.skoczow.pl\/wp-content\/uploads\/2024\/03\/IMG-20240323-WA0023.jpg\"><\/a>\n                <h2 class=\"u-align-center u-blog-control u-text u-text-1\">\n                  <a class=\"u-post-header-link\" href=\"http:\/\/wisla.skoczow.pl\/?p=47742\">I Liga PLF - AZS Cz\u0119stochowa<\/a>\n                <\/h2>\n                <div class=\"u-blog-control u-post-content u-text u-text-2\"><p>\nW minion\u0105 \u015brod\u0119 odby\u0142o si\u0119 ostatnie spotkanie przed w\u0142asn\u0105 publiczno\u015bci\u0105 w sezonie 2023\/24 I Ligi Futsalu kobiet. Jeste\u015bmy wdzi\u0119czni za wsparcie &hellip;<\/p>\n                <\/div>\n              <\/div>\n            <\/div>\n            <div class=\"u-blog-post u-invisible u-container-style u-repeater-item\">\n              <div class=\"u-container-layout u-similar-container u-container-layout-2\"><a class=\"u-align-center u-blog-control u-image u-image-round u-radius-20 u-image-2\" href=\"http:\/\/wisla.skoczow.pl\/?p=47680\">\n                <img decoding=\"async\" class=\"u-align-center u-blog-control u-image u-image-round u-radius-20 u-image-2\" src=\"http:\/\/wisla.skoczow.pl\/wp-content\/uploads\/2024\/02\/Post-na-Facebook-940x788-px-13.jpeg\"><\/a>\n                <h2 class=\"u-align-center u-blog-control u-text u-text-3\">\n                  <a class=\"u-post-header-link\" href=\"http:\/\/wisla.skoczow.pl\/?p=47680\">I Liga PLF - XI kolejka<\/a>\n                <\/h2>\n                <div class=\"u-blog-control u-post-content u-text u-text-4\"><p>\nOstatnie spotkanie w roli gospodarza w tym sezonie - KIBICE ZAPRASZAMY!Podejmujemy akademiczki z Cz\u0119stochowy.\n\n\n\n\n<\/p>\n                <\/div>\n              <\/div>\n            <\/div>\n            <div class=\"u-blog-post u-invisible u-container-style u-repeater-item\">\n              <div class=\"u-container-layout u-similar-container u-container-layout-1\"><a class=\"u-align-center u-blog-control u-image u-image-round u-radius-20 u-image-1\" href=\"http:\/\/wisla.skoczow.pl\/?p=47734\">\n                <img decoding=\"async\" class=\"u-align-center u-blog-control u-image u-image-round u-radius-20 u-image-1\" src=\"http:\/\/wisla.skoczow.pl\/wp-content\/uploads\/2024\/03\/431467797_923513616445839_9141118509155521140_n.jpg\"><\/a>\n                <h2 class=\"u-align-center u-blog-control u-text u-text-1\">\n                  <a class=\"u-post-header-link\" href=\"http:\/\/wisla.skoczow.pl\/?p=47734\">Juniorki M\u0142odsze U16<\/a>\n                <\/h2>\n                <div class=\"u-blog-control u-post-content u-text u-text-2\"><p>\nDzisiejsze spotkanie wyjazdowe w Rybniku  rozpocz\u0119li\u015bmy \u015bwietniePo rajdzie do bramki z pi\u0142k\u0105 pewnie obok bramkarki strza\u0142 odda\u0142a Lena . Rado\u015b\u0107 nie &hellip;<\/p>\n                <\/div>\n              <\/div>\n            <\/div>\n            <div class=\"u-blog-post u-invisible u-container-style u-repeater-item\">\n              <div class=\"u-container-layout u-similar-container u-container-layout-2\"><a class=\"u-align-center u-blog-control u-image u-image-round u-radius-20 u-image-2\" href=\"http:\/\/wisla.skoczow.pl\/?p=47713\">\n                <img decoding=\"async\" class=\"u-align-center u-blog-control u-image u-image-round u-radius-20 u-image-2\" src=\"http:\/\/wisla.skoczow.pl\/wp-content\/uploads\/2024\/03\/IMG-20240317-WA0016.jpg\"><\/a>\n                <h2 class=\"u-align-center u-blog-control u-text u-text-3\">\n                  <a class=\"u-post-header-link\" href=\"http:\/\/wisla.skoczow.pl\/?p=47713\">Juniorki M\u0142odsze U16 - ZAPRASZAMY!<\/a>\n                <\/h2>\n                <div class=\"u-blog-control u-post-content u-text u-text-4\"><p>\nUwaga dziewczyny z rocznika 2008\/2009\/2010\n\n\n\nJuniorki rozpocz\u0119\u0142y treningi na boisku w Wi\u015blicy na ca\u0142ego, je\u015bli chcia\u0142aby\u015b rozpocz\u0105\u0107 przygod\u0119 z &hellip;<\/p>\n                <\/div>\n              <\/div>\n            <\/div>\n            <div class=\"u-blog-post u-invisible u-container-style u-repeater-item\">\n              <div class=\"u-container-layout u-similar-container u-container-layout-1\"><a class=\"u-align-center u-blog-control u-image u-image-round u-radius-20 u-image-1\" href=\"http:\/\/wisla.skoczow.pl\/?p=47704\">\n                <img decoding=\"async\" class=\"u-align-center u-blog-control u-image u-image-round u-radius-20 u-image-1\" src=\"http:\/\/wisla.skoczow.pl\/wp-content\/uploads\/2024\/03\/431483773_922661679864366_725053760074414504_n.jpg\"><\/a>\n                <h2 class=\"u-align-center u-blog-control u-text u-text-1\">\n                  <a class=\"u-post-header-link\" href=\"http:\/\/wisla.skoczow.pl\/?p=47704\">Akademia Pi\u0142karska U10<\/a>\n                <\/h2>\n                <div class=\"u-blog-control u-post-content u-text u-text-2\"><p>\nDzisiaj nasze m\u0142ode adeptki zmierzy\u0142y si\u0119 na wyje\u017adzie  w meczu towarzyskim z zespo\u0142em dziewczynek Ruch Chorz\u00f3w. Grali\u015bmy rocznikami 2014 oraz 2015&hellip;<\/p>\n                <\/div>\n              <\/div>\n            <\/div>\n            <div class=\"u-blog-post u-invisible u-container-style u-repeater-item\">\n              <div class=\"u-container-layout u-similar-container u-container-layout-2\"><a class=\"u-align-center u-blog-control u-image u-image-round u-radius-20 u-image-2\" href=\"http:\/\/wisla.skoczow.pl\/?p=47688\">\n                <img decoding=\"async\" class=\"u-align-center u-blog-control u-image u-image-round u-radius-20 u-image-2\" src=\"http:\/\/wisla.skoczow.pl\/wp-content\/uploads\/2024\/03\/431309029_919873783476489_2998634806117200994_n.jpg\"><\/a>\n                <h2 class=\"u-align-center u-blog-control u-text u-text-3\">\n                  <a class=\"u-post-header-link\" href=\"http:\/\/wisla.skoczow.pl\/?p=47688\">Juniorki M\u0142odsze U16<\/a>\n                <\/h2>\n                <div class=\"u-blog-control u-post-content u-text u-text-4\"><p>\nW niedzielnym meczu wyjazdowym  zmierzyli\u015bmy si\u0119 z Diamond Academy Rogo\u017anik, a by\u0142o to zaleg\u0142e spotkanie z poprzedniej rundy. Mecz bardzo &hellip;<\/p>\n                <\/div>\n              <\/div>\n            <\/div>\n            <div class=\"u-blog-post u-invisible u-container-style u-repeater-item\">\n              <div class=\"u-container-layout u-similar-container u-container-layout-1\"><a class=\"u-align-center u-blog-control u-image u-image-round u-radius-20 u-image-1\" href=\"http:\/\/wisla.skoczow.pl\/?p=47670\">\n                <img decoding=\"async\" class=\"u-align-center u-blog-control u-image u-image-round u-radius-20 u-image-1\" src=\"http:\/\/wisla.skoczow.pl\/wp-content\/uploads\/2024\/03\/azsus.jpg\"><\/a>\n                <h2 class=\"u-align-center u-blog-control u-text u-text-1\">\n                  <a class=\"u-post-header-link\" href=\"http:\/\/wisla.skoczow.pl\/?p=47670\">I Liga PLF - AZS U\u015a Katowice<\/a>\n                <\/h2>\n                <div class=\"u-blog-control u-post-content u-text u-text-2\"><p>\nDziesi\u0105ta kolejka rozegrana w G\u00f3rkach Wielkich przez nasze zawodniczki tym razem z zespo\u0142em akademickim. \u201cWise\u0142ki\u201d w rewan\u017cu zmierzy\u0142y si\u0119 z &hellip;<\/p>\n                <\/div>\n              <\/div>\n            <\/div>\n            <div class=\"u-blog-post u-invisible u-container-style u-repeater-item\">\n              <div class=\"u-container-layout u-similar-container u-container-layout-2\"><a class=\"u-align-center u-blog-control u-image u-image-round u-radius-20 u-image-2\" href=\"http:\/\/wisla.skoczow.pl\/?p=47664\">\n                <img decoding=\"async\" class=\"u-align-center u-blog-control u-image u-image-round u-radius-20 u-image-2\" src=\"https:\/\/wisla.skoczow.pl\/wp-content\/uploads\/2024\/03\/Post-na-Facebook-940x788-px-16.jpeg\"><\/a>\n                <h2 class=\"u-align-center u-blog-control u-text u-text-3\">\n                  <a class=\"u-post-header-link\" href=\"http:\/\/wisla.skoczow.pl\/?p=47664\">Terminarz 10.03.2024<\/a>\n                <\/h2>\n                <div class=\"u-blog-control u-post-content u-text u-text-4\"><p>\n\n<\/p>\n                <\/div>\n              <\/div>\n            <\/div>\n            <div class=\"u-blog-post u-invisible u-container-style u-repeater-item\">\n              <div class=\"u-container-layout u-similar-container u-container-layout-1\"><a class=\"u-align-center u-blog-control u-image u-image-round u-radius-20 u-image-1\" href=\"http:\/\/wisla.skoczow.pl\/?p=47661\">\n                <img decoding=\"async\" class=\"u-align-center u-blog-control u-image u-image-round u-radius-20 u-image-1\" src=\"http:\/\/wisla.skoczow.pl\/wp-content\/uploads\/2024\/03\/Post-na-Facebook-940x788-px-15.jpeg\"><\/a>\n                <h2 class=\"u-align-center u-blog-control u-text u-text-1\">\n                  <a class=\"u-post-header-link\" href=\"http:\/\/wisla.skoczow.pl\/?p=47661\">DZIE\u0143 KOBIET i 16 lat!<\/a>\n                <\/h2>\n                <div class=\"u-blog-control u-post-content u-text u-text-2\"><p>\nWszystkim PANIOM - ZAWODNICZKOM - TRENERKOM \u017cyczymy wszystkiego najlepszego z okazji ich \u015bwi\u0119ta\n\n\n\n\u015awi\u0119tujemy r\u00f3wnie\u017c  LAT istnienia naszego Klubu &hellip;<\/p>\n                <\/div>\n              <\/div>\n            <\/div>\n            <div class=\"u-blog-post u-invisible u-container-style u-repeater-item\">\n              <div class=\"u-container-layout u-similar-container u-container-layout-2\"><a class=\"u-align-center u-blog-control u-image u-image-round u-radius-20 u-image-2\" href=\"http:\/\/wisla.skoczow.pl\/?p=47657\">\n                <img decoding=\"async\" class=\"u-align-center u-blog-control u-image u-image-round u-radius-20 u-image-2\" src=\"http:\/\/wisla.skoczow.pl\/wp-content\/uploads\/2024\/02\/Post-na-Facebook-940x788-px-13.jpeg\"><\/a>\n                <h2 class=\"u-align-center u-blog-control u-text u-text-3\">\n                  <a class=\"u-post-header-link\" href=\"http:\/\/wisla.skoczow.pl\/?p=47657\">I Liga PLF - X kolejka<\/a>\n                <\/h2>\n                <div class=\"u-blog-control u-post-content u-text u-text-4\"><p>\n\n<\/p>\n                <\/div>\n              <\/div>\n            <\/div>\n            <div class=\"u-blog-post u-invisible u-container-style u-repeater-item\">\n              <div class=\"u-container-layout u-similar-container u-container-layout-1\"><a class=\"u-align-center u-blog-control u-image u-image-round u-radius-20 u-image-1\" href=\"http:\/\/wisla.skoczow.pl\/?p=47667\">\n                <img decoding=\"async\" class=\"u-align-center u-blog-control u-image u-image-round u-radius-20 u-image-1\" src=\"http:\/\/wisla.skoczow.pl\/wp-content\/uploads\/2024\/03\/kadra.jpg\"><\/a>\n                <h2 class=\"u-align-center u-blog-control u-text u-text-1\">\n                  <a class=\"u-post-header-link\" href=\"http:\/\/wisla.skoczow.pl\/?p=47667\">Kadra Podokr\u0119gu U12<\/a>\n                <\/h2>\n                <div class=\"u-blog-control u-post-content u-text u-text-2\"><p>\n10 lutego w Centrum Sportowym Rekord odby\u0142 si\u0119 turniej M\u0142odzie\u017cowej Ligi Futsalu \u015al\u0105skiego Zwi\u0105zku Pi\u0142ki No\u017cnej w kategorii dziewcz\u0105t U12\n\n\n\nNa &hellip;<\/p>\n                <\/div>\n              <\/div>\n            <\/div>\n            <div class=\"u-blog-post u-invisible u-container-style u-repeater-item\">\n              <div class=\"u-container-layout u-similar-container u-container-layout-2\"><a class=\"u-align-center u-blog-control u-image u-image-round u-radius-20 u-image-2\" href=\"http:\/\/wisla.skoczow.pl\/?p=47617\">\n                <img decoding=\"async\" class=\"u-align-center u-blog-control u-image u-image-round u-radius-20 u-image-2\" src=\"http:\/\/wisla.skoczow.pl\/wp-content\/uploads\/2024\/02\/IMG_6511-scaled.jpg\"><\/a>\n                <h2 class=\"u-align-center u-blog-control u-text u-text-3\">\n                  <a class=\"u-post-header-link\" href=\"http:\/\/wisla.skoczow.pl\/?p=47617\">I Liga PLF - Unia Opole<\/a>\n                <\/h2>\n                <div class=\"u-blog-control u-post-content u-text u-text-4\"><p>\nZa nami kolejne spotkanie pe\u0142ne emocji. Tym razem dziewcz\u0119ta podejmowa\u0142y wicelidera. Poprzeczka by\u0142a postawiona wysoko. Mimo to do spotkania &hellip;<\/p>\n                <\/div>\n              <\/div>\n            <\/div>\n            <div class=\"u-blog-post u-invisible u-container-style u-repeater-item\">\n              <div class=\"u-container-layout u-similar-container u-container-layout-1\"><a class=\"u-align-center u-blog-control u-image u-image-round u-radius-20 u-image-1\" href=\"http:\/\/wisla.skoczow.pl\/?p=37487\">\n                <img decoding=\"async\" class=\"u-align-center u-blog-control u-image u-image-round u-radius-20 u-image-1\" src=\"http:\/\/wisla.skoczow.pl\/wp-content\/uploads\/2024\/02\/Post-na-Facebook-940x788-px-13.jpeg\"><\/a>\n                <h2 class=\"u-align-center u-blog-control u-text u-text-1\">\n                  <a class=\"u-post-header-link\" href=\"http:\/\/wisla.skoczow.pl\/?p=37487\">I Liga PLF - IX kolejka<\/a>\n                <\/h2>\n                <div class=\"u-blog-control u-post-content u-text u-text-2\"><p>\n\n<\/p>\n                <\/div>\n              <\/div>\n            <\/div>\n            <div class=\"u-blog-post u-invisible u-container-style u-repeater-item\">\n              <div class=\"u-container-layout u-similar-container u-container-layout-2\"><a class=\"u-align-center u-blog-control u-image u-image-round u-radius-20 u-image-2\" href=\"http:\/\/wisla.skoczow.pl\/?p=37448\">\n                <img decoding=\"async\" class=\"u-align-center u-blog-control u-image u-image-round u-radius-20 u-image-2\" src=\"http:\/\/wisla.skoczow.pl\/wp-content\/uploads\/2024\/02\/WhatsApp-Image-2024-02-10-at-17.33.1214-1.jpeg\"><\/a>\n                <h2 class=\"u-align-center u-blog-control u-text u-text-3\">\n                  <a class=\"u-post-header-link\" href=\"http:\/\/wisla.skoczow.pl\/?p=37448\">I Liga PLF - MTS Knur\u00f3w<\/a>\n                <\/h2>\n                <div class=\"u-blog-control u-post-content u-text u-text-4\"><p>\nRewan\u017cowe spotkanie pe\u0142ne emocji i walki! Z piek\u0142a do nieba - z 0:5 do 6:6!\n\n\n\nPrasa, przeciwnicy - wszyscy byli przekonani, \u017ce to spotkanie jest &hellip;<\/p>\n                <\/div>\n              <\/div>\n            <\/div>\n            <div class=\"u-blog-post u-invisible u-container-style u-repeater-item\">\n              <div class=\"u-container-layout u-similar-container u-container-layout-1\"><a class=\"u-align-center u-blog-control u-image u-image-round u-radius-20 u-image-1\" href=\"http:\/\/wisla.skoczow.pl\/?p=37484\">\n                <img decoding=\"async\" class=\"u-align-center u-blog-control u-image u-image-round u-radius-20 u-image-1\" src=\"http:\/\/wisla.skoczow.pl\/wp-content\/uploads\/2024\/02\/Post-na-Facebook-940x788-px-13.jpeg\"><\/a>\n                <h2 class=\"u-align-center u-blog-control u-text u-text-1\">\n                  <a class=\"u-post-header-link\" href=\"http:\/\/wisla.skoczow.pl\/?p=37484\">I Liga PLF - VIII kolejka<\/a>\n                <\/h2>\n                <div class=\"u-blog-control u-post-content u-text u-text-2\"><p>\n\n<\/p>\n                <\/div>\n              <\/div>\n            <\/div>\n            <div class=\"u-blog-post u-invisible u-container-style u-repeater-item\">\n              <div class=\"u-container-layout u-similar-container u-container-layout-2\"><a class=\"u-align-center u-blog-control u-image u-image-round u-radius-20 u-image-2\" href=\"http:\/\/wisla.skoczow.pl\/?p=37440\">\n                <img decoding=\"async\" class=\"u-align-center u-blog-control u-image u-image-round u-radius-20 u-image-2\" src=\"http:\/\/wisla.skoczow.pl\/wp-content\/uploads\/2024\/02\/IMG_3874-scaled.jpg\"><\/a>\n                <h2 class=\"u-align-center u-blog-control u-text u-text-3\">\n                  <a class=\"u-post-header-link\" href=\"http:\/\/wisla.skoczow.pl\/?p=37440\">Ob\u00f3z zimowy 2024<\/a>\n                <\/h2>\n                <div class=\"u-blog-control u-post-content u-text u-text-4\"><p>\nTegoroczny zimowy ob\u00f3z pi\u0142karsko-szkoleniowy odby\u0142 si\u0119 w Charsznicy k. Miechowa od 28.01 do 03.02. Doskonali\u0107 wyjecha\u0142y si\u0119 zawodniczki zespo\u0142u &hellip;<\/p>\n                <\/div>\n              <\/div>\n            <\/div>\n            <div class=\"u-blog-post u-invisible u-container-style u-repeater-item\">\n              <div class=\"u-container-layout u-similar-container u-container-layout-1\"><a class=\"u-align-center u-blog-control u-image u-image-round u-radius-20 u-image-1\" href=\"http:\/\/wisla.skoczow.pl\/?p=37541\">\n                <img decoding=\"async\" class=\"u-align-center u-blog-control u-image u-image-round u-radius-20 u-image-1\" src=\"http:\/\/wisla.skoczow.pl\/wp-content\/uploads\/2024\/01\/0d65825b-4985-4d8f-8f66-3353030efbc2.jpg\"><\/a>\n                <h2 class=\"u-align-center u-blog-control u-text u-text-1\">\n                  <a class=\"u-post-header-link\" href=\"http:\/\/wisla.skoczow.pl\/?p=37541\">I Liga PLF - Zielona G\u00f3ra<\/a>\n                <\/h2>\n                <div class=\"u-blog-control u-post-content u-text u-text-2\"><p>\nRund\u0119 rewan\u017cow\u0105 20.01 rozpocz\u0119li\u015bmy od meczu domowego w G\u00f3rkach Wielkich. Do spotkania przyst\u0105pili\u015bmy zn\u00f3w z jedn\u0105 rezerwow\u0105. Stawili\u015bmy ogromny &hellip;<\/p>\n                <\/div>\n              <\/div>\n            <\/div>\n            <div class=\"u-blog-post u-invisible u-container-style u-repeater-item\">\n              <div class=\"u-container-layout u-similar-container u-container-layout-2\"><a class=\"u-align-center u-blog-control u-image u-image-round u-radius-20 u-image-2\" href=\"http:\/\/wisla.skoczow.pl\/?p=37481\">\n                <img decoding=\"async\" class=\"u-align-center u-blog-control u-image u-image-round u-radius-20 u-image-2\" src=\"http:\/\/wisla.skoczow.pl\/wp-content\/uploads\/2024\/02\/Post-na-Facebook-940x788-px-13.jpeg\"><\/a>\n                <h2 class=\"u-align-center u-blog-control u-text u-text-3\">\n                  <a class=\"u-post-header-link\" href=\"http:\/\/wisla.skoczow.pl\/?p=37481\">I Liga PLF - VII kolejka<\/a>\n                <\/h2>\n                <div class=\"u-blog-control u-post-content u-text u-text-4\"><p>\n\n<\/p>\n                <\/div>\n              <\/div>\n            <\/div>\n            <div class=\"u-blog-post u-invisible u-container-style u-repeater-item\">\n              <div class=\"u-container-layout u-similar-container u-container-layout-1\"><a class=\"u-align-center u-blog-control u-image u-image-round u-radius-20 u-image-1\" href=\"http:\/\/wisla.skoczow.pl\/?p=37444\">\n                <img decoding=\"async\" class=\"u-align-center u-blog-control u-image u-image-round u-radius-20 u-image-1\" src=\"http:\/\/wisla.skoczow.pl\/wp-content\/uploads\/2024\/02\/IMG_3751-scaled.jpg\"><\/a>\n                <h2 class=\"u-align-center u-blog-control u-text u-text-1\">\n                  <a class=\"u-post-header-link\" href=\"http:\/\/wisla.skoczow.pl\/?p=37444\">I Liga PLF - Zielona G\u00f3ra<\/a>\n                <\/h2>\n                <div class=\"u-blog-control u-post-content u-text u-text-2\"><p>\n14 stycznia 2024 na wyje\u017adzie rozegrali\u015bmy zaleg\u0142\u0105 I kolejk\u0119 tego sezonu. \n\n\n\nW oddalonej o 400 km Zielonej  G\u00f3rze zmierzyli\u015bmy si\u0119 z &hellip;<\/p>\n                <\/div>\n              <\/div>\n            <\/div>\n            <div class=\"u-blog-post u-invisible u-container-style u-repeater-item\">\n              <div class=\"u-container-layout u-similar-container u-container-layout-2\"><a class=\"u-align-center u-blog-control u-image u-image-round u-radius-20 u-image-2\" href=\"http:\/\/wisla.skoczow.pl\/?p=37450\">\n                <img decoding=\"async\" class=\"u-align-center u-blog-control u-image u-image-round u-radius-20 u-image-2\" src=\"http:\/\/wisla.skoczow.pl\/wp-content\/uploads\/2024\/02\/418936070_879099067553961_2587701070115050206_n.jpg\"><\/a>\n                <h2 class=\"u-align-center u-blog-control u-text u-text-3\">\n                  <a class=\"u-post-header-link\" href=\"http:\/\/wisla.skoczow.pl\/?p=37450\">Turniej CSW&UKS CUP Kozy<\/a>\n                <\/h2>\n                <div class=\"u-blog-control u-post-content u-text u-text-4\"><p>\nWczoraj nasze zawodniczki z rocznika 2014 i 2015 wzi\u0119\u0142y udzia\u0142 w turnieju CSW&amp;UKS Cup dziewcz\u0105t rocznik 2013\/2014, kt\u00f3ry odby\u0142 si\u0119 w centrum &hellip;<\/p>\n                <\/div>\n              <\/div>\n            <\/div>\n            <div class=\"u-blog-post u-invisible u-container-style u-repeater-item\">\n              <div class=\"u-container-layout u-similar-container u-container-layout-1\"><a class=\"u-align-center u-blog-control u-image u-image-round u-radius-20 u-image-1\" href=\"http:\/\/wisla.skoczow.pl\/?p=37478\">\n                <img decoding=\"async\" class=\"u-align-center u-blog-control u-image u-image-round u-radius-20 u-image-1\" src=\"http:\/\/wisla.skoczow.pl\/wp-content\/uploads\/2024\/02\/Post-na-Facebook-940x788-px-13.jpeg\"><\/a>\n                <h2 class=\"u-align-center u-blog-control u-text u-text-1\">\n                  <a class=\"u-post-header-link\" href=\"http:\/\/wisla.skoczow.pl\/?p=37478\">I Liga PLF - I kolejka<\/a>\n                <\/h2>\n                <div class=\"u-blog-control u-post-content u-text u-text-2\"><p>\nZaleg\u0142a kolejka z 21.10.2023\n\n\n\n\n<\/p>\n                <\/div>\n              <\/div>\n            <\/div>\n            <div class=\"u-blog-post u-invisible u-container-style u-repeater-item\">\n              <div class=\"u-container-layout u-similar-container u-container-layout-2\"><div class=\"none-post-image\" style=\"display: none;\"><\/div>\n                <h2 class=\"u-align-center u-blog-control u-text u-text-3\">\n                  <a class=\"u-post-header-link\" href=\"http:\/\/wisla.skoczow.pl\/?p=13604\">OFERTA PRACY - SPECJALISTA DS. POZYSKIWANIA SPONSOR\u00d3W<\/a>\n                <\/h2>\n                <div class=\"u-blog-control u-post-content u-text u-text-4\"><p>\nSPECJALISTA DS. POZYSKIWANIA SPONSOR\u00d3W\n\n\n\nPoszukujemy osoby, kt\u00f3rej zadaniem b\u0119dzie pozyskiwanie \u015brodk\u00f3w pieni\u0119\u017cnych od firm w ramach sponsoringu &hellip;<\/p>\n                <\/div>\n              <\/div>\n            <\/div>\n            <div class=\"u-blog-post u-invisible u-container-style u-repeater-item\">\n              <div class=\"u-container-layout u-similar-container u-container-layout-1\"><div class=\"none-post-image\" style=\"display: none;\"><\/div>\n                <h2 class=\"u-align-center u-blog-control u-text u-text-1\">\n                  <a class=\"u-post-header-link\" href=\"http:\/\/wisla.skoczow.pl\/?p=13602\">OFERTA PRACY - SPECJALISTA DS. REKRUTACJI ZAWODNICZEK<\/a>\n                <\/h2>\n                <div class=\"u-blog-control u-post-content u-text u-text-2\"><p>\nSPECJALISTA DS. REKRUTACJI ZAWODNICZEK\n\n\n\nJeste\u015bmy zainteresowani zatrudnieniem specjalisty do spraw rekrutacji zawodniczek do naszego klubu pi\u0142ki &hellip;<\/p>\n                <\/div>\n              <\/div>\n            <\/div>\n            <div class=\"u-blog-post u-invisible u-container-style u-repeater-item\">\n              <div class=\"u-container-layout u-similar-container u-container-layout-2\"><div class=\"none-post-image\" style=\"display: none;\"><\/div>\n                <h2 class=\"u-align-center u-blog-control u-text u-text-3\">\n                  <a class=\"u-post-header-link\" href=\"http:\/\/wisla.skoczow.pl\/?p=13597\">OFERTA PRACY - SPECJALISTA DS. MEDI\u00d3W SPO\u0141ECZNO\u015aCIOWYCH<\/a>\n                <\/h2>\n                <div class=\"u-blog-control u-post-content u-text u-text-4\"><p>\nSPECJALISTA DS. MEDI\u00d3W SPO\u0141ECZNO\u015aCIOWYCH\n\n\n\nPoszukujemy osoby, kt\u00f3ra b\u0119dzie prowadzi\u0142a nasze kana\u0142y w mediach spo\u0142eczno\u015bciowych, takie jak &hellip;<\/p>\n                <\/div>\n              <\/div>\n            <\/div>\n            <div class=\"u-blog-post u-invisible u-container-style u-repeater-item\">\n              <div class=\"u-container-layout u-similar-container u-container-layout-1\"><a class=\"u-align-center u-blog-control u-image u-image-round u-radius-20 u-image-1\" href=\"http:\/\/wisla.skoczow.pl\/?p=13589\">\n                <img decoding=\"async\" class=\"u-align-center u-blog-control u-image u-image-round u-radius-20 u-image-1\" src=\"http:\/\/wisla.skoczow.pl\/wp-content\/uploads\/2023\/12\/Post-na-Facebook-940x788-px-5.jpeg\"><\/a>\n                <h2 class=\"u-align-center u-blog-control u-text u-text-1\">\n                  <a class=\"u-post-header-link\" href=\"http:\/\/wisla.skoczow.pl\/?p=13589\">Weso\u0142ych \u015awi\u0105t oraz szcz\u0119\u015bliwego Nowego Roku!<\/a>\n                <\/h2>\n                <div class=\"u-blog-control u-post-content u-text u-text-2\"><p>\nPrzyjmijcie najlepsze \u017cyczenia \u015bwi\u0105teczne od KKS \u201cWis\u0142a\u201d Skocz\u00f3w.\n\n\n\nZdrowych i spokojnych,sp\u0119dzonych w gronie Waszych &hellip;<\/p>\n                <\/div>\n              <\/div>\n            <\/div>\n            <div class=\"u-blog-post u-invisible u-container-style u-repeater-item\">\n              <div class=\"u-container-layout u-similar-container u-container-layout-2\"><a class=\"u-align-center u-blog-control u-image u-image-round u-radius-20 u-image-2\" href=\"http:\/\/wisla.skoczow.pl\/?p=16504\">\n                <img decoding=\"async\" class=\"u-align-center u-blog-control u-image u-image-round u-radius-20 u-image-2\" src=\"http:\/\/wisla.skoczow.pl\/wp-content\/uploads\/2024\/02\/GCS_DSC_075531-scaled.jpg\"><\/a>\n                <h2 class=\"u-align-center u-blog-control u-text u-text-3\">\n                  <a class=\"u-post-header-link\" href=\"http:\/\/wisla.skoczow.pl\/?p=16504\">M\u0142odzie\u017cowe Mistrzostwa Polski U17<\/a>\n                <\/h2>\n                <div class=\"u-blog-control u-post-content u-text u-text-4\"><p>\n17 grudnia w niedziel\u0119 nasze dziewcz\u0119ta wzi\u0119\u0142y udzia\u0142 w turnieju eliminacyjnym do M\u0142odzie\u017cowych Mistrzostw Polski U17, gdzie w Ustroniu na hali &hellip;<\/p>\n                <\/div>\n              <\/div>\n            <\/div>\n            <div class=\"u-blog-post u-invisible u-container-style u-repeater-item\">\n              <div class=\"u-container-layout u-similar-container u-container-layout-1\"><a class=\"u-align-center u-blog-control u-image u-image-round u-radius-20 u-image-1\" href=\"http:\/\/wisla.skoczow.pl\/?p=13647\">\n                <img decoding=\"async\" class=\"u-align-center u-blog-control u-image u-image-round u-radius-20 u-image-1\" src=\"http:\/\/wisla.skoczow.pl\/wp-content\/uploads\/2024\/01\/WhatsApp-Image-2024-01-07-at-23.56.34.jpeg\"><\/a>\n                <h2 class=\"u-align-center u-blog-control u-text u-text-1\">\n                  <a class=\"u-post-header-link\" href=\"http:\/\/wisla.skoczow.pl\/?p=13647\">I Liga PLF - Silesia Siemianowice<\/a>\n                <\/h2>\n                <div class=\"u-blog-control u-post-content u-text u-text-2\"><p>\nPierwszy i zarazem ostatni mecz w roli gospodarza rozegrali\u015bmy 16.12.2023 na Hali Sportowej w G\u00f3rkach Wielkich. Faworytem tego spotkania by\u0142a &hellip;<\/p>\n                <\/div>\n              <\/div>\n            <\/div>\n            <div class=\"u-blog-post u-invisible u-container-style u-repeater-item\">\n              <div class=\"u-container-layout u-similar-container u-container-layout-2\"><a class=\"u-align-center u-blog-control u-image u-image-round u-radius-20 u-image-2\" href=\"http:\/\/wisla.skoczow.pl\/?p=13654\">\n                <img decoding=\"async\" class=\"u-align-center u-blog-control u-image u-image-round u-radius-20 u-image-2\" src=\"http:\/\/wisla.skoczow.pl\/wp-content\/uploads\/2024\/01\/412112593_859570366173498_3278806502233018894_n.jpg\"><\/a>\n                <h2 class=\"u-align-center u-blog-control u-text u-text-3\">\n                  <a class=\"u-post-header-link\" href=\"http:\/\/wisla.skoczow.pl\/?p=13654\">M\u0142odzie\u017cowe Mistrzostwa Polski U15<\/a>\n                <\/h2>\n                <div class=\"u-blog-control u-post-content u-text u-text-4\"><p>\n10 grudnia byli\u015bmy gospodarzami w ramach M\u0142odzie\u017cowych Mistrzostw Polski U15 w futsalu, kt\u00f3re wyj\u0105tkowo rozgrywali\u015bmy na hali sportowej &hellip;<\/p>\n                <\/div>\n              <\/div>\n            <\/div>\n            <div class=\"u-blog-post u-invisible u-container-style u-repeater-item\">\n              <div class=\"u-container-layout u-similar-container u-container-layout-1\"><a class=\"u-align-center u-blog-control u-image u-image-round u-radius-20 u-image-1\" href=\"http:\/\/wisla.skoczow.pl\/?p=37475\">\n                <img decoding=\"async\" class=\"u-align-center u-blog-control u-image u-image-round u-radius-20 u-image-1\" src=\"http:\/\/wisla.skoczow.pl\/wp-content\/uploads\/2024\/02\/Post-na-Facebook-940x788-px-13.jpeg\"><\/a>\n                <h2 class=\"u-align-center u-blog-control u-text u-text-1\">\n                  <a class=\"u-post-header-link\" href=\"http:\/\/wisla.skoczow.pl\/?p=37475\">I Liga PLF - VI kolejka<\/a>\n                <\/h2>\n                <div class=\"u-blog-control u-post-content u-text u-text-2\"><p>\n\n<\/p>\n                <\/div>\n              <\/div>\n            <\/div>\n            <div class=\"u-blog-post u-invisible u-container-style u-repeater-item\">\n              <div class=\"u-container-layout u-similar-container u-container-layout-2\"><a class=\"u-align-center u-blog-control u-image u-image-round u-radius-20 u-image-2\" href=\"http:\/\/wisla.skoczow.pl\/?p=13613\">\n                <img decoding=\"async\" class=\"u-align-center u-blog-control u-image u-image-round u-radius-20 u-image-2\" src=\"http:\/\/wisla.skoczow.pl\/wp-content\/uploads\/2024\/01\/406822166_122127290924075399_5822622442313109178_n.jpg\"><\/a>\n                <h2 class=\"u-align-center u-blog-control u-text u-text-3\">\n                  <a class=\"u-post-header-link\" href=\"http:\/\/wisla.skoczow.pl\/?p=13613\">I Liga PLF - AZS UJD Cz\u0119stochowa<\/a>\n                <\/h2>\n                <div class=\"u-blog-control u-post-content u-text u-text-4\"><p>\nSz\u00f3sta kolejka rozegrana zosta\u0142a na wyje\u017adzie w Cz\u0119stochowie. Z powodu choroby wi\u0119kszo\u015bci naszych zawodniczek spotkanie zosta\u0142o przeniesione z &hellip;<\/p>\n                <\/div>\n              <\/div>\n            <\/div>\n            <div class=\"u-blog-post u-invisible u-container-style u-repeater-item\">\n              <div class=\"u-container-layout u-similar-container u-container-layout-1\"><a class=\"u-align-center u-blog-control u-image u-image-round u-radius-20 u-image-1\" href=\"http:\/\/wisla.skoczow.pl\/?p=37472\">\n                <img decoding=\"async\" class=\"u-align-center u-blog-control u-image u-image-round u-radius-20 u-image-1\" src=\"http:\/\/wisla.skoczow.pl\/wp-content\/uploads\/2024\/02\/Post-na-Facebook-940x788-px-13.jpeg\"><\/a>\n                <h2 class=\"u-align-center u-blog-control u-text u-text-1\">\n                  <a class=\"u-post-header-link\" href=\"http:\/\/wisla.skoczow.pl\/?p=37472\">I Liga PLF - V kolejka<\/a>\n                <\/h2>\n                <div class=\"u-blog-control u-post-content u-text u-text-2\"><p>\n\n<\/p>\n                <\/div>\n              <\/div>\n            <\/div>\n            <div class=\"u-blog-post u-invisible u-container-style u-repeater-item\">\n              <div class=\"u-container-layout u-similar-container u-container-layout-2\"><a class=\"u-align-center u-blog-control u-image u-image-round u-radius-20 u-image-2\" href=\"http:\/\/wisla.skoczow.pl\/?p=13409\">\n                <img decoding=\"async\" class=\"u-align-center u-blog-control u-image u-image-round u-radius-20 u-image-2\" src=\"http:\/\/wisla.skoczow.pl\/wp-content\/uploads\/2023\/11\/402347892_840087161455152_2528876385750718290_n.jpg\"><\/a>\n                <h2 class=\"u-align-center u-blog-control u-text u-text-3\">\n                  <a class=\"u-post-header-link\" href=\"http:\/\/wisla.skoczow.pl\/?p=13409\">I Liga PLF - AZS U\u015a Katowice<\/a>\n                <\/h2>\n                <div class=\"u-blog-control u-post-content u-text u-text-4\"><p>\nCzwarta kolejka rozegrana na wyje\u017adzie przez nasze zawodniczki tym razem z zespo\u0142em akademickim. W Katowicach 19 listopada \"Wise\u0142ki\" zmierzy\u0142y si\u0119 &hellip;<\/p>\n                <\/div>\n              <\/div>\n            <\/div>\n            <div class=\"u-blog-post u-invisible u-container-style u-repeater-item\">\n              <div class=\"u-container-layout u-similar-container u-container-layout-1\"><a class=\"u-align-center u-blog-control u-image u-image-round u-radius-20 u-image-1\" href=\"http:\/\/wisla.skoczow.pl\/?p=13345\">\n                <img decoding=\"async\" class=\"u-align-center u-blog-control u-image u-image-round u-radius-20 u-image-1\" src=\"http:\/\/wisla.skoczow.pl\/wp-content\/uploads\/2023\/11\/WhatsApp-Image-2023-11-28-at-20.12.08.jpeg\"><\/a>\n                <h2 class=\"u-align-center u-blog-control u-text u-text-1\">\n                  <a class=\"u-post-header-link\" href=\"http:\/\/wisla.skoczow.pl\/?p=13345\">M\u0142odziczki U13<\/a>\n                <\/h2>\n                <div class=\"u-blog-control u-post-content u-text u-text-2\"><p>\n11 listopada nasze m\u0142ode \"Wise\u0142ki\" rozegra\u0142y ostatnie spotkanie ligowe w tym roku. Podejmowa\u0142y zesp\u00f3\u0142 z Rybnika. Ale\u017c to by\u0142y emocje i walka. &hellip;<\/p>\n                <\/div>\n              <\/div>\n            <\/div>\n            <div class=\"u-blog-post u-invisible u-container-style u-repeater-item\">\n              <div class=\"u-container-layout u-similar-container u-container-layout-2\"><a class=\"u-align-center u-blog-control u-image u-image-round u-radius-20 u-image-2\" href=\"http:\/\/wisla.skoczow.pl\/?p=37469\">\n                <img decoding=\"async\" class=\"u-align-center u-blog-control u-image u-image-round u-radius-20 u-image-2\" src=\"http:\/\/wisla.skoczow.pl\/wp-content\/uploads\/2024\/02\/Post-na-Facebook-940x788-px-13.jpeg\"><\/a>\n                <h2 class=\"u-align-center u-blog-control u-text u-text-3\">\n                  <a class=\"u-post-header-link\" href=\"http:\/\/wisla.skoczow.pl\/?p=37469\">I Liga PLF - IV kolejka<\/a>\n                <\/h2>\n                <div class=\"u-blog-control u-post-content u-text u-text-4\"><p>\n\n<\/p>\n                <\/div>\n              <\/div>\n            <\/div>\n            <div class=\"u-blog-post u-invisible u-container-style u-repeater-item\">\n              <div class=\"u-container-layout u-similar-container u-container-layout-1\"><a class=\"u-align-center u-blog-control u-image u-image-round u-radius-20 u-image-1\" href=\"http:\/\/wisla.skoczow.pl\/?p=13368\">\n                <img decoding=\"async\" class=\"u-align-center u-blog-control u-image u-image-round u-radius-20 u-image-1\" src=\"http:\/\/wisla.skoczow.pl\/wp-content\/uploads\/2023\/11\/WhatsApp-Image-2023-11-20-at-16.59.31-1.jpeg\"><\/a>\n                <h2 class=\"u-align-center u-blog-control u-text u-text-1\">\n                  <a class=\"u-post-header-link\" href=\"http:\/\/wisla.skoczow.pl\/?p=13368\">I Liga PLF - Unia Opole<\/a>\n                <\/h2>\n                <div class=\"u-blog-control u-post-content u-text u-text-2\"><p>\nTrzeci\u0105 kolejk\u0119 na wyje\u017adzie rozegra\u0142y \"Wise\u0142ki\" w niedziel\u0119 12 listopada. Pierwotnie spotkanie mia\u0142o odby\u0107 si\u0119 u nas w roli gospodarza, ale na &hellip;<\/p>\n                <\/div>\n              <\/div>\n            <\/div>\n            <div class=\"u-blog-post u-invisible u-container-style u-repeater-item\">\n              <div class=\"u-container-layout u-similar-container u-container-layout-2\"><a class=\"u-align-center u-blog-control u-image u-image-round u-radius-20 u-image-2\" href=\"http:\/\/wisla.skoczow.pl\/?p=37466\">\n                <img decoding=\"async\" class=\"u-align-center u-blog-control u-image u-image-round u-radius-20 u-image-2\" src=\"http:\/\/wisla.skoczow.pl\/wp-content\/uploads\/2024\/02\/Post-na-Facebook-940x788-px-13.jpeg\"><\/a>\n                <h2 class=\"u-align-center u-blog-control u-text u-text-3\">\n                  <a class=\"u-post-header-link\" href=\"http:\/\/wisla.skoczow.pl\/?p=37466\">I Liga PLF - III kolejka<\/a>\n                <\/h2>\n                <div class=\"u-blog-control u-post-content u-text u-text-4\"><p>\n\n<\/p>\n                <\/div>\n              <\/div>\n            <\/div>\n            <div class=\"u-blog-post u-invisible u-container-style u-repeater-item\">\n              <div class=\"u-container-layout u-similar-container u-container-layout-1\"><a class=\"u-align-center u-blog-control u-image u-image-round u-radius-20 u-image-1\" href=\"http:\/\/wisla.skoczow.pl\/?p=13355\">\n                <img decoding=\"async\" class=\"u-align-center u-blog-control u-image u-image-round u-radius-20 u-image-1\" src=\"http:\/\/wisla.skoczow.pl\/wp-content\/uploads\/2023\/11\/399183447_7144716515552454_4998573183058237507_n.jpg\"><\/a>\n                <h2 class=\"u-align-center u-blog-control u-text u-text-1\">\n                  <a class=\"u-post-header-link\" href=\"http:\/\/wisla.skoczow.pl\/?p=13355\">I Liga PLF - MTS Knur\u00f3w<\/a>\n                <\/h2>\n                <div class=\"u-blog-control u-post-content u-text u-text-2\"><p>\nPierwsze spotkanie 5 listopada w niedziel\u0119 przypad\u0142o nam rozegra\u0107 w Knurowie. Bardzo dobrze znana nam dru\u017cyna z czas\u00f3w II Ligi PLF. Od pocz\u0105tku &hellip;<\/p>\n                <\/div>\n              <\/div>\n            <\/div>\n            <div class=\"u-blog-post u-invisible u-container-style u-repeater-item\">\n              <div class=\"u-container-layout u-similar-container u-container-layout-2\"><a class=\"u-align-center u-blog-control u-image u-image-round u-radius-20 u-image-2\" href=\"http:\/\/wisla.skoczow.pl\/?p=37462\">\n                <img decoding=\"async\" class=\"u-align-center u-blog-control u-image u-image-round u-radius-20 u-image-2\" src=\"http:\/\/wisla.skoczow.pl\/wp-content\/uploads\/2024\/02\/Post-na-Facebook-940x788-px-13.jpeg\"><\/a>\n                <h2 class=\"u-align-center u-blog-control u-text u-text-3\">\n                  <a class=\"u-post-header-link\" href=\"http:\/\/wisla.skoczow.pl\/?p=37462\">I Liga PLF - II kolejka<\/a>\n                <\/h2>\n                <div class=\"u-blog-control u-post-content u-text u-text-4\"><p>\n\n<\/p>\n                <\/div>\n              <\/div>\n            <\/div>\n            <div class=\"u-blog-post u-invisible u-container-style u-repeater-item\">\n              <div class=\"u-container-layout u-similar-container u-container-layout-1\"><a class=\"u-align-center u-blog-control u-image u-image-round u-radius-20 u-image-1\" href=\"http:\/\/wisla.skoczow.pl\/?p=13181\">\n                <img decoding=\"async\" class=\"u-align-center u-blog-control u-image u-image-round u-radius-20 u-image-1\" src=\"http:\/\/wisla.skoczow.pl\/wp-content\/uploads\/2023\/11\/397244385_826089609521574_2663895161053623838_n.jpg\"><\/a>\n                <h2 class=\"u-align-center u-blog-control u-text u-text-1\">\n                  <a class=\"u-post-header-link\" href=\"http:\/\/wisla.skoczow.pl\/?p=13181\">Juniorki m\u0142odsze U16<\/a>\n                <\/h2>\n                <div class=\"u-blog-control u-post-content u-text u-text-2\"><p>\nWczoraj w meczu wyjazdowym  zmierzyli\u015bmy si\u0119 z KKS Czarni Sosnowiec. Na mecz pojechali\u015bmy w 10-osobowym sk\u0142adzie , ale dru\u017cyna gospodarzy mimo &hellip;<\/p>\n                <\/div>\n              <\/div>\n            <\/div>\n            <div class=\"u-blog-post u-invisible u-container-style u-repeater-item\">\n              <div class=\"u-container-layout u-similar-container u-container-layout-2\"><a class=\"u-align-center u-blog-control u-image u-image-round u-radius-20 u-image-2\" href=\"http:\/\/wisla.skoczow.pl\/?p=13149\">\n                <img decoding=\"async\" class=\"u-align-center u-blog-control u-image u-image-round u-radius-20 u-image-2\" src=\"http:\/\/wisla.skoczow.pl\/wp-content\/uploads\/2023\/10\/I-liga-Futsalu.jpg\"><\/a>\n                <h2 class=\"u-align-center u-blog-control u-text u-text-3\">\n                  <a class=\"u-post-header-link\" href=\"http:\/\/wisla.skoczow.pl\/?p=13149\">I Liga PLF<\/a>\n                <\/h2>\n                <div class=\"u-blog-control u-post-content u-text u-text-4\"><p>\nCzekacie na pierwszy mecz naszego zespo\u0142u w roli gospodarza?\n\n\n\nNiestety nie nast\u0105pi to 28.10 - zesp\u00f3\u0142 z Kalinowa (woj. opolskie) wycofa\u0142 si\u0119 z &hellip;<\/p>\n                <\/div>\n              <\/div>\n            <\/div>\n            <div class=\"u-blog-post u-invisible u-container-style u-repeater-item\">\n              <div class=\"u-container-layout u-similar-container u-container-layout-1\"><a class=\"u-align-center u-blog-control u-image u-image-round u-radius-20 u-image-1\" href=\"http:\/\/wisla.skoczow.pl\/?p=13146\">\n                <img decoding=\"async\" class=\"u-align-center u-blog-control u-image u-image-round u-radius-20 u-image-1\" src=\"http:\/\/wisla.skoczow.pl\/wp-content\/uploads\/2023\/10\/395130707_821055316691670_789470024362236472_n.jpg\"><\/a>\n                <h2 class=\"u-align-center u-blog-control u-text u-text-1\">\n                  <a class=\"u-post-header-link\" href=\"http:\/\/wisla.skoczow.pl\/?p=13146\">Juniorki M\u0142odsze U16<\/a>\n                <\/h2>\n                <div class=\"u-blog-control u-post-content u-text u-text-2\"><p>\nDzisiaj w meczu domowym  zmierzyli\u015bmy si\u0119 z UKS AP SJZ Jastrz\u0119bie-Zdr\u00f3j. Od pierwszego gwizdka by\u0142o wida\u0107, \u017ce b\u0119dzie to bardzo emocjonuj\u0105ce  &hellip;<\/p>\n                <\/div>\n              <\/div>\n            <\/div>\n            <div class=\"u-blog-post u-invisible u-container-style u-repeater-item\">\n              <div class=\"u-container-layout u-similar-container u-container-layout-2\"><a class=\"u-align-center u-blog-control u-image u-image-round u-radius-20 u-image-2\" href=\"http:\/\/wisla.skoczow.pl\/?p=13143\">\n                <img decoding=\"async\" class=\"u-align-center u-blog-control u-image u-image-round u-radius-20 u-image-2\" src=\"http:\/\/wisla.skoczow.pl\/wp-content\/uploads\/2023\/10\/GCS_DSC_1977-scaled.jpg\"><\/a>\n                <h2 class=\"u-align-center u-blog-control u-text u-text-3\">\n                  <a class=\"u-post-header-link\" href=\"http:\/\/wisla.skoczow.pl\/?p=13143\">IV Liga\/Akademia<\/a>\n                <\/h2>\n                <div class=\"u-blog-control u-post-content u-text u-text-4\"><p>\nZako\u0144czyli\u015bmy rozgrywki seniorek oraz \u017caczek\/orliczek.\n\n\n\nW swoim ostatnim spotkaniu w IV lidze, seniorki uleg\u0142y rezerwom GKS Gieksa Katowice 0:14,&hellip;<\/p>\n                <\/div>\n              <\/div>\n            <\/div>\n            <div class=\"u-blog-post u-invisible u-container-style u-repeater-item\">\n              <div class=\"u-container-layout u-similar-container u-container-layout-1\"><a class=\"u-align-center u-blog-control u-image u-image-round u-radius-20 u-image-1\" href=\"http:\/\/wisla.skoczow.pl\/?p=13140\">\n                <img decoding=\"async\" class=\"u-align-center u-blog-control u-image u-image-round u-radius-20 u-image-1\" src=\"http:\/\/wisla.skoczow.pl\/wp-content\/uploads\/2023\/10\/380098358_847821287007628_6810868917382518796_n.jpg\"><\/a>\n                <h2 class=\"u-align-center u-blog-control u-text u-text-1\">\n                  <a class=\"u-post-header-link\" href=\"http:\/\/wisla.skoczow.pl\/?p=13140\">M\u0142odziczki U13<\/a>\n                <\/h2>\n                <div class=\"u-blog-control u-post-content u-text u-text-2\"><p>\nZa nami mecz z Rakowem Cz\u0119stochowa, kt\u00f3ry rozegrali\u015bmy w Wi\u015blicy. Dziewcz\u0119ta gra\u0142y ma\u0142o walecznie co prze\u0142o\u017cy\u0142o si\u0119 na strat\u0119 bramek, a szkoda bo &hellip;<\/p>\n                <\/div>\n              <\/div>\n            <\/div>\n            <div class=\"u-blog-post u-invisible u-container-style u-repeater-item\">\n              <div class=\"u-container-layout u-similar-container u-container-layout-2\"><a class=\"u-align-center u-blog-control u-image u-image-round u-radius-20 u-image-2\" href=\"http:\/\/wisla.skoczow.pl\/?p=13137\">\n                <img decoding=\"async\" class=\"u-align-center u-blog-control u-image u-image-round u-radius-20 u-image-2\" src=\"http:\/\/wisla.skoczow.pl\/wp-content\/uploads\/2023\/10\/394265653_820129816784220_1069612887526749285_n.jpg\"><\/a>\n                <h2 class=\"u-align-center u-blog-control u-text u-text-3\">\n                  <a class=\"u-post-header-link\" href=\"http:\/\/wisla.skoczow.pl\/?p=13137\">Akademia Pi\u0142karska U10<\/a>\n                <\/h2>\n                <div class=\"u-blog-control u-post-content u-text u-text-4\"><p>\nWczoraj odby\u0142 si\u0119 ostatni mecz w tej rundzie W wyjazdowym  spotkaniu nasze zawodniczki zmierzy\u0142y si\u0119 z MKS Brenna G\u00f3rki. Kto nie m\u00f3g\u0142 by\u0107 wczoraj z&hellip;<\/p>\n                <\/div>\n              <\/div>\n            <\/div>\n            <div class=\"u-blog-post u-invisible u-container-style u-repeater-item\">\n              <div class=\"u-container-layout u-similar-container u-container-layout-1\"><a class=\"u-align-center u-blog-control u-image u-image-round u-radius-20 u-image-1\" href=\"http:\/\/wisla.skoczow.pl\/?p=13134\">\n                <img decoding=\"async\" class=\"u-align-center u-blog-control u-image u-image-round u-radius-20 u-image-1\" src=\"http:\/\/wisla.skoczow.pl\/wp-content\/uploads\/2023\/10\/391738316_815803113883557_2438974653095567109_n.jpg\"><\/a>\n                <h2 class=\"u-align-center u-blog-control u-text u-text-1\">\n                  <a class=\"u-post-header-link\" href=\"http:\/\/wisla.skoczow.pl\/?p=13134\">Juniorki M\u0142odsze U16<\/a>\n                <\/h2>\n                <div class=\"u-blog-control u-post-content u-text u-text-2\"><p>\nDzisiaj w meczu wyjazdowym  zmierzyli\u015bmy si\u0119 w Cz\u0119stochowie z tamtejsz\u0105 Skr\u0105. Mecz grali\u015bmy w niedowadze jednej zawodniczki, co dawa\u0142o si\u0119 we znaki&hellip;<\/p>\n                <\/div>\n              <\/div>\n            <\/div>\n            <div class=\"u-blog-post u-invisible u-container-style u-repeater-item\">\n              <div class=\"u-container-layout u-similar-container u-container-layout-2\"><a class=\"u-align-center u-blog-control u-image u-image-round u-radius-20 u-image-2\" href=\"http:\/\/wisla.skoczow.pl\/?p=13123\">\n                <img decoding=\"async\" class=\"u-align-center u-blog-control u-image u-image-round u-radius-20 u-image-2\" src=\"http:\/\/wisla.skoczow.pl\/wp-content\/uploads\/2023\/10\/WhatsApp-Image-2023-10-14-at-19.34.46.jpeg\"><\/a>\n                <h2 class=\"u-align-center u-blog-control u-text u-text-3\">\n                  <a class=\"u-post-header-link\" href=\"http:\/\/wisla.skoczow.pl\/?p=13123\">M\u0142odziczki U13<\/a>\n                <\/h2>\n                <div class=\"u-blog-control u-post-content u-text u-text-4\"><p>\nZwyci\u0119stwo\n\n\n\nW dniu dzisiejszym rozegrali\u015bmy wyjazdowe spotkanie w Wo\u017anikach. Dziewcz\u0119ta zacz\u0119\u0142y bardzo ostro\u017cnie, i szybko straci\u0142y bramk\u0119. Na &hellip;<\/p>\n                <\/div>\n              <\/div>\n            <\/div>\n            <div class=\"u-blog-post u-invisible u-container-style u-repeater-item\">\n              <div class=\"u-container-layout u-similar-container u-container-layout-1\"><a class=\"u-align-center u-blog-control u-image u-image-round u-radius-20 u-image-1\" href=\"http:\/\/wisla.skoczow.pl\/?p=13090\">\n                <img decoding=\"async\" class=\"u-align-center u-blog-control u-image u-image-round u-radius-20 u-image-1\" src=\"http:\/\/wisla.skoczow.pl\/wp-content\/uploads\/2023\/10\/WhatsApp-Image-2023-10-11-at-23.02.511.jpeg\"><\/a>\n                <h2 class=\"u-align-center u-blog-control u-text u-text-1\">\n                  <a class=\"u-post-header-link\" href=\"http:\/\/wisla.skoczow.pl\/?p=13090\">M\u0142odziczki U13<\/a>\n                <\/h2>\n                <div class=\"u-blog-control u-post-content u-text u-text-2\"><p>\nWe wtorek podejmowali\u015bmy lidera \u015al\u0105skiej Ligi M\u0142odziczek - GKS Katowice. Zesp\u00f3\u0142 go\u015bci od pierwszych minut stawia\u0142 swoje warunki, przeciwniczki &hellip;<\/p>\n                <\/div>\n              <\/div>\n            <\/div>\n            <div class=\"u-blog-post u-invisible u-container-style u-repeater-item\">\n              <div class=\"u-container-layout u-similar-container u-container-layout-2\"><a class=\"u-align-center u-blog-control u-image u-image-round u-radius-20 u-image-2\" href=\"http:\/\/wisla.skoczow.pl\/?p=13087\">\n                <img decoding=\"async\" class=\"u-align-center u-blog-control u-image u-image-round u-radius-20 u-image-2\" src=\"http:\/\/wisla.skoczow.pl\/wp-content\/uploads\/2023\/10\/391702912_812878597509342_6738438610208842701_n.jpg\"><\/a>\n                <h2 class=\"u-align-center u-blog-control u-text u-text-3\">\n                  <a class=\"u-post-header-link\" href=\"http:\/\/wisla.skoczow.pl\/?p=13087\">Akademia Pi\u0142karska U10<\/a>\n                <\/h2>\n                <div class=\"u-blog-control u-post-content u-text u-text-4\"><p>\nDzisiaj w domowym  spotkaniu nasze zawodniczki zmierzy\u0142y si\u0119 z LKS Pog\u00f3rze. Od samego pocz\u0105tku towarzyszy\u0142y nam ogromne emocje . Dziewczyny od &hellip;<\/p>\n                <\/div>\n              <\/div>\n            <\/div>\n            <div class=\"u-blog-post u-invisible u-container-style u-repeater-item\">\n              <div class=\"u-container-layout u-similar-container u-container-layout-1\"><a class=\"u-align-center u-blog-control u-image u-image-round u-radius-20 u-image-1\" href=\"http:\/\/wisla.skoczow.pl\/?p=13084\">\n                <img decoding=\"async\" class=\"u-align-center u-blog-control u-image u-image-round u-radius-20 u-image-1\" src=\"http:\/\/wisla.skoczow.pl\/wp-content\/uploads\/2023\/10\/Plakat-18x24-cali.jpeg\"><\/a>\n                <h2 class=\"u-align-center u-blog-control u-text u-text-1\">\n                  <a class=\"u-post-header-link\" href=\"http:\/\/wisla.skoczow.pl\/?p=13084\">Pi\u0142karskie Przedszkole U7<\/a>\n                <\/h2>\n                <div class=\"u-blog-control u-post-content u-text u-text-2\"><p>\nTreningi najm\u0142odszych adeptek pi\u0142ki no\u017cnej czas zacz\u0105\u0107\n\n\n\nZaj\u0119cia maj\u0105 charakter og\u00f3lnorozwojowy,\n\n\n\nz elementami podstaw pi\u0142ki no\u017cnej w formie &hellip;<\/p>\n                <\/div>\n              <\/div>\n            <\/div>\n            <div class=\"u-blog-post u-invisible u-container-style u-repeater-item\">\n              <div class=\"u-container-layout u-similar-container u-container-layout-2\"><a class=\"u-align-center u-blog-control u-image u-image-round u-radius-20 u-image-2\" href=\"http:\/\/wisla.skoczow.pl\/?p=13111\">\n                <img decoding=\"async\" class=\"u-align-center u-blog-control u-image u-image-round u-radius-20 u-image-2\" src=\"http:\/\/wisla.skoczow.pl\/wp-content\/uploads\/2023\/10\/COPY-Post-na-Facebook-940x788-px12.jpeg\"><\/a>\n                <h2 class=\"u-align-center u-blog-control u-text u-text-3\">\n                  <a class=\"u-post-header-link\" href=\"http:\/\/wisla.skoczow.pl\/?p=13111\">Terminarz 10 - 15.10.2023<\/a>\n                <\/h2>\n                <div class=\"u-blog-control u-post-content u-text u-text-4\"><p>\n\n\n\n\n\n\n\n\n\n\n\n\n\n\n\n\n\n\n\n\n\n\n\n\n\n\n\n\n\n\n\n\n\n\n\n\n\n<\/p>\n                <\/div>\n              <\/div>\n            <\/div>\n            <div class=\"u-blog-post u-invisible u-container-style u-repeater-item\">\n              <div class=\"u-container-layout u-similar-container u-container-layout-1\"><a class=\"u-align-center u-blog-control u-image u-image-round u-radius-20 u-image-1\" href=\"http:\/\/wisla.skoczow.pl\/?p=13056\">\n                <img decoding=\"async\" class=\"u-align-center u-blog-control u-image u-image-round u-radius-20 u-image-1\" src=\"http:\/\/wisla.skoczow.pl\/wp-content\/uploads\/2023\/10\/387741537_810706797726522_1559622412622197735_n.jpg\"><\/a>\n                <h2 class=\"u-align-center u-blog-control u-text u-text-1\">\n                  <a class=\"u-post-header-link\" href=\"http:\/\/wisla.skoczow.pl\/?p=13056\">Juniorki M\u0142odsze U16<\/a>\n                <\/h2>\n                <div class=\"u-blog-control u-post-content u-text u-text-2\"><p>\nDzisiaj w meczu domowym  nasze zawodniczki zmierzy\u0142y si\u0119 z KKS Polonia Tychy. Mecz od pocz\u0105tku nie uk\u0142ada\u0142 si\u0119 dla nas dobrze. Strata kilku bramek &hellip;<\/p>\n                <\/div>\n              <\/div>\n            <\/div>\n            <div class=\"u-blog-post u-invisible u-container-style u-repeater-item\">\n              <div class=\"u-container-layout u-similar-container u-container-layout-2\"><a class=\"u-align-center u-blog-control u-image u-image-round u-radius-20 u-image-2\" href=\"http:\/\/wisla.skoczow.pl\/?p=13053\">\n                <img decoding=\"async\" class=\"u-align-center u-blog-control u-image u-image-round u-radius-20 u-image-2\" src=\"http:\/\/wisla.skoczow.pl\/wp-content\/uploads\/2023\/10\/386203019_847850587342915_1321382557897775870_n.jpg\"><\/a>\n                <h2 class=\"u-align-center u-blog-control u-text u-text-3\">\n                  <a class=\"u-post-header-link\" href=\"http:\/\/wisla.skoczow.pl\/?p=13053\">IV Liga kobiet<\/a>\n                <\/h2>\n                <div class=\"u-blog-control u-post-content u-text u-text-4\"><p>\nDzisiejsze spotkanie rozegrali\u015bmy w \u015awi\u0119toch\u0142owicach. Wracamy na tarczy, w si\u00f3demk\u0119 nie podo\u0142ali\u015bmy przeciwniczkom. Brawo dla dziewczyn, \u017ce podj\u0119\u0142y&hellip;<\/p>\n                <\/div>\n              <\/div>\n            <\/div>\n            <div class=\"u-blog-post u-invisible u-container-style u-repeater-item\">\n              <div class=\"u-container-layout u-similar-container u-container-layout-1\"><a class=\"u-align-center u-blog-control u-image u-image-round u-radius-20 u-image-1\" href=\"http:\/\/wisla.skoczow.pl\/?p=13050\">\n                <img decoding=\"async\" class=\"u-align-center u-blog-control u-image u-image-round u-radius-20 u-image-1\" src=\"http:\/\/wisla.skoczow.pl\/wp-content\/uploads\/2023\/10\/386656893_809293777867824_8272558452303318927_n.jpg\"><\/a>\n                <h2 class=\"u-align-center u-blog-control u-text u-text-1\">\n                  <a class=\"u-post-header-link\" href=\"http:\/\/wisla.skoczow.pl\/?p=13050\">Akademia Pi\u0142karska U10<\/a>\n                <\/h2>\n                <div class=\"u-blog-control u-post-content u-text u-text-2\"><p>\nTo ju\u017c kolejny mecz w lidze \u017caka W wyjazdowym  spotkaniu, kt\u00f3re odby\u0142o si\u0119 w \u015brod\u0119 nasze zawodniczki zmierzy\u0142y si\u0119 z Wi\u015bla\u0144skim Stowarzyszeniem &hellip;<\/p>\n                <\/div>\n              <\/div>\n            <\/div>\n            <div class=\"u-blog-post u-invisible u-container-style u-repeater-item\">\n              <div class=\"u-container-layout u-similar-container u-container-layout-2\"><a class=\"u-align-center u-blog-control u-image u-image-round u-radius-20 u-image-2\" href=\"http:\/\/wisla.skoczow.pl\/?p=13045\">\n                <img decoding=\"async\" class=\"u-align-center u-blog-control u-image u-image-round u-radius-20 u-image-2\" src=\"http:\/\/wisla.skoczow.pl\/wp-content\/uploads\/2023\/10\/COPY-COPY-Post-na-Facebook-940x788-px8.jpeg\"><\/a>\n                <h2 class=\"u-align-center u-blog-control u-text u-text-3\">\n                  <a class=\"u-post-header-link\" href=\"http:\/\/wisla.skoczow.pl\/?p=13045\">Terminarz 04-08.10.2023<\/a>\n                <\/h2>\n                <div class=\"u-blog-control u-post-content u-text u-text-4\"><p>\n\n\n\n\n\n\n\n\n\n<\/p>\n                <\/div>\n              <\/div>\n            <\/div>\n            <div class=\"u-blog-post u-invisible u-container-style u-repeater-item\">\n              <div class=\"u-container-layout u-similar-container u-container-layout-1\"><a class=\"u-align-center u-blog-control u-image u-image-round u-radius-20 u-image-1\" href=\"http:\/\/wisla.skoczow.pl\/?p=13041\">\n                <img decoding=\"async\" class=\"u-align-center u-blog-control u-image u-image-round u-radius-20 u-image-1\" src=\"http:\/\/wisla.skoczow.pl\/wp-content\/uploads\/2023\/10\/mmp23.jpg\"><\/a>\n                <h2 class=\"u-align-center u-blog-control u-text u-text-1\">\n                  <a class=\"u-post-header-link\" href=\"http:\/\/wisla.skoczow.pl\/?p=13041\">M\u0142odzie\u017cowe Mistrzostwa Polski<\/a>\n                <\/h2>\n                <div class=\"u-blog-control u-post-content u-text u-text-2\"><p>\nW tym sezonie nasza m\u0142odzie\u017c wyst\u0105pi w kategorii U15 i U17.\n\n\n\nEliminacje dla U17 zaplanowane s\u0105 na 18-19.11.2023, a dla U15 w terminie &hellip;<\/p>\n                <\/div>\n              <\/div>\n            <\/div>\n            <div class=\"u-blog-post u-invisible u-container-style u-repeater-item\">\n              <div class=\"u-container-layout u-similar-container u-container-layout-2\"><a class=\"u-align-center u-blog-control u-image u-image-round u-radius-20 u-image-2\" href=\"http:\/\/wisla.skoczow.pl\/?p=12988\">\n                <img decoding=\"async\" class=\"u-align-center u-blog-control u-image u-image-round u-radius-20 u-image-2\" src=\"http:\/\/wisla.skoczow.pl\/wp-content\/uploads\/2023\/10\/futsal.png\"><\/a>\n                <h2 class=\"u-align-center u-blog-control u-text u-text-3\">\n                  <a class=\"u-post-header-link\" href=\"http:\/\/wisla.skoczow.pl\/?p=12988\">I Liga PLF Futsalu kobiet<\/a>\n                <\/h2>\n                <div class=\"u-blog-control u-post-content u-text u-text-4\"><p>\nZbli\u017ca si\u0119 nowy sezon futsalowy, a w nim Wise\u0142ki wyst\u0105pi\u0105 na poziomie centralnym w I Lidze. Naszym zawodniczkom przyjdzie si\u0119 zmierzy\u0107 z takimi &hellip;<\/p>\n                <\/div>\n              <\/div>\n            <\/div>\n            <div class=\"u-blog-post u-invisible u-container-style u-repeater-item\">\n              <div class=\"u-container-layout u-similar-container u-container-layout-1\"><a class=\"u-align-center u-blog-control u-image u-image-round u-radius-20 u-image-1\" href=\"http:\/\/wisla.skoczow.pl\/?p=12985\">\n                <img decoding=\"async\" class=\"u-align-center u-blog-control u-image u-image-round u-radius-20 u-image-1\" src=\"http:\/\/wisla.skoczow.pl\/wp-content\/uploads\/2023\/10\/386081907_806567641473771_3499245033945135130_n.jpg\"><\/a>\n                <h2 class=\"u-align-center u-blog-control u-text u-text-1\">\n                  <a class=\"u-post-header-link\" href=\"http:\/\/wisla.skoczow.pl\/?p=12985\">IV Liga kobiet<\/a>\n                <\/h2>\n                <div class=\"u-blog-control u-post-content u-text u-text-2\"><p>\nNiedzielny mecz pomimo gotowo\u015bci naszych zawodniczek nie odby\u0142 si\u0119. Przeciwniczki z Rybnika nie stawi\u0142y si\u0119 na wskazany termin. S\u0119dzia g\u0142\u00f3wny po 15&hellip;<\/p>\n                <\/div>\n              <\/div>\n            <\/div>\n            <div class=\"u-blog-post u-invisible u-container-style u-repeater-item\">\n              <div class=\"u-container-layout u-similar-container u-container-layout-2\"><a class=\"u-align-center u-blog-control u-image u-image-round u-radius-20 u-image-2\" href=\"http:\/\/wisla.skoczow.pl\/?p=12982\">\n                <img decoding=\"async\" class=\"u-align-center u-blog-control u-image u-image-round u-radius-20 u-image-2\" src=\"http:\/\/wisla.skoczow.pl\/wp-content\/uploads\/2023\/10\/386557390_806603501470185_431921061530980592_n.jpg\"><\/a>\n                <h2 class=\"u-align-center u-blog-control u-text u-text-3\">\n                  <a class=\"u-post-header-link\" href=\"http:\/\/wisla.skoczow.pl\/?p=12982\">Juniorki M\u0142odsze U16<\/a>\n                <\/h2>\n                <div class=\"u-blog-control u-post-content u-text u-text-4\"><p>\nWczoraj nasze zawodniczki rozegra\u0142y wyjazdowe spotkanie w Katowicach tym razem z GKS Katowice. Na mecz pojechali\u015bmy w 10 os\u00f3b i to nie by\u0142 nasz &hellip;<\/p>\n                <\/div>\n              <\/div>\n            <\/div>\n            <div class=\"u-blog-post u-invisible u-container-style u-repeater-item\">\n              <div class=\"u-container-layout u-similar-container u-container-layout-1\"><a class=\"u-align-center u-blog-control u-image u-image-round u-radius-20 u-image-1\" href=\"http:\/\/wisla.skoczow.pl\/?p=12979\">\n                <img decoding=\"async\" class=\"u-align-center u-blog-control u-image u-image-round u-radius-20 u-image-1\" src=\"http:\/\/wisla.skoczow.pl\/wp-content\/uploads\/2023\/10\/385511329_806562411474294_1921961365919780631_n.jpg\"><\/a>\n                <h2 class=\"u-align-center u-blog-control u-text u-text-1\">\n                  <a class=\"u-post-header-link\" href=\"http:\/\/wisla.skoczow.pl\/?p=12979\">M\u0142odziczki U13<\/a>\n                <\/h2>\n                <div class=\"u-blog-control u-post-content u-text u-text-2\"><p>\nZa nami kolejne spotkanie, bardzo trudne na boisku przeciwnika w Bielsku-Bia\u0142ej. Przegrywamy bardzo wysoko. Przed nami du\u017co nauki. B\u0105d\u017amy &hellip;<\/p>\n                <\/div>\n              <\/div>\n            <\/div>\n            <div class=\"u-blog-post u-invisible u-container-style u-repeater-item\">\n              <div class=\"u-container-layout u-similar-container u-container-layout-2\"><a class=\"u-align-center u-blog-control u-image u-image-round u-radius-20 u-image-2\" href=\"http:\/\/wisla.skoczow.pl\/?p=12976\">\n                <img decoding=\"async\" class=\"u-align-center u-blog-control u-image u-image-round u-radius-20 u-image-2\" src=\"http:\/\/wisla.skoczow.pl\/wp-content\/uploads\/2023\/10\/384736821_804322595031609_8001559842450914396_n.jpg\"><\/a>\n                <h2 class=\"u-align-center u-blog-control u-text u-text-3\">\n                  <a class=\"u-post-header-link\" href=\"http:\/\/wisla.skoczow.pl\/?p=12976\">Akademia Pi\u0142karska U10<\/a>\n                <\/h2>\n                <div class=\"u-blog-control u-post-content u-text u-text-4\"><p>\nW \u015brod\u0119 dziewczyny rozegra\u0142y ju\u017c 7 mecz w ramach ligi \u017caka W domowym  spotkaniu zmierzy\u0142y si\u0119 z RKS Cukrownik Chybie. Kolejny mecz pe\u0142en emocji . &hellip;<\/p>\n                <\/div>\n              <\/div>\n            <\/div>\n            <div class=\"u-blog-post u-invisible u-container-style u-repeater-item\">\n              <div class=\"u-container-layout u-similar-container u-container-layout-1\"><a class=\"u-align-center u-blog-control u-image u-image-round u-radius-20 u-image-1\" href=\"http:\/\/wisla.skoczow.pl\/?p=12970\">\n                <img decoding=\"async\" class=\"u-align-center u-blog-control u-image u-image-round u-radius-20 u-image-1\" src=\"http:\/\/wisla.skoczow.pl\/wp-content\/uploads\/2023\/10\/COPY-COPY-Post-na-Facebook-940x788-px7.jpeg\"><\/a>\n                <h2 class=\"u-align-center u-blog-control u-text u-text-1\">\n                  <a class=\"u-post-header-link\" href=\"http:\/\/wisla.skoczow.pl\/?p=12970\">Terminarz 27.09-01.10.2023<\/a>\n                <\/h2>\n                <div class=\"u-blog-control u-post-content u-text u-text-2\"><p>\n\n\n\n\n\n\n\n\n\n\n\n\n\n<\/p>\n                <\/div>\n              <\/div>\n            <\/div>\n            <div class=\"u-blog-post u-invisible u-container-style u-repeater-item\">\n              <div class=\"u-container-layout u-similar-container u-container-layout-2\"><a class=\"u-align-center u-blog-control u-image u-image-round u-radius-20 u-image-2\" href=\"http:\/\/wisla.skoczow.pl\/?p=12967\">\n                <img decoding=\"async\" class=\"u-align-center u-blog-control u-image u-image-round u-radius-20 u-image-2\" src=\"http:\/\/wisla.skoczow.pl\/wp-content\/uploads\/2023\/10\/383321528_801182228678979_5353473544388328202_n.jpg\"><\/a>\n                <h2 class=\"u-align-center u-blog-control u-text u-text-3\">\n                  <a class=\"u-post-header-link\" href=\"http:\/\/wisla.skoczow.pl\/?p=12967\">IV Liga kobiet<\/a>\n                <\/h2>\n                <div class=\"u-blog-control u-post-content u-text u-text-4\"><p>\nKolejne spotkanie, tym razem na wyje\u017adzie w Istebnej rozegra\u0142y nasze seniorki. Walczyli\u015bmy, odpierali\u015bmy ataki i niestety przyp\u0142acili\u015bmy w tym &hellip;<\/p>\n                <\/div>\n              <\/div>\n            <\/div>\n            <div class=\"u-blog-post u-invisible u-container-style u-repeater-item\">\n              <div class=\"u-container-layout u-similar-container u-container-layout-1\"><a class=\"u-align-center u-blog-control u-image u-image-round u-radius-20 u-image-1\" href=\"http:\/\/wisla.skoczow.pl\/?p=12957\">\n                <img decoding=\"async\" class=\"u-align-center u-blog-control u-image u-image-round u-radius-20 u-image-1\" src=\"http:\/\/wisla.skoczow.pl\/wp-content\/uploads\/2023\/09\/374571058_698376569001253_2539883481965111144_n.jpg\"><\/a>\n                <h2 class=\"u-align-center u-blog-control u-text u-text-1\">\n                  <a class=\"u-post-header-link\" href=\"http:\/\/wisla.skoczow.pl\/?p=12957\">Kadra \u015alZPN U13<\/a>\n                <\/h2>\n                <div class=\"u-blog-control u-post-content u-text u-text-2\"><p>\nPowo\u0142anie do kadry \u015al\u0105skiego Zwi\u0105zku Pi\u0142ki No\u017cnej otrzyma\u0142a nasza zawodniczka\n\n\n\nMilena gratulujemy\n\n\n\nKonsultacja Kadry \u015al\u0105ska U13, odb\u0119dzie si\u0119 w&hellip;<\/p>\n                <\/div>\n              <\/div>\n            <\/div>\n            <div class=\"u-blog-post u-invisible u-container-style u-repeater-item\">\n              <div class=\"u-container-layout u-similar-container u-container-layout-2\"><a class=\"u-align-center u-blog-control u-image u-image-round u-radius-20 u-image-2\" href=\"http:\/\/wisla.skoczow.pl\/?p=12954\">\n                <img decoding=\"async\" class=\"u-align-center u-blog-control u-image u-image-round u-radius-20 u-image-2\" src=\"http:\/\/wisla.skoczow.pl\/wp-content\/uploads\/2023\/09\/WhatsApp-Image-2023-09-24-at-12.04.32.jpeg\"><\/a>\n                <h2 class=\"u-align-center u-blog-control u-text u-text-3\">\n                  <a class=\"u-post-header-link\" href=\"http:\/\/wisla.skoczow.pl\/?p=12954\">M\u0142odziczki U13<\/a>\n                <\/h2>\n                <div class=\"u-blog-control u-post-content u-text u-text-4\"><p>\nW sobot\u0119 podejmowali\u015bmy zesp\u00f3\u0142 z Zabrza. Pogoda nie by\u0142a sprzyjaj\u0105ca, opady by\u0142y niekomfortowe. Zawodniczki G\u00f3rnika mia\u0142y zdecydowan\u0105 przewag\u0119 &hellip;<\/p>\n                <\/div>\n              <\/div>\n            <\/div>\n            <div class=\"u-blog-post u-invisible u-container-style u-repeater-item\">\n              <div class=\"u-container-layout u-similar-container u-container-layout-1\"><a class=\"u-align-center u-blog-control u-image u-image-round u-radius-20 u-image-1\" href=\"http:\/\/wisla.skoczow.pl\/?p=12951\">\n                <img decoding=\"async\" class=\"u-align-center u-blog-control u-image u-image-round u-radius-20 u-image-1\" src=\"http:\/\/wisla.skoczow.pl\/wp-content\/uploads\/2023\/09\/380991504_800455315418337_8502445069279205455_n.jpg\"><\/a>\n                <h2 class=\"u-align-center u-blog-control u-text u-text-1\">\n                  <a class=\"u-post-header-link\" href=\"http:\/\/wisla.skoczow.pl\/?p=12951\">Juniorki M\u0142odsze U16<\/a>\n                <\/h2>\n                <div class=\"u-blog-control u-post-content u-text u-text-2\"><p>\nDzisiaj nasze zawodniczki podejmowa\u0142y w meczu domowym obecnego lidera rozgrywek BTS Rekord Ju\u017c w pierwszej akcji nasze zawodniczki stworzy\u0142y sobie &hellip;<\/p>\n                <\/div>\n              <\/div>\n            <\/div>\n            <div class=\"u-blog-post u-invisible u-container-style u-repeater-item\">\n              <div class=\"u-container-layout u-similar-container u-container-layout-2\"><a class=\"u-align-center u-blog-control u-image u-image-round u-radius-20 u-image-2\" href=\"http:\/\/wisla.skoczow.pl\/?p=12948\">\n                <img decoding=\"async\" class=\"u-align-center u-blog-control u-image u-image-round u-radius-20 u-image-2\" src=\"http:\/\/wisla.skoczow.pl\/wp-content\/uploads\/2023\/09\/380606936_799360975527771_2209039232638846527_n.jpg\"><\/a>\n                <h2 class=\"u-align-center u-blog-control u-text u-text-3\">\n                  <a class=\"u-post-header-link\" href=\"http:\/\/wisla.skoczow.pl\/?p=12948\">Akademia Pi\u0142karska U10<\/a>\n                <\/h2>\n                <div class=\"u-blog-control u-post-content u-text u-text-4\"><p>\nW \u015brod\u0119 dziewczyny rozegra\u0142y 6 kolejk\u0119 w ramach ligi \u017caka W wyjazdowym meczu zmierzy\u0142y si\u0119 z UKS APN G\u00f3ral Istebna. By\u0142 to kolejny mecz w \u015bwietnym &hellip;<\/p>\n                <\/div>\n              <\/div>\n            <\/div>\n            <div class=\"u-blog-post u-invisible u-container-style u-repeater-item\">\n              <div class=\"u-container-layout u-similar-container u-container-layout-1\"><a class=\"u-align-center u-blog-control u-image u-image-round u-radius-20 u-image-1\" href=\"http:\/\/wisla.skoczow.pl\/?p=12945\">\n                <img decoding=\"async\" class=\"u-align-center u-blog-control u-image u-image-round u-radius-20 u-image-1\" src=\"http:\/\/wisla.skoczow.pl\/wp-content\/uploads\/2023\/09\/WhatsApp-Image-2023-09-21-at-14.56.421.jpeg\"><\/a>\n                <h2 class=\"u-align-center u-blog-control u-text u-text-1\">\n                  <a class=\"u-post-header-link\" href=\"http:\/\/wisla.skoczow.pl\/?p=12945\">M\u0142odziczki U13<\/a>\n                <\/h2>\n                <div class=\"u-blog-control u-post-content u-text u-text-2\"><p>\n2 dni emocji - 2 mecze - 6 punkt\u00f3w - 39 goli\n\n\n\nWe wtorek podejmowali\u015bmy zesp\u00f3\u0142 z Gliwic na boisku w Wi\u015blicy. Dziewcz\u0119ta by\u0142y bojowo nastawione od &hellip;<\/p>\n                <\/div>\n              <\/div>\n            <\/div>\n            <div class=\"u-blog-post u-invisible u-container-style u-repeater-item\">\n              <div class=\"u-container-layout u-similar-container u-container-layout-2\"><a class=\"u-align-center u-blog-control u-image u-image-round u-radius-20 u-image-2\" href=\"http:\/\/wisla.skoczow.pl\/?p=12937\">\n                <img decoding=\"async\" class=\"u-align-center u-blog-control u-image u-image-round u-radius-20 u-image-2\" src=\"http:\/\/wisla.skoczow.pl\/wp-content\/uploads\/2023\/09\/COPY-Post-na-Facebook-940x788-px5.jpeg\"><\/a>\n                <h2 class=\"u-align-center u-blog-control u-text u-text-3\">\n                  <a class=\"u-post-header-link\" href=\"http:\/\/wisla.skoczow.pl\/?p=12937\">Terminarz 19 - 24.09.2023<\/a>\n                <\/h2>\n                <div class=\"u-blog-control u-post-content u-text u-text-4\"><p>\n\n\n\n\n\n\n\n\n\n\n\n\n\n\n\n\n\n\n\n\n\n<\/p>\n                <\/div>\n              <\/div>\n            <\/div>\n            <div class=\"u-blog-post u-invisible u-container-style u-repeater-item\">\n              <div class=\"u-container-layout u-similar-container u-container-layout-1\"><a class=\"u-align-center u-blog-control u-image u-image-round u-radius-20 u-image-1\" href=\"http:\/\/wisla.skoczow.pl\/?p=12933\">\n                <img decoding=\"async\" class=\"u-align-center u-blog-control u-image u-image-round u-radius-20 u-image-1\" src=\"http:\/\/wisla.skoczow.pl\/wp-content\/uploads\/2023\/09\/380000892_796309985832870_12458498366101680_n.jpg\"><\/a>\n                <h2 class=\"u-align-center u-blog-control u-text u-text-1\">\n                  <a class=\"u-post-header-link\" href=\"http:\/\/wisla.skoczow.pl\/?p=12933\">IV Liga Kobiet<\/a>\n                <\/h2>\n                <div class=\"u-blog-control u-post-content u-text u-text-2\"><p>\nW niedziele rozegrali\u015bmy sw\u00f3j pierwszy mecz przed w\u0142asn\u0105 publiczno\u015bci\u0105. Podejmowali\u015bmy zesp\u00f3\u0142 z LKS Bestwina. \u0141atwo nie by\u0142o, gdy\u017c na boisko &hellip;<\/p>\n                <\/div>\n              <\/div>\n            <\/div>\n            <div class=\"u-blog-post u-invisible u-container-style u-repeater-item\">\n              <div class=\"u-container-layout u-similar-container u-container-layout-2\"><a class=\"u-align-center u-blog-control u-image u-image-round u-radius-20 u-image-2\" href=\"http:\/\/wisla.skoczow.pl\/?p=12930\">\n                <img decoding=\"async\" class=\"u-align-center u-blog-control u-image u-image-round u-radius-20 u-image-2\" src=\"http:\/\/wisla.skoczow.pl\/wp-content\/uploads\/2023\/09\/379998170_796278889169313_2529075829898418757_n.jpg\"><\/a>\n                <h2 class=\"u-align-center u-blog-control u-text u-text-3\">\n                  <a class=\"u-post-header-link\" href=\"http:\/\/wisla.skoczow.pl\/?p=12930\">M\u0142odziczki U13<\/a>\n                <\/h2>\n                <div class=\"u-blog-control u-post-content u-text u-text-4\"><p>\nWyjazdowe spotkanie w sobot\u0119 odby\u0142o si\u0119 w \u015awi\u0119toch\u0142owicach. Dziewcz\u0119ta \u015bwietnie zacz\u0119\u0142y mecz. Walczy\u0142y o ka\u017cd\u0105 pi\u0142k\u0119, stwarza\u0142y sobie sytuacje &hellip;<\/p>\n                <\/div>\n              <\/div>\n            <\/div>\n            <div class=\"u-blog-post u-invisible u-container-style u-repeater-item\">\n              <div class=\"u-container-layout u-similar-container u-container-layout-1\"><a class=\"u-align-center u-blog-control u-image u-image-round u-radius-20 u-image-1\" href=\"http:\/\/wisla.skoczow.pl\/?p=12927\">\n                <img decoding=\"async\" class=\"u-align-center u-blog-control u-image u-image-round u-radius-20 u-image-1\" src=\"http:\/\/wisla.skoczow.pl\/wp-content\/uploads\/2023\/09\/379987904_796247122505823_5108840148478700172_n.jpg\"><\/a>\n                <h2 class=\"u-align-center u-blog-control u-text u-text-1\">\n                  <a class=\"u-post-header-link\" href=\"http:\/\/wisla.skoczow.pl\/?p=12927\">Juniorki M\u0142odsze U16<\/a>\n                <\/h2>\n                <div class=\"u-blog-control u-post-content u-text u-text-2\"><p>\nKto dzisiaj nie m\u00f3g\u0142 nam kibicowa\u0107, na prawd\u0119 du\u017co straci\u0142  Nasze zawodniczki zmierzy\u0142y si\u0119 na wyje\u017adzie z UKKS Katowice. Od pocz\u0105tku dziewczyny &hellip;<\/p>\n                <\/div>\n              <\/div>\n            <\/div>\n            <div class=\"u-blog-post u-invisible u-container-style u-repeater-item\">\n              <div class=\"u-container-layout u-similar-container u-container-layout-2\"><a class=\"u-align-center u-blog-control u-image u-image-round u-radius-20 u-image-2\" href=\"http:\/\/wisla.skoczow.pl\/?p=12878\">\n                <img decoding=\"async\" class=\"u-align-center u-blog-control u-image u-image-round u-radius-20 u-image-2\" src=\"http:\/\/wisla.skoczow.pl\/wp-content\/uploads\/2023\/09\/COPY-COPY-Post-na-Facebook-940x788-px5.jpeg\"><\/a>\n                <h2 class=\"u-align-center u-blog-control u-text u-text-3\">\n                  <a class=\"u-post-header-link\" href=\"http:\/\/wisla.skoczow.pl\/?p=12878\">Terminarz 13 - 17.09.2023<\/a>\n                <\/h2>\n                <div class=\"u-blog-control u-post-content u-text u-text-4\"><p>\n\n\n\n\n\n\n\n\n\n\n\n\n\n\n\n<\/p>\n                <\/div>\n              <\/div>\n            <\/div>\n            <div class=\"u-blog-post u-invisible u-container-style u-repeater-item\">\n              <div class=\"u-container-layout u-similar-container u-container-layout-1\"><a class=\"u-align-center u-blog-control u-image u-image-round u-radius-20 u-image-1\" href=\"http:\/\/wisla.skoczow.pl\/?p=12905\">\n                <img decoding=\"async\" class=\"u-align-center u-blog-control u-image u-image-round u-radius-20 u-image-1\" src=\"http:\/\/wisla.skoczow.pl\/wp-content\/uploads\/2023\/09\/376769520_790984163032119_432588532627423992_n.jpg\"><\/a>\n                <h2 class=\"u-align-center u-blog-control u-text u-text-1\">\n                  <a class=\"u-post-header-link\" href=\"http:\/\/wisla.skoczow.pl\/?p=12905\">Juniorki M\u0142odsze U16<\/a>\n                <\/h2>\n                <div class=\"u-blog-control u-post-content u-text u-text-2\"><p>\nDzisiaj w meczu domowym wyj\u0105tkowo rozegranym na boisku w Wi\u015blicy dziewczyny zmierzy\u0142y si\u0119 z Rakowem Cz\u0119stochowa. Niestety by\u0142 to kolejny mecz gdzie&hellip;<\/p>\n                <\/div>\n              <\/div>\n            <\/div>\n            <div class=\"u-blog-post u-invisible u-container-style u-repeater-item\">\n              <div class=\"u-container-layout u-similar-container u-container-layout-2\"><a class=\"u-align-center u-blog-control u-image u-image-round u-radius-20 u-image-2\" href=\"http:\/\/wisla.skoczow.pl\/?p=12874\">\n                <img decoding=\"async\" class=\"u-align-center u-blog-control u-image u-image-round u-radius-20 u-image-2\" src=\"http:\/\/wisla.skoczow.pl\/wp-content\/uploads\/2023\/09\/Post-na-Facebook-940x788-px113.jpeg\"><\/a>\n                <h2 class=\"u-align-center u-blog-control u-text u-text-3\">\n                  <a class=\"u-post-header-link\" href=\"http:\/\/wisla.skoczow.pl\/?p=12874\">Terminarz 09 - 10.09.2023<\/a>\n                <\/h2>\n                <div class=\"u-blog-control u-post-content u-text u-text-4\"><p>\n\n<\/p>\n                <\/div>\n              <\/div>\n            <\/div>\n            <div class=\"u-blog-post u-invisible u-container-style u-repeater-item\">\n              <div class=\"u-container-layout u-similar-container u-container-layout-1\"><a class=\"u-align-center u-blog-control u-image u-image-round u-radius-20 u-image-1\" href=\"http:\/\/wisla.skoczow.pl\/?p=12871\">\n                <img decoding=\"async\" class=\"u-align-center u-blog-control u-image u-image-round u-radius-20 u-image-1\" src=\"http:\/\/wisla.skoczow.pl\/wp-content\/uploads\/2023\/09\/375832785_788932999903902_4079181636498499495_n.jpg\"><\/a>\n                <h2 class=\"u-align-center u-blog-control u-text u-text-1\">\n                  <a class=\"u-post-header-link\" href=\"http:\/\/wisla.skoczow.pl\/?p=12871\">Akademia Pi\u0142karska U10<\/a>\n                <\/h2>\n                <div class=\"u-blog-control u-post-content u-text u-text-2\"><p>\nWczoraj dziewczyny rozegra\u0142y kolejne spotkanie w ramach ligi \u017caka Na wyje\u017adzie zmierzy\u0142y si\u0119 CKS Piast Cieszyn . Fajnie widzie\u0107, \u017ce dziewczyny &hellip;<\/p>\n                <\/div>\n              <\/div>\n            <\/div>\n            <div class=\"u-blog-post u-invisible u-container-style u-repeater-item\">\n              <div class=\"u-container-layout u-similar-container u-container-layout-2\"><a class=\"u-align-center u-blog-control u-image u-image-round u-radius-20 u-image-2\" href=\"http:\/\/wisla.skoczow.pl\/?p=12868\">\n                <img decoding=\"async\" class=\"u-align-center u-blog-control u-image u-image-round u-radius-20 u-image-2\" src=\"http:\/\/wisla.skoczow.pl\/wp-content\/uploads\/2023\/09\/375066478_786314650165737_7777900989223749800_n.jpg\"><\/a>\n                <h2 class=\"u-align-center u-blog-control u-text u-text-3\">\n                  <a class=\"u-post-header-link\" href=\"http:\/\/wisla.skoczow.pl\/?p=12868\">M\u0142odziczki U13<\/a>\n                <\/h2>\n                <div class=\"u-blog-control u-post-content u-text u-text-4\"><p>\nDzisiaj swoje spotkanie dziewczyny rozegra\u0142y na wyje\u017adzie w Sosnowcu mierz\u0105c si\u0119 z KKS Czarni Sosnowiec. Tym razem ten mecz w por\u00f3wnaniu do &hellip;<\/p>\n                <\/div>\n              <\/div>\n            <\/div>\n            <div class=\"u-blog-post u-invisible u-container-style u-repeater-item\">\n              <div class=\"u-container-layout u-similar-container u-container-layout-1\"><a class=\"u-align-center u-blog-control u-image u-image-round u-radius-20 u-image-1\" href=\"http:\/\/wisla.skoczow.pl\/?p=12865\">\n                <img decoding=\"async\" class=\"u-align-center u-blog-control u-image u-image-round u-radius-20 u-image-1\" src=\"http:\/\/wisla.skoczow.pl\/wp-content\/uploads\/2023\/09\/375053860_785693980227804_1003411317467544514_n.jpg\"><\/a>\n                <h2 class=\"u-align-center u-blog-control u-text u-text-1\">\n                  <a class=\"u-post-header-link\" href=\"http:\/\/wisla.skoczow.pl\/?p=12865\">Juniorki M\u0142odsze U16<\/a>\n                <\/h2>\n                <div class=\"u-blog-control u-post-content u-text u-text-2\"><p>\nDzisiaj na wyje\u017adzie dziewczyny zmierzy\u0142y si\u0119 z TS Mitech \u017bywiec . Zanim jednak przejdziemy do opisu meczu warto podkre\u015bli\u0107 podej\u015bcie naszych &hellip;<\/p>\n                <\/div>\n              <\/div>\n            <\/div>\n            <div class=\"u-blog-post u-invisible u-container-style u-repeater-item\">\n              <div class=\"u-container-layout u-similar-container u-container-layout-2\"><a class=\"u-align-center u-blog-control u-image u-image-round u-radius-20 u-image-2\" href=\"http:\/\/wisla.skoczow.pl\/?p=12856\">\n                <img decoding=\"async\" class=\"u-align-center u-blog-control u-image u-image-round u-radius-20 u-image-2\" src=\"http:\/\/wisla.skoczow.pl\/wp-content\/uploads\/2023\/09\/374906881_785683153562220_1433522879623157635_n.jpg\"><\/a>\n                <h2 class=\"u-align-center u-blog-control u-text u-text-3\">\n                  <a class=\"u-post-header-link\" href=\"http:\/\/wisla.skoczow.pl\/?p=12856\">M\u0142odziczki U13<\/a>\n                <\/h2>\n                <div class=\"u-blog-control u-post-content u-text u-text-4\"><p>\nWczoraj M\u0142odziczki rozegra\u0142y swoje pierwsze spotkanie w nowym sezonie. W roli gospodarza zmierzy\u0142y si\u0119 ze Skr\u0105 Cz\u0119stochowa. Pocz\u0105tek meczu bardzo &hellip;<\/p>\n                <\/div>\n              <\/div>\n            <\/div>\n            <div class=\"u-blog-post u-invisible u-container-style u-repeater-item\">\n              <div class=\"u-container-layout u-similar-container u-container-layout-1\"><a class=\"u-align-center u-blog-control u-image u-image-round u-radius-20 u-image-1\" href=\"http:\/\/wisla.skoczow.pl\/?p=12850\">\n                <img decoding=\"async\" class=\"u-align-center u-blog-control u-image u-image-round u-radius-20 u-image-1\" src=\"http:\/\/wisla.skoczow.pl\/wp-content\/uploads\/2023\/08\/Post-na-Facebook-940x788-px109.jpeg\"><\/a>\n                <h2 class=\"u-align-center u-blog-control u-text u-text-1\">\n                  <a class=\"u-post-header-link\" href=\"http:\/\/wisla.skoczow.pl\/?p=12850\">Terminarz 02-06.09.2023<\/a>\n                <\/h2>\n                <div class=\"u-blog-control u-post-content u-text u-text-2\"><p>\n\n\n\n\n\n\n\n\n\n\n\n\n\n\n\n\n\n<\/p>\n                <\/div>\n              <\/div>\n            <\/div>\n            <div class=\"u-blog-post u-invisible u-container-style u-repeater-item\">\n              <div class=\"u-container-layout u-similar-container u-container-layout-2\"><a class=\"u-align-center u-blog-control u-image u-image-round u-radius-20 u-image-2\" href=\"http:\/\/wisla.skoczow.pl\/?p=12847\">\n                <img decoding=\"async\" class=\"u-align-center u-blog-control u-image u-image-round u-radius-20 u-image-2\" src=\"http:\/\/wisla.skoczow.pl\/wp-content\/uploads\/2023\/08\/370314555_783013450495857_786709725586671646_n.jpg\"><\/a>\n                <h2 class=\"u-align-center u-blog-control u-text u-text-3\">\n                  <a class=\"u-post-header-link\" href=\"http:\/\/wisla.skoczow.pl\/?p=12847\">Akademia Pi\u0142karska U10<\/a>\n                <\/h2>\n                <div class=\"u-blog-control u-post-content u-text u-text-4\"><p>\nDzisiaj dziewczyny z akademii rozegra\u0142y kolejne spotkanie w ramach ligi \u017caka W roli gospodarza zmierzy\u0142y si\u0119 z ch\u0142opakami z KS Ku\u017ania Ustro\u0144 . W &hellip;<\/p>\n                <\/div>\n              <\/div>\n            <\/div>\n            <div class=\"u-blog-post u-invisible u-container-style u-repeater-item\">\n              <div class=\"u-container-layout u-similar-container u-container-layout-1\"><a class=\"u-align-center u-blog-control u-image u-image-round u-radius-20 u-image-1\" href=\"http:\/\/wisla.skoczow.pl\/?p=12844\">\n                <img decoding=\"async\" class=\"u-align-center u-blog-control u-image u-image-round u-radius-20 u-image-1\" src=\"http:\/\/wisla.skoczow.pl\/wp-content\/uploads\/2023\/08\/372839350_782367147227154_3222176135106343941_n.jpg\"><\/a>\n                <h2 class=\"u-align-center u-blog-control u-text u-text-1\">\n                  <a class=\"u-post-header-link\" href=\"http:\/\/wisla.skoczow.pl\/?p=12844\">Juniorki M\u0142odsze U16<\/a>\n                <\/h2>\n                <div class=\"u-blog-control u-post-content u-text u-text-2\"><p>\nWczoraj nasze zawodniczki rozpocz\u0119\u0142y swoje ligowe zmagania w nowym sezonie. Ten sezon r\u00f3\u017cni si\u0119 od poprzednich zwi\u0119kszeniem zakresu kategorii &hellip;<\/p>\n                <\/div>\n              <\/div>\n            <\/div>\n            <div class=\"u-blog-post u-invisible u-container-style u-repeater-item\">\n              <div class=\"u-container-layout u-similar-container u-container-layout-2\"><a class=\"u-align-center u-blog-control u-image u-image-round u-radius-20 u-image-2\" href=\"http:\/\/wisla.skoczow.pl\/?p=12838\">\n                <img decoding=\"async\" class=\"u-align-center u-blog-control u-image u-image-round u-radius-20 u-image-2\" src=\"http:\/\/wisla.skoczow.pl\/wp-content\/uploads\/2023\/08\/COPY-COPY-Post-na-Facebook-940x788-px1.jpeg\"><\/a>\n                <h2 class=\"u-align-center u-blog-control u-text u-text-3\">\n                  <a class=\"u-post-header-link\" href=\"http:\/\/wisla.skoczow.pl\/?p=12838\">Terminarz 27-31.08.2023<\/a>\n                <\/h2>\n                <div class=\"u-blog-control u-post-content u-text u-text-4\"><p>\n\n\n\n\n\n\n\n\n\n\n\n\n\n\n\n\n\n<\/p>\n                <\/div>\n              <\/div>\n            <\/div>\n            <div class=\"u-blog-post u-invisible u-container-style u-repeater-item\">\n              <div class=\"u-container-layout u-similar-container u-container-layout-1\"><a class=\"u-align-center u-blog-control u-image u-image-round u-radius-20 u-image-1\" href=\"http:\/\/wisla.skoczow.pl\/?p=12707\">\n                <img decoding=\"async\" class=\"u-align-center u-blog-control u-image u-image-round u-radius-20 u-image-1\" src=\"http:\/\/wisla.skoczow.pl\/wp-content\/uploads\/2023\/08\/GCS_DSC_07725-scaled.jpg\"><\/a>\n                <h2 class=\"u-align-center u-blog-control u-text u-text-1\">\n                  <a class=\"u-post-header-link\" href=\"http:\/\/wisla.skoczow.pl\/?p=12707\">15 LECIE KLUBU - podsumowanie<\/a>\n                <\/h2>\n                <div class=\"u-blog-control u-post-content u-text u-text-2\"><p>\n15 lat min\u0119\u0142o... \n\n\n\n7 marca 2008 roku grupa dzia\u0142aczy Skoczowskich postanowi\u0142a za\u0142o\u017cy\u0107 klub, w kt\u00f3rym dziewcz\u0119ta mog\u0142y rozwija\u0107 swoj\u0105 pasj\u0119 - &hellip;<\/p>\n                <\/div>\n              <\/div>\n            <\/div>\n            <div class=\"u-blog-post u-invisible u-container-style u-repeater-item\">\n              <div class=\"u-container-layout u-similar-container u-container-layout-2\"><a class=\"u-align-center u-blog-control u-image u-image-round u-radius-20 u-image-2\" href=\"http:\/\/wisla.skoczow.pl\/?p=12832\">\n                <img decoding=\"async\" class=\"u-align-center u-blog-control u-image u-image-round u-radius-20 u-image-2\" src=\"http:\/\/wisla.skoczow.pl\/wp-content\/uploads\/2023\/08\/370432083_779404380856764_2418399917846380594_n.jpg\"><\/a>\n                <h2 class=\"u-align-center u-blog-control u-text u-text-3\">\n                  <a class=\"u-post-header-link\" href=\"http:\/\/wisla.skoczow.pl\/?p=12832\">M\u0142odziczki U13 - sparingi<\/a>\n                <\/h2>\n                <div class=\"u-blog-control u-post-content u-text u-text-4\"><p>\nDziewcz\u0119ta rozegra\u0142y dwa spotkania w ramach przygotowa\u0144 do \u015aLM.\n\n\n\nPodczas naszego \u015bwi\u0119ta 19.08 Wise\u0142ki zmierzy\u0142y si\u0119 z TS Mitech \u017bywiec.\n\n\n\n&hellip;<\/p>\n                <\/div>\n              <\/div>\n            <\/div>\n            <div class=\"u-blog-post u-invisible u-container-style u-repeater-item\">\n              <div class=\"u-container-layout u-similar-container u-container-layout-1\"><a class=\"u-align-center u-blog-control u-image u-image-round u-radius-20 u-image-1\" href=\"http:\/\/wisla.skoczow.pl\/?p=12835\">\n                <img decoding=\"async\" class=\"u-align-center u-blog-control u-image u-image-round u-radius-20 u-image-1\" src=\"http:\/\/wisla.skoczow.pl\/wp-content\/uploads\/2023\/08\/370527396_779577884172747_7655609969981701471_n.jpg\"><\/a>\n                <h2 class=\"u-align-center u-blog-control u-text u-text-1\">\n                  <a class=\"u-post-header-link\" href=\"http:\/\/wisla.skoczow.pl\/?p=12835\">Transfery<\/a>\n                <\/h2>\n                <div class=\"u-blog-control u-post-content u-text u-text-2\"><p>\nCztery zawodniczki graj\u0105ce w naszych barwach w sezonie 2022\/23 w \u015al\u0105skiej Lidze Trampkarek U15 przesz\u0142o do RKS Rak\u00f3w Cz\u0119stochowa, gdzie w nowym &hellip;<\/p>\n                <\/div>\n              <\/div>\n            <\/div>\n            <div class=\"u-blog-post u-invisible u-container-style u-repeater-item\">\n              <div class=\"u-container-layout u-similar-container u-container-layout-2\"><a class=\"u-align-center u-blog-control u-image u-image-round u-radius-20 u-image-2\" href=\"http:\/\/wisla.skoczow.pl\/?p=12829\">\n                <img decoding=\"async\" class=\"u-align-center u-blog-control u-image u-image-round u-radius-20 u-image-2\" src=\"http:\/\/wisla.skoczow.pl\/wp-content\/uploads\/2023\/08\/370422249_779080427555826_9149737137917644732_n.jpg\"><\/a>\n                <h2 class=\"u-align-center u-blog-control u-text u-text-3\">\n                  <a class=\"u-post-header-link\" href=\"http:\/\/wisla.skoczow.pl\/?p=12829\">Akademia Pi\u0142karska U10<\/a>\n                <\/h2>\n                <div class=\"u-blog-control u-post-content u-text u-text-4\"><p>\nWczoraj nasze zawodniczki z akademii rozegra\u0142y kolejne spotkanie w ramach ligi \u017caka organizowanej przez Podokr\u0119g Skocz\u00f3w Tym razem w meczu &hellip;<\/p>\n                <\/div>\n              <\/div>\n            <\/div>\n            <div class=\"u-blog-post u-invisible u-container-style u-repeater-item\">\n              <div class=\"u-container-layout u-similar-container u-container-layout-1\"><a class=\"u-align-center u-blog-control u-image u-image-round u-radius-20 u-image-1\" href=\"http:\/\/wisla.skoczow.pl\/?p=12823\">\n                <img decoding=\"async\" class=\"u-align-center u-blog-control u-image u-image-round u-radius-20 u-image-1\" src=\"http:\/\/wisla.skoczow.pl\/wp-content\/uploads\/2023\/08\/370481456_779073584223177_3734017260521623375_n.jpg\"><\/a>\n                <h2 class=\"u-align-center u-blog-control u-text u-text-1\">\n                  <a class=\"u-post-header-link\" href=\"http:\/\/wisla.skoczow.pl\/?p=12823\">Juniorki M\u0142odsze U16 - sparingi<\/a>\n                <\/h2>\n                <div class=\"u-blog-control u-post-content u-text u-text-2\"><p>\nOstanie kilka dni by\u0142y bardzo intensywne dla naszych zawodniczek. Odby\u0142a si\u0119 seria meczy kontrolnych przed rozpocz\u0119ciem ligi, kt\u00f3ra startuje ju\u017c 27&hellip;<\/p>\n                <\/div>\n              <\/div>\n            <\/div>\n            <div class=\"u-blog-post u-invisible u-container-style u-repeater-item\">\n              <div class=\"u-container-layout u-similar-container u-container-layout-2\"><a class=\"u-align-center u-blog-control u-image u-image-round u-radius-20 u-image-2\" href=\"http:\/\/wisla.skoczow.pl\/?p=12818\">\n                <img decoding=\"async\" class=\"u-align-center u-blog-control u-image u-image-round u-radius-20 u-image-2\" src=\"http:\/\/wisla.skoczow.pl\/wp-content\/uploads\/2023\/08\/369781090_778180040979198_3076850923523277393_n.jpg\"><\/a>\n                <h2 class=\"u-align-center u-blog-control u-text u-text-3\">\n                  <a class=\"u-post-header-link\" href=\"http:\/\/wisla.skoczow.pl\/?p=12818\">LIST GRATULACYJNY - Burmistrz Miros\u0142aw Sitko<\/a>\n                <\/h2>\n                <div class=\"u-blog-control u-post-content u-text u-text-4\"><p>\nW sobot\u0119 19.08 gratulacje z\u0142o\u017cy\u0142 Burmistrz Miasta Skoczowa Miros\u0142aw Sitko, kt\u00f3ry wr\u0119czy\u0142 LIST GRATULACYJNY oraz pami\u0105tkowy puchar. Pracujemy dalej\n&hellip;<\/p>\n                <\/div>\n              <\/div>\n            <\/div>\n            <div class=\"u-blog-post u-invisible u-container-style u-repeater-item\">\n              <div class=\"u-container-layout u-similar-container u-container-layout-1\"><a class=\"u-align-center u-blog-control u-image u-image-round u-radius-20 u-image-1\" href=\"http:\/\/wisla.skoczow.pl\/?p=12814\">\n                <img decoding=\"async\" class=\"u-align-center u-blog-control u-image u-image-round u-radius-20 u-image-1\" src=\"http:\/\/wisla.skoczow.pl\/wp-content\/uploads\/2023\/08\/369340150_778160794314456_4290541986014718691_n.jpg\"><\/a>\n                <h2 class=\"u-align-center u-blog-control u-text u-text-1\">\n                  <a class=\"u-post-header-link\" href=\"http:\/\/wisla.skoczow.pl\/?p=12814\">LIST GRATULACYJNY - Wicestarosta Janina \u017bagan<\/a>\n                <\/h2>\n                <div class=\"u-blog-control u-post-content u-text u-text-2\"><p>\nW dniu naszego \u015bwi\u0119ta gratulacje w imieniu Starosty Cieszy\u0144skiego z\u0142o\u017cy\u0142a Janina \u017bagan Wicestarosta Powiatu Cieszy\u0144skiego. Pi\u0119kne s\u0142owa, kt\u00f3re &hellip;<\/p>\n                <\/div>\n              <\/div>\n            <\/div>\n            <div class=\"u-blog-post u-invisible u-container-style u-repeater-item\">\n              <div class=\"u-container-layout u-similar-container u-container-layout-2\"><a class=\"u-align-center u-blog-control u-image u-image-round u-radius-20 u-image-2\" href=\"http:\/\/wisla.skoczow.pl\/?p=12648\">\n                <img decoding=\"async\" class=\"u-align-center u-blog-control u-image u-image-round u-radius-20 u-image-2\" src=\"http:\/\/wisla.skoczow.pl\/wp-content\/uploads\/2023\/08\/program.jpg\"><\/a>\n                <h2 class=\"u-align-center u-blog-control u-text u-text-3\">\n                  <a class=\"u-post-header-link\" href=\"http:\/\/wisla.skoczow.pl\/?p=12648\">FESTYN SPORTOWY<\/a>\n                <\/h2>\n                <div class=\"u-blog-control u-post-content u-text u-text-4\"><p>\nJu\u017c za kilka godzin... FESTYN SPORTOWY - ZAPRASZAMY\n\n\n\n\n<\/p>\n                <\/div>\n              <\/div>\n            <\/div>\n            <div class=\"u-blog-post u-invisible u-container-style u-repeater-item\">\n              <div class=\"u-container-layout u-similar-container u-container-layout-1\"><a class=\"u-align-center u-blog-control u-image u-image-round u-radius-20 u-image-1\" href=\"http:\/\/wisla.skoczow.pl\/?p=12644\">\n                <img decoding=\"async\" class=\"u-align-center u-blog-control u-image u-image-round u-radius-20 u-image-1\" src=\"http:\/\/wisla.skoczow.pl\/wp-content\/uploads\/2023\/08\/GCS_DSC_3370-scaled.jpg\"><\/a>\n                <h2 class=\"u-align-center u-blog-control u-text u-text-1\">\n                  <a class=\"u-post-header-link\" href=\"http:\/\/wisla.skoczow.pl\/?p=12644\">LIST GRATULACYJNY - W\u00f3jt Jerzy Pilch<\/a>\n                <\/h2>\n                <div class=\"u-blog-control u-post-content u-text u-text-2\"><p>\n\u015awi\u0119towania  czas coraz bli\u017cej\n\n\n\nLIST GRATULACYJNY otrzymali\u015bmy od Jerzy PilchGmina Brenna , kt\u00f3ry W\u00f3jt wr\u0119czy\u0142 nam podczas XI Mi\u0119dzynarodowego &hellip;<\/p>\n                <\/div>\n              <\/div>\n            <\/div>\n            <div class=\"u-blog-post u-invisible u-container-style u-repeater-item\">\n              <div class=\"u-container-layout u-similar-container u-container-layout-2\"><a class=\"u-align-center u-blog-control u-image u-image-round u-radius-20 u-image-2\" href=\"http:\/\/wisla.skoczow.pl\/?p=12826\">\n                <img decoding=\"async\" class=\"u-align-center u-blog-control u-image u-image-round u-radius-20 u-image-2\" src=\"http:\/\/wisla.skoczow.pl\/wp-content\/uploads\/2023\/08\/368031723_775181371279065_8972042399057792755_n.jpg\"><\/a>\n                <h2 class=\"u-align-center u-blog-control u-text u-text-3\">\n                  <a class=\"u-post-header-link\" href=\"http:\/\/wisla.skoczow.pl\/?p=12826\">Akademia Pi\u0142karska U10<\/a>\n                <\/h2>\n                <div class=\"u-blog-control u-post-content u-text u-text-4\"><p>\nInformacje ze zmaga\u0144 w tej kategorii nie b\u0119d\u0105 zawiera\u0142y wynik\u00f3w czy ilo\u015bci strzelonych bramek. W U najwa\u017cniejszy jest dla nas indywidualny rozw\u00f3j &hellip;<\/p>\n                <\/div>\n              <\/div>\n            <\/div>\n            <div class=\"u-blog-post u-invisible u-container-style u-repeater-item\">\n              <div class=\"u-container-layout u-similar-container u-container-layout-1\"><a class=\"u-align-center u-blog-control u-image u-image-round u-radius-20 u-image-1\" href=\"http:\/\/wisla.skoczow.pl\/?p=12652\">\n                <img decoding=\"async\" class=\"u-align-center u-blog-control u-image u-image-round u-radius-20 u-image-1\" src=\"http:\/\/wisla.skoczow.pl\/wp-content\/uploads\/2023\/05\/cropped-cropped-herb_KKS-6.png\"><\/a>\n                <h2 class=\"u-align-center u-blog-control u-text u-text-1\">\n                  <a class=\"u-post-header-link\" href=\"http:\/\/wisla.skoczow.pl\/?p=12652\">O\u015aWIADCZENIE ZARZ\u0104DU<\/a>\n                <\/h2>\n                <div class=\"u-blog-control u-post-content u-text u-text-2\"><p>\nW zwi\u0105zku z zaistnia\u0142\u0105 sytuacj\u0105 - w\u0142\u0105czeniu si\u0119 \"NOWY INWESTOR\" w przej\u0119cie\/wsparcie klubu KS SWD - wycofujemy si\u0119 z przej\u0119cia sekcji pi\u0142ki no\u017cnej &hellip;<\/p>\n                <\/div>\n              <\/div>\n            <\/div>\n            <div class=\"u-blog-post u-invisible u-container-style u-repeater-item\">\n              <div class=\"u-container-layout u-similar-container u-container-layout-2\"><a class=\"u-align-center u-blog-control u-image u-image-round u-radius-20 u-image-2\" href=\"http:\/\/wisla.skoczow.pl\/?p=12641\">\n                <img decoding=\"async\" class=\"u-align-center u-blog-control u-image u-image-round u-radius-20 u-image-2\" src=\"http:\/\/wisla.skoczow.pl\/wp-content\/uploads\/2023\/08\/GCS_DSC_4055-scaled.jpg\"><\/a>\n                <h2 class=\"u-align-center u-blog-control u-text u-text-3\">\n                  <a class=\"u-post-header-link\" href=\"http:\/\/wisla.skoczow.pl\/?p=12641\">Juniorki M\u0142. U16<\/a>\n                <\/h2>\n                <div class=\"u-blog-control u-post-content u-text u-text-4\"><p>\nW sobot\u0119 19.08 podczas obchod\u00f3w 15 lecia naszego Klubu, zesp\u00f3\u0142 Juniorek M\u0142. U16 rozegra towarzyskie spotkanie z AP SJZ Jastrz\u0119bie-Zdr\u00f3j, kt\u00f3ry &hellip;<\/p>\n                <\/div>\n              <\/div>\n            <\/div>\n            <div class=\"u-blog-post u-invisible u-container-style u-repeater-item\">\n              <div class=\"u-container-layout u-similar-container u-container-layout-1\"><a class=\"u-align-center u-blog-control u-image u-image-round u-radius-20 u-image-1\" href=\"http:\/\/wisla.skoczow.pl\/?p=12638\">\n                <img decoding=\"async\" class=\"u-align-center u-blog-control u-image u-image-round u-radius-20 u-image-1\" src=\"http:\/\/wisla.skoczow.pl\/wp-content\/uploads\/2023\/08\/365970600_776452327815539_6209793281779286785_n.jpg\"><\/a>\n                <h2 class=\"u-align-center u-blog-control u-text u-text-1\">\n                  <a class=\"u-post-header-link\" href=\"http:\/\/wisla.skoczow.pl\/?p=12638\">Turniej w Knurowie<\/a>\n                <\/h2>\n                <div class=\"u-blog-control u-post-content u-text u-text-2\"><p>\nW najbli\u017csz\u0105 niedziel\u0119 udamy si\u0119 na zmagania turniejowe do Knurowa. Po\u0142\u0105czony zesp\u00f3\u0142 zawodniczek U16 i starszych zmaga\u0107 si\u0119 b\u0119dzie z trzema &hellip;<\/p>\n                <\/div>\n              <\/div>\n            <\/div>\n            <div class=\"u-blog-post u-invisible u-container-style u-repeater-item\">\n              <div class=\"u-container-layout u-similar-container u-container-layout-2\"><a class=\"u-align-center u-blog-control u-image u-image-round u-radius-20 u-image-2\" href=\"http:\/\/wisla.skoczow.pl\/?p=12635\">\n                <img decoding=\"async\" class=\"u-align-center u-blog-control u-image u-image-round u-radius-20 u-image-2\" src=\"http:\/\/wisla.skoczow.pl\/wp-content\/uploads\/2023\/08\/GCS_DSC_10105-scaled.jpg\"><\/a>\n                <h2 class=\"u-align-center u-blog-control u-text u-text-3\">\n                  <a class=\"u-post-header-link\" href=\"http:\/\/wisla.skoczow.pl\/?p=12635\">M\u0142odziczki U13<\/a>\n                <\/h2>\n                <div class=\"u-blog-control u-post-content u-text u-text-4\"><p>\nW sobot\u0119 19.08 w ramach naszego \u015bwi\u0119ta 15-lecia Klubu, zesp\u00f3\u0142 m\u0142odziczek U13 rozegra sparing z TS Mitech \u017bywiec o godz. 15:00 na boisku w Wi\u015blicy. &hellip;<\/p>\n                <\/div>\n              <\/div>\n            <\/div>\n            <div class=\"u-blog-post u-invisible u-container-style u-repeater-item\">\n              <div class=\"u-container-layout u-similar-container u-container-layout-1\"><a class=\"u-align-center u-blog-control u-image u-image-round u-radius-20 u-image-1\" href=\"http:\/\/wisla.skoczow.pl\/?p=12621\">\n                <img decoding=\"async\" class=\"u-align-center u-blog-control u-image u-image-round u-radius-20 u-image-1\" src=\"http:\/\/wisla.skoczow.pl\/wp-content\/uploads\/2023\/08\/DSC_9654-scaled.jpg\"><\/a>\n                <h2 class=\"u-align-center u-blog-control u-text u-text-1\">\n                  <a class=\"u-post-header-link\" href=\"http:\/\/wisla.skoczow.pl\/?p=12621\">KKS Wis\u0142a Skocz\u00f3w przejmuje sekcj\u0119 pi\u0142ki no\u017cnej kobiet KS SWD Wodzis\u0142aw \u015al\u0105ski<\/a>\n                <\/h2>\n                <div class=\"u-blog-control u-post-content u-text u-text-2\"><p>\nPragniemy poinformowa\u0107, i\u017c Kobiecy Klub Sportowy \"Wis\u0142a\" w Skoczowie doszed\u0142 do porozumienia z Klubem Sportowym SWD Wodzis\u0142aw \u015al\u0105ski ws. przej\u0119cia &hellip;<\/p>\n                <\/div>\n              <\/div>\n            <\/div>\n            <div class=\"u-blog-post u-invisible u-container-style u-repeater-item\">\n              <div class=\"u-container-layout u-similar-container u-container-layout-2\"><a class=\"u-align-center u-blog-control u-image u-image-round u-radius-20 u-image-2\" href=\"http:\/\/wisla.skoczow.pl\/?p=12608\">\n                <img decoding=\"async\" class=\"u-align-center u-blog-control u-image u-image-round u-radius-20 u-image-2\" src=\"http:\/\/wisla.skoczow.pl\/wp-content\/uploads\/2023\/08\/DSC_4232-scaled.jpg\"><\/a>\n                <h2 class=\"u-align-center u-blog-control u-text u-text-3\">\n                  <a class=\"u-post-header-link\" href=\"http:\/\/wisla.skoczow.pl\/?p=12608\">PUCHAR RZEKI WIS\u0141Y 2023 - III miejsce<\/a>\n                <\/h2>\n                <div class=\"u-blog-control u-post-content u-text u-text-4\"><p>\nJedenasta edycja mi\u0119dzynarodowego turnieju odby\u0142a si\u0119 w sobot\u0119 12 sierpnia 2023 na boisku w SOSiR w Skoczowie przy ul. Sportowej 6, pod Honorowym &hellip;<\/p>\n                <\/div>\n              <\/div>\n            <\/div>\n            <div class=\"u-blog-post u-invisible u-container-style u-repeater-item\">\n              <div class=\"u-container-layout u-similar-container u-container-layout-1\"><a class=\"u-align-center u-blog-control u-image u-image-round u-radius-20 u-image-1\" href=\"http:\/\/wisla.skoczow.pl\/?p=12599\">\n                <img decoding=\"async\" class=\"u-align-center u-blog-control u-image u-image-round u-radius-20 u-image-1\" src=\"http:\/\/wisla.skoczow.pl\/wp-content\/uploads\/2023\/08\/1x1-pzpn.jpg\"><\/a>\n                <h2 class=\"u-align-center u-blog-control u-text u-text-1\">\n                  <a class=\"u-post-header-link\" href=\"http:\/\/wisla.skoczow.pl\/?p=12599\">FINA\u0141 WOJEW\u00d3DZKI 1x1<\/a>\n                <\/h2>\n                <div class=\"u-blog-control u-post-content u-text u-text-2\"><p>\nFINA\u0141 WOJEW\u00d3DZKI Turnieju Gry 1x1 PZPN, odb\u0119dzie si\u0119 w Chorzowie 25 wrze\u015bnia\n\n\n\nNasz klub b\u0119d\u0105 reprezentowa\u0107 cztery zawodniczki: Ewa Pilorz - Sonia&hellip;<\/p>\n                <\/div>\n              <\/div>\n            <\/div>\n            <div class=\"u-blog-post u-invisible u-container-style u-repeater-item\">\n              <div class=\"u-container-layout u-similar-container u-container-layout-2\"><a class=\"u-align-center u-blog-control u-image u-image-round u-radius-20 u-image-2\" href=\"http:\/\/wisla.skoczow.pl\/?p=12596\">\n                <img decoding=\"async\" class=\"u-align-center u-blog-control u-image u-image-round u-radius-20 u-image-2\" src=\"http:\/\/wisla.skoczow.pl\/wp-content\/uploads\/2023\/08\/PUCHAR-RZEKI-WISLY-23.jpeg\"><\/a>\n                <h2 class=\"u-align-center u-blog-control u-text u-text-3\">\n                  <a class=\"u-post-header-link\" href=\"http:\/\/wisla.skoczow.pl\/?p=12596\">PUCHAR RZEKI WIS\u0141Y 2023<\/a>\n                <\/h2>\n                <div class=\"u-blog-control u-post-content u-text u-text-4\"><p>\nZapraszamy na XI Mi\u0119dzynarodowy Turniej Pi\u0142ki No\u017cnej Kobiet, kt\u00f3ry odb\u0119dzie si\u0119 w najbli\u017csz\u0105 sobot\u0119 na Stadionie SOSiR w Skoczowie.\n\n\n\nTegoroczny &hellip;<\/p>\n                <\/div>\n              <\/div>\n            <\/div>\n            <div class=\"u-blog-post u-invisible u-container-style u-repeater-item\">\n              <div class=\"u-container-layout u-similar-container u-container-layout-1\"><a class=\"u-align-center u-blog-control u-image u-image-round u-radius-20 u-image-1\" href=\"http:\/\/wisla.skoczow.pl\/?p=12572\">\n                <img decoding=\"async\" class=\"u-align-center u-blog-control u-image u-image-round u-radius-20 u-image-1\" src=\"http:\/\/wisla.skoczow.pl\/wp-content\/uploads\/2023\/07\/IMG_8785-scaled.jpg\"><\/a>\n                <h2 class=\"u-align-center u-blog-control u-text u-text-1\">\n                  <a class=\"u-post-header-link\" href=\"http:\/\/wisla.skoczow.pl\/?p=12572\">NAB\u00d3R Pi\u0142karskie Przedszkole U7<\/a>\n                <\/h2>\n                <div class=\"u-blog-control u-post-content u-text u-text-2\"><p>\nZapraszamy ka\u017cd\u0105 dziewczynk\u0119 od 5 roku \u017cycia.\n\n\n\nZaj\u0119cia maj\u0105 charakter og\u00f3lnorozwojowy, wzbudzaj\u0105cy zainteresowanie pi\u0142k\u0105 no\u017cn\u0105 poprzez dobr\u0105 &hellip;<\/p>\n                <\/div>\n              <\/div>\n            <\/div>\n            <div class=\"u-blog-post u-invisible u-container-style u-repeater-item\">\n              <div class=\"u-container-layout u-similar-container u-container-layout-2\"><a class=\"u-align-center u-blog-control u-image u-image-round u-radius-20 u-image-2\" href=\"http:\/\/wisla.skoczow.pl\/?p=12583\">\n                <img decoding=\"async\" class=\"u-align-center u-blog-control u-image u-image-round u-radius-20 u-image-2\" src=\"http:\/\/wisla.skoczow.pl\/wp-content\/uploads\/2023\/08\/plakat-wlasciwa-15lecie.jpg\"><\/a>\n                <h2 class=\"u-align-center u-blog-control u-text u-text-3\">\n                  <a class=\"u-post-header-link\" href=\"http:\/\/wisla.skoczow.pl\/?p=12583\">15 lecie KLUBU - FESTYN SPORTOWY<\/a>\n                <\/h2>\n                <div class=\"u-blog-control u-post-content u-text u-text-4\"><p>\nKochani Sympatycy, Sponsorzy, Kibice,\n\n\n\nZawodniczki i Zawodnicy, Rodzice!\n\n\n\nNadchodzi dzie\u0144 \u015bwi\u0119towania naszego istnienia....19.08.2023(sobota)\n\n&hellip;<\/p>\n                <\/div>\n              <\/div>\n            <\/div>\n            <div class=\"u-blog-post u-invisible u-container-style u-repeater-item\">\n              <div class=\"u-container-layout u-similar-container u-container-layout-1\"><a class=\"u-align-center u-blog-control u-image u-image-round u-radius-20 u-image-1\" href=\"http:\/\/wisla.skoczow.pl\/?p=12578\">\n                <img decoding=\"async\" class=\"u-align-center u-blog-control u-image u-image-round u-radius-20 u-image-1\" src=\"http:\/\/wisla.skoczow.pl\/wp-content\/uploads\/2023\/07\/Post-na-Facebook-940x788-px108.jpeg\"><\/a>\n                <h2 class=\"u-align-center u-blog-control u-text u-text-1\">\n                  <a class=\"u-post-header-link\" href=\"http:\/\/wisla.skoczow.pl\/?p=12578\">POSZUKUJEMY PASJONAT\u00d3W PI\u0141KI NO\u017bNEJ KOBIET<\/a>\n                <\/h2>\n                <div class=\"u-blog-control u-post-content u-text u-text-2\"><p>\nInteresuje Ci\u0119 pi\u0142ka no\u017cna w wydaniu \u017ce\u0144skim?\n\n\n\nChcia\u0142by\u015b tworzy\u0107 materia\u0142y video i zdj\u0119ciowe?\n\n\n\nBy\u0107 spikerem w trakcie meczu ligowego?\n\n\n\n&hellip;<\/p>\n                <\/div>\n              <\/div>\n            <\/div>\n            <div class=\"u-blog-post u-invisible u-container-style u-repeater-item\">\n              <div class=\"u-container-layout u-similar-container u-container-layout-2\"><a class=\"u-align-center u-blog-control u-image u-image-round u-radius-20 u-image-2\" href=\"http:\/\/wisla.skoczow.pl\/?p=12569\">\n                <img decoding=\"async\" class=\"u-align-center u-blog-control u-image u-image-round u-radius-20 u-image-2\" src=\"http:\/\/wisla.skoczow.pl\/wp-content\/uploads\/2023\/07\/GCS_DSC_5364-scaled.jpg\"><\/a>\n                <h2 class=\"u-align-center u-blog-control u-text u-text-3\">\n                  <a class=\"u-post-header-link\" href=\"http:\/\/wisla.skoczow.pl\/?p=12569\">Juniorki M\u0142odsze U16<\/a>\n                <\/h2>\n                <div class=\"u-blog-control u-post-content u-text u-text-4\"><p>\nSezon 2023\/24 stoi pod znakiem reformy rozgrywek - dziewcz\u0119ta do tej pory rywalizowa\u0142y w dw\u00f3ch rocznikach do lat 15. W tym sezonie rywalizowa\u0107 b\u0119d\u0105&hellip;<\/p>\n                <\/div>\n              <\/div>\n            <\/div>\n            <div class=\"u-blog-post u-invisible u-container-style u-repeater-item\">\n              <div class=\"u-container-layout u-similar-container u-container-layout-1\"><a class=\"u-align-center u-blog-control u-image u-image-round u-radius-20 u-image-1\" href=\"http:\/\/wisla.skoczow.pl\/?p=12556\">\n                <img decoding=\"async\" class=\"u-align-center u-blog-control u-image u-image-round u-radius-20 u-image-1\" src=\"http:\/\/wisla.skoczow.pl\/wp-content\/uploads\/2023\/07\/WhatsApp-Image-2023-07-30-at-13.54.493-1.jpeg\"><\/a>\n                <h2 class=\"u-align-center u-blog-control u-text u-text-1\">\n                  <a class=\"u-post-header-link\" href=\"http:\/\/wisla.skoczow.pl\/?p=12556\">TRENINGI<\/a>\n                <\/h2>\n                <div class=\"u-blog-control u-post-content u-text u-text-2\"><p>\n24 lipca wznowili\u015bmy\u26bd\ufe0f treningi we wszystkich grupach rywalizuj\u0105cych w rozgrywkach ligowych - Akademia Pi\u0142karska U10, M\u0142odziczki U13, Juniorki &hellip;<\/p>\n                <\/div>\n              <\/div>\n            <\/div>\n            <div class=\"u-blog-post u-invisible u-container-style u-repeater-item\">\n              <div class=\"u-container-layout u-similar-container u-container-layout-2\"><a class=\"u-align-center u-blog-control u-image u-image-round u-radius-20 u-image-2\" href=\"http:\/\/wisla.skoczow.pl\/?p=12552\">\n                <img decoding=\"async\" class=\"u-align-center u-blog-control u-image u-image-round u-radius-20 u-image-2\" src=\"http:\/\/wisla.skoczow.pl\/wp-content\/uploads\/2023\/07\/GCS_DSC_6148-scaled.jpg\"><\/a>\n                <h2 class=\"u-align-center u-blog-control u-text u-text-3\">\n                  <a class=\"u-post-header-link\" href=\"http:\/\/wisla.skoczow.pl\/?p=12552\">NAB\u00d3R DO ZESPO\u0141U SENIOREK<\/a>\n                <\/h2>\n                <div class=\"u-blog-control u-post-content u-text u-text-4\"><p>\n[rocznik 2008 i starsze bez ogranicze\u0144!]\n\n\n\nhttps:\/\/forms.gle\/iQ74EujdWzneUAN49\n\n\n\nWype\u0142nij dzi\u015b kr\u00f3tki formularz i rozpocznij swoj\u0105 przygod\u0119 z &hellip;<\/p>\n                <\/div>\n              <\/div>\n            <\/div>\n            <div class=\"u-blog-post u-invisible u-container-style u-repeater-item\">\n              <div class=\"u-container-layout u-similar-container u-container-layout-1\"><a class=\"u-align-center u-blog-control u-image u-image-round u-radius-20 u-image-1\" href=\"http:\/\/wisla.skoczow.pl\/?p=12549\">\n                <img decoding=\"async\" class=\"u-align-center u-blog-control u-image u-image-round u-radius-20 u-image-1\" src=\"http:\/\/wisla.skoczow.pl\/wp-content\/uploads\/2023\/07\/GCS_DSC_10451-scaled.jpg\"><\/a>\n                <h2 class=\"u-align-center u-blog-control u-text u-text-1\">\n                  <a class=\"u-post-header-link\" href=\"http:\/\/wisla.skoczow.pl\/?p=12549\">M\u0142odziczki U13<\/a>\n                <\/h2>\n                <div class=\"u-blog-control u-post-content u-text u-text-2\"><p>\nW nowym sezonie nasze 10-12 latki b\u0119d\u0105 rywalizowa\u0107 w 14 zespo\u0142owej lidze wojew\u00f3dzkiej. Dziewcz\u0119tom przyjdzie si\u0119 mierzy\u0107 z nast\u0119puj\u0105cymi ekipami: &hellip;<\/p>\n                <\/div>\n              <\/div>\n            <\/div>\n            <div class=\"u-blog-post u-invisible u-container-style u-repeater-item\">\n              <div class=\"u-container-layout u-similar-container u-container-layout-2\"><a class=\"u-align-center u-blog-control u-image u-image-round u-radius-20 u-image-2\" href=\"http:\/\/wisla.skoczow.pl\/?p=12544\">\n                <img decoding=\"async\" class=\"u-align-center u-blog-control u-image u-image-round u-radius-20 u-image-2\" src=\"http:\/\/wisla.skoczow.pl\/wp-content\/uploads\/2023\/07\/GCS_DSC_7414-scaled.jpg\"><\/a>\n                <h2 class=\"u-align-center u-blog-control u-text u-text-3\">\n                  <a class=\"u-post-header-link\" href=\"http:\/\/wisla.skoczow.pl\/?p=12544\">Akademia Pi\u0142karska U10<\/a>\n                <\/h2>\n                <div class=\"u-blog-control u-post-content u-text u-text-4\"><p>\nPo raz pierwszy nasze dziewcz\u0119ta z Akademii Pi\u0142karskiej (rocznik 2013\/2014\/2015\/2016) wyst\u0105pi\u0105 w rozgrywkach Podokr\u0119gu Skocz\u00f3w w sezonie 2023\/24 w &hellip;<\/p>\n                <\/div>\n              <\/div>\n            <\/div>\n            <div class=\"u-blog-post u-invisible u-container-style u-repeater-item\">\n              <div class=\"u-container-layout u-similar-container u-container-layout-1\"><a class=\"u-align-center u-blog-control u-image u-image-round u-radius-20 u-image-1\" href=\"http:\/\/wisla.skoczow.pl\/?p=12539\">\n                <img decoding=\"async\" class=\"u-align-center u-blog-control u-image u-image-round u-radius-20 u-image-1\" src=\"http:\/\/wisla.skoczow.pl\/wp-content\/uploads\/2023\/07\/347638539_754149810048888_2299911573923358129_n.jpg\"><\/a>\n                <h2 class=\"u-align-center u-blog-control u-text u-text-1\">\n                  <a class=\"u-post-header-link\" href=\"http:\/\/wisla.skoczow.pl\/?p=12539\">Harmonogram sezon 2023\/24<\/a>\n                <\/h2>\n                <div class=\"u-blog-control u-post-content u-text u-text-2\"><p>\nNasza przerwa w treningach potrwa jeszcze tydzie\u0144\n\n\n\n24 lipca 2023 wznawiamy zaj\u0119cia zgodnie z poni\u017cszym harmonogramem\n\n\n\nZapraszamy zawodniczki do licznego stawienia si\u0119 na pierwszym treningu, odwiedzi nas kamera.\n\n\n\n-> HARMONOGRAM &lt;-\n<\/p>\n                <\/div>\n              <\/div>\n            <\/div>\n            <div class=\"u-blog-post u-invisible u-container-style u-repeater-item\">\n              <div class=\"u-container-layout u-similar-container u-container-layout-2\"><a class=\"u-align-center u-blog-control u-image u-image-round u-radius-20 u-image-2\" href=\"http:\/\/wisla.skoczow.pl\/?p=12433\">\n                <img decoding=\"async\" class=\"u-align-center u-blog-control u-image u-image-round u-radius-20 u-image-2\" src=\"http:\/\/wisla.skoczow.pl\/wp-content\/uploads\/2023\/07\/358415933_749610663836136_6318354760113090501_n.jpg\"><\/a>\n                <h2 class=\"u-align-center u-blog-control u-text u-text-3\">\n                  <a class=\"u-post-header-link\" href=\"http:\/\/wisla.skoczow.pl\/?p=12433\">Ob\u00f3z letni 2023 - dzie\u0144 9<\/a>\n                <\/h2>\n                <div class=\"u-blog-control u-post-content u-text u-text-4\"><p>\nZako\u0144czyli\u015bmy tegoroczny ob\u00f3z pi\u0142karsko-szkoleniowy. Wojnowo by\u0142o dla nas \u015bwietnym miejscem wypoczynku w\u015br\u00f3d natury. Nasze zawodniczki &hellip;<\/p>\n                <\/div>\n              <\/div>\n            <\/div>\n            <div class=\"u-blog-post u-invisible u-container-style u-repeater-item\">\n              <div class=\"u-container-layout u-similar-container u-container-layout-1\"><a class=\"u-align-center u-blog-control u-image u-image-round u-radius-20 u-image-1\" href=\"http:\/\/wisla.skoczow.pl\/?p=12410\">\n                <img decoding=\"async\" class=\"u-align-center u-blog-control u-image u-image-round u-radius-20 u-image-1\" src=\"http:\/\/wisla.skoczow.pl\/wp-content\/uploads\/2023\/07\/DNKN3938.jpg\"><\/a>\n                <h2 class=\"u-align-center u-blog-control u-text u-text-1\">\n                  <a class=\"u-post-header-link\" href=\"http:\/\/wisla.skoczow.pl\/?p=12410\">Ob\u00f3z letni 2023 - dzie\u0144 8<\/a>\n                <\/h2>\n                <div class=\"u-blog-control u-post-content u-text u-text-2\"><p>\nPrzedostatni dzie\u0144 obozu przepracowali\u015bmy na mniejszej intensywno\u015bci treningowej. Z uwagi na rozpoczynaj\u0105c\u0105 si\u0119 fale upa\u0142\u00f3w, pierwszy blok &hellip;<\/p>\n                <\/div>\n              <\/div>\n            <\/div>\n            <div class=\"u-blog-post u-invisible u-container-style u-repeater-item\">\n              <div class=\"u-container-layout u-similar-container u-container-layout-2\"><a class=\"u-align-center u-blog-control u-image u-image-round u-radius-20 u-image-2\" href=\"http:\/\/wisla.skoczow.pl\/?p=12334\">\n                <img decoding=\"async\" class=\"u-align-center u-blog-control u-image u-image-round u-radius-20 u-image-2\" src=\"http:\/\/wisla.skoczow.pl\/wp-content\/uploads\/2023\/07\/IMG_2866-scaled.jpg\"><\/a>\n                <h2 class=\"u-align-center u-blog-control u-text u-text-3\">\n                  <a class=\"u-post-header-link\" href=\"http:\/\/wisla.skoczow.pl\/?p=12334\">Ob\u00f3z letni 2023 - dzie\u0144 7<\/a>\n                <\/h2>\n                <div class=\"u-blog-control u-post-content u-text u-text-4\"><p>\nPoranek przywita\u0142 nas fal\u0105 ciep\u0142a. Rozruch zawiera\u0142 zabawy integracyjne z muzyk\u0105. W trakcie pierwszego bloku treningowego zawodniczki pracowa\u0142y z &hellip;<\/p>\n                <\/div>\n              <\/div>\n            <\/div>\n            <div class=\"u-blog-post u-invisible u-container-style u-repeater-item\">\n              <div class=\"u-container-layout u-similar-container u-container-layout-1\"><a class=\"u-align-center u-blog-control u-image u-image-round u-radius-20 u-image-1\" href=\"http:\/\/wisla.skoczow.pl\/?p=12280\">\n                <img decoding=\"async\" class=\"u-align-center u-blog-control u-image u-image-round u-radius-20 u-image-1\" src=\"http:\/\/wisla.skoczow.pl\/wp-content\/uploads\/2023\/07\/IMG_2781-scaled.jpg\"><\/a>\n                <h2 class=\"u-align-center u-blog-control u-text u-text-1\">\n                  <a class=\"u-post-header-link\" href=\"http:\/\/wisla.skoczow.pl\/?p=12280\">Ob\u00f3z letni 2023 - dzie\u0144 6<\/a>\n                <\/h2>\n                <div class=\"u-blog-control u-post-content u-text u-text-2\"><p>\nDzie\u0144 zacz\u0119li\u015bmy w rytm muzyki i koordynacji. Zawodniczki podczas pierwszego bloku treningowego pracowa\u0142y nad prewencj\u0105 uraz\u00f3w z wykorzystaniem &hellip;<\/p>\n                <\/div>\n              <\/div>\n            <\/div>\n            <div class=\"u-blog-post u-invisible u-container-style u-repeater-item\">\n              <div class=\"u-container-layout u-similar-container u-container-layout-2\"><a class=\"u-align-center u-blog-control u-image u-image-round u-radius-20 u-image-2\" href=\"http:\/\/wisla.skoczow.pl\/?p=12207\">\n                <img decoding=\"async\" class=\"u-align-center u-blog-control u-image u-image-round u-radius-20 u-image-2\" src=\"http:\/\/wisla.skoczow.pl\/wp-content\/uploads\/2023\/07\/YBEF4564.jpg\"><\/a>\n                <h2 class=\"u-align-center u-blog-control u-text u-text-3\">\n                  <a class=\"u-post-header-link\" href=\"http:\/\/wisla.skoczow.pl\/?p=12207\">Ob\u00f3z letni 2023 - dzie\u0144 5<\/a>\n                <\/h2>\n                <div class=\"u-blog-control u-post-content u-text u-text-4\"><p>\nMin\u0119\u0142a nam po\u0142owa obozu. Na odmian\u0119 rozpocz\u0119li\u015bmy dzie\u0144 od koordynacji. Poranek by\u0142 zdecydowanie ch\u0142odniejszy od dnia poprzedniego. Podczas &hellip;<\/p>\n                <\/div>\n              <\/div>\n            <\/div>\n            <div class=\"u-blog-post u-invisible u-container-style u-repeater-item\">\n              <div class=\"u-container-layout u-similar-container u-container-layout-1\"><a class=\"u-align-center u-blog-control u-image u-image-round u-radius-20 u-image-1\" href=\"http:\/\/wisla.skoczow.pl\/?p=12159\">\n                <img decoding=\"async\" class=\"u-align-center u-blog-control u-image u-image-round u-radius-20 u-image-1\" src=\"http:\/\/wisla.skoczow.pl\/wp-content\/uploads\/2023\/07\/IMG_2605-scaled.jpg\"><\/a>\n                <h2 class=\"u-align-center u-blog-control u-text u-text-1\">\n                  <a class=\"u-post-header-link\" href=\"http:\/\/wisla.skoczow.pl\/?p=12159\">Ob\u00f3z letni 2023 - dzie\u0144 4<\/a>\n                <\/h2>\n                <div class=\"u-blog-control u-post-content u-text u-text-2\"><p>\nPiekielnie s\u0142oneczny poranek przywita\u0142 \"Wise\u0142ki\". Standardowo rozruch, ale tym razem do muzyki zaliczy\u0142y starsze zawodniczki. Natomiast m\u0142odsze, &hellip;<\/p>\n                <\/div>\n              <\/div>\n            <\/div>\n            <div class=\"u-blog-post u-invisible u-container-style u-repeater-item\">\n              <div class=\"u-container-layout u-similar-container u-container-layout-2\"><a class=\"u-align-center u-blog-control u-image u-image-round u-radius-20 u-image-2\" href=\"http:\/\/wisla.skoczow.pl\/?p=12109\">\n                <img decoding=\"async\" class=\"u-align-center u-blog-control u-image u-image-round u-radius-20 u-image-2\" src=\"http:\/\/wisla.skoczow.pl\/wp-content\/uploads\/2023\/07\/CZMY6094.jpg\"><\/a>\n                <h2 class=\"u-align-center u-blog-control u-text u-text-3\">\n                  <a class=\"u-post-header-link\" href=\"http:\/\/wisla.skoczow.pl\/?p=12109\">Ob\u00f3z letni 2023 \u2013 dzie\u0144 3<\/a>\n                <\/h2>\n                <div class=\"u-blog-control u-post-content u-text u-text-4\"><p>\nMija nam kolejny dzie\u0144 obozu . Zawodniczki wystartowa\u0142y od rozruchu, m\u0142odsze grami i zabawami og\u00f3lnorozwojowymi, natomiast starsze z elementami &hellip;<\/p>\n                <\/div>\n              <\/div>\n            <\/div>\n            <div class=\"u-blog-post u-invisible u-container-style u-repeater-item\">\n              <div class=\"u-container-layout u-similar-container u-container-layout-1\"><a class=\"u-align-center u-blog-control u-image u-image-round u-radius-20 u-image-1\" href=\"http:\/\/wisla.skoczow.pl\/?p=12062\">\n                <img decoding=\"async\" class=\"u-align-center u-blog-control u-image u-image-round u-radius-20 u-image-1\" src=\"http:\/\/wisla.skoczow.pl\/wp-content\/uploads\/2023\/07\/CGDR8210.jpg\"><\/a>\n                <h2 class=\"u-align-center u-blog-control u-text u-text-1\">\n                  <a class=\"u-post-header-link\" href=\"http:\/\/wisla.skoczow.pl\/?p=12062\">Ob\u00f3z letni 2023 - dzie\u0144 2<\/a>\n                <\/h2>\n                <div class=\"u-blog-control u-post-content u-text u-text-2\"><p>\nDziewcz\u0119ta rozpocz\u0119\u0142y dzie\u0144 od rozruchu porannego z akcentem na koordynacj\u0119. W przerwie po obiedzie zawodniczki pla\u017cowa\u0142y. Dwa treningi na o\u015brodku &hellip;<\/p>\n                <\/div>\n              <\/div>\n            <\/div>\n            <div class=\"u-blog-post u-invisible u-container-style u-repeater-item\">\n              <div class=\"u-container-layout u-similar-container u-container-layout-2\"><a class=\"u-align-center u-blog-control u-image u-image-round u-radius-20 u-image-2\" href=\"http:\/\/wisla.skoczow.pl\/?p=12028\">\n                <img decoding=\"async\" class=\"u-align-center u-blog-control u-image u-image-round u-radius-20 u-image-2\" src=\"http:\/\/wisla.skoczow.pl\/wp-content\/uploads\/2023\/07\/IMG_2514-scaled.jpg\"><\/a>\n                <h2 class=\"u-align-center u-blog-control u-text u-text-3\">\n                  <a class=\"u-post-header-link\" href=\"http:\/\/wisla.skoczow.pl\/?p=12028\">Ob\u00f3z letni 2023 - dzie\u0144 1<\/a>\n                <\/h2>\n                <div class=\"u-blog-control u-post-content u-text u-text-4\"><p>\nRozpocz\u0119li\u015bmy tegoroczny ob\u00f3zw miejscowo\u015bci Wojnowo nad jeziorem Wojnowskim, po\u015br\u00f3d las\u00f3w sosnowych. Dziewcz\u0119ta przyjecha\u0142y w niedziel\u0119 z pi\u0119kn\u0105 &hellip;<\/p>\n                <\/div>\n              <\/div>\n            <\/div>\n            <div class=\"u-blog-post u-invisible u-container-style u-repeater-item\">\n              <div class=\"u-container-layout u-similar-container u-container-layout-1\"><a class=\"u-align-center u-blog-control u-image u-image-round u-radius-20 u-image-1\" href=\"http:\/\/wisla.skoczow.pl\/?p=12105\">\n                <img decoding=\"async\" class=\"u-align-center u-blog-control u-image u-image-round u-radius-20 u-image-1\" src=\"http:\/\/wisla.skoczow.pl\/wp-content\/uploads\/2023\/07\/347412201_734073405389862_5683734359409391819_n.jpg\"><\/a>\n                <h2 class=\"u-align-center u-blog-control u-text u-text-1\">\n                  <a class=\"u-post-header-link\" href=\"http:\/\/wisla.skoczow.pl\/?p=12105\">Sezon 2023\/24<\/a>\n                <\/h2>\n                <div class=\"u-blog-control u-post-content u-text u-text-2\"><p>\n\n<\/p>\n                <\/div>\n              <\/div>\n            <\/div>\n            <div class=\"u-blog-post u-invisible u-container-style u-repeater-item\">\n              <div class=\"u-container-layout u-similar-container u-container-layout-2\"><a class=\"u-align-center u-blog-control u-image u-image-round u-radius-20 u-image-2\" href=\"http:\/\/wisla.skoczow.pl\/?p=11984\">\n                <img decoding=\"async\" class=\"u-align-center u-blog-control u-image u-image-round u-radius-20 u-image-2\" src=\"http:\/\/wisla.skoczow.pl\/wp-content\/uploads\/2023\/06\/Post-na-Facebook-940x788-px106.jpeg\"><\/a>\n                <h2 class=\"u-align-center u-blog-control u-text u-text-3\">\n                  <a class=\"u-post-header-link\" href=\"http:\/\/wisla.skoczow.pl\/?p=11984\">Przerwa regeneracyjna<\/a>\n                <\/h2>\n                <div class=\"u-blog-control u-post-content u-text u-text-4\"><p>\nRozpocz\u0119li\u015bmy przerw\u0119 w treningach, ale nie na d\u0142ugo - 17.06 - 01.07.2023W lipcu wracamy i zaczynamy nowy sezon od obozu \n\n\n\nZapraszamy do naszych &hellip;<\/p>\n                <\/div>\n              <\/div>\n            <\/div>\n            <div class=\"u-blog-post u-invisible u-container-style u-repeater-item\">\n              <div class=\"u-container-layout u-similar-container u-container-layout-1\"><a class=\"u-align-center u-blog-control u-image u-image-round u-radius-20 u-image-1\" href=\"http:\/\/wisla.skoczow.pl\/?p=11980\">\n                <img decoding=\"async\" class=\"u-align-center u-blog-control u-image u-image-round u-radius-20 u-image-1\" src=\"http:\/\/wisla.skoczow.pl\/wp-content\/uploads\/2023\/06\/GCS_DSC_9176-scaled.jpg\"><\/a>\n                <h2 class=\"u-align-center u-blog-control u-text u-text-1\">\n                  <a class=\"u-post-header-link\" href=\"http:\/\/wisla.skoczow.pl\/?p=11980\">Zako\u0144czenie sezonu 2022\/23!<\/a>\n                <\/h2>\n                <div class=\"u-blog-control u-post-content u-text u-text-2\"><p>\n10 czerwca (sobota), odby\u0142 si\u0119 piknik sportowy z okazji Dnia Zawodniczki KKS \u201cWis\u0142a\u201d Skocz\u00f3w w Wi\u015blicy, ale r\u00f3wnie\u017c podsumowanie sezonu 2022\/2023!\n&hellip;<\/p>\n                <\/div>\n              <\/div>\n            <\/div>\n            <div class=\"u-blog-post u-invisible u-container-style u-repeater-item\">\n              <div class=\"u-container-layout u-similar-container u-container-layout-2\"><a class=\"u-align-center u-blog-control u-image u-image-round u-radius-20 u-image-2\" href=\"http:\/\/wisla.skoczow.pl\/?p=11975\">\n                <img decoding=\"async\" class=\"u-align-center u-blog-control u-image u-image-round u-radius-20 u-image-2\" src=\"http:\/\/wisla.skoczow.pl\/wp-content\/uploads\/2023\/06\/GCS_DSC_8428-scaled.jpg\"><\/a>\n                <h2 class=\"u-align-center u-blog-control u-text u-text-3\">\n                  <a class=\"u-post-header-link\" href=\"http:\/\/wisla.skoczow.pl\/?p=11975\">M\u0142odziczki U13<\/a>\n                <\/h2>\n                <div class=\"u-blog-control u-post-content u-text u-text-4\"><p>\nZako\u0144czyli\u015bmy zmagania w \u015aLM meczem z KKS Zabrze. Spotkanie by\u0142o pe\u0142ne emocji, od pierwszych minut przegrywali\u015bmy 0:2. Bramk\u0119 kontaktow\u0105 zdoby\u0142a &hellip;<\/p>\n                <\/div>\n              <\/div>\n            <\/div>\n            <div class=\"u-blog-post u-invisible u-container-style u-repeater-item\">\n              <div class=\"u-container-layout u-similar-container u-container-layout-1\"><a class=\"u-align-center u-blog-control u-image u-image-round u-radius-20 u-image-1\" href=\"http:\/\/wisla.skoczow.pl\/?p=11966\">\n                <img decoding=\"async\" class=\"u-align-center u-blog-control u-image u-image-round u-radius-20 u-image-1\" src=\"http:\/\/wisla.skoczow.pl\/wp-content\/uploads\/2022\/08\/terminarz.jpg\"><\/a>\n                <h2 class=\"u-align-center u-blog-control u-text u-text-1\">\n                  <a class=\"u-post-header-link\" href=\"http:\/\/wisla.skoczow.pl\/?p=11966\">Terminarz 10.06.2023<\/a>\n                <\/h2>\n                <div class=\"u-blog-control u-post-content u-text u-text-2\"><p>\nOstatnie spotkanie \"Wise\u0142ek\" w sezonie 2022\/23\n\n\n\nKibice, rodzice, zawodniczki, sympatycy zapraszamy\n\n\n\n\n<\/p>\n                <\/div>\n              <\/div>\n            <\/div>\n            <div class=\"u-blog-post u-invisible u-container-style u-repeater-item\">\n              <div class=\"u-container-layout u-similar-container u-container-layout-2\"><a class=\"u-align-center u-blog-control u-image u-image-round u-radius-20 u-image-2\" href=\"http:\/\/wisla.skoczow.pl\/?p=11960\">\n                <img decoding=\"async\" class=\"u-align-center u-blog-control u-image u-image-round u-radius-20 u-image-2\" src=\"http:\/\/wisla.skoczow.pl\/wp-content\/uploads\/2023\/06\/WhatsApp-Image-2023-06-08-at-11.55.12.jpeg\"><\/a>\n                <h2 class=\"u-align-center u-blog-control u-text u-text-3\">\n                  <a class=\"u-post-header-link\" href=\"http:\/\/wisla.skoczow.pl\/?p=11960\">M\u0142odziczki U13<\/a>\n                <\/h2>\n                <div class=\"u-blog-control u-post-content u-text u-text-4\"><p>\n3 czerwca nasze zawodniczki podejmowa\u0142y trzeci zesp\u00f3\u0142 w lidze \u015aLM. Ten mecz pokaza\u0142 ile tak na prawd\u0119 nauczy\u0142y si\u0119 dziewcz\u0119ta, kt\u00f3re rozpocz\u0119\u0142y &hellip;<\/p>\n                <\/div>\n              <\/div>\n            <\/div>\n            <div class=\"u-blog-post u-invisible u-container-style u-repeater-item\">\n              <div class=\"u-container-layout u-similar-container u-container-layout-1\"><a class=\"u-align-center u-blog-control u-image u-image-round u-radius-20 u-image-1\" href=\"http:\/\/wisla.skoczow.pl\/?p=11963\">\n                <img decoding=\"async\" class=\"u-align-center u-blog-control u-image u-image-round u-radius-20 u-image-1\" src=\"http:\/\/wisla.skoczow.pl\/wp-content\/uploads\/2023\/06\/Post-na-Facebook-940x788-px105.jpeg\"><\/a>\n                <h2 class=\"u-align-center u-blog-control u-text u-text-1\">\n                  <a class=\"u-post-header-link\" href=\"http:\/\/wisla.skoczow.pl\/?p=11963\">Podsumowanie 2022\/2023<\/a>\n                <\/h2>\n                <div class=\"u-blog-control u-post-content u-text u-text-2\"><p>\nZawodniczki i Rodzice - ZAPRASZAMY!\n\n\n\nPIKNIK SPORTOWY 10.06.2023 SOBOTA\n\n\n\nWi\u015blica ul. Stadionowa 5\n\n\n\nDzie\u0144 zawodniczki KKS Wis\u0142a Skocz\u00f3w! \n\n\n\n&hellip;<\/p>\n                <\/div>\n              <\/div>\n            <\/div>\n            <div class=\"u-blog-post u-invisible u-container-style u-repeater-item\">\n              <div class=\"u-container-layout u-similar-container u-container-layout-2\"><a class=\"u-align-center u-blog-control u-image u-image-round u-radius-20 u-image-2\" href=\"http:\/\/wisla.skoczow.pl\/?p=11941\">\n                <img decoding=\"async\" class=\"u-align-center u-blog-control u-image u-image-round u-radius-20 u-image-2\" src=\"http:\/\/wisla.skoczow.pl\/wp-content\/uploads\/2023\/06\/dzien-dziecka.jpg\"><\/a>\n                <h2 class=\"u-align-center u-blog-control u-text u-text-3\">\n                  <a class=\"u-post-header-link\" href=\"http:\/\/wisla.skoczow.pl\/?p=11941\">Dzie\u0144 dziecka!<\/a>\n                <\/h2>\n                <div class=\"u-blog-control u-post-content u-text u-text-4\"><p>\n\n<\/p>\n                <\/div>\n              <\/div>\n            <\/div>\n            <div class=\"u-blog-post u-invisible u-container-style u-repeater-item\">\n              <div class=\"u-container-layout u-similar-container u-container-layout-1\"><a class=\"u-align-center u-blog-control u-image u-image-round u-radius-20 u-image-1\" href=\"http:\/\/wisla.skoczow.pl\/?p=11935\">\n                <img decoding=\"async\" class=\"u-align-center u-blog-control u-image u-image-round u-radius-20 u-image-1\" src=\"http:\/\/wisla.skoczow.pl\/wp-content\/uploads\/2022\/08\/terminarz.jpg\"><\/a>\n                <h2 class=\"u-align-center u-blog-control u-text u-text-1\">\n                  <a class=\"u-post-header-link\" href=\"http:\/\/wisla.skoczow.pl\/?p=11935\">Terminarz 03.06.2023<\/a>\n                <\/h2>\n                <div class=\"u-blog-control u-post-content u-text u-text-2\"><p>\n\n<\/p>\n                <\/div>\n              <\/div>\n            <\/div>\n            <div class=\"u-blog-post u-invisible u-container-style u-repeater-item\">\n              <div class=\"u-container-layout u-similar-container u-container-layout-2\"><a class=\"u-align-center u-blog-control u-image u-image-round u-radius-20 u-image-2\" href=\"http:\/\/wisla.skoczow.pl\/?p=11932\">\n                <img decoding=\"async\" class=\"u-align-center u-blog-control u-image u-image-round u-radius-20 u-image-2\" src=\"http:\/\/wisla.skoczow.pl\/wp-content\/uploads\/2023\/05\/IMG_2035-scaled.jpg\"><\/a>\n                <h2 class=\"u-align-center u-blog-control u-text u-text-3\">\n                  <a class=\"u-post-header-link\" href=\"http:\/\/wisla.skoczow.pl\/?p=11932\">M\u0142odziczki U13<\/a>\n                <\/h2>\n                <div class=\"u-blog-control u-post-content u-text u-text-4\"><p>\nW niedziele nasze zawodniczki zmierzy\u0142y si\u0119 z 4 zespo\u0142em \u015al\u0105skiej Ligi M\u0142odziczek. Na w\u0142asnym boisku podejmowali\u015bmy TS ROW Rybnik. By\u0142o to bardzo &hellip;<\/p>\n                <\/div>\n              <\/div>\n            <\/div>\n            <div class=\"u-blog-post u-invisible u-container-style u-repeater-item\">\n              <div class=\"u-container-layout u-similar-container u-container-layout-1\"><a class=\"u-align-center u-blog-control u-image u-image-round u-radius-20 u-image-1\" href=\"http:\/\/wisla.skoczow.pl\/?p=11925\">\n                <img decoding=\"async\" class=\"u-align-center u-blog-control u-image u-image-round u-radius-20 u-image-1\" src=\"http:\/\/wisla.skoczow.pl\/wp-content\/uploads\/2023\/05\/349597096_784293903222061_6894907158846220016_n.jpg\"><\/a>\n                <h2 class=\"u-align-center u-blog-control u-text u-text-1\">\n                  <a class=\"u-post-header-link\" href=\"http:\/\/wisla.skoczow.pl\/?p=11925\">Trampkarki U15<\/a>\n                <\/h2>\n                <div class=\"u-blog-control u-post-content u-text u-text-2\"><p>\nZesp\u00f3\u0142 U15 zmierzy\u0142 si\u0119 dzisiaj na wyje\u017adzie z TS ROW Rybnik. By\u0142 to nasz ostatni mecz ligowy w tym sezonie. Niestety nie zako\u0144czy\u0142 si\u0119 tak jak &hellip;<\/p>\n                <\/div>\n              <\/div>\n            <\/div>\n            <div class=\"u-blog-post u-invisible u-container-style u-repeater-item\">\n              <div class=\"u-container-layout u-similar-container u-container-layout-2\"><a class=\"u-align-center u-blog-control u-image u-image-round u-radius-20 u-image-2\" href=\"http:\/\/wisla.skoczow.pl\/?p=11912\">\n                <img decoding=\"async\" class=\"u-align-center u-blog-control u-image u-image-round u-radius-20 u-image-2\" src=\"http:\/\/wisla.skoczow.pl\/wp-content\/uploads\/2023\/05\/testy.png\"><\/a>\n                <h2 class=\"u-align-center u-blog-control u-text u-text-3\">\n                  <a class=\"u-post-header-link\" href=\"http:\/\/wisla.skoczow.pl\/?p=11912\">Zaproszenie na testy<\/a>\n                <\/h2>\n                <div class=\"u-blog-control u-post-content u-text u-text-4\"><p>\nCzy warto trenowa\u0107 i gra\u0107 w naszym klubie\n\n\n\nAle\u017c oczywi\u015bcie, dowodem tego s\u0105 owe zaproszenia dla naszych zawodniczek na testy do jednych z &hellip;<\/p>\n                <\/div>\n              <\/div>\n            <\/div>\n            <div class=\"u-blog-post u-invisible u-container-style u-repeater-item\">\n              <div class=\"u-container-layout u-similar-container u-container-layout-1\"><a class=\"u-align-center u-blog-control u-image u-image-round u-radius-20 u-image-1\" href=\"http:\/\/wisla.skoczow.pl\/?p=11909\">\n                <img decoding=\"async\" class=\"u-align-center u-blog-control u-image u-image-round u-radius-20 u-image-1\" src=\"http:\/\/wisla.skoczow.pl\/wp-content\/uploads\/2022\/08\/terminarz.jpg\"><\/a>\n                <h2 class=\"u-align-center u-blog-control u-text u-text-1\">\n                  <a class=\"u-post-header-link\" href=\"http:\/\/wisla.skoczow.pl\/?p=11909\">Terminarz 27-28.05.2023<\/a>\n                <\/h2>\n                <div class=\"u-blog-control u-post-content u-text u-text-2\"><p>\n\n<\/p>\n                <\/div>\n              <\/div>\n            <\/div>\n            <div class=\"u-blog-post u-invisible u-container-style u-repeater-item\">\n              <div class=\"u-container-layout u-similar-container u-container-layout-2\"><a class=\"u-align-center u-blog-control u-image u-image-round u-radius-20 u-image-2\" href=\"http:\/\/wisla.skoczow.pl\/?p=11905\">\n                <img decoding=\"async\" class=\"u-align-center u-blog-control u-image u-image-round u-radius-20 u-image-2\" src=\"http:\/\/wisla.skoczow.pl\/wp-content\/uploads\/2023\/05\/IMG_2027-scaled.jpg\"><\/a>\n                <h2 class=\"u-align-center u-blog-control u-text u-text-3\">\n                  <a class=\"u-post-header-link\" href=\"http:\/\/wisla.skoczow.pl\/?p=11905\">M\u0142odziczki U13<\/a>\n                <\/h2>\n                <div class=\"u-blog-control u-post-content u-text u-text-4\"><p>\nDzi\u015b Wise\u0142ki rozegra\u0142y zaleg\u0142\u0105 kolejk\u0119 z dnia 21.05, uda\u0142y si\u0119 na ostatni wyjazdowy mecz do Rogo\u017anik\u00f3w. Doskona\u0142a pogoda sprzyja\u0142a graniu. Nasze &hellip;<\/p>\n                <\/div>\n              <\/div>\n            <\/div>\n            <div class=\"u-blog-post u-invisible u-container-style u-repeater-item\">\n              <div class=\"u-container-layout u-similar-container u-container-layout-1\"><a class=\"u-align-center u-blog-control u-image u-image-round u-radius-20 u-image-1\" href=\"http:\/\/wisla.skoczow.pl\/?p=11898\">\n                <img decoding=\"async\" class=\"u-align-center u-blog-control u-image u-image-round u-radius-20 u-image-1\" src=\"http:\/\/wisla.skoczow.pl\/wp-content\/uploads\/2023\/05\/IMG_1976-scaled.jpg\"><\/a>\n                <h2 class=\"u-align-center u-blog-control u-text u-text-1\">\n                  <a class=\"u-post-header-link\" href=\"http:\/\/wisla.skoczow.pl\/?p=11898\">Kadra Podokr\u0119gu<\/a>\n                <\/h2>\n                <div class=\"u-blog-control u-post-content u-text u-text-2\"><p>\nW dniach 19-21.05 odby\u0142 si\u0119 turniej SILESIA CUP w \"kotle czarownic\" na Stadionie \u015al\u0105skim. Nasze zawodniczki, Sonia Matias, Karolina Czy\u017c, Paulina &hellip;<\/p>\n                <\/div>\n              <\/div>\n            <\/div>\n            <div class=\"u-blog-post u-invisible u-container-style u-repeater-item\">\n              <div class=\"u-container-layout u-similar-container u-container-layout-2\"><a class=\"u-align-center u-blog-control u-image u-image-round u-radius-20 u-image-2\" href=\"http:\/\/wisla.skoczow.pl\/?p=11889\">\n                <img decoding=\"async\" class=\"u-align-center u-blog-control u-image u-image-round u-radius-20 u-image-2\" src=\"http:\/\/wisla.skoczow.pl\/wp-content\/uploads\/2023\/05\/347226836_729434308934252_6268129127663903723_n.jpg\"><\/a>\n                <h2 class=\"u-align-center u-blog-control u-text u-text-3\">\n                  <a class=\"u-post-header-link\" href=\"http:\/\/wisla.skoczow.pl\/?p=11889\">Trampkarki U15<\/a>\n                <\/h2>\n                <div class=\"u-blog-control u-post-content u-text u-text-4\"><p>\nWygrywamy  Zesp\u00f3\u0142 U15 zmierzy\u0142 si\u0119 dzisiaj w domowym meczu z KKS G\u00f3rnik Zabrze. Mecz bardzo emocjonuj\u0105cy. Pocz\u0105tek jak i wi\u0119ksz\u0105 cz\u0119\u015b\u0107 meczu gramy &hellip;<\/p>\n                <\/div>\n              <\/div>\n            <\/div>\n            <div class=\"u-blog-post u-invisible u-container-style u-repeater-item\">\n              <div class=\"u-container-layout u-similar-container u-container-layout-1\"><a class=\"u-align-center u-blog-control u-image u-image-round u-radius-20 u-image-1\" href=\"http:\/\/wisla.skoczow.pl\/?p=11019\">\n                <img decoding=\"async\" class=\"u-align-center u-blog-control u-image u-image-round u-radius-20 u-image-1\" src=\"http:\/\/wisla.skoczow.pl\/wp-content\/uploads\/2023\/05\/348424763_630903408901104_7381946393109576750_n.jpg\"><\/a>\n                <h2 class=\"u-align-center u-blog-control u-text u-text-1\">\n                  <a class=\"u-post-header-link\" href=\"http:\/\/wisla.skoczow.pl\/?p=11019\">Kadra Podokr\u0119gu<\/a>\n                <\/h2>\n                <div class=\"u-blog-control u-post-content u-text u-text-2\"><p>\nW najbli\u017cszy weekend na Stadionie \u015al\u0105skim rozegrany zostanie turniej Silesia Cup o Puchar Marsza\u0142ka Wojew\u00f3dztwa \u015al\u0105skiego.\n\n\n\nNa sobotni (20.05) &hellip;<\/p>\n                <\/div>\n              <\/div>\n            <\/div>\n            <div class=\"u-blog-post u-invisible u-container-style u-repeater-item\">\n              <div class=\"u-container-layout u-similar-container u-container-layout-2\"><a class=\"u-align-center u-blog-control u-image u-image-round u-radius-20 u-image-2\" href=\"http:\/\/wisla.skoczow.pl\/?p=11016\">\n                <img decoding=\"async\" class=\"u-align-center u-blog-control u-image u-image-round u-radius-20 u-image-2\" src=\"http:\/\/wisla.skoczow.pl\/wp-content\/uploads\/2022\/08\/terminarz.jpg\"><\/a>\n                <h2 class=\"u-align-center u-blog-control u-text u-text-3\">\n                  <a class=\"u-post-header-link\" href=\"http:\/\/wisla.skoczow.pl\/?p=11016\">Terminarz 20-21.05.2023<\/a>\n                <\/h2>\n                <div class=\"u-blog-control u-post-content u-text u-text-4\"><p>\nZaplanowane spotkanie \u015al\u0105skiej Ligi M\u0142odziczek U13 zosta\u0142o prze\u0142o\u017cone na 26.05.2023 g.18:00\n\n\n\n\n<\/p>\n                <\/div>\n              <\/div>\n            <\/div>\n            <div class=\"u-blog-post u-invisible u-container-style u-repeater-item\">\n              <div class=\"u-container-layout u-similar-container u-container-layout-1\"><a class=\"u-align-center u-blog-control u-image u-image-round u-radius-20 u-image-1\" href=\"http:\/\/wisla.skoczow.pl\/?p=11012\">\n                <img decoding=\"async\" class=\"u-align-center u-blog-control u-image u-image-round u-radius-20 u-image-1\" src=\"http:\/\/wisla.skoczow.pl\/wp-content\/uploads\/2023\/05\/13896928112772183892.jpg\"><\/a>\n                <h2 class=\"u-align-center u-blog-control u-text u-text-1\">\n                  <a class=\"u-post-header-link\" href=\"http:\/\/wisla.skoczow.pl\/?p=11012\">Konsultacje \u015alZPN<\/a>\n                <\/h2>\n                <div class=\"u-blog-control u-post-content u-text u-text-2\"><p>\nW poniedzia\u0142ek 15 maja odby\u0142y si\u0119 konsultacje \u015alZPN dla zawodniczek z rocznik\u00f3w 2009\/2010\/2011\/2012. Udzia\u0142 wzi\u0119\u0142o 11 naszych zawodniczek \n\n\n\n&hellip;<\/p>\n                <\/div>\n              <\/div>\n            <\/div>\n            <div class=\"u-blog-post u-invisible u-container-style u-repeater-item\">\n              <div class=\"u-container-layout u-similar-container u-container-layout-2\"><a class=\"u-align-center u-blog-control u-image u-image-round u-radius-20 u-image-2\" href=\"http:\/\/wisla.skoczow.pl\/?p=11009\">\n                <img decoding=\"async\" class=\"u-align-center u-blog-control u-image u-image-round u-radius-20 u-image-2\" src=\"http:\/\/wisla.skoczow.pl\/wp-content\/uploads\/2023\/05\/347596323_1661844710972206_2415447824065111751_n.jpg\"><\/a>\n                <h2 class=\"u-align-center u-blog-control u-text u-text-3\">\n                  <a class=\"u-post-header-link\" href=\"http:\/\/wisla.skoczow.pl\/?p=11009\">M\u0142odziczki U13<\/a>\n                <\/h2>\n                <div class=\"u-blog-control u-post-content u-text u-text-4\"><p>\nZa nami dwa spotkania, kt\u00f3re nie nale\u017c\u0105 do udanych. Dziewczynom nale\u017c\u0105 si\u0119 brawa za walk\u0119 do ko\u0144ca. Szkoda, \u017ce w spotkaniu z Tygryskami obudzi\u0142y &hellip;<\/p>\n                <\/div>\n              <\/div>\n            <\/div>\n            <div class=\"u-blog-post u-invisible u-container-style u-repeater-item\">\n              <div class=\"u-container-layout u-similar-container u-container-layout-1\"><a class=\"u-align-center u-blog-control u-image u-image-round u-radius-20 u-image-1\" href=\"http:\/\/wisla.skoczow.pl\/?p=11006\">\n                <img decoding=\"async\" class=\"u-align-center u-blog-control u-image u-image-round u-radius-20 u-image-1\" src=\"http:\/\/wisla.skoczow.pl\/wp-content\/uploads\/2023\/05\/347298544_1050748702978820_673515116448397444_n.jpg\"><\/a>\n                <h2 class=\"u-align-center u-blog-control u-text u-text-1\">\n                  <a class=\"u-post-header-link\" href=\"http:\/\/wisla.skoczow.pl\/?p=11006\">Trampkarki U15<\/a>\n                <\/h2>\n                <div class=\"u-blog-control u-post-content u-text u-text-2\"><p>\nWczoraj nasze zawodniczki zmierzy\u0142y si\u0119 na wyje\u017adzie z Rakowem Cz\u0119stochowa. Mecz bardzo intensywny od pocz\u0105tku, a\u017c do ko\u0144cowego gwizdka Obie strony&hellip;<\/p>\n                <\/div>\n              <\/div>\n            <\/div>\n            <div class=\"u-blog-post u-invisible u-container-style u-repeater-item\">\n              <div class=\"u-container-layout u-similar-container u-container-layout-2\"><a class=\"u-align-center u-blog-control u-image u-image-round u-radius-20 u-image-2\" href=\"http:\/\/wisla.skoczow.pl\/?p=11003\">\n                <img decoding=\"async\" class=\"u-align-center u-blog-control u-image u-image-round u-radius-20 u-image-2\" src=\"http:\/\/wisla.skoczow.pl\/wp-content\/uploads\/2022\/08\/terminarz.jpg\"><\/a>\n                <h2 class=\"u-align-center u-blog-control u-text u-text-3\">\n                  <a class=\"u-post-header-link\" href=\"http:\/\/wisla.skoczow.pl\/?p=11003\">Terminarz 13-14.05.2023<\/a>\n                <\/h2>\n                <div class=\"u-blog-control u-post-content u-text u-text-4\"><p>\n\n<\/p>\n                <\/div>\n              <\/div>\n            <\/div>\n            <div class=\"u-blog-post u-invisible u-container-style u-repeater-item\">\n              <div class=\"u-container-layout u-similar-container u-container-layout-1\"><a class=\"u-align-center u-blog-control u-image u-image-round u-radius-20 u-image-1\" href=\"http:\/\/wisla.skoczow.pl\/?p=11000\">\n                <img decoding=\"async\" class=\"u-align-center u-blog-control u-image u-image-round u-radius-20 u-image-1\" src=\"http:\/\/wisla.skoczow.pl\/wp-content\/uploads\/2023\/05\/345260186_549616623993856_1432920938769826022_n.jpg\"><\/a>\n                <h2 class=\"u-align-center u-blog-control u-text u-text-1\">\n                  <a class=\"u-post-header-link\" href=\"http:\/\/wisla.skoczow.pl\/?p=11000\">Trampkarki U15<\/a>\n                <\/h2>\n                <div class=\"u-blog-control u-post-content u-text u-text-2\"><p>\nDzisiejszy mecz by\u0142 pe\u0142en emocji  W domowym meczu nasze zawodniczki mierzy\u0142y si\u0119 z KKS Czarni Sosnowiec. Mecz zacz\u0105\u0142 si\u0119 dla nas bardzo dobrze, &hellip;<\/p>\n                <\/div>\n              <\/div>\n            <\/div>\n            <div class=\"u-blog-post u-invisible u-container-style u-repeater-item\">\n              <div class=\"u-container-layout u-similar-container u-container-layout-2\"><a class=\"u-align-center u-blog-control u-image u-image-round u-radius-20 u-image-2\" href=\"http:\/\/wisla.skoczow.pl\/?p=10997\">\n                <img decoding=\"async\" class=\"u-align-center u-blog-control u-image u-image-round u-radius-20 u-image-2\" src=\"http:\/\/wisla.skoczow.pl\/wp-content\/uploads\/2022\/08\/terminarz.jpg\"><\/a>\n                <h2 class=\"u-align-center u-blog-control u-text u-text-3\">\n                  <a class=\"u-post-header-link\" href=\"http:\/\/wisla.skoczow.pl\/?p=10997\">Terminarz 06.05.2023<\/a>\n                <\/h2>\n                <div class=\"u-blog-control u-post-content u-text u-text-4\"><p>\n\n<\/p>\n                <\/div>\n              <\/div>\n            <\/div>\n            <div class=\"u-blog-post u-invisible u-container-style u-repeater-item\">\n              <div class=\"u-container-layout u-similar-container u-container-layout-1\"><a class=\"u-align-center u-blog-control u-image u-image-round u-radius-20 u-image-1\" href=\"http:\/\/wisla.skoczow.pl\/?p=10994\">\n                <img decoding=\"async\" class=\"u-align-center u-blog-control u-image u-image-round u-radius-20 u-image-1\" src=\"http:\/\/wisla.skoczow.pl\/wp-content\/uploads\/2023\/05\/345199779_179857588341893_9030748587349302574_n.jpg\"><\/a>\n                <h2 class=\"u-align-center u-blog-control u-text u-text-1\">\n                  <a class=\"u-post-header-link\" href=\"http:\/\/wisla.skoczow.pl\/?p=10994\">M\u0142odziczki U13<\/a>\n                <\/h2>\n                <div class=\"u-blog-control u-post-content u-text u-text-2\"><p>\nLider nie tak straszny\n\n\n\nNasze zawodniczki zmierzy\u0142y si\u0119 z obecnie najmocniejszym zespo\u0142em w lidze. TS Mitech \u017bywiec d\u0105\u017cy ewidentnie do zdobycia &hellip;<\/p>\n                <\/div>\n              <\/div>\n            <\/div>\n            <div class=\"u-blog-post u-invisible u-container-style u-repeater-item\">\n              <div class=\"u-container-layout u-similar-container u-container-layout-2\"><a class=\"u-align-center u-blog-control u-image u-image-round u-radius-20 u-image-2\" href=\"http:\/\/wisla.skoczow.pl\/?p=10988\">\n                <img decoding=\"async\" class=\"u-align-center u-blog-control u-image u-image-round u-radius-20 u-image-2\" src=\"http:\/\/wisla.skoczow.pl\/wp-content\/uploads\/2023\/05\/344252214_620862236741048_2556563015399576341_n.jpg\"><\/a>\n                <h2 class=\"u-align-center u-blog-control u-text u-text-3\">\n                  <a class=\"u-post-header-link\" href=\"http:\/\/wisla.skoczow.pl\/?p=10988\">Trampkarki U15<\/a>\n                <\/h2>\n                <div class=\"u-blog-control u-post-content u-text u-text-4\"><p>\nWczoraj nasze zawodniczki zagra\u0142y na wyje\u017adzie z BTS Rekord. Ze wzgl\u0119du na brak kilku zawodniczek z podstawowego sk\u0142adu, okazj\u0119 na pokazanie si\u0119 &hellip;<\/p>\n                <\/div>\n              <\/div>\n            <\/div>\n            <div class=\"u-blog-post u-invisible u-container-style u-repeater-item\">\n              <div class=\"u-container-layout u-similar-container u-container-layout-1\"><a class=\"u-align-center u-blog-control u-image u-image-round u-radius-20 u-image-1\" href=\"http:\/\/wisla.skoczow.pl\/?p=10991\">\n                <img decoding=\"async\" class=\"u-align-center u-blog-control u-image u-image-round u-radius-20 u-image-1\" src=\"http:\/\/wisla.skoczow.pl\/wp-content\/uploads\/2022\/08\/terminarz.jpg\"><\/a>\n                <h2 class=\"u-align-center u-blog-control u-text u-text-1\">\n                  <a class=\"u-post-header-link\" href=\"http:\/\/wisla.skoczow.pl\/?p=10991\">Terminarz 29.04.2023<\/a>\n                <\/h2>\n                <div class=\"u-blog-control u-post-content u-text u-text-2\"><p>\n\n<\/p>\n                <\/div>\n              <\/div>\n            <\/div>\n            <div class=\"u-blog-post u-invisible u-container-style u-repeater-item\">\n              <div class=\"u-container-layout u-similar-container u-container-layout-2\"><a class=\"u-align-center u-blog-control u-image u-image-round u-radius-20 u-image-2\" href=\"http:\/\/wisla.skoczow.pl\/?p=10985\">\n                <img decoding=\"async\" class=\"u-align-center u-blog-control u-image u-image-round u-radius-20 u-image-2\" src=\"http:\/\/wisla.skoczow.pl\/wp-content\/uploads\/2023\/05\/342685073_3477002075863274_1624230647651506032_n.jpg\"><\/a>\n                <h2 class=\"u-align-center u-blog-control u-text u-text-3\">\n                  <a class=\"u-post-header-link\" href=\"http:\/\/wisla.skoczow.pl\/?p=10985\">Turniej PZPN 1x1<\/a>\n                <\/h2>\n                <div class=\"u-blog-control u-post-content u-text u-text-4\"><p>\nPolski Zwi\u0105zek Pi\u0142ki No\u017cnej wraz z Wojew\u00f3dzkimi Zwi\u0105zkami Pi\u0142ki No\u017cnej organizuje turniej pi\u0142karski gry 1x1 dla dziewczynek w wieku 8-12 lat.\n\n\n\n&hellip;<\/p>\n                <\/div>\n              <\/div>\n            <\/div>\n            <div class=\"u-blog-post u-invisible u-container-style u-repeater-item\">\n              <div class=\"u-container-layout u-similar-container u-container-layout-1\"><a class=\"u-align-center u-blog-control u-image u-image-round u-radius-20 u-image-1\" href=\"http:\/\/wisla.skoczow.pl\/?p=10982\">\n                <img decoding=\"async\" class=\"u-align-center u-blog-control u-image u-image-round u-radius-20 u-image-1\" src=\"http:\/\/wisla.skoczow.pl\/wp-content\/uploads\/2023\/05\/342885118_225695160109764_8395342478899291041_n.jpg\"><\/a>\n                <h2 class=\"u-align-center u-blog-control u-text u-text-1\">\n                  <a class=\"u-post-header-link\" href=\"http:\/\/wisla.skoczow.pl\/?p=10982\">Trampkarki U15<\/a>\n                <\/h2>\n                <div class=\"u-blog-control u-post-content u-text u-text-2\"><p>\nNasze dzisiejsze spotkanie ze Skr\u0105 Cz\u0119stochowa nie nale\u017ca\u0142o do udanych. Przegrywamy przed w\u0142asn\u0105 publiczno\u015bci\u0105. Na uwag\u0119 zas\u0142uguje fakt, \u017ce w &hellip;<\/p>\n                <\/div>\n              <\/div>\n            <\/div>\n            <div class=\"u-blog-post u-invisible u-container-style u-repeater-item\">\n              <div class=\"u-container-layout u-similar-container u-container-layout-2\"><a class=\"u-align-center u-blog-control u-image u-image-round u-radius-20 u-image-2\" href=\"http:\/\/wisla.skoczow.pl\/?p=10979\">\n                <img decoding=\"async\" class=\"u-align-center u-blog-control u-image u-image-round u-radius-20 u-image-2\" src=\"http:\/\/wisla.skoczow.pl\/wp-content\/uploads\/2023\/05\/342831722_244449421448863_4622264795971796645_n.jpg\"><\/a>\n                <h2 class=\"u-align-center u-blog-control u-text u-text-3\">\n                  <a class=\"u-post-header-link\" href=\"http:\/\/wisla.skoczow.pl\/?p=10979\">M\u0142odziczki U13<\/a>\n                <\/h2>\n                <div class=\"u-blog-control u-post-content u-text u-text-4\"><p>\nWyjazdowe spotkanie z Rakowem Cz\u0119stochowa zako\u0144czy\u0142o si\u0119 wysok\u0105 pora\u017ck\u0105. Nie ma co ukrywa\u0107, rywalki by\u0142y zdecydowanie lepsze od naszych dziewczyn i&hellip;<\/p>\n                <\/div>\n              <\/div>\n            <\/div>\n            <div class=\"u-blog-post u-invisible u-container-style u-repeater-item\">\n              <div class=\"u-container-layout u-similar-container u-container-layout-1\"><a class=\"u-align-center u-blog-control u-image u-image-round u-radius-20 u-image-1\" href=\"http:\/\/wisla.skoczow.pl\/?p=10976\">\n                <img decoding=\"async\" class=\"u-align-center u-blog-control u-image u-image-round u-radius-20 u-image-1\" src=\"http:\/\/wisla.skoczow.pl\/wp-content\/uploads\/2022\/08\/terminarz.jpg\"><\/a>\n                <h2 class=\"u-align-center u-blog-control u-text u-text-1\">\n                  <a class=\"u-post-header-link\" href=\"http:\/\/wisla.skoczow.pl\/?p=10976\">Terminarz 22-23.04.2023<\/a>\n                <\/h2>\n                <div class=\"u-blog-control u-post-content u-text u-text-2\"><p>\n\n<\/p>\n                <\/div>\n              <\/div>\n            <\/div>\n            <div class=\"u-blog-post u-invisible u-container-style u-repeater-item\">\n              <div class=\"u-container-layout u-similar-container u-container-layout-2\"><a class=\"u-align-center u-blog-control u-image u-image-round u-radius-20 u-image-2\" href=\"http:\/\/wisla.skoczow.pl\/?p=10973\">\n                <img decoding=\"async\" class=\"u-align-center u-blog-control u-image u-image-round u-radius-20 u-image-2\" src=\"http:\/\/wisla.skoczow.pl\/wp-content\/uploads\/2023\/05\/341779786_1191294618210845_4228164184398460896_n.jpg\"><\/a>\n                <h2 class=\"u-align-center u-blog-control u-text u-text-3\">\n                  <a class=\"u-post-header-link\" href=\"http:\/\/wisla.skoczow.pl\/?p=10973\">IV liga kobiet<\/a>\n                <\/h2>\n                <div class=\"u-blog-control u-post-content u-text u-text-4\"><p>\nDrodzy kibice w tej rundzie wiosennej nie zobaczmy dziewczyn w Skoczowie na boisku w wydaniu seniorskim. Ze wzgl\u0119du na powa\u017cn\u0105 kontuzj\u0119 kolana &hellip;<\/p>\n                <\/div>\n              <\/div>\n            <\/div>\n            <div class=\"u-blog-post u-invisible u-container-style u-repeater-item\">\n              <div class=\"u-container-layout u-similar-container u-container-layout-1\"><a class=\"u-align-center u-blog-control u-image u-image-round u-radius-20 u-image-1\" href=\"http:\/\/wisla.skoczow.pl\/?p=10970\">\n                <img decoding=\"async\" class=\"u-align-center u-blog-control u-image u-image-round u-radius-20 u-image-1\" src=\"http:\/\/wisla.skoczow.pl\/wp-content\/uploads\/2023\/05\/341284915_173588278934371_865127435550342060_n.jpg\"><\/a>\n                <h2 class=\"u-align-center u-blog-control u-text u-text-1\">\n                  <a class=\"u-post-header-link\" href=\"http:\/\/wisla.skoczow.pl\/?p=10970\">M\u0142odziczki U13<\/a>\n                <\/h2>\n                <div class=\"u-blog-control u-post-content u-text u-text-2\"><p>\nWiosenne przebudzenie m\u0142odych \"Wise\u0142ek\" Nasze m\u0142odziczki wywalczy\u0142y dzi\u015b 3 punkty, na boisku w Wi\u015blicy, pokonuj\u0105c zesp\u00f3\u0142 MLKS Wo\u017aniki. Dobra pogoda&hellip;<\/p>\n                <\/div>\n              <\/div>\n            <\/div>\n            <div class=\"u-blog-post u-invisible u-container-style u-repeater-item\">\n              <div class=\"u-container-layout u-similar-container u-container-layout-2\"><a class=\"u-align-center u-blog-control u-image u-image-round u-radius-20 u-image-2\" href=\"http:\/\/wisla.skoczow.pl\/?p=10967\">\n                <img decoding=\"async\" class=\"u-align-center u-blog-control u-image u-image-round u-radius-20 u-image-2\" src=\"http:\/\/wisla.skoczow.pl\/wp-content\/uploads\/2022\/08\/terminarz.jpg\"><\/a>\n                <h2 class=\"u-align-center u-blog-control u-text u-text-3\">\n                  <a class=\"u-post-header-link\" href=\"http:\/\/wisla.skoczow.pl\/?p=10967\">Terminarz 15.04.2023<\/a>\n                <\/h2>\n                <div class=\"u-blog-control u-post-content u-text u-text-4\"><p>\n\n<\/p>\n                <\/div>\n              <\/div>\n            <\/div>\n            <div class=\"u-blog-post u-invisible u-container-style u-repeater-item\">\n              <div class=\"u-container-layout u-similar-container u-container-layout-1\"><a class=\"u-align-center u-blog-control u-image u-image-round u-radius-20 u-image-1\" href=\"http:\/\/wisla.skoczow.pl\/?p=9098\">\n                <img decoding=\"async\" class=\"u-align-center u-blog-control u-image u-image-round u-radius-20 u-image-1\" src=\"http:\/\/wisla.skoczow.pl\/wp-content\/uploads\/2023\/04\/kartka-Welkanocna-22-768x548-1.png\"><\/a>\n                <h2 class=\"u-align-center u-blog-control u-text u-text-1\">\n                  <a class=\"u-post-header-link\" href=\"http:\/\/wisla.skoczow.pl\/?p=9098\">Weso\u0142ych \u015awi\u0105t!<\/a>\n                <\/h2>\n                <div class=\"u-blog-control u-post-content u-text u-text-2\"><p>\nZ okazji zbli\u017caj\u0105cych si\u0119 \u015awi\u0105t Wielkanocnych Zarz\u0105d i Sztab szkoleniowy KKS \u201cWis\u0142a\u201d \u017cycz\u0105 wszystkim zawodniczkom, kibicom, sponsorom i sympatykom,&hellip;<\/p>\n                <\/div>\n              <\/div>\n            <\/div>\n            <div class=\"u-blog-post u-invisible u-container-style u-repeater-item\">\n              <div class=\"u-container-layout u-similar-container u-container-layout-2\"><a class=\"u-align-center u-blog-control u-image u-image-round u-radius-20 u-image-2\" href=\"http:\/\/wisla.skoczow.pl\/?p=10964\">\n                <img decoding=\"async\" class=\"u-align-center u-blog-control u-image u-image-round u-radius-20 u-image-2\" src=\"http:\/\/wisla.skoczow.pl\/wp-content\/uploads\/2023\/05\/339568955_6278015538921198_5338843518382741664_n.jpg\"><\/a>\n                <h2 class=\"u-align-center u-blog-control u-text u-text-3\">\n                  <a class=\"u-post-header-link\" href=\"http:\/\/wisla.skoczow.pl\/?p=10964\">Trampkarki U15<\/a>\n                <\/h2>\n                <div class=\"u-blog-control u-post-content u-text u-text-4\"><p>\nWczoraj odby\u0142 si\u0119 pierwszy mecz rundy wiosennej. Nasze zawodniczki od samego pocz\u0105tku mierzy\u0142y si\u0119 z przeciwno\u015bciami jakimi by\u0142a gra w niepe\u0142nym &hellip;<\/p>\n                <\/div>\n              <\/div>\n            <\/div>\n            <div class=\"u-blog-post u-invisible u-container-style u-repeater-item\">\n              <div class=\"u-container-layout u-similar-container u-container-layout-1\"><a class=\"u-align-center u-blog-control u-image u-image-round u-radius-20 u-image-1\" href=\"http:\/\/wisla.skoczow.pl\/?p=10961\">\n                <img decoding=\"async\" class=\"u-align-center u-blog-control u-image u-image-round u-radius-20 u-image-1\" src=\"http:\/\/wisla.skoczow.pl\/wp-content\/uploads\/2023\/05\/339577677_545621997678789_3301180771550067235_n.jpg\"><\/a>\n                <h2 class=\"u-align-center u-blog-control u-text u-text-1\">\n                  <a class=\"u-post-header-link\" href=\"http:\/\/wisla.skoczow.pl\/?p=10961\">M\u0142odziczki U13<\/a>\n                <\/h2>\n                <div class=\"u-blog-control u-post-content u-text u-text-2\"><p>\nNiedzielne spotkanie wyjazdowe w Cz\u0119stochowie nie u\u0142o\u017cy\u0142o si\u0119 najlepiej dla \"Wise\u0142ek\". Pierwsza przegrana w rundzie wiosennej. Nasze zawodniczki &hellip;<\/p>\n                <\/div>\n              <\/div>\n            <\/div>\n            <div class=\"u-blog-post u-invisible u-container-style u-repeater-item\">\n              <div class=\"u-container-layout u-similar-container u-container-layout-2\"><a class=\"u-align-center u-blog-control u-image u-image-round u-radius-20 u-image-2\" href=\"http:\/\/wisla.skoczow.pl\/?p=10958\">\n                <img decoding=\"async\" class=\"u-align-center u-blog-control u-image u-image-round u-radius-20 u-image-2\" src=\"http:\/\/wisla.skoczow.pl\/wp-content\/uploads\/2022\/08\/terminarz.jpg\"><\/a>\n                <h2 class=\"u-align-center u-blog-control u-text u-text-3\">\n                  <a class=\"u-post-header-link\" href=\"http:\/\/wisla.skoczow.pl\/?p=10958\">Terminarz 02.04.2023<\/a>\n                <\/h2>\n                <div class=\"u-blog-control u-post-content u-text u-text-4\"><p>\n\n<\/p>\n                <\/div>\n              <\/div>\n            <\/div>\n            <div class=\"u-blog-post u-invisible u-container-style u-repeater-item\">\n              <div class=\"u-container-layout u-similar-container u-container-layout-1\"><a class=\"u-align-center u-blog-control u-image u-image-round u-radius-20 u-image-1\" href=\"http:\/\/wisla.skoczow.pl\/?p=10955\">\n                <img decoding=\"async\" class=\"u-align-center u-blog-control u-image u-image-round u-radius-20 u-image-1\" src=\"http:\/\/wisla.skoczow.pl\/wp-content\/uploads\/2023\/05\/339433048_220506087318235_7810251791535312116_n.jpg\"><\/a>\n                <h2 class=\"u-align-center u-blog-control u-text u-text-1\">\n                  <a class=\"u-post-header-link\" href=\"http:\/\/wisla.skoczow.pl\/?p=10955\">Akademia Pi\u0142karska U11<\/a>\n                <\/h2>\n                <div class=\"u-blog-control u-post-content u-text u-text-2\"><p>\nDzisiaj nasze zawodniczki pierwszy raz wzi\u0119\u0142y udzia\u0142 w turnieju  Turniej odbywa\u0142 si\u0119 w K\u0119tach @gigancifutbolu. Nasze zawodniczki by\u0142y najm\u0142odsze w &hellip;<\/p>\n                <\/div>\n              <\/div>\n            <\/div>\n            <div class=\"u-blog-post u-invisible u-container-style u-repeater-item\">\n              <div class=\"u-container-layout u-similar-container u-container-layout-2\"><a class=\"u-align-center u-blog-control u-image u-image-round u-radius-20 u-image-2\" href=\"http:\/\/wisla.skoczow.pl\/?p=10951\">\n                <img decoding=\"async\" class=\"u-align-center u-blog-control u-image u-image-round u-radius-20 u-image-2\" src=\"http:\/\/wisla.skoczow.pl\/wp-content\/uploads\/2023\/05\/339419457_1073818326871808_9103202692990861418_n.jpg\"><\/a>\n                <h2 class=\"u-align-center u-blog-control u-text u-text-3\">\n                  <a class=\"u-post-header-link\" href=\"http:\/\/wisla.skoczow.pl\/?p=10951\">Kadra Podokr\u0119gu U13<\/a>\n                <\/h2>\n                <div class=\"u-blog-control u-post-content u-text u-text-4\"><p>\nW czwartek 30.03 mia\u0142a miejsce konsultacja dziewcz\u0105t rocznika 2010 \/ 2011 \/ 2012 z Podokr\u0119gu Skocz\u00f3w, na kt\u00f3r\u0105 zosta\u0142o powo\u0142anych 8 naszych &hellip;<\/p>\n                <\/div>\n              <\/div>\n            <\/div>\n            <div class=\"u-blog-post u-invisible u-container-style u-repeater-item\">\n              <div class=\"u-container-layout u-similar-container u-container-layout-1\"><a class=\"u-align-center u-blog-control u-image u-image-round u-radius-20 u-image-1\" href=\"http:\/\/wisla.skoczow.pl\/?p=10946\">\n                <img decoding=\"async\" class=\"u-align-center u-blog-control u-image u-image-round u-radius-20 u-image-1\" src=\"http:\/\/wisla.skoczow.pl\/wp-content\/uploads\/2023\/05\/338824155_924435785364808_1551800626746538881_n.jpg\"><\/a>\n                <h2 class=\"u-align-center u-blog-control u-text u-text-1\">\n                  <a class=\"u-post-header-link\" href=\"http:\/\/wisla.skoczow.pl\/?p=10946\">Sparing U11\/U13\/U15<\/a>\n                <\/h2>\n                <div class=\"u-blog-control u-post-content u-text u-text-2\"><p>\nNasza m\u0142odzie\u017c i dzieci, nie pr\u00f3\u017cnuj\u0105 i przygotowuj\u0105 si\u0119 do rozgrywek wiosennych. \n\n\n\nZesp\u00f3\u0142 U11 rozegra\u0142 gierk\u0119 wewn\u0119trzn\u0105 z zespo\u0142em U13 na &hellip;<\/p>\n                <\/div>\n              <\/div>\n            <\/div>\n            <div class=\"u-blog-post u-invisible u-container-style u-repeater-item\">\n              <div class=\"u-container-layout u-similar-container u-container-layout-2\"><a class=\"u-align-center u-blog-control u-image u-image-round u-radius-20 u-image-2\" href=\"http:\/\/wisla.skoczow.pl\/?p=10942\">\n                <img decoding=\"async\" class=\"u-align-center u-blog-control u-image u-image-round u-radius-20 u-image-2\" src=\"http:\/\/wisla.skoczow.pl\/wp-content\/uploads\/2023\/05\/337261322_1229215871321222_7588828957114231554_n.jpg\"><\/a>\n                <h2 class=\"u-align-center u-blog-control u-text u-text-3\">\n                  <a class=\"u-post-header-link\" href=\"http:\/\/wisla.skoczow.pl\/?p=10942\">Wiktoria na wypo\u017cyczeniu!<\/a>\n                <\/h2>\n                <div class=\"u-blog-control u-post-content u-text u-text-4\"><p>\n\u015awietny debiut Wiktorii w Centralnej Lidze Juniorek U17\n\n\n\nNa p\u00f3\u0142roczne wypo\u017cyczenie do SWD Wodzis\u0142aw \u015al\u0105ski trafi\u0142a nasza zawodniczka Wiktoria &hellip;<\/p>\n                <\/div>\n              <\/div>\n            <\/div>\n            <div class=\"u-blog-post u-invisible u-container-style u-repeater-item\">\n              <div class=\"u-container-layout u-similar-container u-container-layout-1\"><a class=\"u-align-center u-blog-control u-image u-image-round u-radius-20 u-image-1\" href=\"http:\/\/wisla.skoczow.pl\/?p=10939\">\n                <img decoding=\"async\" class=\"u-align-center u-blog-control u-image u-image-round u-radius-20 u-image-1\" src=\"http:\/\/wisla.skoczow.pl\/wp-content\/uploads\/2023\/05\/337159022_582965913788204_5983108024405927831_n.jpg\"><\/a>\n                <h2 class=\"u-align-center u-blog-control u-text u-text-1\">\n                  <a class=\"u-post-header-link\" href=\"http:\/\/wisla.skoczow.pl\/?p=10939\">Sparing U15\/U17<\/a>\n                <\/h2>\n                <div class=\"u-blog-control u-post-content u-text u-text-2\"><p>\nW poniedzia\u0142ek nasze zawodniczki U\/ zmierzy\u0142y si\u0119 w Wi\u015blicy z zespo\u0142em TS Mitech \u017bywiec. W pierwszej po\u0142owie tracimy dwie bramki, wynikaj\u0105ce z &hellip;<\/p>\n                <\/div>\n              <\/div>\n            <\/div>\n            <div class=\"u-blog-post u-invisible u-container-style u-repeater-item\">\n              <div class=\"u-container-layout u-similar-container u-container-layout-2\"><a class=\"u-align-center u-blog-control u-image u-image-round u-radius-20 u-image-2\" href=\"http:\/\/wisla.skoczow.pl\/?p=10936\">\n                <img decoding=\"async\" class=\"u-align-center u-blog-control u-image u-image-round u-radius-20 u-image-2\" src=\"http:\/\/wisla.skoczow.pl\/wp-content\/uploads\/2023\/05\/334986588_762517675205653_1178578707451767340_n.jpg\"><\/a>\n                <h2 class=\"u-align-center u-blog-control u-text u-text-3\">\n                  <a class=\"u-post-header-link\" href=\"http:\/\/wisla.skoczow.pl\/?p=10936\">Przeka\u017c 1,5%<\/a>\n                <\/h2>\n                <div class=\"u-blog-control u-post-content u-text u-text-4\"><p>\nOkres rozliczeniowy w pe\u0142ni - zach\u0119camy do przekazania 1,5% na szkolenie m\u0142odych pi\u0142karek w naszym klubie\n\n\n\n\n<\/p>\n                <\/div>\n              <\/div>\n            <\/div>\n            <div class=\"u-blog-post u-invisible u-container-style u-repeater-item\">\n              <div class=\"u-container-layout u-similar-container u-container-layout-1\"><a class=\"u-align-center u-blog-control u-image u-image-round u-radius-20 u-image-1\" href=\"http:\/\/wisla.skoczow.pl\/?p=10932\">\n                <img decoding=\"async\" class=\"u-align-center u-blog-control u-image u-image-round u-radius-20 u-image-1\" src=\"http:\/\/wisla.skoczow.pl\/wp-content\/uploads\/2023\/05\/333943151_706520301266141_2812254421796871149_n.jpg\"><\/a>\n                <h2 class=\"u-align-center u-blog-control u-text u-text-1\">\n                  <a class=\"u-post-header-link\" href=\"http:\/\/wisla.skoczow.pl\/?p=10932\">Wicemistrzynie \u015al\u0105ska PLF 2023<\/a>\n                <\/h2>\n                <div class=\"u-blog-control u-post-content u-text u-text-2\"><p>\nGorzki remis 5:5 - ko\u0144czymy jako Wicemistrz.\n\n\n\nPrzeciwniczki z Istebnej awansowa\u0142y wyprzedzaj\u0105c nas jednym punktem. Wyrwa\u0142y nam zwyci\u0119stwo rzutem &hellip;<\/p>\n                <\/div>\n              <\/div>\n            <\/div>\n            <div class=\"u-blog-post u-invisible u-container-style u-repeater-item\">\n              <div class=\"u-container-layout u-similar-container u-container-layout-2\"><a class=\"u-align-center u-blog-control u-image u-image-round u-radius-20 u-image-2\" href=\"http:\/\/wisla.skoczow.pl\/?p=10926\">\n                <img decoding=\"async\" class=\"u-align-center u-blog-control u-image u-image-round u-radius-20 u-image-2\" src=\"http:\/\/wisla.skoczow.pl\/wp-content\/uploads\/2023\/05\/335482289_936010107398852_2567122991568581568_n.jpg\"><\/a>\n                <h2 class=\"u-align-center u-blog-control u-text u-text-3\">\n                  <a class=\"u-post-header-link\" href=\"http:\/\/wisla.skoczow.pl\/?p=10926\">II liga PLF<\/a>\n                <\/h2>\n                <div class=\"u-blog-control u-post-content u-text u-text-4\"><p>\nJu\u017c jutro decyduj\u0105ce starcie\n\n\n\nNasze \"Wise\u0142ki\" powalcz\u0105 o awans do I ligi PLF, zmierz\u0105 si\u0119 z Istebn\u0105 o powr\u00f3t do elity.\n\n\n\nZAPRASZAMY WSZYSTKICH &hellip;<\/p>\n                <\/div>\n              <\/div>\n            <\/div>\n            <div class=\"u-blog-post u-invisible u-container-style u-repeater-item\">\n              <div class=\"u-container-layout u-similar-container u-container-layout-1\"><a class=\"u-align-center u-blog-control u-image u-image-round u-radius-20 u-image-1\" href=\"http:\/\/wisla.skoczow.pl\/?p=10923\">\n                <img decoding=\"async\" class=\"u-align-center u-blog-control u-image u-image-round u-radius-20 u-image-1\" src=\"http:\/\/wisla.skoczow.pl\/wp-content\/uploads\/2023\/05\/334977824_758843252257146_8424046833310057992_n.jpg\"><\/a>\n                <h2 class=\"u-align-center u-blog-control u-text u-text-1\">\n                  <a class=\"u-post-header-link\" href=\"http:\/\/wisla.skoczow.pl\/?p=10923\">15 lat min\u0119\u0142o...<\/a>\n                <\/h2>\n                <div class=\"u-blog-control u-post-content u-text u-text-2\"><p>\n\"Na pocz\u0105tku by\u0142 parkiet....\". To od tych s\u0142\u00f3w zaczyna si\u0119 nasza 15 letnia historia klubu. 7 marca 2008 roku za\u0142o\u017cono Kobiecy Klub Sportowy &hellip;<\/p>\n                <\/div>\n              <\/div>\n            <\/div>\n            <div class=\"u-blog-post u-invisible u-container-style u-repeater-item\">\n              <div class=\"u-container-layout u-similar-container u-container-layout-2\"><a class=\"u-align-center u-blog-control u-image u-image-round u-radius-20 u-image-2\" href=\"http:\/\/wisla.skoczow.pl\/?p=10920\">\n                <img decoding=\"async\" class=\"u-align-center u-blog-control u-image u-image-round u-radius-20 u-image-2\" src=\"http:\/\/wisla.skoczow.pl\/wp-content\/uploads\/2023\/05\/334941129_746959156845056_7346978321256925172_n.jpg\"><\/a>\n                <h2 class=\"u-align-center u-blog-control u-text u-text-3\">\n                  <a class=\"u-post-header-link\" href=\"http:\/\/wisla.skoczow.pl\/?p=10920\">\u015awi\u0119to Kobiet!<\/a>\n                <\/h2>\n                <div class=\"u-blog-control u-post-content u-text u-text-4\"><p>\nWszystkim  PANIOM - KOBIETOM - ZAWODNICZKOM I TRENERKOM w dniu ich \u015bwi\u0119ta \u017cyczymy wszystkiego najlepszego!!!\n<\/p>\n                <\/div>\n              <\/div>\n            <\/div>\n            <div class=\"u-blog-post u-invisible u-container-style u-repeater-item\">\n              <div class=\"u-container-layout u-similar-container u-container-layout-1\"><a class=\"u-align-center u-blog-control u-image u-image-round u-radius-20 u-image-1\" href=\"http:\/\/wisla.skoczow.pl\/?p=10917\">\n                <img decoding=\"async\" class=\"u-align-center u-blog-control u-image u-image-round u-radius-20 u-image-1\" src=\"http:\/\/wisla.skoczow.pl\/wp-content\/uploads\/2023\/05\/333311854_663911255739524_1348501368681507097_n.jpg\"><\/a>\n                <h2 class=\"u-align-center u-blog-control u-text u-text-1\">\n                  <a class=\"u-post-header-link\" href=\"http:\/\/wisla.skoczow.pl\/?p=10917\">Sparing U15\/U17<\/a>\n                <\/h2>\n                <div class=\"u-blog-control u-post-content u-text u-text-2\"><p>\nDzisiaj nasze zawodniczki U\/ zmierzy\u0142y si\u0119 w Wi\u015blicy z zespo\u0142em seniorek wyst\u0119puj\u0105cym w IV lidze ma\u0142opolskiej WKS Tempo Bia\u0142ka. By\u0142o to wyzwanie &hellip;<\/p>\n                <\/div>\n              <\/div>\n            <\/div>\n            <div class=\"u-blog-post u-invisible u-container-style u-repeater-item\">\n              <div class=\"u-container-layout u-similar-container u-container-layout-2\"><a class=\"u-align-center u-blog-control u-image u-image-round u-radius-20 u-image-2\" href=\"http:\/\/wisla.skoczow.pl\/?p=10914\">\n                <img decoding=\"async\" class=\"u-align-center u-blog-control u-image u-image-round u-radius-20 u-image-2\" src=\"http:\/\/wisla.skoczow.pl\/wp-content\/uploads\/2023\/05\/334604882_1894208284271190_3919187279310444992_n.jpg\"><\/a>\n                <h2 class=\"u-align-center u-blog-control u-text u-text-3\">\n                  <a class=\"u-post-header-link\" href=\"http:\/\/wisla.skoczow.pl\/?p=10914\">II liga PLF<\/a>\n                <\/h2>\n                <div class=\"u-blog-control u-post-content u-text u-text-4\"><p>\n3 kolejka ligi zako\u0144czy\u0142a si\u0119 drugim zwyci\u0119stwem naszych zawodniczek. W niedziel\u0119 26.02 na hali sportowej w Rudzie \u015al\u0105skiej dziewczyny zmierzy\u0142y &hellip;<\/p>\n                <\/div>\n              <\/div>\n            <\/div>\n            <div class=\"u-blog-post u-invisible u-container-style u-repeater-item\">\n              <div class=\"u-container-layout u-similar-container u-container-layout-1\"><a class=\"u-align-center u-blog-control u-image u-image-round u-radius-20 u-image-1\" href=\"http:\/\/wisla.skoczow.pl\/?p=10911\">\n                <img decoding=\"async\" class=\"u-align-center u-blog-control u-image u-image-round u-radius-20 u-image-1\" src=\"http:\/\/wisla.skoczow.pl\/wp-content\/uploads\/2023\/05\/329511900_6176240492437577_1214760304723863368_n.jpg\"><\/a>\n                <h2 class=\"u-align-center u-blog-control u-text u-text-1\">\n                  <a class=\"u-post-header-link\" href=\"http:\/\/wisla.skoczow.pl\/?p=10911\">II liga PLF<\/a>\n                <\/h2>\n                <div class=\"u-blog-control u-post-content u-text u-text-2\"><p>\nWa\u017cne trzy punkty dziewczyn i grad goli\n\n\n\nW niedzielne po\u0142udnie rozegrali\u015bmy 2 kolejk\u0119 ligi futsalu. Nasze zawodniczki w pierwszej po\u0142owie &hellip;<\/p>\n                <\/div>\n              <\/div>\n            <\/div>\n            <div class=\"u-blog-post u-invisible u-container-style u-repeater-item\">\n              <div class=\"u-container-layout u-similar-container u-container-layout-2\"><a class=\"u-align-center u-blog-control u-image u-image-round u-radius-20 u-image-2\" href=\"http:\/\/wisla.skoczow.pl\/?p=10907\">\n                <img decoding=\"async\" class=\"u-align-center u-blog-control u-image u-image-round u-radius-20 u-image-2\" src=\"http:\/\/wisla.skoczow.pl\/wp-content\/uploads\/2023\/05\/327961071_598450058768400_4862664314778106901_n.jpg\"><\/a>\n                <h2 class=\"u-align-center u-blog-control u-text u-text-3\">\n                  <a class=\"u-post-header-link\" href=\"http:\/\/wisla.skoczow.pl\/?p=10907\">Ob\u00f3z zimowy 2023<\/a>\n                <\/h2>\n                <div class=\"u-blog-control u-post-content u-text u-text-4\"><p>\nDzie\u0144 VII\n\n\n\nDzisiaj nasz ostatni dzie\u0144, kt\u00f3ry zacz\u0119li\u015bmy od \u015bniadania po kt\u00f3rym udali\u015bmy si\u0119 do pokoi, aby si\u0119 spakowa\u0107. Nast\u0119pnie zawodniczki z &hellip;<\/p>\n                <\/div>\n              <\/div>\n            <\/div>\n            <div class=\"u-blog-post u-invisible u-container-style u-repeater-item\">\n              <div class=\"u-container-layout u-similar-container u-container-layout-1\"><a class=\"u-align-center u-blog-control u-image u-image-round u-radius-20 u-image-1\" href=\"http:\/\/wisla.skoczow.pl\/?p=10904\">\n                <img decoding=\"async\" class=\"u-align-center u-blog-control u-image u-image-round u-radius-20 u-image-1\" src=\"http:\/\/wisla.skoczow.pl\/wp-content\/uploads\/2023\/05\/327918087_541490754419512_814557018372312860_n.jpg\"><\/a>\n                <h2 class=\"u-align-center u-blog-control u-text u-text-1\">\n                  <a class=\"u-post-header-link\" href=\"http:\/\/wisla.skoczow.pl\/?p=10904\">Ob\u00f3z zimowy 2023<\/a>\n                <\/h2>\n                <div class=\"u-blog-control u-post-content u-text u-text-2\"><p>\nDzie\u0144 V i VI\n\n\n\nCzwartek up\u0142yn\u0105\u0142 nam pod znakiem dw\u00f3ch intensywnych blok\u00f3w treningowych. Dziewczyny podczas motoryki poprawia\u0142y technik\u0119 biegu, a &hellip;<\/p>\n                <\/div>\n              <\/div>\n            <\/div>\n            <div class=\"u-blog-post u-invisible u-container-style u-repeater-item\">\n              <div class=\"u-container-layout u-similar-container u-container-layout-2\"><a class=\"u-align-center u-blog-control u-image u-image-round u-radius-20 u-image-2\" href=\"http:\/\/wisla.skoczow.pl\/?p=10901\">\n                <img decoding=\"async\" class=\"u-align-center u-blog-control u-image u-image-round u-radius-20 u-image-2\" src=\"http:\/\/wisla.skoczow.pl\/wp-content\/uploads\/2023\/05\/fsdsdsd.jpg\"><\/a>\n                <h2 class=\"u-align-center u-blog-control u-text u-text-3\">\n                  <a class=\"u-post-header-link\" href=\"http:\/\/wisla.skoczow.pl\/?p=10901\">Ob\u00f3z zimowy 2023<\/a>\n                <\/h2>\n                <div class=\"u-blog-control u-post-content u-text u-text-4\"><p>\nDzie\u0144 III i IV\n\n\n\nW trzecim dniu zaraz po \u015bniadaniu udali\u015bmy si\u0119 na kr\u0119gle  do Miechowa w kt\u00f3rym sp\u0119dzili\u015bmy 2 godziny, po czym udali\u015bmy si\u0119 na &hellip;<\/p>\n                <\/div>\n              <\/div>\n            <\/div>\n            <div class=\"u-blog-post u-invisible u-container-style u-repeater-item\">\n              <div class=\"u-container-layout u-similar-container u-container-layout-1\"><a class=\"u-align-center u-blog-control u-image u-image-round u-radius-20 u-image-1\" href=\"http:\/\/wisla.skoczow.pl\/?p=10898\">\n                <img decoding=\"async\" class=\"u-align-center u-blog-control u-image u-image-round u-radius-20 u-image-1\" src=\"http:\/\/wisla.skoczow.pl\/wp-content\/uploads\/2023\/05\/325954825_594191095864671_3609657931055826863_n.jpg\"><\/a>\n                <h2 class=\"u-align-center u-blog-control u-text u-text-1\">\n                  <a class=\"u-post-header-link\" href=\"http:\/\/wisla.skoczow.pl\/?p=10898\">Ob\u00f3z zimowy 2023<\/a>\n                <\/h2>\n                <div class=\"u-blog-control u-post-content u-text u-text-2\"><p>\nDzie\u0144 I i II\n\n\n\nTen rok jest wyj\u0105tkowy \n\n\n\nPierwszy raz w historii klubu wybrali\u015bmy si\u0119 na ob\u00f3z zimowy  efekty tego na pewno b\u0119d\u0105 widoczne w &hellip;<\/p>\n                <\/div>\n              <\/div>\n            <\/div>\n            <div class=\"u-blog-post u-invisible u-container-style u-repeater-item\">\n              <div class=\"u-container-layout u-similar-container u-container-layout-2\"><a class=\"u-align-center u-blog-control u-image u-image-round u-radius-20 u-image-2\" href=\"http:\/\/wisla.skoczow.pl\/?p=10895\">\n                <img decoding=\"async\" class=\"u-align-center u-blog-control u-image u-image-round u-radius-20 u-image-2\" src=\"http:\/\/wisla.skoczow.pl\/wp-content\/uploads\/2023\/05\/ftttt.jpg\"><\/a>\n                <h2 class=\"u-align-center u-blog-control u-text u-text-3\">\n                  <a class=\"u-post-header-link\" href=\"http:\/\/wisla.skoczow.pl\/?p=10895\">II liga PLF<\/a>\n                <\/h2>\n                <div class=\"u-blog-control u-post-content u-text u-text-4\"><p>\nRozpocz\u0119li\u015bmy rozgrywki w futsalu. Nasz zesp\u00f3\u0142 seniorski podejmowa\u0142 Istebn\u0105. Pierwsza cz\u0119\u015b\u0107 spotkania by\u0142a bardzo wyr\u00f3wnana, by\u0142y okazje do &hellip;<\/p>\n                <\/div>\n              <\/div>\n            <\/div>\n            <div class=\"u-blog-post u-invisible u-container-style u-repeater-item\">\n              <div class=\"u-container-layout u-similar-container u-container-layout-1\"><a class=\"u-align-center u-blog-control u-image u-image-round u-radius-20 u-image-1\" href=\"http:\/\/wisla.skoczow.pl\/?p=10888\">\n                <img decoding=\"async\" class=\"u-align-center u-blog-control u-image u-image-round u-radius-20 u-image-1\" src=\"http:\/\/wisla.skoczow.pl\/wp-content\/uploads\/2023\/05\/fut2222.jpg\"><\/a>\n                <h2 class=\"u-align-center u-blog-control u-text u-text-1\">\n                  <a class=\"u-post-header-link\" href=\"http:\/\/wisla.skoczow.pl\/?p=10888\">II liga PLF<\/a>\n                <\/h2>\n                <div class=\"u-blog-control u-post-content u-text u-text-2\"><p>\nZapraszamy drodzy kibice na pierwsze spotkanie ligowe w tym roku.\n\n\n\nRozpoczynamy zmagania w II Lidze PLF Futsalu kobiet.\n\n\n\nW \u015arod\u0119 11.01 o godz. &hellip;<\/p>\n                <\/div>\n              <\/div>\n            <\/div>\n            <div class=\"u-blog-post u-invisible u-container-style u-repeater-item\">\n              <div class=\"u-container-layout u-similar-container u-container-layout-2\"><a class=\"u-align-center u-blog-control u-image u-image-round u-radius-20 u-image-2\" href=\"http:\/\/wisla.skoczow.pl\/?p=10885\">\n                <img decoding=\"async\" class=\"u-align-center u-blog-control u-image u-image-round u-radius-20 u-image-2\" src=\"http:\/\/wisla.skoczow.pl\/wp-content\/uploads\/2023\/05\/kal.jpg\"><\/a>\n                <h2 class=\"u-align-center u-blog-control u-text u-text-3\">\n                  <a class=\"u-post-header-link\" href=\"http:\/\/wisla.skoczow.pl\/?p=10885\">\u017begnamy rok 2022!<\/a>\n                <\/h2>\n                <div class=\"u-blog-control u-post-content u-text u-text-4\"><p>\nKo\u0144czy si\u0119 rok 2022, a przed nami NOWY ROK 2023...\n\n\n\nNadchodzi -lecie naszego klubu, kt\u00f3re b\u0119dziemy obchodzi\u0107 7 marca, a hucznie \u015bwi\u0119towa\u0107 w &hellip;<\/p>\n                <\/div>\n              <\/div>\n            <\/div>\n            <div class=\"u-blog-post u-invisible u-container-style u-repeater-item\">\n              <div class=\"u-container-layout u-similar-container u-container-layout-1\"><a class=\"u-align-center u-blog-control u-image u-image-round u-radius-20 u-image-1\" href=\"http:\/\/wisla.skoczow.pl\/?p=10882\">\n                <img decoding=\"async\" class=\"u-align-center u-blog-control u-image u-image-round u-radius-20 u-image-1\" src=\"http:\/\/wisla.skoczow.pl\/wp-content\/uploads\/2023\/05\/mmp15d.jpg\"><\/a>\n                <h2 class=\"u-align-center u-blog-control u-text u-text-1\">\n                  <a class=\"u-post-header-link\" href=\"http:\/\/wisla.skoczow.pl\/?p=10882\">MMP U15<\/a>\n                <\/h2>\n                <div class=\"u-blog-control u-post-content u-text u-text-2\"><p>\nNiestety nie uzyskali\u015bmy awansu do kolejnej fazy. Pierwszy mecz z TS Row Rybnik by\u0142 zdecydowanie w naszym zasi\u0119gu, ale niestety dobra gra na koniec&hellip;<\/p>\n                <\/div>\n              <\/div>\n            <\/div>\n            <div class=\"u-blog-post u-invisible u-container-style u-repeater-item\">\n              <div class=\"u-container-layout u-similar-container u-container-layout-2\"><a class=\"u-align-center u-blog-control u-image u-image-round u-radius-20 u-image-2\" href=\"http:\/\/wisla.skoczow.pl\/?p=10878\">\n                <img decoding=\"async\" class=\"u-align-center u-blog-control u-image u-image-round u-radius-20 u-image-2\" src=\"http:\/\/wisla.skoczow.pl\/wp-content\/uploads\/2023\/05\/u15mmp.jpg\"><\/a>\n                <h2 class=\"u-align-center u-blog-control u-text u-text-3\">\n                  <a class=\"u-post-header-link\" href=\"http:\/\/wisla.skoczow.pl\/?p=10878\">MMP U15<\/a>\n                <\/h2>\n                <div class=\"u-blog-control u-post-content u-text u-text-4\"><p>\nKolejny turniej eliminacyjny rozegramy w roli gospodarza! Zapraszamy!\n\n\n\n\n<\/p>\n                <\/div>\n              <\/div>\n            <\/div>\n            <div class=\"u-blog-post u-invisible u-container-style u-repeater-item\">\n              <div class=\"u-container-layout u-similar-container u-container-layout-1\"><a class=\"u-align-center u-blog-control u-image u-image-round u-radius-20 u-image-1\" href=\"http:\/\/wisla.skoczow.pl\/?p=10871\">\n                <img decoding=\"async\" class=\"u-align-center u-blog-control u-image u-image-round u-radius-20 u-image-1\" src=\"http:\/\/wisla.skoczow.pl\/wp-content\/uploads\/2023\/05\/fut2.jpg\"><\/a>\n                <h2 class=\"u-align-center u-blog-control u-text u-text-1\">\n                  <a class=\"u-post-header-link\" href=\"http:\/\/wisla.skoczow.pl\/?p=10871\">Puchar Polski - III miejsce<\/a>\n                <\/h2>\n                <div class=\"u-blog-control u-post-content u-text u-text-2\"><p>\nZajmujemy III miejsce, a najlepsz\u0105 bramkark\u0105 zosta\u0142a nasza zawodniczka Weronika Salamon\n\n\n\nAwans do rozgrywek centralnych wywalczy\u0142y pi\u0142karki z &hellip;<\/p>\n                <\/div>\n              <\/div>\n            <\/div>\n            <div class=\"u-blog-post u-invisible u-container-style u-repeater-item\">\n              <div class=\"u-container-layout u-similar-container u-container-layout-2\"><a class=\"u-align-center u-blog-control u-image u-image-round u-radius-20 u-image-2\" href=\"http:\/\/wisla.skoczow.pl\/?p=10868\">\n                <img decoding=\"async\" class=\"u-align-center u-blog-control u-image u-image-round u-radius-20 u-image-2\" src=\"http:\/\/wisla.skoczow.pl\/wp-content\/uploads\/2023\/05\/ppfut.jpg\"><\/a>\n                <h2 class=\"u-align-center u-blog-control u-text u-text-3\">\n                  <a class=\"u-post-header-link\" href=\"http:\/\/wisla.skoczow.pl\/?p=10868\">Puchar Polski w futsalu<\/a>\n                <\/h2>\n                <div class=\"u-blog-control u-post-content u-text u-text-4\"><p>\nSerdecznie zapraszamy na fina\u0142owe zmagania w futsalu kobiet. Tegoroczny fina\u0142 rozgrywamy w roli gospodarza, a nasze dziewcz\u0119ta s\u0105 g\u0142odne sukces\u00f3w.\n&hellip;<\/p>\n                <\/div>\n              <\/div>\n            <\/div>\n            <div class=\"u-blog-post u-invisible u-container-style u-repeater-item\">\n              <div class=\"u-container-layout u-similar-container u-container-layout-1\"><a class=\"u-align-center u-blog-control u-image u-image-round u-radius-20 u-image-1\" href=\"http:\/\/wisla.skoczow.pl\/?p=10865\">\n                <img decoding=\"async\" class=\"u-align-center u-blog-control u-image u-image-round u-radius-20 u-image-1\" src=\"http:\/\/wisla.skoczow.pl\/wp-content\/uploads\/2023\/05\/fut.jpg\"><\/a>\n                <h2 class=\"u-align-center u-blog-control u-text u-text-1\">\n                  <a class=\"u-post-header-link\" href=\"http:\/\/wisla.skoczow.pl\/?p=10865\">II liga PLF<\/a>\n                <\/h2>\n                <div class=\"u-blog-control u-post-content u-text u-text-2\"><p>\nZaczynamy upragniony sezon futsalowy\n\n\n\nWracamy do korzeni, \"Wise\u0142ki\" futsal maj\u0105 we krwi - si\u0119gaj\u0105c do historii to halowa pi\u0142ka no\u017cna jako &hellip;<\/p>\n                <\/div>\n              <\/div>\n            <\/div>\n            <div class=\"u-blog-post u-invisible u-container-style u-repeater-item\">\n              <div class=\"u-container-layout u-similar-container u-container-layout-2\"><a class=\"u-align-center u-blog-control u-image u-image-round u-radius-20 u-image-2\" href=\"http:\/\/wisla.skoczow.pl\/?p=10862\">\n                <img decoding=\"async\" class=\"u-align-center u-blog-control u-image u-image-round u-radius-20 u-image-2\" src=\"http:\/\/wisla.skoczow.pl\/wp-content\/uploads\/2023\/05\/tur.jpg\"><\/a>\n                <h2 class=\"u-align-center u-blog-control u-text u-text-3\">\n                  <a class=\"u-post-header-link\" href=\"http:\/\/wisla.skoczow.pl\/?p=10862\">Turniej w Wodzis\u0142awiu<\/a>\n                <\/h2>\n                <div class=\"u-blog-control u-post-content u-text u-text-4\"><p>\nMi\u0119dzynarodowy Turniej Barb\u00f3rkowy w Wodzis\u0142awiu \u015al\u0105skim za nami\n\n\n\nNasze dziewcz\u0119ta U15+juniorki\/seniorki rozegra\u0142y 5 spotka\u0144, zaj\u0119\u0142y 4 lokat\u0119 i &hellip;<\/p>\n                <\/div>\n              <\/div>\n            <\/div>\n            <div class=\"u-blog-post u-invisible u-container-style u-repeater-item\">\n              <div class=\"u-container-layout u-similar-container u-container-layout-1\"><a class=\"u-align-center u-blog-control u-image u-image-round u-radius-20 u-image-1\" href=\"http:\/\/wisla.skoczow.pl\/?p=10859\">\n                <img decoding=\"async\" class=\"u-align-center u-blog-control u-image u-image-round u-radius-20 u-image-1\" src=\"http:\/\/wisla.skoczow.pl\/wp-content\/uploads\/2023\/05\/barb.jpg\"><\/a>\n                <h2 class=\"u-align-center u-blog-control u-text u-text-1\">\n                  <a class=\"u-post-header-link\" href=\"http:\/\/wisla.skoczow.pl\/?p=10859\">Turniej BARB\u00d3RKOWY<\/a>\n                <\/h2>\n                <div class=\"u-blog-control u-post-content u-text u-text-2\"><p>\nW najbli\u017csz\u0105 sobot\u0119 26.11 we\u017amiemy udzia\u0142 w Mi\u0119dzynarodowym Turnieju Barb\u00f3rkowym w Wodzis\u0142awiu \u015al\u0105skim. Jest to ostatni akcent pi\u0142ki trawiastej w &hellip;<\/p>\n                <\/div>\n              <\/div>\n            <\/div>\n            <div class=\"u-blog-post u-invisible u-container-style u-repeater-item\">\n              <div class=\"u-container-layout u-similar-container u-container-layout-2\"><a class=\"u-align-center u-blog-control u-image u-image-round u-radius-20 u-image-2\" href=\"http:\/\/wisla.skoczow.pl\/?p=10856\">\n                <img decoding=\"async\" class=\"u-align-center u-blog-control u-image u-image-round u-radius-20 u-image-2\" src=\"http:\/\/wisla.skoczow.pl\/wp-content\/uploads\/2023\/05\/u17.jpg\"><\/a>\n                <h2 class=\"u-align-center u-blog-control u-text u-text-3\">\n                  <a class=\"u-post-header-link\" href=\"http:\/\/wisla.skoczow.pl\/?p=10856\">MMP U17<\/a>\n                <\/h2>\n                <div class=\"u-blog-control u-post-content u-text u-text-4\"><p>\nNiestety nie uzyskali\u015bmy awansu do kolejnej fazy. Byli\u015bmy bardzo blisko. W pierwszym spotkaniu prowadzili\u015bmy z KS Unia Opole, ale zabrak\u0142o &hellip;<\/p>\n                <\/div>\n              <\/div>\n            <\/div>\n            <div class=\"u-blog-post u-invisible u-container-style u-repeater-item\">\n              <div class=\"u-container-layout u-similar-container u-container-layout-1\"><a class=\"u-align-center u-blog-control u-image u-image-round u-radius-20 u-image-1\" href=\"http:\/\/wisla.skoczow.pl\/?p=10852\">\n                <img decoding=\"async\" class=\"u-align-center u-blog-control u-image u-image-round u-radius-20 u-image-1\" src=\"http:\/\/wisla.skoczow.pl\/wp-content\/uploads\/2023\/05\/mmp173.jpg\"><\/a>\n                <h2 class=\"u-align-center u-blog-control u-text u-text-1\">\n                  <a class=\"u-post-header-link\" href=\"http:\/\/wisla.skoczow.pl\/?p=10852\">MMP U17<\/a>\n                <\/h2>\n                <div class=\"u-blog-control u-post-content u-text u-text-2\"><p>\nHarmonogram rozgrywek turnieju eliminacyjnego - KIBICE zapraszamy\n\n\n\n\n\n\n\nTRANSMISJA NA \u017bYWO   \n\n\n\n&hellip;<\/p>\n                <\/div>\n              <\/div>\n            <\/div>\n            <div class=\"u-blog-post u-invisible u-container-style u-repeater-item\">\n              <div class=\"u-container-layout u-similar-container u-container-layout-2\"><a class=\"u-align-center u-blog-control u-image u-image-round u-radius-20 u-image-2\" href=\"http:\/\/wisla.skoczow.pl\/?p=10849\">\n                <img decoding=\"async\" class=\"u-align-center u-blog-control u-image u-image-round u-radius-20 u-image-2\" src=\"http:\/\/wisla.skoczow.pl\/wp-content\/uploads\/2023\/05\/mlo11.jpg\"><\/a>\n                <h2 class=\"u-align-center u-blog-control u-text u-text-3\">\n                  <a class=\"u-post-header-link\" href=\"http:\/\/wisla.skoczow.pl\/?p=10849\">M\u0142odziczki U13<\/a>\n                <\/h2>\n                <div class=\"u-blog-control u-post-content u-text u-text-4\"><p>\nRemis na zako\u0144czenie rundy jesiennej. \"Kropk\u0119 nad i\" postawi\u0142y nasze zawodniczki w \u015al\u0105skiej Lidze M\u0142odziczek, gdzie na wyje\u017adzie mierzy\u0142y si\u0119 z &hellip;<\/p>\n                <\/div>\n              <\/div>\n            <\/div>\n            <div class=\"u-blog-post u-invisible u-container-style u-repeater-item\">\n              <div class=\"u-container-layout u-similar-container u-container-layout-1\"><a class=\"u-align-center u-blog-control u-image u-image-round u-radius-20 u-image-1\" href=\"http:\/\/wisla.skoczow.pl\/?p=10845\">\n                <img decoding=\"async\" class=\"u-align-center u-blog-control u-image u-image-round u-radius-20 u-image-1\" src=\"http:\/\/wisla.skoczow.pl\/wp-content\/uploads\/2023\/05\/trener.png\"><\/a>\n                <h2 class=\"u-align-center u-blog-control u-text u-text-1\">\n                  <a class=\"u-post-header-link\" href=\"http:\/\/wisla.skoczow.pl\/?p=10845\">Sto lat TRENERZY!<\/a>\n                <\/h2>\n                <div class=\"u-blog-control u-post-content u-text u-text-2\"><p>\nDzi\u015b swoje \u015bwi\u0119to obchodz\u0105 trenerzy\n\n\n\n\u017byczymy du\u017co cierpliwo\u015bci, zdrowia, sukces\u00f3w z wychowankami i spe\u0142nienia marze\u0144. Dzi\u0119kujemy za prace i za to&hellip;<\/p>\n                <\/div>\n              <\/div>\n            <\/div>\n            <div class=\"u-blog-post u-invisible u-container-style u-repeater-item\">\n              <div class=\"u-container-layout u-similar-container u-container-layout-2\"><a class=\"u-align-center u-blog-control u-image u-image-round u-radius-20 u-image-2\" href=\"http:\/\/wisla.skoczow.pl\/?p=10842\">\n                <img decoding=\"async\" class=\"u-align-center u-blog-control u-image u-image-round u-radius-20 u-image-2\" src=\"http:\/\/wisla.skoczow.pl\/wp-content\/uploads\/2023\/05\/tram7.jpg\"><\/a>\n                <h2 class=\"u-align-center u-blog-control u-text u-text-3\">\n                  <a class=\"u-post-header-link\" href=\"http:\/\/wisla.skoczow.pl\/?p=10842\">Trampkarki U15<\/a>\n                <\/h2>\n                <div class=\"u-blog-control u-post-content u-text u-text-4\"><p>\nWygrywamy ostatni mecz ligowy tej rundy Dzisiaj zesp\u00f3\u0142 U zmierzy\u0142 si\u0119 na wyje\u017adzie z Kobiecy Klub Sportowy G\u00f3rnik Zabrze. Mecz jak zawsze &hellip;<\/p>\n                <\/div>\n              <\/div>\n            <\/div>\n            <div class=\"u-blog-post u-invisible u-container-style u-repeater-item\">\n              <div class=\"u-container-layout u-similar-container u-container-layout-1\"><a class=\"u-align-center u-blog-control u-image u-image-round u-radius-20 u-image-1\" href=\"http:\/\/wisla.skoczow.pl\/?p=10839\">\n                <img decoding=\"async\" class=\"u-align-center u-blog-control u-image u-image-round u-radius-20 u-image-1\" src=\"http:\/\/wisla.skoczow.pl\/wp-content\/uploads\/2023\/05\/4lig5.jpg\"><\/a>\n                <h2 class=\"u-align-center u-blog-control u-text u-text-1\">\n                  <a class=\"u-post-header-link\" href=\"http:\/\/wisla.skoczow.pl\/?p=10839\">IV liga kobiet<\/a>\n                <\/h2>\n                <div class=\"u-blog-control u-post-content u-text u-text-2\"><p>\nZwyci\u0119stwo na zako\u0144czenie rundy jesiennej\n\n\n\nNasz pierwszy zesp\u00f3\u0142 pokona\u0142 rywalki z Orzesza, zgarniaj\u0105c 3 pkt. i tym samym umocni\u0142 si\u0119 na 4 miejscu&hellip;<\/p>\n                <\/div>\n              <\/div>\n            <\/div>\n            <div class=\"u-blog-post u-invisible u-container-style u-repeater-item\">\n              <div class=\"u-container-layout u-similar-container u-container-layout-2\"><a class=\"u-align-center u-blog-control u-image u-image-round u-radius-20 u-image-2\" href=\"http:\/\/wisla.skoczow.pl\/?p=10835\">\n                <img decoding=\"async\" class=\"u-align-center u-blog-control u-image u-image-round u-radius-20 u-image-2\" src=\"http:\/\/wisla.skoczow.pl\/wp-content\/uploads\/2023\/05\/PPfut22.jpg\"><\/a>\n                <h2 class=\"u-align-center u-blog-control u-text u-text-3\">\n                  <a class=\"u-post-header-link\" href=\"http:\/\/wisla.skoczow.pl\/?p=10835\">Puchar Polski w futsalu<\/a>\n                <\/h2>\n                <div class=\"u-blog-control u-post-content u-text u-text-4\"><p>\nTak... FINA\u0141 PUCHARU POLSKI NA SZCZEBLU WOJEW\u00d3DZKIM w roli gospodarza\n\n\n\n04.12 zapraszamy kibic\u00f3w do dopingu naszych dziewcz\u0105t w Hali Sportowej w &hellip;<\/p>\n                <\/div>\n              <\/div>\n            <\/div>\n            <div class=\"u-blog-post u-invisible u-container-style u-repeater-item\">\n              <div class=\"u-container-layout u-similar-container u-container-layout-1\"><a class=\"u-align-center u-blog-control u-image u-image-round u-radius-20 u-image-1\" href=\"http:\/\/wisla.skoczow.pl\/?p=10832\">\n                <img decoding=\"async\" class=\"u-align-center u-blog-control u-image u-image-round u-radius-20 u-image-1\" src=\"http:\/\/wisla.skoczow.pl\/wp-content\/uploads\/2022\/08\/terminarz.jpg\"><\/a>\n                <h2 class=\"u-align-center u-blog-control u-text u-text-1\">\n                  <a class=\"u-post-header-link\" href=\"http:\/\/wisla.skoczow.pl\/?p=10832\">Terminarz 11-13.11.2022<\/a>\n                <\/h2>\n                <div class=\"u-blog-control u-post-content u-text u-text-2\"><p>\n\n<\/p>\n                <\/div>\n              <\/div>\n            <\/div>\n            <div class=\"u-blog-post u-invisible u-container-style u-repeater-item\">\n              <div class=\"u-container-layout u-similar-container u-container-layout-2\"><a class=\"u-align-center u-blog-control u-image u-image-round u-radius-20 u-image-2\" href=\"http:\/\/wisla.skoczow.pl\/?p=10829\">\n                <img decoding=\"async\" class=\"u-align-center u-blog-control u-image u-image-round u-radius-20 u-image-2\" src=\"http:\/\/wisla.skoczow.pl\/wp-content\/uploads\/2023\/05\/fuy17el.jpg\"><\/a>\n                <h2 class=\"u-align-center u-blog-control u-text u-text-3\">\n                  <a class=\"u-post-header-link\" href=\"http:\/\/wisla.skoczow.pl\/?p=10829\">MMP U17<\/a>\n                <\/h2>\n                <div class=\"u-blog-control u-post-content u-text u-text-4\"><p>\nEliminacje MMP futsalu kobiet do lat 17. Turniej rozegramy w roli gospodarza po raz pierwszy. Ju\u017c dzi\u015b zapraszamy wszystkich kibic\u00f3w do &hellip;<\/p>\n                <\/div>\n              <\/div>\n            <\/div>\n            <div class=\"u-blog-post u-invisible u-container-style u-repeater-item\">\n              <div class=\"u-container-layout u-similar-container u-container-layout-1\"><a class=\"u-align-center u-blog-control u-image u-image-round u-radius-20 u-image-1\" href=\"http:\/\/wisla.skoczow.pl\/?p=10826\">\n                <img decoding=\"async\" class=\"u-align-center u-blog-control u-image u-image-round u-radius-20 u-image-1\" src=\"http:\/\/wisla.skoczow.pl\/wp-content\/uploads\/2023\/05\/mlo10.jpg\"><\/a>\n                <h2 class=\"u-align-center u-blog-control u-text u-text-1\">\n                  <a class=\"u-post-header-link\" href=\"http:\/\/wisla.skoczow.pl\/?p=10826\">M\u0142odziczki U13<\/a>\n                <\/h2>\n                <div class=\"u-blog-control u-post-content u-text u-text-2\"><p>\nBardzo dobry mecz naszych dziewcz\u0105t na nie\u0142atwym terenie w Rybniku. Chod\u017a punkt\u00f3w nie zdoby\u0142y \"Wise\u0142ki\" to jednak mocno powalczy\u0142y, da\u0142y si\u0119 we &hellip;<\/p>\n                <\/div>\n              <\/div>\n            <\/div>\n            <div class=\"u-blog-post u-invisible u-container-style u-repeater-item\">\n              <div class=\"u-container-layout u-similar-container u-container-layout-2\"><a class=\"u-align-center u-blog-control u-image u-image-round u-radius-20 u-image-2\" href=\"http:\/\/wisla.skoczow.pl\/?p=10822\">\n                <img decoding=\"async\" class=\"u-align-center u-blog-control u-image u-image-round u-radius-20 u-image-2\" src=\"http:\/\/wisla.skoczow.pl\/wp-content\/uploads\/2023\/05\/tra9.jpg\"><\/a>\n                <h2 class=\"u-align-center u-blog-control u-text u-text-3\">\n                  <a class=\"u-post-header-link\" href=\"http:\/\/wisla.skoczow.pl\/?p=10822\">Trampkarki U15<\/a>\n                <\/h2>\n                <div class=\"u-blog-control u-post-content u-text u-text-4\"><p>\nDzisiaj nasze zawodniczki na wyje\u017adzie rywalizowa\u0142y z KKS Czarni Sosnowiec. W obu po\u0142owach przeciwnik skutecznie wykorzysta\u0142 nasze b\u0142\u0119dy i &hellip;<\/p>\n                <\/div>\n              <\/div>\n            <\/div>\n            <div class=\"u-blog-post u-invisible u-container-style u-repeater-item\">\n              <div class=\"u-container-layout u-similar-container u-container-layout-1\"><a class=\"u-align-center u-blog-control u-image u-image-round u-radius-20 u-image-1\" href=\"http:\/\/wisla.skoczow.pl\/?p=10819\">\n                <img decoding=\"async\" class=\"u-align-center u-blog-control u-image u-image-round u-radius-20 u-image-1\" src=\"http:\/\/wisla.skoczow.pl\/wp-content\/uploads\/2022\/08\/terminarz.jpg\"><\/a>\n                <h2 class=\"u-align-center u-blog-control u-text u-text-1\">\n                  <a class=\"u-post-header-link\" href=\"http:\/\/wisla.skoczow.pl\/?p=10819\">Terminarz 06.11.2022<\/a>\n                <\/h2>\n                <div class=\"u-blog-control u-post-content u-text u-text-2\"><p>\n\n<\/p>\n                <\/div>\n              <\/div>\n            <\/div>\n            <div class=\"u-blog-post u-invisible u-container-style u-repeater-item\">\n              <div class=\"u-container-layout u-similar-container u-container-layout-2\"><a class=\"u-align-center u-blog-control u-image u-image-round u-radius-20 u-image-2\" href=\"http:\/\/wisla.skoczow.pl\/?p=10817\">\n                <img decoding=\"async\" class=\"u-align-center u-blog-control u-image u-image-round u-radius-20 u-image-2\" src=\"http:\/\/wisla.skoczow.pl\/wp-content\/uploads\/2023\/05\/futsal-mmp.jpg\"><\/a>\n                <h2 class=\"u-align-center u-blog-control u-text u-text-3\">\n                  <a class=\"u-post-header-link\" href=\"http:\/\/wisla.skoczow.pl\/?p=10817\">MMP U17<\/a>\n                <\/h2>\n                <div class=\"u-blog-control u-post-content u-text u-text-4\"><p>\nOficjalnie mi\u0142o nam poinformowa\u0107, \u017ce zostali\u015bmy organizatorem turnieju eliminacyjnego M\u0142odzie\u017cowych Mistrzostw Polski w futsalu kobiet do lat 17. &hellip;<\/p>\n                <\/div>\n              <\/div>\n            <\/div>\n            <div class=\"u-blog-post u-invisible u-container-style u-repeater-item\">\n              <div class=\"u-container-layout u-similar-container u-container-layout-1\"><a class=\"u-align-center u-blog-control u-image u-image-round u-radius-20 u-image-1\" href=\"http:\/\/wisla.skoczow.pl\/?p=10814\">\n                <img decoding=\"async\" class=\"u-align-center u-blog-control u-image u-image-round u-radius-20 u-image-1\" src=\"http:\/\/wisla.skoczow.pl\/wp-content\/uploads\/2023\/05\/tra8.jpg\"><\/a>\n                <h2 class=\"u-align-center u-blog-control u-text u-text-1\">\n                  <a class=\"u-post-header-link\" href=\"http:\/\/wisla.skoczow.pl\/?p=10814\">Trampkarki U15<\/a>\n                <\/h2>\n                <div class=\"u-blog-control u-post-content u-text u-text-2\"><p>\nDzisiaj nasze zawodniczki podejmowa\u0142y Rak\u00f3w Cz\u0119stochowa. Pierwsza po\u0142owa to przewaga zespo\u0142u go\u015bci, kt\u00f3ry skutecznie wykorzysta\u0142 nasze b\u0142\u0119dy  oraz &hellip;<\/p>\n                <\/div>\n              <\/div>\n            <\/div>\n            <div class=\"u-blog-post u-invisible u-container-style u-repeater-item\">\n              <div class=\"u-container-layout u-similar-container u-container-layout-2\"><a class=\"u-align-center u-blog-control u-image u-image-round u-radius-20 u-image-2\" href=\"http:\/\/wisla.skoczow.pl\/?p=10810\">\n                <img decoding=\"async\" class=\"u-align-center u-blog-control u-image u-image-round u-radius-20 u-image-2\" src=\"http:\/\/wisla.skoczow.pl\/wp-content\/uploads\/2023\/05\/mlo9.jpg\"><\/a>\n                <h2 class=\"u-align-center u-blog-control u-text u-text-3\">\n                  <a class=\"u-post-header-link\" href=\"http:\/\/wisla.skoczow.pl\/?p=10810\">M\u0142odziczki U13<\/a>\n                <\/h2>\n                <div class=\"u-blog-control u-post-content u-text u-text-4\"><p>\nKolejny mecz naszych dziewcz\u0105t, gdzie mia\u0142y szanse na punkty. Hat trick  ustrzeli\u0142a Lena Bortliczek. Niestety dziewcz\u0119ta przegra\u0142y. W pierwszej &hellip;<\/p>\n                <\/div>\n              <\/div>\n            <\/div>\n            <div class=\"u-blog-post u-invisible u-container-style u-repeater-item\">\n              <div class=\"u-container-layout u-similar-container u-container-layout-1\"><a class=\"u-align-center u-blog-control u-image u-image-round u-radius-20 u-image-1\" href=\"http:\/\/wisla.skoczow.pl\/?p=10807\">\n                <img decoding=\"async\" class=\"u-align-center u-blog-control u-image u-image-round u-radius-20 u-image-1\" src=\"http:\/\/wisla.skoczow.pl\/wp-content\/uploads\/2022\/08\/terminarz.jpg\"><\/a>\n                <h2 class=\"u-align-center u-blog-control u-text u-text-1\">\n                  <a class=\"u-post-header-link\" href=\"http:\/\/wisla.skoczow.pl\/?p=10807\">Terminarz 29-30.10.2022<\/a>\n                <\/h2>\n                <div class=\"u-blog-control u-post-content u-text u-text-2\"><p>\n\n<\/p>\n                <\/div>\n              <\/div>\n            <\/div>\n            <div class=\"u-blog-post u-invisible u-container-style u-repeater-item\">\n              <div class=\"u-container-layout u-similar-container u-container-layout-2\"><a class=\"u-align-center u-blog-control u-image u-image-round u-radius-20 u-image-2\" href=\"http:\/\/wisla.skoczow.pl\/?p=10804\">\n                <img decoding=\"async\" class=\"u-align-center u-blog-control u-image u-image-round u-radius-20 u-image-2\" src=\"http:\/\/wisla.skoczow.pl\/wp-content\/uploads\/2023\/05\/mlo8.jpg\"><\/a>\n                <h2 class=\"u-align-center u-blog-control u-text u-text-3\">\n                  <a class=\"u-post-header-link\" href=\"http:\/\/wisla.skoczow.pl\/?p=10804\">M\u0142odziczki U13<\/a>\n                <\/h2>\n                <div class=\"u-blog-control u-post-content u-text u-text-4\"><p>\nDobre spotkanie rozegra\u0142y nasze zawodniczki w sobot\u0119 z Cz\u0119stochow\u0105. Widoczny by\u0142 znacz\u0105cy progres w grze Wise\u0142ek. Bramk\u0119 zdoby\u0142a  Lena Bortliczek. &hellip;<\/p>\n                <\/div>\n              <\/div>\n            <\/div>\n            <div class=\"u-blog-post u-invisible u-container-style u-repeater-item\">\n              <div class=\"u-container-layout u-similar-container u-container-layout-1\"><a class=\"u-align-center u-blog-control u-image u-image-round u-radius-20 u-image-1\" href=\"http:\/\/wisla.skoczow.pl\/?p=10801\">\n                <img decoding=\"async\" class=\"u-align-center u-blog-control u-image u-image-round u-radius-20 u-image-1\" src=\"http:\/\/wisla.skoczow.pl\/wp-content\/uploads\/2023\/05\/tra7.jpg\"><\/a>\n                <h2 class=\"u-align-center u-blog-control u-text u-text-1\">\n                  <a class=\"u-post-header-link\" href=\"http:\/\/wisla.skoczow.pl\/?p=10801\">Trampkarki U15<\/a>\n                <\/h2>\n                <div class=\"u-blog-control u-post-content u-text u-text-2\"><p>\nTrampkarki rozegra\u0142y dzisiaj mecz na wyje\u017adzie w \u015awi\u0119toch\u0142owicach. Dzisiaj nasze zawodniczki ca\u0142y mecz gra\u0142y w os\u0142abieniu  na \n\n\n\nMimo tego &hellip;<\/p>\n                <\/div>\n              <\/div>\n            <\/div>\n            <div class=\"u-blog-post u-invisible u-container-style u-repeater-item\">\n              <div class=\"u-container-layout u-similar-container u-container-layout-2\"><a class=\"u-align-center u-blog-control u-image u-image-round u-radius-20 u-image-2\" href=\"http:\/\/wisla.skoczow.pl\/?p=10796\">\n                <img decoding=\"async\" class=\"u-align-center u-blog-control u-image u-image-round u-radius-20 u-image-2\" src=\"http:\/\/wisla.skoczow.pl\/wp-content\/uploads\/2022\/08\/terminarz.jpg\"><\/a>\n                <h2 class=\"u-align-center u-blog-control u-text u-text-3\">\n                  <a class=\"u-post-header-link\" href=\"http:\/\/wisla.skoczow.pl\/?p=10796\">Terminarz 22.10.2022<\/a>\n                <\/h2>\n                <div class=\"u-blog-control u-post-content u-text u-text-4\"><p>\n\n<\/p>\n                <\/div>\n              <\/div>\n            <\/div>\n            <div class=\"u-blog-post u-invisible u-container-style u-repeater-item\">\n              <div class=\"u-container-layout u-similar-container u-container-layout-1\"><a class=\"u-align-center u-blog-control u-image u-image-round u-radius-20 u-image-1\" href=\"http:\/\/wisla.skoczow.pl\/?p=10793\">\n                <img decoding=\"async\" class=\"u-align-center u-blog-control u-image u-image-round u-radius-20 u-image-1\" src=\"http:\/\/wisla.skoczow.pl\/wp-content\/uploads\/2023\/05\/mmp15.jpg\"><\/a>\n                <h2 class=\"u-align-center u-blog-control u-text u-text-1\">\n                  <a class=\"u-post-header-link\" href=\"http:\/\/wisla.skoczow.pl\/?p=10793\">MMP U17<\/a>\n                <\/h2>\n                <div class=\"u-blog-control u-post-content u-text u-text-2\"><p>\nPoznali\u015bmy rywalki w 1 fazie eliminacji do M\u0142odzie\u017cowych Mistrzostw Polski w Futsalu Kobiet U-17.\n\n\n\nEliminacje odb\u0119d\u0105 si\u0119 19 lub 20 listopada &hellip;<\/p>\n                <\/div>\n              <\/div>\n            <\/div>\n            <div class=\"u-blog-post u-invisible u-container-style u-repeater-item\">\n              <div class=\"u-container-layout u-similar-container u-container-layout-2\"><a class=\"u-align-center u-blog-control u-image u-image-round u-radius-20 u-image-2\" href=\"http:\/\/wisla.skoczow.pl\/?p=10787\">\n                <img decoding=\"async\" class=\"u-align-center u-blog-control u-image u-image-round u-radius-20 u-image-2\" src=\"http:\/\/wisla.skoczow.pl\/wp-content\/uploads\/2023\/05\/tram3.jpg\"><\/a>\n                <h2 class=\"u-align-center u-blog-control u-text u-text-3\">\n                  <a class=\"u-post-header-link\" href=\"http:\/\/wisla.skoczow.pl\/?p=10787\">Trampkarki U15<\/a>\n                <\/h2>\n                <div class=\"u-blog-control u-post-content u-text u-text-4\"><p>\nW niedziele dziewczyny podejmowa\u0142y zesp\u00f3\u0142 z Rybnika. Nastawione bojowo, walczy\u0142y o ka\u017cd\u0105 pi\u0142k\u0119 co bardzo zaskoczy\u0142o przeciwniczki, kt\u00f3re by\u0142y &hellip;<\/p>\n                <\/div>\n              <\/div>\n            <\/div>\n            <div class=\"u-blog-post u-invisible u-container-style u-repeater-item\">\n              <div class=\"u-container-layout u-similar-container u-container-layout-1\"><a class=\"u-align-center u-blog-control u-image u-image-round u-radius-20 u-image-1\" href=\"http:\/\/wisla.skoczow.pl\/?p=10777\">\n                <img decoding=\"async\" class=\"u-align-center u-blog-control u-image u-image-round u-radius-20 u-image-1\" src=\"http:\/\/wisla.skoczow.pl\/wp-content\/uploads\/2022\/08\/terminarz.jpg\"><\/a>\n                <h2 class=\"u-align-center u-blog-control u-text u-text-1\">\n                  <a class=\"u-post-header-link\" href=\"http:\/\/wisla.skoczow.pl\/?p=10777\">Terminarz 16.10.2022<\/a>\n                <\/h2>\n                <div class=\"u-blog-control u-post-content u-text u-text-2\"><p>\n\n<\/p>\n                <\/div>\n              <\/div>\n            <\/div>\n            <div class=\"u-blog-post u-invisible u-container-style u-repeater-item\">\n              <div class=\"u-container-layout u-similar-container u-container-layout-2\"><a class=\"u-align-center u-blog-control u-image u-image-round u-radius-20 u-image-2\" href=\"http:\/\/wisla.skoczow.pl\/?p=8890\">\n                <img decoding=\"async\" class=\"u-align-center u-blog-control u-image u-image-round u-radius-20 u-image-2\" src=\"http:\/\/wisla.skoczow.pl\/wp-content\/uploads\/2022\/10\/IMG_0829-scaled.jpg\"><\/a>\n                <h2 class=\"u-align-center u-blog-control u-text u-text-3\">\n                  <a class=\"u-post-header-link\" href=\"http:\/\/wisla.skoczow.pl\/?p=8890\">Puchar Grodziska Piekie\u0142ko 2022<\/a>\n                <\/h2>\n                <div class=\"u-blog-control u-post-content u-text u-text-4\"><p>\nVII edycja powiatowego turnieju pi\u0142ki no\u017cnej dziewcz\u0105t szk\u00f3\u0142 podstawowych zako\u0144czy\u0142a si\u0119 sukcesem! 07 pa\u017adziernika (pi\u0105tek) uczestniczki turnieju &hellip;<\/p>\n                <\/div>\n              <\/div>\n            <\/div>\n            <div class=\"u-blog-post u-invisible u-container-style u-repeater-item\">\n              <div class=\"u-container-layout u-similar-container u-container-layout-1\"><a class=\"u-align-center u-blog-control u-image u-image-round u-radius-20 u-image-1\" href=\"http:\/\/wisla.skoczow.pl\/?p=10774\">\n                <img decoding=\"async\" class=\"u-align-center u-blog-control u-image u-image-round u-radius-20 u-image-1\" src=\"http:\/\/wisla.skoczow.pl\/wp-content\/uploads\/2023\/05\/4lig4.jpg\"><\/a>\n                <h2 class=\"u-align-center u-blog-control u-text u-text-1\">\n                  <a class=\"u-post-header-link\" href=\"http:\/\/wisla.skoczow.pl\/?p=10774\">IV liga kobiet<\/a>\n                <\/h2>\n                <div class=\"u-blog-control u-post-content u-text u-text-2\"><p>\nDerby Podokr\u0119gu dla Wise\u0142ek\n\n\n\nTrzy punkty pow\u0119drowa\u0142y po zaci\u0119tej walce do Skoczowa. Nasze zawodniczki urz\u0105dzi\u0142y sobie festiwal bramek i pokona\u0142y &hellip;<\/p>\n                <\/div>\n              <\/div>\n            <\/div>\n            <div class=\"u-blog-post u-invisible u-container-style u-repeater-item\">\n              <div class=\"u-container-layout u-similar-container u-container-layout-2\"><a class=\"u-align-center u-blog-control u-image u-image-round u-radius-20 u-image-2\" href=\"http:\/\/wisla.skoczow.pl\/?p=10771\">\n                <img decoding=\"async\" class=\"u-align-center u-blog-control u-image u-image-round u-radius-20 u-image-2\" src=\"http:\/\/wisla.skoczow.pl\/wp-content\/uploads\/2023\/05\/mlo7.jpg\"><\/a>\n                <h2 class=\"u-align-center u-blog-control u-text u-text-3\">\n                  <a class=\"u-post-header-link\" href=\"http:\/\/wisla.skoczow.pl\/?p=10771\">M\u0142odziczki U13<\/a>\n                <\/h2>\n                <div class=\"u-blog-control u-post-content u-text u-text-4\"><p>\nNajm\u0142odsze zawodniczki bior\u0105ce udzia\u0142 w rywalizacji w sobot\u0119 podejmowa\u0142y lidera \u015al\u0105skiej Ligi M\u0142odziczek. By\u0142 to trudny przeciwnik, ale dziewczyny &hellip;<\/p>\n                <\/div>\n              <\/div>\n            <\/div>\n            <div class=\"u-blog-post u-invisible u-container-style u-repeater-item\">\n              <div class=\"u-container-layout u-similar-container u-container-layout-1\"><a class=\"u-align-center u-blog-control u-image u-image-round u-radius-20 u-image-1\" href=\"http:\/\/wisla.skoczow.pl\/?p=10768\">\n                <img decoding=\"async\" class=\"u-align-center u-blog-control u-image u-image-round u-radius-20 u-image-1\" src=\"http:\/\/wisla.skoczow.pl\/wp-content\/uploads\/2022\/08\/terminarz.jpg\"><\/a>\n                <h2 class=\"u-align-center u-blog-control u-text u-text-1\">\n                  <a class=\"u-post-header-link\" href=\"http:\/\/wisla.skoczow.pl\/?p=10768\">Terminarz 08-09.10.2022<\/a>\n                <\/h2>\n                <div class=\"u-blog-control u-post-content u-text u-text-2\"><p>\n\n<\/p>\n                <\/div>\n              <\/div>\n            <\/div>\n            <div class=\"u-blog-post u-invisible u-container-style u-repeater-item\">\n              <div class=\"u-container-layout u-similar-container u-container-layout-2\"><a class=\"u-align-center u-blog-control u-image u-image-round u-radius-20 u-image-2\" href=\"http:\/\/wisla.skoczow.pl\/?p=10765\">\n                <img decoding=\"async\" class=\"u-align-center u-blog-control u-image u-image-round u-radius-20 u-image-2\" src=\"http:\/\/wisla.skoczow.pl\/wp-content\/uploads\/2023\/05\/tra6.jpg\"><\/a>\n                <h2 class=\"u-align-center u-blog-control u-text u-text-3\">\n                  <a class=\"u-post-header-link\" href=\"http:\/\/wisla.skoczow.pl\/?p=10765\">Trampkarki U15<\/a>\n                <\/h2>\n                <div class=\"u-blog-control u-post-content u-text u-text-4\"><p>\n punkty  Wygrywamy Zesp\u00f3\u0142 U pewnie wygrywa dzisiejsze spotkanie  Mecz przez obie po\u0142owy to ci\u0105g\u0142y nacisk naszego zespo\u0142u na po\u0142owie przeciwnika, &hellip;<\/p>\n                <\/div>\n              <\/div>\n            <\/div>\n            <div class=\"u-blog-post u-invisible u-container-style u-repeater-item\">\n              <div class=\"u-container-layout u-similar-container u-container-layout-1\"><a class=\"u-align-center u-blog-control u-image u-image-round u-radius-20 u-image-1\" href=\"http:\/\/wisla.skoczow.pl\/?p=10762\">\n                <img decoding=\"async\" class=\"u-align-center u-blog-control u-image u-image-round u-radius-20 u-image-1\" src=\"http:\/\/wisla.skoczow.pl\/wp-content\/uploads\/2023\/05\/4lig3.jpg\"><\/a>\n                <h2 class=\"u-align-center u-blog-control u-text u-text-1\">\n                  <a class=\"u-post-header-link\" href=\"http:\/\/wisla.skoczow.pl\/?p=10762\">IV liga kobiet<\/a>\n                <\/h2>\n                <div class=\"u-blog-control u-post-content u-text u-text-2\"><p>\nW si\u00f3demk\u0119 nasz zesp\u00f3\u0142 musia\u0142 stawi\u0107 czo\u0142a zespo\u0142owi z Istebnej. \u015aroda nie by\u0142a dla nas udanym dniem, rozegrali\u015bmy zaleg\u0142e spotkanie z 4 kolejki. &hellip;<\/p>\n                <\/div>\n              <\/div>\n            <\/div>\n            <div class=\"u-blog-post u-invisible u-container-style u-repeater-item\">\n              <div class=\"u-container-layout u-similar-container u-container-layout-2\"><a class=\"u-align-center u-blog-control u-image u-image-round u-radius-20 u-image-2\" href=\"http:\/\/wisla.skoczow.pl\/?p=10759\">\n                <img decoding=\"async\" class=\"u-align-center u-blog-control u-image u-image-round u-radius-20 u-image-2\" src=\"http:\/\/wisla.skoczow.pl\/wp-content\/uploads\/2022\/08\/terminarz.jpg\"><\/a>\n                <h2 class=\"u-align-center u-blog-control u-text u-text-3\">\n                  <a class=\"u-post-header-link\" href=\"http:\/\/wisla.skoczow.pl\/?p=10759\">Terminarz 02.10.2022<\/a>\n                <\/h2>\n                <div class=\"u-blog-control u-post-content u-text u-text-4\"><p>\n\n<\/p>\n                <\/div>\n              <\/div>\n            <\/div>\n            <div class=\"u-blog-post u-invisible u-container-style u-repeater-item\">\n              <div class=\"u-container-layout u-similar-container u-container-layout-1\"><a class=\"u-align-center u-blog-control u-image u-image-round u-radius-20 u-image-1\" href=\"http:\/\/wisla.skoczow.pl\/?p=10756\">\n                <img decoding=\"async\" class=\"u-align-center u-blog-control u-image u-image-round u-radius-20 u-image-1\" src=\"http:\/\/wisla.skoczow.pl\/wp-content\/uploads\/2023\/05\/4lig2.jpg\"><\/a>\n                <h2 class=\"u-align-center u-blog-control u-text u-text-1\">\n                  <a class=\"u-post-header-link\" href=\"http:\/\/wisla.skoczow.pl\/?p=10756\">IV liga kobiet<\/a>\n                <\/h2>\n                <div class=\"u-blog-control u-post-content u-text u-text-2\"><p>\n\"Wise\u0142ki\" podejmowa\u0142y w niedziel\u0119 zesp\u00f3\u0142 z Rybnika. Mecz na boisku zako\u0144czy\u0142 si\u0119 wynikiem 5:11 ale ju\u017c wiemy, \u017ce zostanie og\u0142oszony walkower na &hellip;<\/p>\n                <\/div>\n              <\/div>\n            <\/div>\n            <div class=\"u-blog-post u-invisible u-container-style u-repeater-item\">\n              <div class=\"u-container-layout u-similar-container u-container-layout-2\"><a class=\"u-align-center u-blog-control u-image u-image-round u-radius-20 u-image-2\" href=\"http:\/\/wisla.skoczow.pl\/?p=10753\">\n                <img decoding=\"async\" class=\"u-align-center u-blog-control u-image u-image-round u-radius-20 u-image-2\" src=\"http:\/\/wisla.skoczow.pl\/wp-content\/uploads\/2023\/05\/mlo6.jpg\"><\/a>\n                <h2 class=\"u-align-center u-blog-control u-text u-text-3\">\n                  <a class=\"u-post-header-link\" href=\"http:\/\/wisla.skoczow.pl\/?p=10753\">M\u0142odziczki U13<\/a>\n                <\/h2>\n                <div class=\"u-blog-control u-post-content u-text u-text-4\"><p>\nWynik nie pokazuje jako\u015bci gry naszych dziewczyn. By\u0142o bardzo dobrze, szkoda straconych bramek. Dwie bramki dla \u201eWise\u0142ek\u201d zdoby\u0142a Lena Bortliczek\n\n&hellip;<\/p>\n                <\/div>\n              <\/div>\n            <\/div>\n            <div class=\"u-blog-post u-invisible u-container-style u-repeater-item\">\n              <div class=\"u-container-layout u-similar-container u-container-layout-1\"><a class=\"u-align-center u-blog-control u-image u-image-round u-radius-20 u-image-1\" href=\"http:\/\/wisla.skoczow.pl\/?p=10750\">\n                <img decoding=\"async\" class=\"u-align-center u-blog-control u-image u-image-round u-radius-20 u-image-1\" src=\"http:\/\/wisla.skoczow.pl\/wp-content\/uploads\/2023\/05\/komu2.jpg\"><\/a>\n                <h2 class=\"u-align-center u-blog-control u-text u-text-1\">\n                  <a class=\"u-post-header-link\" href=\"http:\/\/wisla.skoczow.pl\/?p=10750\">Komunikat<\/a>\n                <\/h2>\n                <div class=\"u-blog-control u-post-content u-text u-text-2\"><p>\n\n<\/p>\n                <\/div>\n              <\/div>\n            <\/div>\n            <div class=\"u-blog-post u-invisible u-container-style u-repeater-item\">\n              <div class=\"u-container-layout u-similar-container u-container-layout-2\"><a class=\"u-align-center u-blog-control u-image u-image-round u-radius-20 u-image-2\" href=\"http:\/\/wisla.skoczow.pl\/?p=10746\">\n                <img decoding=\"async\" class=\"u-align-center u-blog-control u-image u-image-round u-radius-20 u-image-2\" src=\"http:\/\/wisla.skoczow.pl\/wp-content\/uploads\/2022\/08\/terminarz.jpg\"><\/a>\n                <h2 class=\"u-align-center u-blog-control u-text u-text-3\">\n                  <a class=\"u-post-header-link\" href=\"http:\/\/wisla.skoczow.pl\/?p=10746\">Terminarz 24-25.09.2022<\/a>\n                <\/h2>\n                <div class=\"u-blog-control u-post-content u-text u-text-4\"><p>\n\n<\/p>\n                <\/div>\n              <\/div>\n            <\/div>\n            <div class=\"u-blog-post u-invisible u-container-style u-repeater-item\">\n              <div class=\"u-container-layout u-similar-container u-container-layout-1\"><a class=\"u-align-center u-blog-control u-image u-image-round u-radius-20 u-image-1\" href=\"http:\/\/wisla.skoczow.pl\/?p=10743\">\n                <img decoding=\"async\" class=\"u-align-center u-blog-control u-image u-image-round u-radius-20 u-image-1\" src=\"http:\/\/wisla.skoczow.pl\/wp-content\/uploads\/2023\/05\/futsal-mmp.jpg\"><\/a>\n                <h2 class=\"u-align-center u-blog-control u-text u-text-1\">\n                  <a class=\"u-post-header-link\" href=\"http:\/\/wisla.skoczow.pl\/?p=10743\">MMP w futsalu<\/a>\n                <\/h2>\n                <div class=\"u-blog-control u-post-content u-text u-text-2\"><p>\nW sezonie 2022\/2023 zg\u0142osili\u015bmy do M\u0142odzie\u017cowych Mistrzostw Polski dwa zespo\u0142y - U17 oraz U15.\n\n\n\nEliminacje zaplanowane s\u0105 na:\n\n\n\nMMP WU-17: &hellip;<\/p>\n                <\/div>\n              <\/div>\n            <\/div>\n            <div class=\"u-blog-post u-invisible u-container-style u-repeater-item\">\n              <div class=\"u-container-layout u-similar-container u-container-layout-2\"><a class=\"u-align-center u-blog-control u-image u-image-round u-radius-20 u-image-2\" href=\"http:\/\/wisla.skoczow.pl\/?p=10740\">\n                <img decoding=\"async\" class=\"u-align-center u-blog-control u-image u-image-round u-radius-20 u-image-2\" src=\"http:\/\/wisla.skoczow.pl\/wp-content\/uploads\/2023\/05\/mlo5.jpg\"><\/a>\n                <h2 class=\"u-align-center u-blog-control u-text u-text-3\">\n                  <a class=\"u-post-header-link\" href=\"http:\/\/wisla.skoczow.pl\/?p=10740\">M\u0142odziczki U13<\/a>\n                <\/h2>\n                <div class=\"u-blog-control u-post-content u-text u-text-4\"><p>\nNasze dzielne zawodniczki stawi\u0142y czo\u0142a rywalowi z Bielska. Z uwagi na przezi\u0119bienie kole\u017canek walczy\u0142y w niepe\u0142nym sk\u0142adzie. Honorow\u0105 bramk\u0119 &hellip;<\/p>\n                <\/div>\n              <\/div>\n            <\/div>\n            <div class=\"u-blog-post u-invisible u-container-style u-repeater-item\">\n              <div class=\"u-container-layout u-similar-container u-container-layout-1\"><a class=\"u-align-center u-blog-control u-image u-image-round u-radius-20 u-image-1\" href=\"http:\/\/wisla.skoczow.pl\/?p=10737\">\n                <img decoding=\"async\" class=\"u-align-center u-blog-control u-image u-image-round u-radius-20 u-image-1\" src=\"http:\/\/wisla.skoczow.pl\/wp-content\/uploads\/2023\/05\/tra5.jpg\"><\/a>\n                <h2 class=\"u-align-center u-blog-control u-text u-text-1\">\n                  <a class=\"u-post-header-link\" href=\"http:\/\/wisla.skoczow.pl\/?p=10737\">Trampkarki U15<\/a>\n                <\/h2>\n                <div class=\"u-blog-control u-post-content u-text u-text-2\"><p>\nTrampkarki rozegra\u0142y dzisiaj mecz na wyje\u017adzie w Cz\u0119stochowie, gdzie podejmowa\u0142y Skr\u0119. Warto zaznaczy\u0107, \u017ce nasze zawodniczki ca\u0142y mecz gra\u0142y w &hellip;<\/p>\n                <\/div>\n              <\/div>\n            <\/div>\n            <div class=\"u-blog-post u-invisible u-container-style u-repeater-item\">\n              <div class=\"u-container-layout u-similar-container u-container-layout-2\"><a class=\"u-align-center u-blog-control u-image u-image-round u-radius-20 u-image-2\" href=\"http:\/\/wisla.skoczow.pl\/?p=10730\">\n                <img decoding=\"async\" class=\"u-align-center u-blog-control u-image u-image-round u-radius-20 u-image-2\" src=\"http:\/\/wisla.skoczow.pl\/wp-content\/uploads\/2023\/05\/mlo4.jpg\"><\/a>\n                <h2 class=\"u-align-center u-blog-control u-text u-text-3\">\n                  <a class=\"u-post-header-link\" href=\"http:\/\/wisla.skoczow.pl\/?p=10730\">M\u0142odziczki U13<\/a>\n                <\/h2>\n                <div class=\"u-blog-control u-post-content u-text u-text-4\"><p>\nZaleg\u0142\u0105 drug\u0105 kolejk\u0119 rozegra\u0142y nasze pi\u0142karki w \u015brod\u0119 14.09 o 17:00 w Zabrzu. Dziewcz\u0119ta wr\u00f3ci\u0142y ze zdobycz\u0105 punktow\u0105 i niewiele brakowa\u0142o aby &hellip;<\/p>\n                <\/div>\n              <\/div>\n            <\/div>\n            <div class=\"u-blog-post u-invisible u-container-style u-repeater-item\">\n              <div class=\"u-container-layout u-similar-container u-container-layout-1\"><a class=\"u-align-center u-blog-control u-image u-image-round u-radius-20 u-image-1\" href=\"http:\/\/wisla.skoczow.pl\/?p=10727\">\n                <img decoding=\"async\" class=\"u-align-center u-blog-control u-image u-image-round u-radius-20 u-image-1\" src=\"http:\/\/wisla.skoczow.pl\/wp-content\/uploads\/2023\/05\/tra4.jpg\"><\/a>\n                <h2 class=\"u-align-center u-blog-control u-text u-text-1\">\n                  <a class=\"u-post-header-link\" href=\"http:\/\/wisla.skoczow.pl\/?p=10727\">Trampkarki U15<\/a>\n                <\/h2>\n                <div class=\"u-blog-control u-post-content u-text u-text-2\"><p>\nWczoraj trampkarki rozegra\u0142y kolejny mecz. Tym razem wyj\u0105tkowo na boisku w Wi\u015blicy mierzy\u0142y si\u0119 z KKS Polonia Tychy. Nasze zawodniczki d\u0142ugo &hellip;<\/p>\n                <\/div>\n              <\/div>\n            <\/div>\n            <div class=\"u-blog-post u-invisible u-container-style u-repeater-item\">\n              <div class=\"u-container-layout u-similar-container u-container-layout-2\"><a class=\"u-align-center u-blog-control u-image u-image-round u-radius-20 u-image-2\" href=\"http:\/\/wisla.skoczow.pl\/?p=10724\">\n                <img decoding=\"async\" class=\"u-align-center u-blog-control u-image u-image-round u-radius-20 u-image-2\" src=\"http:\/\/wisla.skoczow.pl\/wp-content\/uploads\/2022\/08\/terminarz.jpg\"><\/a>\n                <h2 class=\"u-align-center u-blog-control u-text u-text-3\">\n                  <a class=\"u-post-header-link\" href=\"http:\/\/wisla.skoczow.pl\/?p=10724\">Terminarz 17-18.09.2022<\/a>\n                <\/h2>\n                <div class=\"u-blog-control u-post-content u-text u-text-4\"><p>\n\n<\/p>\n                <\/div>\n              <\/div>\n            <\/div>\n            <div class=\"u-blog-post u-invisible u-container-style u-repeater-item\">\n              <div class=\"u-container-layout u-similar-container u-container-layout-1\"><a class=\"u-align-center u-blog-control u-image u-image-round u-radius-20 u-image-1\" href=\"http:\/\/wisla.skoczow.pl\/?p=10719\">\n                <img decoding=\"async\" class=\"u-align-center u-blog-control u-image u-image-round u-radius-20 u-image-1\" src=\"http:\/\/wisla.skoczow.pl\/wp-content\/uploads\/2023\/05\/tramlo.jpg\"><\/a>\n                <h2 class=\"u-align-center u-blog-control u-text u-text-1\">\n                  <a class=\"u-post-header-link\" href=\"http:\/\/wisla.skoczow.pl\/?p=10719\">Zespo\u0142y U13\/U15<\/a>\n                <\/h2>\n                <div class=\"u-blog-control u-post-content u-text u-text-2\"><p>\nJutro (14.09) nasze zespo\u0142y m\u0142odzie\u017cowe rozegraj\u0105 zaleg\u0142e spotkania - U13 z 2 kolejki \u015aLM, a U15 z 1 kolejki \u015aLT.\n\n\n\nM\u0142odziczki na wyje\u017adzie &hellip;<\/p>\n                <\/div>\n              <\/div>\n            <\/div>\n            <div class=\"u-blog-post u-invisible u-container-style u-repeater-item\">\n              <div class=\"u-container-layout u-similar-container u-container-layout-2\"><a class=\"u-align-center u-blog-control u-image u-image-round u-radius-20 u-image-2\" href=\"http:\/\/wisla.skoczow.pl\/?p=10716\">\n                <img decoding=\"async\" class=\"u-align-center u-blog-control u-image u-image-round u-radius-20 u-image-2\" src=\"http:\/\/wisla.skoczow.pl\/wp-content\/uploads\/2023\/05\/4-liga.jpg\"><\/a>\n                <h2 class=\"u-align-center u-blog-control u-text u-text-3\">\n                  <a class=\"u-post-header-link\" href=\"http:\/\/wisla.skoczow.pl\/?p=10716\">IV liga kobiet<\/a>\n                <\/h2>\n                <div class=\"u-blog-control u-post-content u-text u-text-4\"><p>\nNiestety sezon rozpoczynamy od pora\u017cki. Tym razem LKS Bestwina pokona\u0142a nas po raz pierwszy w historii spotka\u0144 na naszym boisku. Bramk\u0119 honorow\u0105 &hellip;<\/p>\n                <\/div>\n              <\/div>\n            <\/div>\n            <div class=\"u-blog-post u-invisible u-container-style u-repeater-item\">\n              <div class=\"u-container-layout u-similar-container u-container-layout-1\"><a class=\"u-align-center u-blog-control u-image u-image-round u-radius-20 u-image-1\" href=\"http:\/\/wisla.skoczow.pl\/?p=10713\">\n                <img decoding=\"async\" class=\"u-align-center u-blog-control u-image u-image-round u-radius-20 u-image-1\" src=\"http:\/\/wisla.skoczow.pl\/wp-content\/uploads\/2023\/05\/tram2.jpg\"><\/a>\n                <h2 class=\"u-align-center u-blog-control u-text u-text-1\">\n                  <a class=\"u-post-header-link\" href=\"http:\/\/wisla.skoczow.pl\/?p=10713\">Trampkarki U15<\/a>\n                <\/h2>\n                <div class=\"u-blog-control u-post-content u-text u-text-2\"><p>\nDzisiaj trampkarki rozegra\u0142y drugi mecz w tym sezonie. Mierzy\u0142y si\u0119 na w\u0142asnym boisku z BTS Rekord Bielsko-Bia\u0142a. Dziewczyny dzisiaj napiera\u0142y na &hellip;<\/p>\n                <\/div>\n              <\/div>\n            <\/div>\n            <div class=\"u-blog-post u-invisible u-container-style u-repeater-item\">\n              <div class=\"u-container-layout u-similar-container u-container-layout-2\"><a class=\"u-align-center u-blog-control u-image u-image-round u-radius-20 u-image-2\" href=\"http:\/\/wisla.skoczow.pl\/?p=10710\">\n                <img decoding=\"async\" class=\"u-align-center u-blog-control u-image u-image-round u-radius-20 u-image-2\" src=\"http:\/\/wisla.skoczow.pl\/wp-content\/uploads\/2023\/05\/mlo3.jpg\"><\/a>\n                <h2 class=\"u-align-center u-blog-control u-text u-text-3\">\n                  <a class=\"u-post-header-link\" href=\"http:\/\/wisla.skoczow.pl\/?p=10710\">M\u0142odziczki U13<\/a>\n                <\/h2>\n                <div class=\"u-blog-control u-post-content u-text u-text-4\"><p>\nDu\u017co walki i serca pozostawi\u0142y dzi\u015b na boisku nasze zawodniczki w spotkaniu z GKS Katowice, kt\u00f3re by\u0142y lepsze fizycznie i zgrane. Rado\u015b\u0107 z &hellip;<\/p>\n                <\/div>\n              <\/div>\n            <\/div>\n            <div class=\"u-blog-post u-invisible u-container-style u-repeater-item\">\n              <div class=\"u-container-layout u-similar-container u-container-layout-1\"><a class=\"u-align-center u-blog-control u-image u-image-round u-radius-20 u-image-1\" href=\"http:\/\/wisla.skoczow.pl\/?p=10707\">\n                <img decoding=\"async\" class=\"u-align-center u-blog-control u-image u-image-round u-radius-20 u-image-1\" src=\"http:\/\/wisla.skoczow.pl\/wp-content\/uploads\/2023\/05\/kadra1.jpg\"><\/a>\n                <h2 class=\"u-align-center u-blog-control u-text u-text-1\">\n                  <a class=\"u-post-header-link\" href=\"http:\/\/wisla.skoczow.pl\/?p=10707\">Kadra \u015alZPN U13<\/a>\n                <\/h2>\n                <div class=\"u-blog-control u-post-content u-text u-text-2\"><p>\nW czwartek 08.09 trzy nasze zawodniczki uczestniczy\u0142y w konsultacjach kadry \u015al\u0105ska - Lena Bortliczek, Emilia K\u0142\u00f3sko i Martyna Szczypka. Dziewcz\u0119ta &hellip;<\/p>\n                <\/div>\n              <\/div>\n            <\/div>\n            <div class=\"u-blog-post u-invisible u-container-style u-repeater-item\">\n              <div class=\"u-container-layout u-similar-container u-container-layout-2\"><a class=\"u-align-center u-blog-control u-image u-image-round u-radius-20 u-image-2\" href=\"http:\/\/wisla.skoczow.pl\/?p=10703\">\n                <img decoding=\"async\" class=\"u-align-center u-blog-control u-image u-image-round u-radius-20 u-image-2\" src=\"http:\/\/wisla.skoczow.pl\/wp-content\/uploads\/2022\/08\/terminarz.jpg\"><\/a>\n                <h2 class=\"u-align-center u-blog-control u-text u-text-3\">\n                  <a class=\"u-post-header-link\" href=\"http:\/\/wisla.skoczow.pl\/?p=10703\">Terminarz 10-11.09.2022<\/a>\n                <\/h2>\n                <div class=\"u-blog-control u-post-content u-text u-text-4\"><p>\n\n<\/p>\n                <\/div>\n              <\/div>\n            <\/div>\n            <div class=\"u-blog-post u-invisible u-container-style u-repeater-item\">\n              <div class=\"u-container-layout u-similar-container u-container-layout-1\"><a class=\"u-align-center u-blog-control u-image u-image-round u-radius-20 u-image-1\" href=\"http:\/\/wisla.skoczow.pl\/?p=10699\">\n                <img decoding=\"async\" class=\"u-align-center u-blog-control u-image u-image-round u-radius-20 u-image-1\" src=\"http:\/\/wisla.skoczow.pl\/wp-content\/uploads\/2023\/05\/mlo2.jpg\"><\/a>\n                <h2 class=\"u-align-center u-blog-control u-text u-text-1\">\n                  <a class=\"u-post-header-link\" href=\"http:\/\/wisla.skoczow.pl\/?p=10699\">M\u0142odziczki U13<\/a>\n                <\/h2>\n                <div class=\"u-blog-control u-post-content u-text u-text-2\"><p>\nIV kolejka \u015aLM, drugi mecz \"Wise\u0142ek\" z bardzo trudnym przeciwnikiem. Dziewcz\u0119ta w niedziel\u0119 zmierzy\u0142y si\u0119 z pi\u0142karkami Czarnych Sosnowiec. &hellip;<\/p>\n                <\/div>\n              <\/div>\n            <\/div>\n            <div class=\"u-blog-post u-invisible u-container-style u-repeater-item\">\n              <div class=\"u-container-layout u-similar-container u-container-layout-2\"><a class=\"u-align-center u-blog-control u-image u-image-round u-radius-20 u-image-2\" href=\"http:\/\/wisla.skoczow.pl\/?p=10696\">\n                <img decoding=\"async\" class=\"u-align-center u-blog-control u-image u-image-round u-radius-20 u-image-2\" src=\"http:\/\/wisla.skoczow.pl\/wp-content\/uploads\/2023\/05\/tra1.jpg\"><\/a>\n                <h2 class=\"u-align-center u-blog-control u-text u-text-3\">\n                  <a class=\"u-post-header-link\" href=\"http:\/\/wisla.skoczow.pl\/?p=10696\">Trampkarki U15<\/a>\n                <\/h2>\n                <div class=\"u-blog-control u-post-content u-text u-text-4\"><p>\nWczoraj trampkarki rozegra\u0142y sw\u00f3j pierwszy mecz w nowym sezonie, a mierzy\u0142y si\u0119 z trudnym przeciwnikiem UKKS Katowice i musia\u0142y to zrobi\u0107 graj\u0105c w &hellip;<\/p>\n                <\/div>\n              <\/div>\n            <\/div>\n            <div class=\"u-blog-post u-invisible u-container-style u-repeater-item\">\n              <div class=\"u-container-layout u-similar-container u-container-layout-1\"><a class=\"u-align-center u-blog-control u-image u-image-round u-radius-20 u-image-1\" href=\"http:\/\/wisla.skoczow.pl\/?p=10693\">\n                <img decoding=\"async\" class=\"u-align-center u-blog-control u-image u-image-round u-radius-20 u-image-1\" src=\"http:\/\/wisla.skoczow.pl\/wp-content\/uploads\/2023\/05\/mlo1.jpg\"><\/a>\n                <h2 class=\"u-align-center u-blog-control u-text u-text-1\">\n                  <a class=\"u-post-header-link\" href=\"http:\/\/wisla.skoczow.pl\/?p=10693\">M\u0142odziczki U13<\/a>\n                <\/h2>\n                <div class=\"u-blog-control u-post-content u-text u-text-2\"><p>\n\"Pierwsze koty za p\u0142oty\" - tak mo\u017cna okre\u015bli\u0107 spotkanie inauguruj\u0105ce, naszego zespo\u0142u w \u015al\u0105skiej Lidze M\u0142odziczek. Zadebiutowa\u0142o pi\u0119\u0107 zawodniczek, &hellip;<\/p>\n                <\/div>\n              <\/div>\n            <\/div>\n            <div class=\"u-blog-post u-invisible u-container-style u-repeater-item\">\n              <div class=\"u-container-layout u-similar-container u-container-layout-2\"><a class=\"u-align-center u-blog-control u-image u-image-round u-radius-20 u-image-2\" href=\"http:\/\/wisla.skoczow.pl\/?p=10689\">\n                <img decoding=\"async\" class=\"u-align-center u-blog-control u-image u-image-round u-radius-20 u-image-2\" src=\"http:\/\/wisla.skoczow.pl\/wp-content\/uploads\/2022\/08\/terminarz.jpg\"><\/a>\n                <h2 class=\"u-align-center u-blog-control u-text u-text-3\">\n                  <a class=\"u-post-header-link\" href=\"http:\/\/wisla.skoczow.pl\/?p=10689\">Terminarz 31.08\/03-04.09.2022<\/a>\n                <\/h2>\n                <div class=\"u-blog-control u-post-content u-text u-text-4\"><p>\nZapraszamy na drug\u0105 kolejk\u0119 sezonu 2022\/23!IV liga kobiet zagra tydzie\u0144 p\u00f3\u017aniej, w ten weekend pauzujemy.\n\n\n\n\n<\/p>\n                <\/div>\n              <\/div>\n            <\/div>\n            <div class=\"u-blog-post u-invisible u-container-style u-repeater-item\">\n              <div class=\"u-container-layout u-similar-container u-container-layout-1\"><a class=\"u-align-center u-blog-control u-image u-image-round u-radius-20 u-image-1\" href=\"http:\/\/wisla.skoczow.pl\/?p=10683\">\n                <img decoding=\"async\" class=\"u-align-center u-blog-control u-image u-image-round u-radius-20 u-image-1\" src=\"http:\/\/wisla.skoczow.pl\/wp-content\/uploads\/2023\/05\/SLZPNLOGO-5.png\"><\/a>\n                <h2 class=\"u-align-center u-blog-control u-text u-text-1\">\n                  <a class=\"u-post-header-link\" href=\"http:\/\/wisla.skoczow.pl\/?p=10683\">Powo\u0142ania Kadra \u015alZPN<\/a>\n                <\/h2>\n                <div class=\"u-blog-control u-post-content u-text u-text-2\"><p>\nGratulujemy naszym zawodniczkom z rocznika 2010 powo\u0142ania na konsultacje\n\n\n\nLena BortliczekMartyna SzczypkaEmilia K\u0142\u00f3sko\n\n\n\nTrzymamy kciuki, aby &hellip;<\/p>\n                <\/div>\n              <\/div>\n            <\/div>\n            <div class=\"u-blog-post u-invisible u-container-style u-repeater-item\">\n              <div class=\"u-container-layout u-similar-container u-container-layout-2\"><a class=\"u-align-center u-blog-control u-image u-image-round u-radius-20 u-image-2\" href=\"http:\/\/wisla.skoczow.pl\/?p=10680\">\n                <img decoding=\"async\" class=\"u-align-center u-blog-control u-image u-image-round u-radius-20 u-image-2\" src=\"http:\/\/wisla.skoczow.pl\/wp-content\/uploads\/2023\/05\/komu1.jpg\"><\/a>\n                <h2 class=\"u-align-center u-blog-control u-text u-text-3\">\n                  <a class=\"u-post-header-link\" href=\"http:\/\/wisla.skoczow.pl\/?p=10680\">Komunikat<\/a>\n                <\/h2>\n                <div class=\"u-blog-control u-post-content u-text u-text-4\"><p>\nNiestety \u017caden zesp\u00f3\u0142 nie wyjdzie w ten weekend na muraw\u0119. Dwa spotkania (IV liga oraz \u015aLT U15) zosta\u0142y prze\u0142o\u017cone na pro\u015bb\u0119 przeciwnik\u00f3w, a &hellip;<\/p>\n                <\/div>\n              <\/div>\n            <\/div>\n            <div class=\"u-blog-post u-invisible u-container-style u-repeater-item\">\n              <div class=\"u-container-layout u-similar-container u-container-layout-1\"><a class=\"u-align-center u-blog-control u-image u-image-round u-radius-20 u-image-1\" href=\"http:\/\/wisla.skoczow.pl\/?p=10675\">\n                <img decoding=\"async\" class=\"u-align-center u-blog-control u-image u-image-round u-radius-20 u-image-1\" src=\"http:\/\/wisla.skoczow.pl\/wp-content\/uploads\/2022\/08\/terminarz.jpg\"><\/a>\n                <h2 class=\"u-align-center u-blog-control u-text u-text-1\">\n                  <a class=\"u-post-header-link\" href=\"http:\/\/wisla.skoczow.pl\/?p=10675\">Terminarz 27-28.08.2022<\/a>\n                <\/h2>\n                <div class=\"u-blog-control u-post-content u-text u-text-2\"><p>\nZapraszamy na pierwsz\u0105 kolejk\u0119 naszych zespo\u0142\u00f3w w sezonie 2022\/2023!\n\n\n\n\n<\/p>\n                <\/div>\n              <\/div>\n            <\/div>\n          <\/div>\n          <div class=\"u-list-control\"><\/div>\n          <a class=\"u-absolute-vcenter u-gallery-nav u-gallery-nav-prev u-grey-70 u-hidden u-icon-circle u-opacity u-opacity-70 u-spacing-10 u-text-white u-gallery-nav-1\" href=\"#\" role=\"button\">\n            <span aria-hidden=\"true\">\n              <svg viewBox=\"0 0 451.847 451.847\"><path d=\"M97.141,225.92c0-8.095,3.091-16.192,9.259-22.366L300.689,9.27c12.359-12.359,32.397-12.359,44.751,0\nc12.354,12.354,12.354,32.388,0,44.748L173.525,225.92l171.903,171.909c12.354,12.354,12.354,32.391,0,44.744\nc-12.354,12.365-32.386,12.365-44.745,0l-194.29-194.281C100.226,242.115,97.141,234.018,97.141,225.92z\"><\/path><\/svg>\n            <\/span>\n            <span class=\"sr-only\">\n              <svg viewBox=\"0 0 451.847 451.847\"><path d=\"M97.141,225.92c0-8.095,3.091-16.192,9.259-22.366L300.689,9.27c12.359-12.359,32.397-12.359,44.751,0\nc12.354,12.354,12.354,32.388,0,44.748L173.525,225.92l171.903,171.909c12.354,12.354,12.354,32.391,0,44.744\nc-12.354,12.365-32.386,12.365-44.745,0l-194.29-194.281C100.226,242.115,97.141,234.018,97.141,225.92z\"><\/path><\/svg>\n            <\/span>\n          <\/a>\n          <a class=\"u-absolute-vcenter u-gallery-nav u-gallery-nav-next u-grey-70 u-hidden u-icon-circle u-opacity u-opacity-70 u-spacing-10 u-text-white u-gallery-nav-2\" href=\"#\" role=\"button\">\n            <span aria-hidden=\"true\">\n              <svg viewBox=\"0 0 451.846 451.847\"><path d=\"M345.441,248.292L151.154,442.573c-12.359,12.365-32.397,12.365-44.75,0c-12.354-12.354-12.354-32.391,0-44.744\nL278.318,225.92L106.409,54.017c-12.354-12.359-12.354-32.394,0-44.748c12.354-12.359,32.391-12.359,44.75,0l194.287,194.284\nc6.177,6.18,9.262,14.271,9.262,22.366C354.708,234.018,351.617,242.115,345.441,248.292z\"><\/path><\/svg>\n            <\/span>\n            <span class=\"sr-only\">\n              <svg viewBox=\"0 0 451.846 451.847\"><path d=\"M345.441,248.292L151.154,442.573c-12.359,12.365-32.397,12.365-44.75,0c-12.354-12.354-12.354-32.391,0-44.744\nL278.318,225.92L106.409,54.017c-12.354-12.359-12.354-32.394,0-44.748c12.354-12.359,32.391-12.359,44.75,0l194.287,194.284\nc6.177,6.18,9.262,14.271,9.262,22.366C354.708,234.018,351.617,242.115,345.441,248.292z\"><\/path><\/svg>\n            <\/span>\n          <\/a>\n        <\/div>\n        <div class=\"u-carousel u-gallery u-layout-carousel u-lightbox u-no-transition u-show-text-none u-gallery-2\" data-interval=\"2000\" data-u-ride=\"carousel\" id=\"carousel-3511\">\n          <ol class=\"u-absolute-hcenter u-carousel-indicators u-hidden u-carousel-indicators-2\">\n            <li data-u-target=\"#carousel-3511\" data-u-slide-to=\"0\" class=\"u-active u-grey-70 u-shape-circle\" style=\"width: 10px; height: 10px;\"><\/li>\n            <li data-u-target=\"#carousel-3511\" data-u-slide-to=\"1\" class=\"u-grey-70 u-shape-circle\" style=\"width: 10px; height: 10px;\"><\/li>\n            <li data-u-target=\"#carousel-3511\" data-u-slide-to=\"2\" class=\"u-grey-70 u-shape-circle\" style=\"width: 10px; height: 10px;\"><\/li>\n            <li data-u-target=\"#carousel-3511\" data-u-slide-to=\"3\" class=\"u-grey-70 u-shape-circle\" style=\"width: 10px; height: 10px;\"><\/li>\n            <li data-u-target=\"#carousel-3511\" data-u-slide-to=\"4\" class=\"u-grey-70 u-shape-circle\" style=\"width: 10px; height: 10px;\"><\/li>\n            <li data-u-target=\"#carousel-3511\" data-u-slide-to=\"5\" class=\"u-grey-70 u-shape-circle\" style=\"width: 10px; height: 10px;\"><\/li>\n          <\/ol>\n          <div class=\"u-carousel-inner u-gallery-inner\" role=\"listbox\">\n            <div class=\"u-active u-carousel-item u-gallery-item u-carousel-item-7\">\n              <div class=\"u-back-slide\" data-image-width=\"150\" data-image-height=\"150\">\n                <img decoding=\"async\" class=\"u-back-image u-expanded u-image-contain\" src=\"http:\/\/wisla.skoczow.pl\/wp-content\/uploads\/2023\/05\/MELIVIUM-5.png\">\n              <\/div>\n              <div class=\"u-over-slide u-over-slide-7\"><\/div>\n            <\/div>\n            <div class=\"u-carousel-item u-gallery-item u-carousel-item-8\">\n              <div class=\"u-back-slide\" data-image-width=\"128\" data-image-height=\"128\">\n                <img decoding=\"async\" class=\"u-back-image u-expanded u-image-contain\" src=\"http:\/\/wisla.skoczow.pl\/wp-content\/uploads\/2023\/05\/AGAPEMED-5.png\">\n              <\/div>\n              <div class=\"u-over-slide u-over-slide-8\"><\/div>\n            <\/div>\n            <div class=\"u-carousel-item u-gallery-item u-carousel-item-9\" data-image-width=\"280\" data-image-height=\"76\">\n              <div class=\"u-back-slide\">\n                <img decoding=\"async\" class=\"u-back-image u-expanded u-image-contain\" src=\"http:\/\/wisla.skoczow.pl\/wp-content\/uploads\/2023\/05\/BESKIDZKA-5.png\">\n              <\/div>\n              <div class=\"u-over-slide u-over-slide-9\"><\/div>\n              <style data-mode=\"XL\"><\/style>\n              <style data-mode=\"LG\" data-visited=\"true\"><\/style>\n              <style data-mode=\"MD\" data-visited=\"true\"><\/style>\n              <style data-mode=\"SM\" data-visited=\"true\"><\/style>\n              <style data-mode=\"XS\" data-visited=\"true\"><\/style>\n            <\/div>\n            <div class=\"u-carousel-item u-gallery-item u-carousel-item-10\" data-image-width=\"95\" data-image-height=\"128\">\n              <div class=\"u-back-slide\">\n                <img decoding=\"async\" class=\"u-back-image u-expanded u-image-contain\" src=\"http:\/\/wisla.skoczow.pl\/wp-content\/uploads\/2023\/05\/PODOKREG-5.png\">\n              <\/div>\n              <div class=\"u-over-slide u-over-slide-10\"><\/div>\n              <style data-mode=\"XL\"><\/style>\n              <style data-mode=\"LG\" data-visited=\"true\"><\/style>\n              <style data-mode=\"MD\" data-visited=\"true\"><\/style>\n              <style data-mode=\"SM\" data-visited=\"true\"><\/style>\n              <style data-mode=\"XS\" data-visited=\"true\"><\/style>\n            <\/div>\n            <div class=\"u-carousel-item u-gallery-item u-carousel-item-11\" data-image-width=\"3527\" data-image-height=\"1926\">\n              <div class=\"u-back-slide\">\n                <img decoding=\"async\" class=\"u-back-image u-expanded u-image-contain\" src=\"http:\/\/wisla.skoczow.pl\/wp-content\/uploads\/2023\/05\/IMG_9729-scaled.jpg\">\n              <\/div>\n              <div class=\"u-over-slide u-over-slide-11\"><\/div>\n              <style data-mode=\"XL\"><\/style>\n              <style data-mode=\"LG\"><\/style>\n              <style data-mode=\"MD\"><\/style>\n              <style data-mode=\"SM\"><\/style>\n              <style data-mode=\"XS\"><\/style>\n            <\/div>\n            <div class=\"u-carousel-item u-gallery-item u-carousel-item-12\" data-image-width=\"752\" data-image-height=\"660\" data-href=\"https:\/\/www.posrednictwofinansowegren.pl\/\" data-target=\"_blank\">\n              <div class=\"u-back-slide\">\n                <img decoding=\"async\" class=\"u-back-image u-expanded u-image-contain\" src=\"http:\/\/wisla.skoczow.pl\/wp-content\/uploads\/2023\/12\/ubezp.jpg\">\n              <\/div>\n              <div class=\"u-over-slide u-over-slide-12\"><\/div>\n              <style data-mode=\"XL\"><\/style>\n              <style data-mode=\"LG\"><\/style>\n              <style data-mode=\"MD\"><\/style>\n              <style data-mode=\"SM\"><\/style>\n              <style data-mode=\"XS\"><\/style>\n            <\/div>\n          <\/div>\n          <a class=\"u-absolute-vcenter u-carousel-control u-carousel-control-prev u-grey-70 u-hidden u-icon-circle u-opacity u-opacity-70 u-spacing-10 u-text-white u-carousel-control-3\" href=\"#carousel-3511\" role=\"button\" data-u-slide=\"prev\">\n            <span aria-hidden=\"true\">\n              <svg viewBox=\"0 0 451.847 451.847\"><path d=\"M97.141,225.92c0-8.095,3.091-16.192,9.259-22.366L300.689,9.27c12.359-12.359,32.397-12.359,44.751,0\nc12.354,12.354,12.354,32.388,0,44.748L173.525,225.92l171.903,171.909c12.354,12.354,12.354,32.391,0,44.744\nc-12.354,12.365-32.386,12.365-44.745,0l-194.29-194.281C100.226,242.115,97.141,234.018,97.141,225.92z\"><\/path><\/svg>\n            <\/span>\n            <span class=\"sr-only\">\n              <svg viewBox=\"0 0 451.847 451.847\"><path d=\"M97.141,225.92c0-8.095,3.091-16.192,9.259-22.366L300.689,9.27c12.359-12.359,32.397-12.359,44.751,0\nc12.354,12.354,12.354,32.388,0,44.748L173.525,225.92l171.903,171.909c12.354,12.354,12.354,32.391,0,44.744\nc-12.354,12.365-32.386,12.365-44.745,0l-194.29-194.281C100.226,242.115,97.141,234.018,97.141,225.92z\"><\/path><\/svg>\n            <\/span>\n          <\/a>\n          <a class=\"u-absolute-vcenter u-carousel-control u-carousel-control-next u-grey-70 u-hidden u-icon-circle u-opacity u-opacity-70 u-spacing-10 u-text-white u-carousel-control-4\" href=\"#carousel-3511\" role=\"button\" data-u-slide=\"next\">\n            <span aria-hidden=\"true\">\n              <svg viewBox=\"0 0 451.846 451.847\"><path d=\"M345.441,248.292L151.154,442.573c-12.359,12.365-32.397,12.365-44.75,0c-12.354-12.354-12.354-32.391,0-44.744\nL278.318,225.92L106.409,54.017c-12.354-12.359-12.354-32.394,0-44.748c12.354-12.359,32.391-12.359,44.75,0l194.287,194.284\nc6.177,6.18,9.262,14.271,9.262,22.366C354.708,234.018,351.617,242.115,345.441,248.292z\"><\/path><\/svg>\n            <\/span>\n            <span class=\"sr-only\">\n              <svg viewBox=\"0 0 451.846 451.847\"><path d=\"M345.441,248.292L151.154,442.573c-12.359,12.365-32.397,12.365-44.75,0c-12.354-12.354-12.354-32.391,0-44.744\nL278.318,225.92L106.409,54.017c-12.354-12.359-12.354-32.394,0-44.748c12.354-12.359,32.391-12.359,44.75,0l194.287,194.284\nc6.177,6.18,9.262,14.271,9.262,22.366C354.708,234.018,351.617,242.115,345.441,248.292z\"><\/path><\/svg>\n            <\/span>\n          <\/a>\n        <\/div>\n        <div class=\"u-carousel u-gallery u-layout-carousel u-lightbox u-no-transition u-show-text-none u-gallery-3\" data-interval=\"2000\" data-u-ride=\"carousel\" id=\"carousel-5464\">\n          <ol class=\"u-absolute-hcenter u-carousel-indicators u-hidden u-carousel-indicators-3\">\n            <li data-u-target=\"#carousel-5464\" data-u-slide-to=\"0\" class=\"u-active u-grey-70 u-shape-circle\" style=\"width: 10px; height: 10px;\"><\/li>\n            <li data-u-target=\"#carousel-5464\" data-u-slide-to=\"1\" class=\"u-grey-70 u-shape-circle\" style=\"width: 10px; height: 10px;\"><\/li>\n            <li data-u-target=\"#carousel-5464\" data-u-slide-to=\"2\" class=\"u-grey-70 u-shape-circle\" style=\"width: 10px; height: 10px;\"><\/li>\n            <li data-u-target=\"#carousel-5464\" data-u-slide-to=\"3\" class=\"u-grey-70 u-shape-circle\" style=\"width: 10px; height: 10px;\"><\/li>\n            <li data-u-target=\"#carousel-5464\" data-u-slide-to=\"4\" class=\"u-grey-70 u-shape-circle\" style=\"width: 10px; height: 10px;\"><\/li>\n            <li data-u-target=\"#carousel-5464\" data-u-slide-to=\"5\" class=\"u-grey-70 u-shape-circle\" style=\"width: 10px; height: 10px;\"><\/li>\n          <\/ol>\n          <div class=\"u-carousel-inner u-gallery-inner\" role=\"listbox\">\n            <div class=\"u-active u-carousel-item u-gallery-item u-carousel-item-13\">\n              <div class=\"u-back-slide\" data-image-width=\"768\" data-image-height=\"220\">\n                <img decoding=\"async\" class=\"u-back-image u-expanded u-image-contain\" src=\"http:\/\/wisla.skoczow.pl\/wp-content\/uploads\/2023\/05\/WIECISKO-5.jpg\">\n              <\/div>\n              <div class=\"u-over-slide u-over-slide-13\"><\/div>\n            <\/div>\n            <div class=\"u-carousel-item u-gallery-item u-carousel-item-14\">\n              <div class=\"u-back-slide\" data-image-width=\"214\" data-image-height=\"54\">\n                <img decoding=\"async\" class=\"u-back-image u-expanded u-image-contain\" src=\"http:\/\/wisla.skoczow.pl\/wp-content\/uploads\/2023\/05\/ANFA-5.png\">\n              <\/div>\n              <div class=\"u-over-slide u-over-slide-14\"><\/div>\n            <\/div>\n            <div class=\"u-carousel-item u-gallery-item u-carousel-item-15\" data-image-width=\"300\" data-image-height=\"160\">\n              <div class=\"u-back-slide\">\n                <img decoding=\"async\" class=\"u-back-image u-expanded u-image-contain\" src=\"http:\/\/wisla.skoczow.pl\/wp-content\/uploads\/2023\/05\/SALUBRITAS-5.jpg\">\n              <\/div>\n              <div class=\"u-over-slide u-over-slide-15\"><\/div>\n              <style data-mode=\"XL\"><\/style>\n              <style data-mode=\"LG\" data-visited=\"true\"><\/style>\n              <style data-mode=\"MD\" data-visited=\"true\"><\/style>\n              <style data-mode=\"SM\" data-visited=\"true\"><\/style>\n              <style data-mode=\"XS\" data-visited=\"true\"><\/style>\n            <\/div>\n            <div class=\"u-carousel-item u-gallery-item u-carousel-item-16\" data-image-width=\"128\" data-image-height=\"128\">\n              <div class=\"u-back-slide\">\n                <img decoding=\"async\" class=\"u-back-image u-expanded u-image-contain\" src=\"http:\/\/wisla.skoczow.pl\/wp-content\/uploads\/2023\/05\/SLZPNLOGO-5.png\">\n              <\/div>\n              <div class=\"u-over-slide u-over-slide-16\"><\/div>\n              <style data-mode=\"XL\"><\/style>\n              <style data-mode=\"LG\" data-visited=\"true\"><\/style>\n              <style data-mode=\"MD\" data-visited=\"true\"><\/style>\n              <style data-mode=\"SM\" data-visited=\"true\"><\/style>\n              <style data-mode=\"XS\" data-visited=\"true\"><\/style>\n            <\/div>\n            <div class=\"u-carousel-item u-gallery-item u-carousel-item-17\" data-image-width=\"3573\" data-image-height=\"1927\">\n              <div class=\"u-back-slide\">\n                <img decoding=\"async\" class=\"u-back-image u-expanded u-image-contain\" src=\"http:\/\/wisla.skoczow.pl\/wp-content\/uploads\/2023\/05\/IMG_9731-scaled.jpg\">\n              <\/div>\n              <div class=\"u-over-slide u-over-slide-17\"><\/div>\n              <style data-mode=\"XL\"><\/style>\n              <style data-mode=\"LG\"><\/style>\n              <style data-mode=\"MD\"><\/style>\n              <style data-mode=\"SM\"><\/style>\n              <style data-mode=\"XS\"><\/style>\n            <\/div>\n            <div class=\"u-carousel-item u-gallery-item u-carousel-item-18\" data-image-width=\"1100\" data-image-height=\"824\">\n              <div class=\"u-back-slide\">\n                <img decoding=\"async\" class=\"u-back-image u-expanded u-image-contain\" src=\"http:\/\/wisla.skoczow.pl\/wp-content\/uploads\/2023\/12\/PZPN_4.jpg\">\n              <\/div>\n              <div class=\"u-over-slide u-over-slide-18\"><\/div>\n              <style data-mode=\"XL\"><\/style>\n              <style data-mode=\"LG\"><\/style>\n              <style data-mode=\"MD\"><\/style>\n              <style data-mode=\"SM\"><\/style>\n              <style data-mode=\"XS\"><\/style>\n            <\/div>\n          <\/div>\n          <a class=\"u-absolute-vcenter u-carousel-control u-carousel-control-prev u-grey-70 u-hidden u-icon-circle u-opacity u-opacity-70 u-spacing-10 u-text-white u-carousel-control-5\" href=\"#carousel-5464\" role=\"button\" data-u-slide=\"prev\">\n            <span aria-hidden=\"true\">\n              <svg viewBox=\"0 0 451.847 451.847\"><path d=\"M97.141,225.92c0-8.095,3.091-16.192,9.259-22.366L300.689,9.27c12.359-12.359,32.397-12.359,44.751,0\nc12.354,12.354,12.354,32.388,0,44.748L173.525,225.92l171.903,171.909c12.354,12.354,12.354,32.391,0,44.744\nc-12.354,12.365-32.386,12.365-44.745,0l-194.29-194.281C100.226,242.115,97.141,234.018,97.141,225.92z\"><\/path><\/svg>\n            <\/span>\n            <span class=\"sr-only\">\n              <svg viewBox=\"0 0 451.847 451.847\"><path d=\"M97.141,225.92c0-8.095,3.091-16.192,9.259-22.366L300.689,9.27c12.359-12.359,32.397-12.359,44.751,0\nc12.354,12.354,12.354,32.388,0,44.748L173.525,225.92l171.903,171.909c12.354,12.354,12.354,32.391,0,44.744\nc-12.354,12.365-32.386,12.365-44.745,0l-194.29-194.281C100.226,242.115,97.141,234.018,97.141,225.92z\"><\/path><\/svg>\n            <\/span>\n          <\/a>\n          <a class=\"u-absolute-vcenter u-carousel-control u-carousel-control-next u-grey-70 u-hidden u-icon-circle u-opacity u-opacity-70 u-spacing-10 u-text-white u-carousel-control-6\" href=\"#carousel-5464\" role=\"button\" data-u-slide=\"next\">\n            <span aria-hidden=\"true\">\n              <svg viewBox=\"0 0 451.846 451.847\"><path d=\"M345.441,248.292L151.154,442.573c-12.359,12.365-32.397,12.365-44.75,0c-12.354-12.354-12.354-32.391,0-44.744\nL278.318,225.92L106.409,54.017c-12.354-12.359-12.354-32.394,0-44.748c12.354-12.359,32.391-12.359,44.75,0l194.287,194.284\nc6.177,6.18,9.262,14.271,9.262,22.366C354.708,234.018,351.617,242.115,345.441,248.292z\"><\/path><\/svg>\n            <\/span>\n            <span class=\"sr-only\">\n              <svg viewBox=\"0 0 451.846 451.847\"><path d=\"M345.441,248.292L151.154,442.573c-12.359,12.365-32.397,12.365-44.75,0c-12.354-12.354-12.354-32.391,0-44.744\nL278.318,225.92L106.409,54.017c-12.354-12.359-12.354-32.394,0-44.748c12.354-12.359,32.391-12.359,44.75,0l194.287,194.284\nc6.177,6.18,9.262,14.271,9.262,22.366C354.708,234.018,351.617,242.115,345.441,248.292z\"><\/path><\/svg>\n            <\/span>\n          <\/a>\n        <\/div>\n      <\/div>\n      <style data-mode=\"XXL\">@media (max-width: 0px) {\n  .u-section-2 .u-sheet-1 {\n    min-height: 613px;\n  }\n  .u-block-6ffa-9 {\n    width: 758px;\n    min-height: 478px;\n    height: auto;\n    margin-top: 60px;\n    margin-bottom: 60px;\n    margin-left: auto;\n    margin-right: auto;\n  }\n  .u-block-6ffa-10 {\n    position: absolute;\n    bottom: 10px;\n    width: auto;\n    height: auto;\n  }\n  .u-block-6ffa-25 {\n    background-image: linear-gradient(0deg, rgba(0,0,0,0.4), rgba(0,0,0,0.4)), url(\"data:image\/svg+xml;base64,PHN2ZyB2ZXJzaW9uPSIxLjEiIGlkPSJkZWZhdWx0LWltYWdlLXNvbGlkIiB4bWxucz0iaHR0cDovL3d3dy53My5vcmcvMjAwMC9zdmciIHg9IjBweCIgeT0iMHB4IiB2aWV3Qm94PSIwIDAgNDAwIDI2NSIgc3R5bGU9IndpZHRoOiA0MDBweDsgaGVpZ2h0OiAyNjVweDsiPg0KPHJlY3QgZmlsbD0iI0M2RDhFMSIgd2lkdGg9IjQwMCIgaGVpZ2h0PSIyNjUiLz4NCjxwYXRoIGZpbGw9IiNEOUUzRTgiIGQ9Ik0zOTUuMyw5Ni4yYy01LTAuOC02LjEsMS4xLTguNSwyLjljLTEtMi4zLTIuNi02LjItNy43LTVjMS41LTUuMy0yLjYtOC40LTcuNy04LjRjLTAuNiwwLTEuMiwwLjEtMS44LDAuMg0KCWMtMS44LTQuMS02LTYuOS0xMC43LTYuOWMtNi41LDAtMTEuOCw1LjMtMTEuOCwxMS44YzAsMC40LDAsMC45LDAuMSwxLjNjLTEuMi0wLjgtMi41LTEuMy0zLjktMS4zYy00LjMsMC03LjksNC4yLTcuOSw5LjQNCgljMCwxLjIsMC4yLDIuNCwwLjYsMy41Yy0wLjUtMC4xLTEtMC4xLTEuNi0wLjFjLTYuOSwwLTEyLjUsNS41LTEyLjcsMTIuNGMtMC45LTAuMi0xLjktMC40LTIuOS0wLjRjLTYuNCwwLTExLjcsNS4yLTEyLjUsMTEuOA0KCWMtMS4yLTAuNC0yLjUtMC42LTMuOS0wLjZjLTUuOSwwLTEwLjgsMy44LTEyLjEsOC45Yy0yLjQtMi01LjUtMy4yLTguOS0zLjJjLTYsMC0xMS4xLDMuNy0xMi44LDguOGMtMS41LTEuNC0zLjgtMi4zLTYuMy0yLjMNCgljLTIuMSwwLTQuMSwwLjYtNS41LDEuN2gtMC4xYy0xLjMtNS41LTYuMi05LjUtMTIuMS05LjVjLTIuNCwwLTQuNywwLjctNi42LDEuOWMtMS40LTAuNy0zLTEuMi00LjgtMS4yYy0wLjMsMC0wLjUsMC0wLjgsMA0KCWMtMS41LTQuMS01LjItNy05LjUtN2MtMy4xLDAtNS45LDEuNS03LjgsMy45Yy0yLjItNC44LTYuOC04LjItMTIuMi04LjJjLTUuNiwwLTEwLjUsMy43LTEyLjUsOC44Yy0yLjEtMC45LTQuNC0xLjUtNi45LTEuNQ0KCWMtNi44LDAtMTIuNSwzLjktMTQuNSw5LjNjLTAuMiwwLTAuNSwwLTAuNywwYy01LjIsMC05LjYsMy4yLTExLjQsNy44Yy0yLjctMi44LTctNC41LTExLjgtNC41Yy0zLjMsMC02LjQsMC45LTguOSwyLjMNCgljLTIuMS02LjUtOC0xMi4yLTE4LjEtOS45Yy0yLjctMi4zLTYuMy0zLjctMTAuMS0zLjdjLTIuNSwwLTQuOCwwLjYtNi45LDEuNmMtMi4yLTUuOS03LjktMTAuMS0xNC42LTEwLjFjLTguNiwwLTE1LjYsNy0xNS42LDE1LjYNCgljMCwwLjksMC4xLDEuNywwLjIsMi41Yy0yLjYtNS03LjgtOC40LTEzLjgtOC40Yy04LjMsMC0xNS4xLDYuNS0xNS42LDE0LjZjLTIuOS0zLjItNy01LjMtMTEuNy01LjNjLTcuNCwwLTEzLjUsNS4xLTE1LjIsMTINCgljLTIuOS0zLjUtOS44LTYtMTQuNy02djExOS4yaDQwMFYxMDJDNDAwLDEwMiw0MDAsOTcsMzk1LjMsOTYuMnoiLz4NCjxwYXRoIGZpbGw9IiM4RUE4QkIiIGQ9Ik00MDAsMjA2LjJjMCwwLTI1LjMtMTkuMi0zMy42LTI1LjdjLTEzLjQtMTAuNi0yMy4xLTEyLjktMzEuNy03cy0yMy45LDE5LjctMjMuOSwxOS43cy01OC45LTYzLjktNjEuNS02Ni40DQoJYy0xLjUtMS40LTMuNi0xLjctNS41LTAuOWMtNS4yLDIuNC0xNy42LDkuNy0yNC41LDEyLjdjLTYuOSwyLjktNDEtNTAuNy00OS42LTUzcy04NC4zLDgzLjMtMTAxLjQsNzUuMXMtMjYuOS0yLjMtMzUuNCwzLjUNCgljLTguNiw1LjktMTEsNS45LTE1LjksOC4ycy0xNy4xLTUuOS0xNy4xLTUuOVYyNjVjMCwwLDQwMCwwLjIsNDAwLDB2LTU4LjhINDAweiIvPg0KPHBhdGggZmlsbD0iIzdFOTZBNiIgZD0iTTMzMy40LDE3OWMtMTMuMS05LjMtNDAsNC42LTU1LjEsMTAuN2MtMjMuNiw5LjYtOTQtNTQuNC0xMDcuMi01OS43YzAsMC00LjIsMy43LTkuNiw3LjYNCgljLTMuNS0wLjQtOC40LTUuNy05LjktNC43Yy00LjYsMy4xLTE3LjgsMTUuNC0yOC4zLDI2LjZjLTEwLjUsMTEuMy0xMS43LDAtMTUuOC0wLjZjLTIuNS0wLjQtNTQuMSw0Mi41LTU4LjcsNDMuMQ0KCUMyMi4zLDIwNS4zLDAsMTk3LjUsMCwxOTcuNVYyNjVsNDAwLTAuMXYtNTMuM0M0MDAsMjExLjYsMzQ0LjgsMTg3LjEsMzMzLjQsMTc5eiIvPg0KPHBhdGggZmlsbD0iIzc4OEY5RSIgZD0iTTAsMjY0Ljl2LTU4LjZjMCwwLDguMiwxLjgsMTEuMyw1LjNjMy4xLDMuNiwyNi4xLTQuMiwyNi4xLDQuN3MwLjUsNC4yLDAuNSwxNC44YzAsMTAuNywyMy00LjIsMzguMS0xOC40DQoJczM0LjktNDkuMiwzNi0zNWMxLDE0LjItMTUuMSwzOS4yLTI0LDU2LjRDNzkuMSwyNTEuNCw1MS43LDI2NSw1MS43LDI2NUwwLDI2NC45eiIvPg0KPHBhdGggZmlsbD0iIzc4OEY5RSIgZD0iTTEwMCwyNjVjMCwwLDY2LjctMTI1LjEsNjguMy0xMTYuOHMtNi44LDI5LjcsMi4xLDI2LjFjOC45LTMuNiwxNC42LTE2LDE4LjgtOS41czE2LjIsMzguNiwyMS45LDMzLjgNCgljNS43LTQuNywyMS40LTEzLjEsMjIuNC02LjVjMSw2LjUtMSw1LjMtNS43LDIwLjJDMjIzLjEsMjI3LjEsMjAwLDI2NSwyMDAsMjY1aC0xMGMwLDAsNi0yNC44LDguNi0zNC45YzIuNi0xMC4xLTMuNy0xOS0xMi04LjMNCglzLTIzLDIyLTI0LDE3LjhzLTUuNy0zMC4zLTE4LjgtMTQuMmMtMTMsMTYtMzMuOCwzOS43LTMzLjgsMzkuN2gtMTBWMjY1eiIvPg0KPHBhdGggZmlsbD0iIzc4OEY5RSIgZD0iTTI0NSwyNjVjMCwwLDE5LjgtNTQuNywzMy40LTY0LjJzNTMuNy0yNy45LDQ2LjktMTMuNmMtNi44LDE0LjItMTEsMzQuNC0yMC4zLDQ5LjgNCgljLTkuNCwxNS40LTE4LjgsMjYuMS0xNC4xLDEzLjZjNC43LTEyLjUsNi40LTIzLjMsMy43LTIzLjFDMjcxLjMsMjI5LjEsMjYwLDI2NSwyNjAsMjY1SDI0NXoiLz4NCjwvc3ZnPg0K\");\n    background-position: 50% 50%;\n  }\n  .u-block-6ffa-26 {\n    padding-top: 30px;\n    padding-bottom: 30px;\n    padding-left: 60px;\n    padding-right: 60px;\n  }\n  .u-block-6ffa-32 {\n    margin-top: 0;\n    margin-bottom: 0;\n    margin-left: auto;\n    margin-right: auto;\n  }\n  .u-block-6ffa-33 {\n    width: 409px;\n    margin-top: 20px;\n    margin-left: auto;\n    margin-right: auto;\n    margin-bottom: 0;\n  }\n  .u-block-6ffa-34 {\n    border-style: none;\n    font-weight: 700;\n    text-transform: uppercase;\n    font-size: 0.875rem;\n    letter-spacing: 1px;\n    background-image: none;\n    margin-top: 30px;\n    margin-left: auto;\n    margin-right: auto;\n    margin-bottom: 0;\n  }\n  .u-block-6ffa-35 {\n    background-image: linear-gradient(0deg, rgba(0,0,0,0.4), rgba(0,0,0,0.4)), url(\"data:image\/svg+xml;base64,PHN2ZyB2ZXJzaW9uPSIxLjEiIGlkPSJkZWZhdWx0LWltYWdlLXNvbGlkIiB4bWxucz0iaHR0cDovL3d3dy53My5vcmcvMjAwMC9zdmciIHg9IjBweCIgeT0iMHB4IiB2aWV3Qm94PSIwIDAgNDAwIDI2NSIgc3R5bGU9IndpZHRoOiA0MDBweDsgaGVpZ2h0OiAyNjVweDsiPg0KPHJlY3QgZmlsbD0iI0M2RDhFMSIgd2lkdGg9IjQwMCIgaGVpZ2h0PSIyNjUiLz4NCjxwYXRoIGZpbGw9IiNEOUUzRTgiIGQ9Ik0zOTUuMyw5Ni4yYy01LTAuOC02LjEsMS4xLTguNSwyLjljLTEtMi4zLTIuNi02LjItNy43LTVjMS41LTUuMy0yLjYtOC40LTcuNy04LjRjLTAuNiwwLTEuMiwwLjEtMS44LDAuMg0KCWMtMS44LTQuMS02LTYuOS0xMC43LTYuOWMtNi41LDAtMTEuOCw1LjMtMTEuOCwxMS44YzAsMC40LDAsMC45LDAuMSwxLjNjLTEuMi0wLjgtMi41LTEuMy0zLjktMS4zYy00LjMsMC03LjksNC4yLTcuOSw5LjQNCgljMCwxLjIsMC4yLDIuNCwwLjYsMy41Yy0wLjUtMC4xLTEtMC4xLTEuNi0wLjFjLTYuOSwwLTEyLjUsNS41LTEyLjcsMTIuNGMtMC45LTAuMi0xLjktMC40LTIuOS0wLjRjLTYuNCwwLTExLjcsNS4yLTEyLjUsMTEuOA0KCWMtMS4yLTAuNC0yLjUtMC42LTMuOS0wLjZjLTUuOSwwLTEwLjgsMy44LTEyLjEsOC45Yy0yLjQtMi01LjUtMy4yLTguOS0zLjJjLTYsMC0xMS4xLDMuNy0xMi44LDguOGMtMS41LTEuNC0zLjgtMi4zLTYuMy0yLjMNCgljLTIuMSwwLTQuMSwwLjYtNS41LDEuN2gtMC4xYy0xLjMtNS41LTYuMi05LjUtMTIuMS05LjVjLTIuNCwwLTQuNywwLjctNi42LDEuOWMtMS40LTAuNy0zLTEuMi00LjgtMS4yYy0wLjMsMC0wLjUsMC0wLjgsMA0KCWMtMS41LTQuMS01LjItNy05LjUtN2MtMy4xLDAtNS45LDEuNS03LjgsMy45Yy0yLjItNC44LTYuOC04LjItMTIuMi04LjJjLTUuNiwwLTEwLjUsMy43LTEyLjUsOC44Yy0yLjEtMC45LTQuNC0xLjUtNi45LTEuNQ0KCWMtNi44LDAtMTIuNSwzLjktMTQuNSw5LjNjLTAuMiwwLTAuNSwwLTAuNywwYy01LjIsMC05LjYsMy4yLTExLjQsNy44Yy0yLjctMi44LTctNC41LTExLjgtNC41Yy0zLjMsMC02LjQsMC45LTguOSwyLjMNCgljLTIuMS02LjUtOC0xMi4yLTE4LjEtOS45Yy0yLjctMi4zLTYuMy0zLjctMTAuMS0zLjdjLTIuNSwwLTQuOCwwLjYtNi45LDEuNmMtMi4yLTUuOS03LjktMTAuMS0xNC42LTEwLjFjLTguNiwwLTE1LjYsNy0xNS42LDE1LjYNCgljMCwwLjksMC4xLDEuNywwLjIsMi41Yy0yLjYtNS03LjgtOC40LTEzLjgtOC40Yy04LjMsMC0xNS4xLDYuNS0xNS42LDE0LjZjLTIuOS0zLjItNy01LjMtMTEuNy01LjNjLTcuNCwwLTEzLjUsNS4xLTE1LjIsMTINCgljLTIuOS0zLjUtOS44LTYtMTQuNy02djExOS4yaDQwMFYxMDJDNDAwLDEwMiw0MDAsOTcsMzk1LjMsOTYuMnoiLz4NCjxwYXRoIGZpbGw9IiM4RUE4QkIiIGQ9Ik00MDAsMjA2LjJjMCwwLTI1LjMtMTkuMi0zMy42LTI1LjdjLTEzLjQtMTAuNi0yMy4xLTEyLjktMzEuNy03cy0yMy45LDE5LjctMjMuOSwxOS43cy01OC45LTYzLjktNjEuNS02Ni40DQoJYy0xLjUtMS40LTMuNi0xLjctNS41LTAuOWMtNS4yLDIuNC0xNy42LDkuNy0yNC41LDEyLjdjLTYuOSwyLjktNDEtNTAuNy00OS42LTUzcy04NC4zLDgzLjMtMTAxLjQsNzUuMXMtMjYuOS0yLjMtMzUuNCwzLjUNCgljLTguNiw1LjktMTEsNS45LTE1LjksOC4ycy0xNy4xLTUuOS0xNy4xLTUuOVYyNjVjMCwwLDQwMCwwLjIsNDAwLDB2LTU4LjhINDAweiIvPg0KPHBhdGggZmlsbD0iIzdFOTZBNiIgZD0iTTMzMy40LDE3OWMtMTMuMS05LjMtNDAsNC42LTU1LjEsMTAuN2MtMjMuNiw5LjYtOTQtNTQuNC0xMDcuMi01OS43YzAsMC00LjIsMy43LTkuNiw3LjYNCgljLTMuNS0wLjQtOC40LTUuNy05LjktNC43Yy00LjYsMy4xLTE3LjgsMTUuNC0yOC4zLDI2LjZjLTEwLjUsMTEuMy0xMS43LDAtMTUuOC0wLjZjLTIuNS0wLjQtNTQuMSw0Mi41LTU4LjcsNDMuMQ0KCUMyMi4zLDIwNS4zLDAsMTk3LjUsMCwxOTcuNVYyNjVsNDAwLTAuMXYtNTMuM0M0MDAsMjExLjYsMzQ0LjgsMTg3LjEsMzMzLjQsMTc5eiIvPg0KPHBhdGggZmlsbD0iIzc4OEY5RSIgZD0iTTAsMjY0Ljl2LTU4LjZjMCwwLDguMiwxLjgsMTEuMyw1LjNjMy4xLDMuNiwyNi4xLTQuMiwyNi4xLDQuN3MwLjUsNC4yLDAuNSwxNC44YzAsMTAuNywyMy00LjIsMzguMS0xOC40DQoJczM0LjktNDkuMiwzNi0zNWMxLDE0LjItMTUuMSwzOS4yLTI0LDU2LjRDNzkuMSwyNTEuNCw1MS43LDI2NSw1MS43LDI2NUwwLDI2NC45eiIvPg0KPHBhdGggZmlsbD0iIzc4OEY5RSIgZD0iTTEwMCwyNjVjMCwwLDY2LjctMTI1LjEsNjguMy0xMTYuOHMtNi44LDI5LjcsMi4xLDI2LjFjOC45LTMuNiwxNC42LTE2LDE4LjgtOS41czE2LjIsMzguNiwyMS45LDMzLjgNCgljNS43LTQuNywyMS40LTEzLjEsMjIuNC02LjVjMSw2LjUtMSw1LjMtNS43LDIwLjJDMjIzLjEsMjI3LjEsMjAwLDI2NSwyMDAsMjY1aC0xMGMwLDAsNi0yNC44LDguNi0zNC45YzIuNi0xMC4xLTMuNy0xOS0xMi04LjMNCglzLTIzLDIyLTI0LDE3LjhzLTUuNy0zMC4zLTE4LjgtMTQuMmMtMTMsMTYtMzMuOCwzOS43LTMzLjgsMzkuN2gtMTBWMjY1eiIvPg0KPHBhdGggZmlsbD0iIzc4OEY5RSIgZD0iTTI0NSwyNjVjMCwwLDE5LjgtNTQuNywzMy40LTY0LjJzNTMuNy0yNy45LDQ2LjktMTMuNmMtNi44LDE0LjItMTEsMzQuNC0yMC4zLDQ5LjgNCgljLTkuNCwxNS40LTE4LjgsMjYuMS0xNC4xLDEzLjZjNC43LTEyLjUsNi40LTIzLjMsMy43LTIzLjFDMjcxLjMsMjI5LjEsMjYwLDI2NSwyNjAsMjY1SDI0NXoiLz4NCjwvc3ZnPg0K\");\n    background-position: 50% 50%;\n  }\n  .u-block-6ffa-36 {\n    padding-top: 30px;\n    padding-bottom: 30px;\n    padding-left: 60px;\n    padding-right: 60px;\n  }\n  .u-block-6ffa-37 {\n    margin-top: 0;\n    margin-bottom: 0;\n    margin-left: auto;\n    margin-right: auto;\n  }\n  .u-block-6ffa-38 {\n    width: 409px;\n    margin-top: 20px;\n    margin-left: auto;\n    margin-right: auto;\n    margin-bottom: 0;\n  }\n  .u-block-6ffa-39 {\n    border-style: none;\n    font-weight: 700;\n    text-transform: uppercase;\n    font-size: 0.875rem;\n    letter-spacing: 1px;\n    background-image: none;\n    margin-top: 30px;\n    margin-left: auto;\n    margin-right: auto;\n    margin-bottom: 0;\n  }\n  .u-block-6ffa-16 {\n    width: 38px;\n    height: 38px;\n    background-image: none;\n    left: -58px;\n    position: absolute;\n    right: auto;\n  }\n  .u-block-6ffa-7 {\n    width: 38px;\n    height: 38px;\n    background-image: none;\n    left: auto;\n    position: absolute;\n    right: -58px;\n  }\n}<\/style>\n    <\/section>\n    \n    \n    \n    \n  \n<\/div>","protected":false},"excerpt":{"rendered":"<p>Sample Title Sample Text Sample Title Sample Text Juniorki M\u0142odsze U16 &#8211; Przewaga by\u0142a, zwyci\u0119stwa zabrak\u0142o Kolejne spotkanie za nami W niedzielne popo\u0142udnie zmierzyli\u015bmy si\u0119 na wyje\u017adzie z MLKS Wo\u017aniki. Od pierwszego gwizdka narzucili\u015bmy swoje tempo gry&hellip; Orliczki U11 &#8211; Pierwszy domowy mecz tej wiosny na plus! Pierwsze domowe spotkanie tej wiosnyW sobot\u0119 na boisku [&hellip;]<\/p>\n","protected":false},"author":1,"featured_media":0,"parent":0,"menu_order":1,"comment_status":"closed","ping_status":"closed","template":"","meta":{"ngg_post_thumbnail":0,"footnotes":""},"class_list":["post-10303","page","type-page","status-publish","hentry"],"featured_image_url":[],"post_author":"admin","assigned_categories":"","_links":{"self":[{"href":"http:\/\/wisla.skoczow.pl\/index.php?rest_route=\/wp\/v2\/pages\/10303","targetHints":{"allow":["GET"]}}],"collection":[{"href":"http:\/\/wisla.skoczow.pl\/index.php?rest_route=\/wp\/v2\/pages"}],"about":[{"href":"http:\/\/wisla.skoczow.pl\/index.php?rest_route=\/wp\/v2\/types\/page"}],"author":[{"embeddable":true,"href":"http:\/\/wisla.skoczow.pl\/index.php?rest_route=\/wp\/v2\/users\/1"}],"replies":[{"embeddable":true,"href":"http:\/\/wisla.skoczow.pl\/index.php?rest_route=%2Fwp%2Fv2%2Fcomments&post=10303"}],"version-history":[{"count":17,"href":"http:\/\/wisla.skoczow.pl\/index.php?rest_route=\/wp\/v2\/pages\/10303\/revisions"}],"predecessor-version":[{"id":56042,"href":"http:\/\/wisla.skoczow.pl\/index.php?rest_route=\/wp\/v2\/pages\/10303\/revisions\/56042"}],"wp:attachment":[{"href":"http:\/\/wisla.skoczow.pl\/index.php?rest_route=%2Fwp%2Fv2%2Fmedia&parent=10303"}],"curies":[{"name":"wp","href":"https:\/\/api.w.org\/{rel}","templated":true}]}}