{"id":82,"date":"2014-11-29T20:35:54","date_gmt":"2014-11-29T19:35:54","guid":{"rendered":"http:\/\/localhost\/wp\/?page_id=82"},"modified":"2025-06-26T20:09:56","modified_gmt":"2025-06-26T19:09:56","slug":"treningi","status":"publish","type":"page","link":"http:\/\/wisla.skoczow.pl\/?page_id=82","title":{"rendered":"Harmonogram trening\u00f3w"},"content":{"rendered":"\n<p class=\"has-lato-font-family\" style=\"line-height:1.1\"><\/p>\n\n\n\n<p><\/p>\n\n\n\n<figure class=\"wp-block-table aligncenter is-style-stripes has-teko-font-family has-normal-font-size\" style=\"margin-top:0;margin-right:0;margin-bottom:0;margin-left:0;line-height:1\"><table class=\"has-primary-color has-pale-cyan-blue-background-color has-text-color has-background has-link-color has-fixed-layout\" style=\"border-width:1px\"><tbody><tr><td class=\"has-text-align-center\" data-align=\"center\"><img loading=\"lazy\" decoding=\"async\" width=\"100\" height=\"101\" class=\"wp-image-6812\" style=\"width: 100px;\" src=\"http:\/\/wisla.skoczow.pl\/wp-content\/uploads\/2021\/03\/herb_KKS.png\" alt=\"\" srcset=\"http:\/\/wisla.skoczow.pl\/wp-content\/uploads\/2021\/03\/herb_KKS.png 460w, http:\/\/wisla.skoczow.pl\/wp-content\/uploads\/2021\/03\/herb_KKS-296x300.png 296w, http:\/\/wisla.skoczow.pl\/wp-content\/uploads\/2021\/03\/herb_KKS-150x150.png 150w, http:\/\/wisla.skoczow.pl\/wp-content\/uploads\/2021\/03\/herb_KKS-300x300.png 300w, http:\/\/wisla.skoczow.pl\/wp-content\/uploads\/2021\/03\/herb_KKS-126x128.png 126w, http:\/\/wisla.skoczow.pl\/wp-content\/uploads\/2021\/03\/herb_KKS-32x32.png 32w\" sizes=\"auto, (max-width: 100px) 100vw, 100px\" \/><\/td><td class=\"has-text-align-center\" data-align=\"center\"><strong>PONIEDZIA\u0141EK<\/strong><\/td><td class=\"has-text-align-center\" data-align=\"center\"><strong>WTOREK<\/strong><\/td><td class=\"has-text-align-center\" data-align=\"center\"><strong>\u015aRODA<\/strong><\/td><td class=\"has-text-align-center\" data-align=\"center\"><strong>CZWARTEK<\/strong><\/td><td class=\"has-text-align-center\" data-align=\"center\"><strong>PI\u0104TEK<\/strong><\/td><\/tr><tr><td class=\"has-text-align-center\" data-align=\"center\"><strong>FUTSAL 1 LIGA KOBIET<\/strong><br>PRZERWA<br>(wznowienie 26.08)<strong><br><br>TRENER: Gustowska<\/strong><\/td><td class=\"has-text-align-center\" data-align=\"center\">&#8211;<\/td><td class=\"has-text-align-center\" data-align=\"center\"><strong><strong>19:00 &#8211; 20:30<br><br>Hala SP8<br>Skocz\u00f3w<br>ul. G.Morcinka 20<\/strong><\/strong><\/td><td class=\"has-text-align-center\" data-align=\"center\">&#8211;<\/td><td class=\"has-text-align-center\" data-align=\"center\"><strong>19:00 &#8211; 20:30<br><br>Hala SP8<br>Skocz\u00f3w<br>ul. G.Morcinka 20<\/strong><\/td><td class=\"has-text-align-center\" data-align=\"center\"><strong>18:00 &#8211; 20:00<br>Si\u0142ownia<br>+<br>Hala SOSiR<br>Skocz\u00f3w<br>ul. Sportowa 6<\/strong><\/td><\/tr><tr><td class=\"has-text-align-center\" data-align=\"center\"><strong>JUNIORKI STARSZE U18\/SENIORKI<\/strong><br>IV LIGA<strong><br><br>TRENER: <\/strong><\/td><td class=\"has-text-align-center\" data-align=\"center\">&#8211;<\/td><td class=\"has-text-align-center\" data-align=\"center\">&#8211;<\/td><td class=\"has-text-align-center\" data-align=\"center\"><strong>19:00 &#8211; 20:30<br><br>boisko trawiaste<br>Wi\u015blica<br>ul. Stadionowa 5<\/strong><\/td><td class=\"has-text-align-center\" data-align=\"center\">&#8211;<\/td><td class=\"has-text-align-center\" data-align=\"center\"><strong>19:00 &#8211; 20:30<br><br>boisko trawiaste<br>Wi\u015blica<br>ul. Stadionowa 5<\/strong><\/td><\/tr><tr><td class=\"has-text-align-center\" data-align=\"center\"><strong>JUNIORKI M\u0141ODSZE U16<\/strong><br>\u015aLJM<strong><br><br>Trener: Bogacka<\/strong><\/td><td class=\"has-text-align-center\" data-align=\"center\"><strong>19:00 &#8211; 20:30<br><br>boisko trawiaste<br>Wi\u015blica<br>ul. Stadionowa 5<\/strong><\/td><td class=\"has-text-align-center\" data-align=\"center\"><strong>&#8211;<\/strong><\/td><td class=\"has-text-align-center\" data-align=\"center\"><strong>19:00 &#8211; 20:30<br><br>boisko trawiaste<br>Wi\u015blica<br>ul. Stadionowa 5<\/strong><\/td><td class=\"has-text-align-center\" data-align=\"center\">&#8211;<\/td><td class=\"has-text-align-center\" data-align=\"center\"><strong>19:00 &#8211; 20:30<br><br>boisko trawiaste<br>Wi\u015blica<br>ul. Stadionowa 5<\/strong><\/td><\/tr><tr><td class=\"has-text-align-center\" data-align=\"center\"><strong>M\u0141ODZICZKI U13<\/strong><br>\u015aLM<strong><br><br>TRENER: Gustowska<\/strong><\/td><td class=\"has-text-align-center\" data-align=\"center\"><strong>17:30 &#8211; 19:00<br><br>boisko trawiaste<br>Wi\u015blica<br>ul. Stadionowa 5<\/strong><\/td><td class=\"has-text-align-center\" data-align=\"center\">&#8211;<\/td><td class=\"has-text-align-center\" data-align=\"center\"><strong>18:00 &#8211; 19:30<br><br>ORLIK <br>Skocz\u00f3w<br>ul. G\u00f3recka 65a<\/strong><\/td><td class=\"has-text-align-center\" data-align=\"center\"><strong>&#8211;<\/strong><\/td><td class=\"has-text-align-center\" data-align=\"center\"><strong><strong>17:30 &#8211; 19:00<\/strong><\/strong><br><br><strong>boisko trawiaste<br>Wi\u015blica<br>ul. Stadionowa 5<\/strong><\/td><\/tr><tr><td class=\"has-text-align-center\" data-align=\"center\"><strong>ORLICZKI U11<\/strong><br>\u015aLO<strong><br><br>TRENER: Bogacka<\/strong><\/td><td class=\"has-text-align-center\" data-align=\"center\"><strong><strong>17:30 &#8211; 19:00<br><br>boisko trawiaste<br>Wi\u015blica<br>ul. Stadionowa 5<\/strong><\/strong><\/td><td class=\"has-text-align-center\" data-align=\"center\">&#8211;<\/td><td class=\"has-text-align-center\" data-align=\"center\">&#8211;<\/td><td class=\"has-text-align-center\" data-align=\"center\">&#8211;<\/td><td class=\"has-text-align-center\" data-align=\"center\"><strong><strong>17:30 &#8211; 19:00<br><br><strong>boisko trawiaste<br>Wi\u015blica<br>ul. Stadionowa 5<\/strong><\/strong><\/strong><\/td><\/tr><tr><td class=\"has-text-align-center\" data-align=\"center\"><strong>SKRZATKI U7<\/strong><br>PI\u0141KARSKIE PRZEDSZKOLE<strong><br><br>TRENER: Kurzok<\/strong><\/td><td class=\"has-text-align-center\" data-align=\"center\"><strong>17:30 &#8211; 18:30<br><br><strong>boisko trawiaste<br>Wi\u015blica<br>ul. Stadionowa 5<\/strong><\/strong><\/td><td class=\"has-text-align-center\" data-align=\"center\">&#8211;<\/td><td class=\"has-text-align-center\" data-align=\"center\">&#8211;<\/td><td class=\"has-text-align-center\" data-align=\"center\"><strong>&#8211;<\/strong><\/td><td class=\"has-text-align-center\" data-align=\"center\"><strong><strong>17:30 &#8211; 19:00<\/strong><\/strong><br><br><strong><strong><strong>boisko trawiaste<br>Wi\u015blica<br>ul. Stadionowa 5<\/strong><\/strong><\/strong><\/td><\/tr><tr><td class=\"has-text-align-center\" data-align=\"center\"><strong>TRENING DOSKONAL\u0104CY<br><br>TRENER: Kurzok<br>(terminy trening\u00f3w zmienne)<\/strong><\/td><td class=\"has-text-align-center\" data-align=\"center\"><strong>19:00 &#8211; 20:30<br><br>Bramkarski<br><br>boisko trawiaste<br>Wi\u015blica<br>ul. Stadionowa 5<\/strong><\/td><td class=\"has-text-align-center\" data-align=\"center\"><strong>&#8211;<\/strong><\/td><td class=\"has-text-align-center\" data-align=\"center\">&#8211;<\/td><td class=\"has-text-align-center\" data-align=\"center\">&#8211;<\/td><td class=\"has-text-align-center\" data-align=\"center\">&#8211;<\/td><\/tr><\/tbody><\/table><\/figure>\n\n\n<p>&nbsp;<\/p>\n<hr>\n<h4 style=\"text-align: center;\"><span style=\"color: #3366ff;\"><strong>INFORMACJE DLA ZAWODNICZEK<\/strong><\/span><\/h4>\n<hr>\n\n\n<p><strong>Na &#8222;ORLIKU&#8221; obowi\u0105zuj\u0105 turfy lub hal\u00f3wki.<\/strong><\/p>\n","protected":false},"excerpt":{"rendered":"<p>PONIEDZIA\u0141EK WTOREK \u015aRODA CZWARTEK PI\u0104TEK FUTSAL 1 LIGA KOBIETPRZERWA(wznowienie 26.08) TRENER: Gustowska &#8211; 19:00 &#8211; 20:30 Hala SP8Skocz\u00f3wul. G.Morcinka 20 &#8211; 19:00 &#8211; 20:30 Hala SP8Skocz\u00f3wul. G.Morcinka 20 18:00 &#8211; 20:00Si\u0142ownia+Hala SOSiRSkocz\u00f3wul. Sportowa 6 JUNIORKI STARSZE U18\/SENIORKIIV LIGA TRENER: &#8211; &#8211; 19:00 &#8211; 20:30 boisko trawiasteWi\u015blicaul. Stadionowa 5 &#8211; 19:00 &#8211; 20:30 boisko trawiasteWi\u015blicaul. Stadionowa [&hellip;]<\/p>\n","protected":false},"author":1,"featured_media":0,"parent":0,"menu_order":0,"comment_status":"closed","ping_status":"closed","template":"","meta":{"ngg_post_thumbnail":0,"footnotes":""},"class_list":["post-82","page","type-page","status-publish","hentry"],"featured_image_url":[],"post_author":"admin","assigned_categories":"","_links":{"self":[{"href":"http:\/\/wisla.skoczow.pl\/index.php?rest_route=\/wp\/v2\/pages\/82","targetHints":{"allow":["GET"]}}],"collection":[{"href":"http:\/\/wisla.skoczow.pl\/index.php?rest_route=\/wp\/v2\/pages"}],"about":[{"href":"http:\/\/wisla.skoczow.pl\/index.php?rest_route=\/wp\/v2\/types\/page"}],"author":[{"embeddable":true,"href":"http:\/\/wisla.skoczow.pl\/index.php?rest_route=\/wp\/v2\/users\/1"}],"replies":[{"embeddable":true,"href":"http:\/\/wisla.skoczow.pl\/index.php?rest_route=%2Fwp%2Fv2%2Fcomments&post=82"}],"version-history":[{"count":828,"href":"http:\/\/wisla.skoczow.pl\/index.php?rest_route=\/wp\/v2\/pages\/82\/revisions"}],"predecessor-version":[{"id":57678,"href":"http:\/\/wisla.skoczow.pl\/index.php?rest_route=\/wp\/v2\/pages\/82\/revisions\/57678"}],"wp:attachment":[{"href":"http:\/\/wisla.skoczow.pl\/index.php?rest_route=%2Fwp%2Fv2%2Fmedia&parent=82"}],"curies":[{"name":"wp","href":"https:\/\/api.w.org\/{rel}","templated":true}]}}